{"id":8396,"date":"2020-06-20T16:02:44","date_gmt":"2020-06-20T16:02:44","guid":{"rendered":"http:\/\/www.umorlagurahumorului.ro\/?page_id=8396"},"modified":"2020-06-20T16:03:24","modified_gmt":"2020-06-20T16:03:24","slug":"premianti-poezie-2013","status":"publish","type":"page","link":"https:\/\/www.umorlagurahumorului.ro\/en\/editii\/editia-23-2013\/premianti-poezie-2013\/","title":{"rendered":"Premianti poezie 2013"},"content":{"rendered":"<hr>\n<h4>Premiul I &#8211; Vasile Vajoga<\/h4>\n\n\t\t<style type=\"text\/css\">\n\t\t\t#gallery-1 {\n\t\t\t\tmargin: auto;\n\t\t\t}\n\t\t\t#gallery-1 .gallery-item {\n\t\t\t\tfloat: left;\n\t\t\t\tmargin-top: 10px;\n\t\t\t\ttext-align: center;\n\t\t\t\twidth: 33%;\n\t\t\t}\n\t\t\t#gallery-1 img {\n\t\t\t\tborder: 2px solid #cfcfcf;\n\t\t\t}\n\t\t\t#gallery-1 .gallery-caption {\n\t\t\t\tmargin-left: 0;\n\t\t\t}\n\t\t\t\/* see gallery_shortcode() in wp-includes\/media.php *\/\n\t\t<\/style>\n\t\t<div id='gallery-1' class='gallery galleryid-8396 gallery-columns-3 gallery-size-medium'><dl class='gallery-item'>\n\t\t\t<dt class='gallery-icon portrait'>\n\t\t\t\t<a href='https:\/\/www.umorlagurahumorului.ro\/wp-content\/uploads\/2020\/06\/Vasile-Vajoga-1-2.jpg'><img loading=\"lazy\" decoding=\"async\" width=\"233\" height=\"300\" src=\"https:\/\/www.umorlagurahumorului.ro\/wp-content\/uploads\/2020\/06\/Vasile-Vajoga-1-2-233x300.jpg\" class=\"attachment-medium size-medium\" alt=\"\" srcset=\"https:\/\/www.umorlagurahumorului.ro\/wp-content\/uploads\/2020\/06\/Vasile-Vajoga-1-2-233x300.jpg 233w, https:\/\/www.umorlagurahumorului.ro\/wp-content\/uploads\/2020\/06\/Vasile-Vajoga-1-2-796x1024.jpg 796w, https:\/\/www.umorlagurahumorului.ro\/wp-content\/uploads\/2020\/06\/Vasile-Vajoga-1-2-768x989.jpg 768w, https:\/\/www.umorlagurahumorului.ro\/wp-content\/uploads\/2020\/06\/Vasile-Vajoga-1-2-1193x1536.jpg 1193w, https:\/\/www.umorlagurahumorului.ro\/wp-content\/uploads\/2020\/06\/Vasile-Vajoga-1-2-400x515.jpg 400w, https:\/\/www.umorlagurahumorului.ro\/wp-content\/uploads\/2020\/06\/Vasile-Vajoga-1-2.jpg 1243w\" sizes=\"auto, (max-width: 233px) 100vw, 233px\" \/><\/a>\n\t\t\t<\/dt><\/dl><dl class='gallery-item'>\n\t\t\t<dt class='gallery-icon portrait'>\n\t\t\t\t<a href='https:\/\/www.umorlagurahumorului.ro\/wp-content\/uploads\/2020\/06\/Vasile-Vajoga-2-2.jpg'><img loading=\"lazy\" decoding=\"async\" width=\"219\" height=\"300\" src=\"https:\/\/www.umorlagurahumorului.ro\/wp-content\/uploads\/2020\/06\/Vasile-Vajoga-2-2-219x300.jpg\" class=\"attachment-medium size-medium\" alt=\"\" srcset=\"https:\/\/www.umorlagurahumorului.ro\/wp-content\/uploads\/2020\/06\/Vasile-Vajoga-2-2-219x300.jpg 219w, https:\/\/www.umorlagurahumorului.ro\/wp-content\/uploads\/2020\/06\/Vasile-Vajoga-2-2-749x1024.jpg 749w, https:\/\/www.umorlagurahumorului.ro\/wp-content\/uploads\/2020\/06\/Vasile-Vajoga-2-2-768x1050.jpg 768w, https:\/\/www.umorlagurahumorului.ro\/wp-content\/uploads\/2020\/06\/Vasile-Vajoga-2-2-1123x1536.jpg 1123w, https:\/\/www.umorlagurahumorului.ro\/wp-content\/uploads\/2020\/06\/Vasile-Vajoga-2-2-400x547.jpg 400w, https:\/\/www.umorlagurahumorului.ro\/wp-content\/uploads\/2020\/06\/Vasile-Vajoga-2-2.jpg 1170w\" sizes=\"auto, (max-width: 219px) 100vw, 219px\" \/><\/a>\n\t\t\t<\/dt><\/dl><dl class='gallery-item'>\n\t\t\t<dt class='gallery-icon portrait'>\n\t\t\t\t<a href='https:\/\/www.umorlagurahumorului.ro\/wp-content\/uploads\/2020\/06\/Vasile-Vajoga-3-1.jpg'><img loading=\"lazy\" decoding=\"async\" width=\"286\" height=\"300\" src=\"https:\/\/www.umorlagurahumorului.ro\/wp-content\/uploads\/2020\/06\/Vasile-Vajoga-3-1-286x300.jpg\" class=\"attachment-medium size-medium\" alt=\"\" srcset=\"https:\/\/www.umorlagurahumorului.ro\/wp-content\/uploads\/2020\/06\/Vasile-Vajoga-3-1-286x300.jpg 286w, https:\/\/www.umorlagurahumorului.ro\/wp-content\/uploads\/2020\/06\/Vasile-Vajoga-3-1-976x1024.jpg 976w, https:\/\/www.umorlagurahumorului.ro\/wp-content\/uploads\/2020\/06\/Vasile-Vajoga-3-1-768x806.jpg 768w, https:\/\/www.umorlagurahumorului.ro\/wp-content\/uploads\/2020\/06\/Vasile-Vajoga-3-1-1464x1536.jpg 1464w, https:\/\/www.umorlagurahumorului.ro\/wp-content\/uploads\/2020\/06\/Vasile-Vajoga-3-1-400x420.jpg 400w, https:\/\/www.umorlagurahumorului.ro\/wp-content\/uploads\/2020\/06\/Vasile-Vajoga-3-1.jpg 1525w\" sizes=\"auto, (max-width: 286px) 100vw, 286px\" \/><\/a>\n\t\t\t<\/dt><\/dl><br style=\"clear: both\" \/>\n\t\t<\/div>\n\n<hr>\n<h4>Premiul II &#8211; Lucian Liviu Per\u021ba<\/h4>\n\n\t\t<style type=\"text\/css\">\n\t\t\t#gallery-2 {\n\t\t\t\tmargin: auto;\n\t\t\t}\n\t\t\t#gallery-2 .gallery-item {\n\t\t\t\tfloat: left;\n\t\t\t\tmargin-top: 10px;\n\t\t\t\ttext-align: center;\n\t\t\t\twidth: 33%;\n\t\t\t}\n\t\t\t#gallery-2 img {\n\t\t\t\tborder: 2px solid #cfcfcf;\n\t\t\t}\n\t\t\t#gallery-2 .gallery-caption {\n\t\t\t\tmargin-left: 0;\n\t\t\t}\n\t\t\t\/* see gallery_shortcode() in wp-includes\/media.php *\/\n\t\t<\/style>\n\t\t<div id='gallery-2' class='gallery galleryid-8396 gallery-columns-3 gallery-size-medium'><dl class='gallery-item'>\n\t\t\t<dt class='gallery-icon portrait'>\n\t\t\t\t<a href='https:\/\/www.umorlagurahumorului.ro\/wp-content\/uploads\/2020\/06\/Lucian-Liviu-Per\u021ba-1.jpg'><img loading=\"lazy\" decoding=\"async\" width=\"246\" height=\"300\" src=\"https:\/\/www.umorlagurahumorului.ro\/wp-content\/uploads\/2020\/06\/Lucian-Liviu-Per\u021ba-1-246x300.jpg\" class=\"attachment-medium size-medium\" alt=\"\" srcset=\"https:\/\/www.umorlagurahumorului.ro\/wp-content\/uploads\/2020\/06\/Lucian-Liviu-Per\u021ba-1-246x300.jpg 246w, https:\/\/www.umorlagurahumorului.ro\/wp-content\/uploads\/2020\/06\/Lucian-Liviu-Per\u021ba-1-840x1024.jpg 840w, https:\/\/www.umorlagurahumorului.ro\/wp-content\/uploads\/2020\/06\/Lucian-Liviu-Per\u021ba-1-768x936.jpg 768w, https:\/\/www.umorlagurahumorului.ro\/wp-content\/uploads\/2020\/06\/Lucian-Liviu-Per\u021ba-1-1261x1536.jpg 1261w, https:\/\/www.umorlagurahumorului.ro\/wp-content\/uploads\/2020\/06\/Lucian-Liviu-Per\u021ba-1-1681x2048.jpg 1681w, https:\/\/www.umorlagurahumorului.ro\/wp-content\/uploads\/2020\/06\/Lucian-Liviu-Per\u021ba-1-400x487.jpg 400w, https:\/\/www.umorlagurahumorului.ro\/wp-content\/uploads\/2020\/06\/Lucian-Liviu-Per\u021ba-1.jpg 2001w\" sizes=\"auto, (max-width: 246px) 100vw, 246px\" \/><\/a>\n\t\t\t<\/dt><\/dl><dl class='gallery-item'>\n\t\t\t<dt class='gallery-icon portrait'>\n\t\t\t\t<a href='https:\/\/www.umorlagurahumorului.ro\/wp-content\/uploads\/2020\/06\/Lucian-Liviu-Per\u021ba-2.jpg'><img loading=\"lazy\" decoding=\"async\" width=\"300\" height=\"300\" src=\"https:\/\/www.umorlagurahumorului.ro\/wp-content\/uploads\/2020\/06\/Lucian-Liviu-Per\u021ba-2-300x300.jpg\" class=\"attachment-medium size-medium\" alt=\"\" srcset=\"https:\/\/www.umorlagurahumorului.ro\/wp-content\/uploads\/2020\/06\/Lucian-Liviu-Per\u021ba-2-300x300.jpg 300w, https:\/\/www.umorlagurahumorului.ro\/wp-content\/uploads\/2020\/06\/Lucian-Liviu-Per\u021ba-2-1022x1024.jpg 1022w, https:\/\/www.umorlagurahumorului.ro\/wp-content\/uploads\/2020\/06\/Lucian-Liviu-Per\u021ba-2-150x150.jpg 150w, https:\/\/www.umorlagurahumorului.ro\/wp-content\/uploads\/2020\/06\/Lucian-Liviu-Per\u021ba-2-768x770.jpg 768w, https:\/\/www.umorlagurahumorului.ro\/wp-content\/uploads\/2020\/06\/Lucian-Liviu-Per\u021ba-2-1533x1536.jpg 1533w, https:\/\/www.umorlagurahumorului.ro\/wp-content\/uploads\/2020\/06\/Lucian-Liviu-Per\u021ba-2-2043x2048.jpg 2043w, https:\/\/www.umorlagurahumorului.ro\/wp-content\/uploads\/2020\/06\/Lucian-Liviu-Per\u021ba-2-400x401.jpg 400w\" sizes=\"auto, (max-width: 300px) 100vw, 300px\" \/><\/a>\n\t\t\t<\/dt><\/dl><dl class='gallery-item'>\n\t\t\t<dt class='gallery-icon portrait'>\n\t\t\t\t<a href='https:\/\/www.umorlagurahumorului.ro\/wp-content\/uploads\/2020\/06\/Lucian-Liviu-Per\u021ba-3.jpg'><img loading=\"lazy\" decoding=\"async\" width=\"272\" height=\"300\" src=\"https:\/\/www.umorlagurahumorului.ro\/wp-content\/uploads\/2020\/06\/Lucian-Liviu-Per\u021ba-3-272x300.jpg\" class=\"attachment-medium size-medium\" alt=\"\" srcset=\"https:\/\/www.umorlagurahumorului.ro\/wp-content\/uploads\/2020\/06\/Lucian-Liviu-Per\u021ba-3-272x300.jpg 272w, https:\/\/www.umorlagurahumorului.ro\/wp-content\/uploads\/2020\/06\/Lucian-Liviu-Per\u021ba-3-929x1024.jpg 929w, https:\/\/www.umorlagurahumorului.ro\/wp-content\/uploads\/2020\/06\/Lucian-Liviu-Per\u021ba-3-768x846.jpg 768w, https:\/\/www.umorlagurahumorului.ro\/wp-content\/uploads\/2020\/06\/Lucian-Liviu-Per\u021ba-3-1394x1536.jpg 1394w, https:\/\/www.umorlagurahumorului.ro\/wp-content\/uploads\/2020\/06\/Lucian-Liviu-Per\u021ba-3-1859x2048.jpg 1859w, https:\/\/www.umorlagurahumorului.ro\/wp-content\/uploads\/2020\/06\/Lucian-Liviu-Per\u021ba-3-400x441.jpg 400w\" sizes=\"auto, (max-width: 272px) 100vw, 272px\" \/><\/a>\n\t\t\t<\/dt><\/dl><br style=\"clear: both\" \/>\n\t\t<\/div>\n\n<hr>\n<h4>Premiul III &#8211; Ioan Garda <\/h4>\n<div class=\"su-row\"><div class=\"su-column su-column-size-1-2\"><div class=\"su-column-inner su-u-clearfix su-u-trim\">\n<strong>Motto: Sche&#8230;nge&#8230;suial\u0103!\t<\/strong><\/p>\n<p><strong>Nevermore<\/strong><\/p>\n<p>La cei din Schengen se rugar\u0103 sol\u03afi din Bucure\u015fti plecate,<br \/>\nP\u0103\u015find u\u015for de \u015fale-aduse, dar demn, pe-un aurit covor,<br \/>\nCer\u00e2nd ceva ce se cuvine de mult\u0103 vreme, pe dreptate,<br \/>\nAcestui pa\u015fnic \u015fi cucernic, dar ve\u015fnic \u00eencercat popor;<br \/>\nDar c\u00e2nd trimi\u015fii terminar\u0103 discursul scurt, rostit \u00een cor,<br \/>\nEi le-au r\u0103spuns c\u0103 nu ne vor!<\/p>\n<p>Le-am dat uzine, b\u0103nci \u015fi fabrici, cl\u0103diri \u015fi mine, combinate<br \/>\n\u015ei le-am distrus pe celelalte, \u00een loc fiind un trist decor<br \/>\n\u015ei import\u0103m mereu nimicuri \u015fi multe m\u0103rfuri expirate;<br \/>\nAducem Ace, aducem Vanish, Persil \u015fi Bonux \u015fi Lenore,<br \/>\nS\u0103 fie rufele curate c\u00e2nd vin aici s\u0103 fac\u0103-amor,<br \/>\nDar ei \u00een Schengen nu ne vor!<\/p>\n<p>Ne dau caise, mere, pere, c\u0103p\u015funi \u015fi piersici \u015fi cire\u015fe<br \/>\nDin cauciuc sau plastilin\u0103, \u00eenc\u00e2t m\u0103selele ne dor,<br \/>\n\u015ei lapte de la ei, cu euri, le d\u0103m copiilor din cre\u015fe,<br \/>\nDe chimicale din produse prea iute oamenii ne mor;<br \/>\n\u00cen UE ne-au luat, s\u0103 \u015ftie c\u0103 suntem sub comanda lor,<br \/>\n\u00cen Schengen, \u00eens\u0103, nu ne vor!<\/p>\n<p>Am cheltuit enorme sume \u015fi-am pus la v\u0103mi aparatur\u0103<br \/>\nDin cea mai performant\u0103, toat\u0103, s\u0103 nu cumva, \u00eent\u00e2mpl\u0103tor,<br \/>\nSpre cercul lor \u00eenchis s\u0103 treac\u0103 din cei ce sparg, distrug \u015fi fur\u0103;<br \/>\nLa grani\u0163e controale dese se fac cu grij\u0103 \u015fi cu spor,<br \/>\nDeci vrem \u00een Schengen, de se poate, ne-ar fi de mare ajutor,<br \/>\nDar ei ne spun c\u0103 nu ne vor!<\/p>\n<p>Justi\u0163ia ne e mai bun\u0103, mai dreapt\u0103 \u015fi mereu mai tare,<br \/>\nL-am pus pe cel ce-l vrur\u0103 d\u00e2n\u015fii s\u0103 fie primul procuror,<br \/>\nAm arestat un prim ministru \u015fi l-am \u0163inut la \u00eenchisoare,<br \/>\nAm condamnat parlamentarii cu ticuri de-acaparator,<br \/>\n\u00cel menaj\u0103m pe-acela care le-a dat \u015fi ultimul vapor,<br \/>\nDar ei \u00een Schengen nu ne vor!<\/p>\n<p>Ne d\u0103m tributu-ntotdeauna, la fel de fel de competi\u0163ii<br \/>\n\u015ei ne juc\u0103m cu-ardoare \u015fansa \u00een meciuri in sau outdoor<br \/>\n\u015ei chiar dac\u0103 ne m\u00e2n\u0103-n lupt\u0103 nest\u0103vilitele ambi\u0163ii,<br \/>\nZ\u00e2mbe\u015fte simplu, fiecare, chiar \u015fi c\u00e2nd nu-i biruitor<br \/>\n\u015ei-i respect\u0103m pe cei din Schengen, oric\u00e2nd, indiferent de scor&#8230;<br \/>\nPe ei, pe ei, pe mama lor!<\/p>\n<\/div><\/div>\n<div class=\"su-column su-column-size-1-2\"><div class=\"su-column-inner su-u-clearfix su-u-trim\">\n<strong>La grani\u0163a Schenghen<\/strong><\/p>\n<p>La vam\u0103 vine-o balabust\u0103,<br \/>\nCu cozi \u015fi fust\u0103 peste fust\u0103<br \/>\n\u015ei \u015fase-\u015fapte puradei,<br \/>\nCu cruci la g\u00e2t \u015fi cu cercei<br \/>\n\u015ei dau s\u0103 treac\u0103, dar un ins<br \/>\nCu tenul alb \u015fi p\u0103rul lins,<br \/>\nLe spune dintr-odat\u0103 \u2013Sta\u0163i!<br \/>\nVoi unde crede\u0163i c\u0103 pleca\u0163i?<br \/>\nAve\u0163i vreo treab\u0103-n Occident?<br \/>\n-M\u0103 iart\u0103, dom\u2019 locotenent,<br \/>\nPupa-\u0163i-a\u015f gura,-\u0163i spun cinstit,<br \/>\nAm vrea s\u0103 mergem, la cer\u015fit!<br \/>\nSuntem s\u0103raci \u015fi n-avem bani,<br \/>\nCer\u015fim de dou\u0103zeci de ani<br \/>\nPe la Lyon, pe la Paris,<br \/>\nA\u015fa ne este nou\u0103 scris,<br \/>\nC\u0103 n-avem unde s\u0103 muncim<br \/>\n\u015ei nu avem ce s\u0103 halim!<br \/>\n&#8211; Degeaba merge\u0163i la Paris,<br \/>\nC\u0103, \u015fti\u0163i, francezii au decis<br \/>\nCa,-n timp de dou\u0103 s\u0103pt\u0103m\u00e2ni,<br \/>\nS\u0103-i expulzeze pe rrom\u00e2ni<br \/>\n\u015ei s\u0103-i aduc\u0103-n Bucure\u015fti.<br \/>\n-P\u0103i, generale, s\u0103 tr\u0103ie\u015fti,<br \/>\nNe-alung\u0103-acas\u0103 foarte des,<br \/>\nDa\u2019-n felu\u2019 \u0103sta ne-am ales<br \/>\nCu euroi \u00een portofel,<br \/>\nC\u0103 d\u0103, pe cap de puradel,<br \/>\nTrei sute de parai cura\u0163i!<br \/>\nAcu\u2019 plec\u0103m, s\u0103 ne ierta\u0163i:<br \/>\nAvem palat la Huedin,<br \/>\nE gata, mai avem pu\u0163in.<br \/>\nDin trei sau patru expulz\u0103ri,<br \/>\nNe str\u00e2ngem bani de ajust\u0103ri<br \/>\n\u015ei din cer\u015fit, o lun\u0103 plin\u0103,<br \/>\nNe facem bud\u0103 \u00een gr\u0103din\u0103.<\/p>\n<p><strong>Rondelul aquis-ului comunitar<\/strong><\/p>\n<p>Ei ne mai cat\u0103 \u015fi-ast\u0103zi, nou\u0103,<br \/>\nPretexte,-n mod deliberat<br \/>\n\u0218i, c\u00e2nd vorbim de integrat,<br \/>\nSe fac, din nou \u015fi iar, c\u0103 plou\u0103.<\/p>\n<p>Cu toate c\u0103 la v\u0103mi de stat<br \/>\nAvem tehnologie nou\u0103,<br \/>\nEi ne mai cat\u0103 \u015fi-ast\u0103zi, nou\u0103,<br \/>\nPretexte,-n mod deliberat.<\/p>\n<p>\u201dRu\u0219ine s\u0103 v\u0103 fie vou\u0103,<br \/>\nReformele le-a\u0163i am\u00e2nat!\u201d &#8211;<br \/>\nNe spune c\u00e2te-un stat sau dou\u0103&#8230;<\/p>\n<p>De\u015fi ne-am tot securizat,<br \/>\nJusti\u0163ia ni-i bob de rou\u0103<br \/>\n\u0162i pe N\u0103stase l-am \u201dcastrat\u201d,<\/p>\n<p>Ei ne mai cat\u0103 \u015fi-azi&#8230; la ou\u0103.<\/p>\n<\/div><\/div><\/div>\n","protected":false},"excerpt":{"rendered":"<p>Premiul I &#8211; Vasile Vajoga Premiul II &#8211; Lucian Liviu Per\u021ba Premiul III &#8211; Ioan Garda<\/p>\n","protected":false},"author":1,"featured_media":0,"parent":8374,"menu_order":0,"comment_status":"closed","ping_status":"closed","template":"","meta":{"ngg_post_thumbnail":0,"footnotes":""},"class_list":["post-8396","page","type-page","status-publish","hentry"],"yoast_head":"<!-- This site is optimized with the Yoast SEO plugin v25.9 - https:\/\/yoast.com\/wordpress\/plugins\/seo\/ -->\n<title>Premianti poezie 2013 - Humour at .... Gura Humorului<\/title>\n<meta name=\"robots\" content=\"index, follow, max-snippet:-1, max-image-preview:large, max-video-preview:-1\" \/>\n<link rel=\"canonical\" href=\"https:\/\/www.umorlagurahumorului.ro\/editii\/editia-23-2013\/premianti-poezie-2013\/\" \/>\n<meta property=\"og:locale\" content=\"en_US\" \/>\n<meta property=\"og:type\" content=\"article\" \/>\n<meta property=\"og:title\" content=\"Premianti poezie 2013 - Humour at .... Gura Humorului\" \/>\n<meta property=\"og:description\" content=\"Premiul I &#8211; Vasile Vajoga Premiul II &#8211; Lucian Liviu Per\u021ba Premiul III &#8211; Ioan Garda\" \/>\n<meta property=\"og:url\" content=\"https:\/\/www.umorlagurahumorului.ro\/editii\/editia-23-2013\/premianti-poezie-2013\/\" \/>\n<meta property=\"og:site_name\" content=\"Humour at .... Gura Humorului\" \/>\n<meta property=\"article:publisher\" content=\"https:\/\/www.facebook.com\/Umor-la-Gura-Humorului-Humour-at-Gura-Humorului-105184057924606\/\" \/>\n<meta property=\"article:modified_time\" content=\"2020-06-20T16:03:24+00:00\" \/>\n<meta property=\"og:image\" content=\"https:\/\/www.umorlagurahumorului.ro\/wp-content\/uploads\/2020\/06\/Vasile-Vajoga-1-2-233x300.jpg\" \/>\n<meta name=\"twitter:card\" content=\"summary_large_image\" \/>\n<meta name=\"twitter:label1\" content=\"Est. reading time\" \/>\n\t<meta name=\"twitter:data1\" content=\"4 minutes\" \/>\n<script type=\"application\/ld+json\" class=\"yoast-schema-graph\">{\"@context\":\"https:\/\/schema.org\",\"@graph\":[{\"@type\":\"WebPage\",\"@id\":\"https:\/\/www.umorlagurahumorului.ro\/editii\/editia-23-2013\/premianti-poezie-2013\/\",\"url\":\"https:\/\/www.umorlagurahumorului.ro\/editii\/editia-23-2013\/premianti-poezie-2013\/\",\"name\":\"Premianti poezie 2013 - Humour at .... Gura Humorului\",\"isPartOf\":{\"@id\":\"https:\/\/www.umorlagurahumorului.ro\/#website\"},\"datePublished\":\"2020-06-20T16:02:44+00:00\",\"dateModified\":\"2020-06-20T16:03:24+00:00\",\"breadcrumb\":{\"@id\":\"https:\/\/www.umorlagurahumorului.ro\/editii\/editia-23-2013\/premianti-poezie-2013\/#breadcrumb\"},\"inLanguage\":\"en-US\",\"potentialAction\":[{\"@type\":\"ReadAction\",\"target\":[\"https:\/\/www.umorlagurahumorului.ro\/editii\/editia-23-2013\/premianti-poezie-2013\/\"]}]},{\"@type\":\"BreadcrumbList\",\"@id\":\"https:\/\/www.umorlagurahumorului.ro\/editii\/editia-23-2013\/premianti-poezie-2013\/#breadcrumb\",\"itemListElement\":[{\"@type\":\"ListItem\",\"position\":1,\"name\":\"Prima pagin\u0103\",\"item\":\"https:\/\/www.umorlagurahumorului.ro\/\"},{\"@type\":\"ListItem\",\"position\":2,\"name\":\"Editii\",\"item\":\"https:\/\/www.umorlagurahumorului.ro\/editii\/\"},{\"@type\":\"ListItem\",\"position\":3,\"name\":\"Editia 23 &#8211; 2013\",\"item\":\"https:\/\/www.umorlagurahumorului.ro\/editii\/editia-23-2013\/\"},{\"@type\":\"ListItem\",\"position\":4,\"name\":\"Premianti poezie 2013\"}]},{\"@type\":\"WebSite\",\"@id\":\"https:\/\/www.umorlagurahumorului.ro\/#website\",\"url\":\"https:\/\/www.umorlagurahumorului.ro\/\",\"name\":\"Umor la Gura Humorului\",\"description\":\"The International Festival of Cartoon and Humorous Literature\",\"publisher\":{\"@id\":\"https:\/\/www.umorlagurahumorului.ro\/#organization\"},\"potentialAction\":[{\"@type\":\"SearchAction\",\"target\":{\"@type\":\"EntryPoint\",\"urlTemplate\":\"https:\/\/www.umorlagurahumorului.ro\/?s={search_term_string}\"},\"query-input\":{\"@type\":\"PropertyValueSpecification\",\"valueRequired\":true,\"valueName\":\"search_term_string\"}}],\"inLanguage\":\"en-US\"},{\"@type\":\"Organization\",\"@id\":\"https:\/\/www.umorlagurahumorului.ro\/#organization\",\"name\":\"Festivalul Interna\u021bional de Grafic\u0103 Satiric\u0103 \u0219i Literatur\u0103 Umoristic\u0103 Umor la Gura Humorului\",\"url\":\"https:\/\/www.umorlagurahumorului.ro\/\",\"logo\":{\"@type\":\"ImageObject\",\"inLanguage\":\"en-US\",\"@id\":\"https:\/\/www.umorlagurahumorului.ro\/#\/schema\/logo\/image\/\",\"url\":\"https:\/\/www.umorlagurahumorului.ro\/wp-content\/uploads\/2020\/07\/umor-la-gura-humorului.jpg\",\"contentUrl\":\"https:\/\/www.umorlagurahumorului.ro\/wp-content\/uploads\/2020\/07\/umor-la-gura-humorului.jpg\",\"width\":618,\"height\":315,\"caption\":\"Festivalul Interna\u021bional de Grafic\u0103 Satiric\u0103 \u0219i Literatur\u0103 Umoristic\u0103 Umor la Gura Humorului\"},\"image\":{\"@id\":\"https:\/\/www.umorlagurahumorului.ro\/#\/schema\/logo\/image\/\"},\"sameAs\":[\"https:\/\/www.facebook.com\/Umor-la-Gura-Humorului-Humour-at-Gura-Humorului-105184057924606\/\"]}]}<\/script>\n<!-- \/ Yoast SEO plugin. -->","yoast_head_json":{"title":"Premianti poezie 2013 - Humour at .... Gura Humorului","robots":{"index":"index","follow":"follow","max-snippet":"max-snippet:-1","max-image-preview":"max-image-preview:large","max-video-preview":"max-video-preview:-1"},"canonical":"https:\/\/www.umorlagurahumorului.ro\/editii\/editia-23-2013\/premianti-poezie-2013\/","og_locale":"en_US","og_type":"article","og_title":"Premianti poezie 2013 - Humour at .... Gura Humorului","og_description":"Premiul I &#8211; Vasile Vajoga Premiul II &#8211; Lucian Liviu Per\u021ba Premiul III &#8211; Ioan Garda","og_url":"https:\/\/www.umorlagurahumorului.ro\/editii\/editia-23-2013\/premianti-poezie-2013\/","og_site_name":"Humour at .... Gura Humorului","article_publisher":"https:\/\/www.facebook.com\/Umor-la-Gura-Humorului-Humour-at-Gura-Humorului-105184057924606\/","article_modified_time":"2020-06-20T16:03:24+00:00","og_image":[{"url":"https:\/\/www.umorlagurahumorului.ro\/wp-content\/uploads\/2020\/06\/Vasile-Vajoga-1-2-233x300.jpg","type":"","width":"","height":""}],"twitter_card":"summary_large_image","twitter_misc":{"Est. reading time":"4 minutes"},"schema":{"@context":"https:\/\/schema.org","@graph":[{"@type":"WebPage","@id":"https:\/\/www.umorlagurahumorului.ro\/editii\/editia-23-2013\/premianti-poezie-2013\/","url":"https:\/\/www.umorlagurahumorului.ro\/editii\/editia-23-2013\/premianti-poezie-2013\/","name":"Premianti poezie 2013 - Humour at .... Gura Humorului","isPartOf":{"@id":"https:\/\/www.umorlagurahumorului.ro\/#website"},"datePublished":"2020-06-20T16:02:44+00:00","dateModified":"2020-06-20T16:03:24+00:00","breadcrumb":{"@id":"https:\/\/www.umorlagurahumorului.ro\/editii\/editia-23-2013\/premianti-poezie-2013\/#breadcrumb"},"inLanguage":"en-US","potentialAction":[{"@type":"ReadAction","target":["https:\/\/www.umorlagurahumorului.ro\/editii\/editia-23-2013\/premianti-poezie-2013\/"]}]},{"@type":"BreadcrumbList","@id":"https:\/\/www.umorlagurahumorului.ro\/editii\/editia-23-2013\/premianti-poezie-2013\/#breadcrumb","itemListElement":[{"@type":"ListItem","position":1,"name":"Prima pagin\u0103","item":"https:\/\/www.umorlagurahumorului.ro\/"},{"@type":"ListItem","position":2,"name":"Editii","item":"https:\/\/www.umorlagurahumorului.ro\/editii\/"},{"@type":"ListItem","position":3,"name":"Editia 23 &#8211; 2013","item":"https:\/\/www.umorlagurahumorului.ro\/editii\/editia-23-2013\/"},{"@type":"ListItem","position":4,"name":"Premianti poezie 2013"}]},{"@type":"WebSite","@id":"https:\/\/www.umorlagurahumorului.ro\/#website","url":"https:\/\/www.umorlagurahumorului.ro\/","name":"Umor la Gura Humorului","description":"The International Festival of Cartoon and Humorous Literature","publisher":{"@id":"https:\/\/www.umorlagurahumorului.ro\/#organization"},"potentialAction":[{"@type":"SearchAction","target":{"@type":"EntryPoint","urlTemplate":"https:\/\/www.umorlagurahumorului.ro\/?s={search_term_string}"},"query-input":{"@type":"PropertyValueSpecification","valueRequired":true,"valueName":"search_term_string"}}],"inLanguage":"en-US"},{"@type":"Organization","@id":"https:\/\/www.umorlagurahumorului.ro\/#organization","name":"Festivalul Interna\u021bional de Grafic\u0103 Satiric\u0103 \u0219i Literatur\u0103 Umoristic\u0103 Umor la Gura Humorului","url":"https:\/\/www.umorlagurahumorului.ro\/","logo":{"@type":"ImageObject","inLanguage":"en-US","@id":"https:\/\/www.umorlagurahumorului.ro\/#\/schema\/logo\/image\/","url":"https:\/\/www.umorlagurahumorului.ro\/wp-content\/uploads\/2020\/07\/umor-la-gura-humorului.jpg","contentUrl":"https:\/\/www.umorlagurahumorului.ro\/wp-content\/uploads\/2020\/07\/umor-la-gura-humorului.jpg","width":618,"height":315,"caption":"Festivalul Interna\u021bional de Grafic\u0103 Satiric\u0103 \u0219i Literatur\u0103 Umoristic\u0103 Umor la Gura Humorului"},"image":{"@id":"https:\/\/www.umorlagurahumorului.ro\/#\/schema\/logo\/image\/"},"sameAs":["https:\/\/www.facebook.com\/Umor-la-Gura-Humorului-Humour-at-Gura-Humorului-105184057924606\/"]}]}},"_links":{"self":[{"href":"https:\/\/www.umorlagurahumorului.ro\/en\/wp-json\/wp\/v2\/pages\/8396","targetHints":{"allow":["GET"]}}],"collection":[{"href":"https:\/\/www.umorlagurahumorului.ro\/en\/wp-json\/wp\/v2\/pages"}],"about":[{"href":"https:\/\/www.umorlagurahumorului.ro\/en\/wp-json\/wp\/v2\/types\/page"}],"author":[{"embeddable":true,"href":"https:\/\/www.umorlagurahumorului.ro\/en\/wp-json\/wp\/v2\/users\/1"}],"replies":[{"embeddable":true,"href":"https:\/\/www.umorlagurahumorului.ro\/en\/wp-json\/wp\/v2\/comments?post=8396"}],"version-history":[{"count":1,"href":"https:\/\/www.umorlagurahumorului.ro\/en\/wp-json\/wp\/v2\/pages\/8396\/revisions"}],"predecessor-version":[{"id":8403,"href":"https:\/\/www.umorlagurahumorului.ro\/en\/wp-json\/wp\/v2\/pages\/8396\/revisions\/8403"}],"up":[{"embeddable":true,"href":"https:\/\/www.umorlagurahumorului.ro\/en\/wp-json\/wp\/v2\/pages\/8374"}],"wp:attachment":[{"href":"https:\/\/www.umorlagurahumorului.ro\/en\/wp-json\/wp\/v2\/media?parent=8396"}],"curies":[{"name":"wp","href":"https:\/\/api.w.org\/{rel}","templated":true}]}}