{"id":8102,"date":"2020-06-17T17:24:46","date_gmt":"2020-06-17T17:24:46","guid":{"rendered":"http:\/\/www.umorlagurahumorului.ro\/?page_id=8102"},"modified":"2020-07-13T22:29:07","modified_gmt":"2020-07-13T22:29:07","slug":"premianti-poezie-2019","status":"publish","type":"page","link":"https:\/\/www.umorlagurahumorului.ro\/en\/editii\/editia-29-2019\/premianti-poezie-2019\/","title":{"rendered":"Poetry winners 2019"},"content":{"rendered":"<hr>\n<h4>1st Prize &#8211; Vasilescu Petre Ion Florin<\/h4>\n<div class=\"su-row\"><div class=\"su-column su-column-size-1-2\"><div class=\"su-column-inner su-u-clearfix su-u-trim\">\n<strong>Epoca geniilor precoce<\/strong><br \/>\nTr\u0103iesc realitatea uimitoare C<br \/>\n\u00e2nd un zg\u00e2mboi, o dulce copilit\u0103.<br \/>\nDota\u0163i din fa\u015f\u0103 cu calculatoare &#8211;<br \/>\nSunt Kant sau Iorga de la gr\u0103dini\u0163\u0103!<br \/>\nE-o veste tr\u0103snet, \u00eembucur\u0103toare,<br \/>\nC\u0103 geniu-apare tot mai tinerel,<br \/>\nIar eu am o dovad\u0103 zdrobitoare<br \/>\nChiar \u00een ograd\u0103 &#8211; micul meu c\u0103\u0163el<br \/>\nDin clipa-n care-a luat-o pe picioare<br \/>\nI-am aplicat programul de dresur\u0103<br \/>\nComplex, s\u0103-l fac vedet\u0103 \u00eentre tiare,<br \/>\nUn as la treab\u0103, joc sau aventur\u0103 &#8230;<br \/>\nA memorat comenzi surprinz\u0103toare:<br \/>\nS\u0103 mearg\u0103-n dou\u0103 labe sau pe-o r\u00e2n\u0103.<br \/>\nS\u0103 latre-ti g\u00e2nd. doar la solicitare<br \/>\n\u015ei s-o maimu\u0163\u0103reasc\u0103 pe st\u0103p\u00e2n\u0103<br \/>\nA prins abilit\u0103\u0163i, figuri din sport<br \/>\nOr de la circ. cu performan\u0163e rare.<br \/>\nDar bagatela simpl\u0103, cu ..aport\u201d<br \/>\nN-o reu\u015fea, c\u00e2t m\u0103 c\u0103zneam de tare!<br \/>\nSprinta s\u0103geat\u0103 dup\u0103 juc\u0103rie.<br \/>\nO lua \u015fi s-ascundea cu ea \u00een cu\u015fc\u0103;<br \/>\nNici g\u00e2nd s\u0103 vrea s\u0103 mi-o cedeze mie,<br \/>\nIar de-1 for\u0163am, m-avertiza c\u0103 mu\u015fc\u0103 &#8230;<br \/>\nAdio, vis vibrant de-mbog\u0103\u0163ire,<br \/>\nDe lungi voiajuri prin str\u0103in\u0103tate;<br \/>\nPotaia respingea orice-mp\u00e2r\u0163ire<br \/>\nDe-averi, spectacol \u015fi celebritate!<br \/>\nM\u0103 ofticam, cuprins de desperare.<br \/>\nZic\u00e2nd c-am dat de-o bestie c\u0103poas\u0103<br \/>\nCe nu va fi \u00een veci de veci-n stare<br \/>\nS-ajung\u0103, c\u00e2t de c\u00e2t, trebuincioas\u0103<br \/>\nDar. consternat de-a mea vinov\u0103\u0163ie.<br \/>\nCer mii de scuze geniului bl\u0103nos:<br \/>\nC\u00e2nd am ales c\u00e2ineasca juc\u0103rie &#8211;<br \/>\nProste\u015fte-am scris pe ea cuv\u00e2ntul OS!<br \/>\nMotto: \u201eGura p\u0103c\u0103tosului\u201d&#8230;<br \/>\n<\/div><\/div>\n<div class=\"su-column su-column-size-1-2\"><div class=\"su-column-inner su-u-clearfix su-u-trim\">\nDoar ap\u0103-mpar\u0163i cu to\u0163i&#8230;<\/strong><br \/>\nLa stirpea b\u0103utorilor de vin,<br \/>\nFaimoas\u0103-n lume din antichitate<br \/>\nPrin spirit, har, noble\u0163e, calitate,<br \/>\nCu deferent\u0103, ast\u0103zi m\u0103 \u00eenchin!<br \/>\nCuprind planeta \u00een totalitate,<br \/>\nAv\u00e2nd \u00een Bacchus protector divin&#8230;<br \/>\nDe-i musulman, budist, ateu, cre\u015ftin.<br \/>\nDin vin iau \u015farm \u015fi virtuozitate<br \/>\nLa tot ce-n mii de pagini s-a descris<br \/>\n\u015ei-at\u00e2\u0163ia condeieri prin vremi au scris,<br \/>\nO scurt\u0103 completare vreau s\u0103 fac &#8230;<br \/>\nUn vechi proverb arat\u0103 drumul drept:<br \/>\n\u201eMai bine spargi c\u0103rbuni c-un \u00een\u0163elept<br \/>\nDec\u00e2t s\u0103-mpar\u0163i Cotnar c-un prost\u0103nac\u201d!<br \/>\nMotto: \u201eGura p\u0103c\u0103tosului\u201d&#8230;<\/p>\n<p><strong>Sonetul vremii ce-a trecut<\/strong><br \/>\nA\u015f vrea s\u0103 relatez un fapt divers,<br \/>\nTr\u0103it chiar ieri, \u00een s\u00e2nul lunii mai,<br \/>\nPe drumul c\u0103tre pia\u0163\u0103, c-un tramvai<br \/>\n\u015ei-ad\u00e2nc gravat \u00een suflet, de ne\u015fters!<br \/>\nCum am urcat, am zis c\u0103 sunt \u00een Rai:<br \/>\nO m\u00e2ndr\u0103-\u015fi expunea prin univers<br \/>\nPicioarele &#8211; perfecte ca un vers<br \/>\nDin Dante sau ca parcul din Versailles!<br \/>\nO-ncing cu vechi ocheade de-amorez<br \/>\n\u015ei, Har Fecioarei, z\u00e2na mi-a z\u00e2mbit,<br \/>\nF\u0103c\u00e2nd ca tandre intrigi s\u0103 visez &#8230;<br \/>\nEa, sprinten\u0103-n picioare a zv\u00e2cnit,<br \/>\nCed\u00e2ndu-mi locul &#8230;\u00eens\u0103 ripostez:<br \/>\nDe te str\u00e2ngeai ni\u0163el, l-am fi-mp\u0103r\u0163it!<br \/>\nMotto: \u201eGura p\u0103c\u0103tosului\u201d&#8230;<br \/>\n<\/div><\/div><\/div>\n<hr>\n<h4>2nd Prize &#8211; Grigore Chitul<\/h4>\n<div class=\"su-row\"><div class=\"su-column su-column-size-1-2\"><div class=\"su-column-inner su-u-clearfix su-u-trim\">\n<strong>1.Buc\u0103\u0163i dintr-o iubire nesf\u00e2r\u015fit\u0103<\/strong><br \/>\nIubito, azi am dep\u0103\u015fit zenitul<br \/>\nAmorului ce mi-a-n\u0163epat retina,<br \/>\nNu insista s\u0103 faci pe cabotina,<br \/>\nC\u0103 psihicul mi-e tare ca granitul&#8230;<\/p>\n<p>Vreau s\u0103 respec\u0163i o vreme carantina,<br \/>\nS\u0103 nu m\u0103 suni, s\u0103 nu \u00eencepi bocitul,<br \/>\nS\u0103 \u00eencetezi \u015fi cu re\u00eenc\u0103lzitul<br \/>\nSarmalelor. Voi frecventa cantina&#8230;<\/p>\n<p>\u00ceti recomand s\u0103 str\u00e2ngi c\u00e2t po\u0163i profitul<br \/>\nDeplinei libert\u0103\u0163i, iar eroina<br \/>\nDin tine de-o s\u0103 aib\u0103 \u015fi sublima<br \/>\nDorin\u0163a de-a-mp\u0103r\u0163i \u015fi infinitul<br \/>\nS\u0103-mi spui: te satisface ghilotina<br \/>\nSau s\u0103 m\u0103 duc s\u0103 \u00eemi ascut cu\u0163itul&#8230; <\/p>\n<p><strong>2.C\u00e2t dec\u00e2t&#8230;<\/strong><br \/>\nDin anii scur\u015fi ca dintr-o \u0163eav\u0103 spart\u0103<br \/>\nAu mai r\u0103mas doar urmele pe ziduri,<br \/>\nOglinda c\u00e2nd z\u00e2mbe\u015fte are riduri<br \/>\n\u015ei nout\u0103\u0163i g\u0103se\u015fti la Marea Moart\u0103.<\/p>\n<p>\u00cen con\u015ftiin\u0163e sunt at\u00e2tea viduri<br \/>\n\u015ei tot mai multi zevzeci se \u0163in de toart\u0103,<br \/>\n\u201eAcas\u0103\u201d e un punct pierdut pe hart\u0103<br \/>\nIar cioc\u00e2rlia c\u00e2nt\u0103 numai lieduri.<\/p>\n<p>A devenit a\u015fa banal protestul,<br \/>\nO cea\u0163\u0103 s-a l\u0103sat \u00een pia\u0163a goal\u0103,<br \/>\n\u015ei-n timp ce s-a spoit din nou arestul,<br \/>\nDe\u015fi \u00eempart bugetul ca la \u015fcoal\u0103,<br \/>\nMai marilor, aten\u0163i la socoteal\u0103,<br \/>\n\u00centotdeauna le r\u0103m\u00e2ne&#8230; restul!<\/p>\n<\/div><\/div>\n<div class=\"su-column su-column-size-1-2\"><div class=\"su-column-inner su-u-clearfix su-u-trim\">\n<p><strong>3.Via\u0163a la rulet\u0103<\/strong><br \/>\nC\u00e2nd bunul sim\u0163 azi nu-i ce-a fost odat\u0103,<br \/>\nIar ideal e s\u0103 \u00eentreci m\u0103sura,<br \/>\nCa iedera se-nal\u0163\u0103 impostura<br \/>\n\u015ei-obr\u0103znicia poart\u0103 chiar cravat\u0103.<\/p>\n<p>Cu masca pe figur\u0103 e natura,<br \/>\nSperan\u0163a pare-o nav\u0103 e\u015fuat\u0103<br \/>\n\u015ei-n nesf\u00e2r\u015fita mare-nvolburat\u0103<br \/>\nR\u0103m\u00e2n pe val doar cei ce dau cu gura.<\/p>\n<p>Mi\u015fca\u0163i de sfori, cu-o morg\u0103 teatral\u0103<br \/>\nVale\u0163ii prin\u015fi de febra-nchipuirii,<br \/>\n\u00cenghesui\u0163i la masa fericirii,<br \/>\nCa \u00eentr-un joc, pluseaz\u0103 cu-ndr\u0103zneal\u0103,<br \/>\nDe\u015fi sunt slabi la tabla \u00eenmul\u0163irii<br \/>\n\u015ei tari doar c\u00e2nd e vorba de-mp\u0103r\u0163eal\u0103!<br \/>\n<\/div><\/div><\/div>\n<hr>\n<h4>3rd Prize &#8211; Abel Florian<\/h4>\n<div class=\"su-row\"><div class=\"su-column su-column-size-1-2\"><div class=\"su-column-inner su-u-clearfix su-u-trim\">\n<strong>ETERNA \u00ceMP\u0102R\u0162IRE<\/strong><br \/>\n\u00cent\u00eei, avut-a Domnul o idee:<br \/>\n&#8220;S\u00e3-l \u00eemp\u0103r\u0163im pe om: b\u00e3rbat &#8211; femeie,<br \/>\n\u015ei, \u00eentre ei, iubirea s\u00e3-nfloresac\u00e3<br \/>\nDetermin\u00e2ndu-i s\u00e3 se reuneasca!&#8221;<\/p>\n<p>Iar anii au trecut \u015fi, zi de zi,<br \/>\nNe-am \u00eemp\u0103r\u0163it \u00een ineren\u0163i copii,<br \/>\nApoi \u00een triburi, na\u0163iuni, \u00een culte<br \/>\nReligioase. Prin milenii multe<br \/>\nNe-am \u00eemp\u00e3r\u0163it cu ur\u00e3 \u015fi ardoare<br \/>\n\u00cen cea mai unitar\u0103 dezbinare.<\/p>\n<p>Mai nou, atin\u015fi de molime stupide<br \/>\nF\u0103cur\u0103m \u00eemp\u00e3r\u0163irea \u00een partide<br \/>\nPrin care-mpart fotolii \u015fi putere<br \/>\nAcei ce \u015ftiu s\u00e3-mpart\u00e3 mici<br \/>\n\u015fi bere.<\/p>\n<p>Dar se unesc, urzind o via\u0163\u00e3 nou\u00e3,<br \/>\n\u00cen parlamentul \u00eemp\u00e3r\u0163it \u00een dou\u00e3<br \/>\nC\u00e3m\u00e3ri, ce-l fac a fi bicameral<br \/>\n\u015ei, plini de interes na\u0163ional,<br \/>\nAle\u015fii, mari baroni, boieri, oieri,<br \/>\n\u00ce\u015fi tot \u00eempart sudalme \u015fi averi.<\/p>\n<p>\u015ei, chiar de-i dezbinarea absolut\u00e3,<br \/>\nC\u00e2nd au \u00een fa\u0163\u00e3 mun\u0163ii de valut\u00e3,<br \/>\nEi \u015ftiu s\u00e3 demonstreze cu mult har<br \/>\nC\u00e3 furtul este unul unitar.<\/p>\n<p>Deci, iat\u00e3 c\u00e3 de c\u00e2nd e omenirea,<br \/>\nUn singur g\u00e2nd c\u00e3l\u00e3uze\u015fte firea:<br \/>\nS\u00e3 ne-mp\u00e3r\u0163im, spre-a-nf\u00e3ptui unirea!  <\/p>\n<p><strong>ANTILOMONOSOV<\/strong><br \/>\nPe vremuri, \u00eentr-o \u015fcoal\u0103 comunist\u0103,<br \/>\nC\u00e2nd se-mp\u0103r\u0163eau doctrinele la norm\u0103,<br \/>\nNi s-a predat idea realist\u0103<br \/>\nC\u0103, \u00een natur\u0103, pierderi nu exist\u00e3<br \/>\nCi, pur \u015fi simplu, totul se trasform\u0103<br \/>\n\u015ei se \u00eemparte-n zeci de minerale,<br \/>\nPrecum vrea mu\u015fchiul lumii materiale.<\/p>\n<p>Dar peste ani, c\u00e2nd mult iubita-mi soacr\u0103,<br \/>\nPleca din lume-n consacrata form\u0103,<br \/>\nCea de sicriu, c\u00e2nd popa s-o petreac\u0103,<br \/>\nNe-a zis: &#8220;ea e pierdut\u0103, pururi pleac\u0103!&#8221;<br \/>\n\u015ei nicidecum n-a zis c\u0103 se transform\u0103!<\/p>\n<p>Eu l-am rugat pe pop\u0103 cu ardoare<br \/>\nS-o bage \u015fi pe ea la transformare,<br \/>\nDar m-a aghesmuit cu str\u00e3\u015fnicie<br \/>\nC\u00e3 \u00eel instig s\u00e3 fac\u00e3 alchimie.<\/p>\n<p>De-aceea, azi emit cu umilin\u0163\u00e3<br \/>\nO teorie mai pu\u0163in conform\u00e3:<br \/>\nChiar cei mai vajnici oameni de \u015ftiin\u0163\u00e3<br \/>\nNu pot impune soacrelor o norm\u00e3.<\/p>\n<p>C\u00e2nd soacra pune legea mai prejos,<br \/>\nTot universul e neputincios.<br \/>\n<\/div><\/div>\n<div class=\"su-column su-column-size-1-2\"><div class=\"su-column-inner su-u-clearfix su-u-trim\">\n<strong>DE DRAGOSTE<\/strong><br \/>\nEu te iubesc a\u015fa, f\u00e3r\u00e3 motiv,<br \/>\nDar m\u00e3 intrig\u00e3 actul creativ<br \/>\nPrin care Domnul te-a cl\u00e3dit cu har<br \/>\nElabor\u00e2nd un singur exemplar.<\/p>\n<p>Cum nu se pun cinci tone de ardei<br \/>\n\u00centr-o saco\u015f\u00e3 mic\u00e3, de trei lei,<br \/>\nAt\u00e2ta frumuse\u0163e nu po\u0163i pune<br \/>\nCu carul, \u00eentr-o singur\u0103 minune.<\/p>\n<p>De-a\u015f fi om de \u015ftiin\u0163\u0103, te-a\u015f clona,<br \/>\nApoi la musulmani m-a\u015f transfera<br \/>\nCa s\u0103-mi deschid haremul cel mai mare<br \/>\nCu tine-n zeci de mii de exemplare.<\/p>\n<p>\u015ei de-ar veni un padi\u015fah bogat<br \/>\nS\u0103 \u00eemi ofere-ntregul s\u0103u regat<br \/>\nPlus alte dou\u0103zeci de \u0163\u0103ri vecine<br \/>\nCa s\u0103 \u00eei v\u00e2nd un exemplar din tine,<\/p>\n<p>Presupun\u00e2nd c\u0103 \u00eentre zeci de mii<br \/>\nVreuna prea z\u0103lud\u0103 s-ar ivi,<br \/>\nMai cotrofelni\u0163\u0103 \u015fi rea de musc\u00e3<br \/>\nDe-ar trebui s-o-nchid mereu \u00een cu\u015fc\u0103,<\/p>\n<p>E de-n\u0163eles impulsul momentan<br \/>\nDe-a o livra acelui Soliman,<br \/>\nDar chit c\u0103 de sub unghii mi-a\u015f m\u00e2nca<br \/>\n\u015ei nici rateu-acela nu l-a\u015f da!<br \/>\n<\/div><\/div><\/div>","protected":false},"excerpt":{"rendered":"<p>1st Prize &#8211; Vasilescu Petre Ion Florin 2nd Prize &#8211; Grigore Chitul 3rd Prize &#8211; Abel Florian<\/p>\n","protected":false},"author":1,"featured_media":0,"parent":8067,"menu_order":0,"comment_status":"closed","ping_status":"closed","template":"","meta":{"ngg_post_thumbnail":0,"footnotes":""},"class_list":["post-8102","page","type-page","status-publish","hentry"],"yoast_head":"<!-- This site is optimized with the Yoast SEO plugin v25.9 - https:\/\/yoast.com\/wordpress\/plugins\/seo\/ -->\n<title>Poetry winners 2019 - Humour at .... Gura Humorului<\/title>\n<meta name=\"robots\" content=\"index, follow, max-snippet:-1, max-image-preview:large, max-video-preview:-1\" \/>\n<link rel=\"canonical\" href=\"https:\/\/www.umorlagurahumorului.ro\/editii\/editia-29-2019\/premianti-poezie-2019\/\" \/>\n<meta property=\"og:locale\" content=\"en_US\" \/>\n<meta property=\"og:type\" content=\"article\" \/>\n<meta property=\"og:title\" content=\"[:ro]Premianti poezie 2019[:en] Poetry winners 2019[:] - Humour at .... Gura Humorului\" \/>\n<meta property=\"og:description\" content=\"1st Prize &#8211; Vasilescu Petre Ion Florin 2nd Prize &#8211; Grigore Chitul 3rd Prize &#8211; Abel Florian\" \/>\n<meta property=\"og:url\" content=\"https:\/\/www.umorlagurahumorului.ro\/editii\/editia-29-2019\/premianti-poezie-2019\/\" \/>\n<meta property=\"og:site_name\" content=\"Humour at .... Gura Humorului\" \/>\n<meta property=\"article:publisher\" content=\"https:\/\/www.facebook.com\/Umor-la-Gura-Humorului-Humour-at-Gura-Humorului-105184057924606\/\" \/>\n<meta property=\"article:modified_time\" content=\"2020-07-13T22:29:07+00:00\" \/>\n<meta name=\"twitter:card\" content=\"summary_large_image\" \/>\n<meta name=\"twitter:label1\" content=\"Est. reading time\" \/>\n\t<meta name=\"twitter:data1\" content=\"14 minutes\" \/>\n<script type=\"application\/ld+json\" class=\"yoast-schema-graph\">{\"@context\":\"https:\/\/schema.org\",\"@graph\":[{\"@type\":\"WebPage\",\"@id\":\"https:\/\/www.umorlagurahumorului.ro\/editii\/editia-29-2019\/premianti-poezie-2019\/\",\"url\":\"https:\/\/www.umorlagurahumorului.ro\/editii\/editia-29-2019\/premianti-poezie-2019\/\",\"name\":\"[:ro]Premianti poezie 2019[:en] Poetry winners 2019[:] - Humour at .... Gura Humorului\",\"isPartOf\":{\"@id\":\"https:\/\/www.umorlagurahumorului.ro\/#website\"},\"datePublished\":\"2020-06-17T17:24:46+00:00\",\"dateModified\":\"2020-07-13T22:29:07+00:00\",\"breadcrumb\":{\"@id\":\"https:\/\/www.umorlagurahumorului.ro\/editii\/editia-29-2019\/premianti-poezie-2019\/#breadcrumb\"},\"inLanguage\":\"en-US\",\"potentialAction\":[{\"@type\":\"ReadAction\",\"target\":[\"https:\/\/www.umorlagurahumorului.ro\/editii\/editia-29-2019\/premianti-poezie-2019\/\"]}]},{\"@type\":\"BreadcrumbList\",\"@id\":\"https:\/\/www.umorlagurahumorului.ro\/editii\/editia-29-2019\/premianti-poezie-2019\/#breadcrumb\",\"itemListElement\":[{\"@type\":\"ListItem\",\"position\":1,\"name\":\"Prima pagin\u0103\",\"item\":\"https:\/\/www.umorlagurahumorului.ro\/\"},{\"@type\":\"ListItem\",\"position\":2,\"name\":\"Editii\",\"item\":\"https:\/\/www.umorlagurahumorului.ro\/editii\/\"},{\"@type\":\"ListItem\",\"position\":3,\"name\":\"Editia 29 &#8211; 2019\",\"item\":\"https:\/\/www.umorlagurahumorului.ro\/editii\/editia-29-2019\/\"},{\"@type\":\"ListItem\",\"position\":4,\"name\":\"Premianti poezie 2019\"}]},{\"@type\":\"WebSite\",\"@id\":\"https:\/\/www.umorlagurahumorului.ro\/#website\",\"url\":\"https:\/\/www.umorlagurahumorului.ro\/\",\"name\":\"Umor la Gura Humorului\",\"description\":\"The International Festival of Cartoon and Humorous Literature\",\"publisher\":{\"@id\":\"https:\/\/www.umorlagurahumorului.ro\/#organization\"},\"potentialAction\":[{\"@type\":\"SearchAction\",\"target\":{\"@type\":\"EntryPoint\",\"urlTemplate\":\"https:\/\/www.umorlagurahumorului.ro\/?s={search_term_string}\"},\"query-input\":{\"@type\":\"PropertyValueSpecification\",\"valueRequired\":true,\"valueName\":\"search_term_string\"}}],\"inLanguage\":\"en-US\"},{\"@type\":\"Organization\",\"@id\":\"https:\/\/www.umorlagurahumorului.ro\/#organization\",\"name\":\"Festivalul Interna\u021bional de Grafic\u0103 Satiric\u0103 \u0219i Literatur\u0103 Umoristic\u0103 Umor la Gura Humorului\",\"url\":\"https:\/\/www.umorlagurahumorului.ro\/\",\"logo\":{\"@type\":\"ImageObject\",\"inLanguage\":\"en-US\",\"@id\":\"https:\/\/www.umorlagurahumorului.ro\/#\/schema\/logo\/image\/\",\"url\":\"https:\/\/www.umorlagurahumorului.ro\/wp-content\/uploads\/2020\/07\/umor-la-gura-humorului.jpg\",\"contentUrl\":\"https:\/\/www.umorlagurahumorului.ro\/wp-content\/uploads\/2020\/07\/umor-la-gura-humorului.jpg\",\"width\":618,\"height\":315,\"caption\":\"Festivalul Interna\u021bional de Grafic\u0103 Satiric\u0103 \u0219i Literatur\u0103 Umoristic\u0103 Umor la Gura Humorului\"},\"image\":{\"@id\":\"https:\/\/www.umorlagurahumorului.ro\/#\/schema\/logo\/image\/\"},\"sameAs\":[\"https:\/\/www.facebook.com\/Umor-la-Gura-Humorului-Humour-at-Gura-Humorului-105184057924606\/\"]}]}<\/script>\n<!-- \/ Yoast SEO plugin. -->","yoast_head_json":{"title":"[:ro]Premianti poezie 2019[:en] Poetry winners 2019[:] - Humour at .... Gura Humorului","robots":{"index":"index","follow":"follow","max-snippet":"max-snippet:-1","max-image-preview":"max-image-preview:large","max-video-preview":"max-video-preview:-1"},"canonical":"https:\/\/www.umorlagurahumorului.ro\/editii\/editia-29-2019\/premianti-poezie-2019\/","og_locale":"en_US","og_type":"article","og_title":"[:ro]Premianti poezie 2019[:en] Poetry winners 2019[:] - Humour at .... Gura Humorului","og_description":"1st Prize &#8211; Vasilescu Petre Ion Florin 2nd Prize &#8211; Grigore Chitul 3rd Prize &#8211; Abel Florian","og_url":"https:\/\/www.umorlagurahumorului.ro\/editii\/editia-29-2019\/premianti-poezie-2019\/","og_site_name":"Humour at .... Gura Humorului","article_publisher":"https:\/\/www.facebook.com\/Umor-la-Gura-Humorului-Humour-at-Gura-Humorului-105184057924606\/","article_modified_time":"2020-07-13T22:29:07+00:00","twitter_card":"summary_large_image","twitter_misc":{"Est. reading time":"14 minutes"},"schema":{"@context":"https:\/\/schema.org","@graph":[{"@type":"WebPage","@id":"https:\/\/www.umorlagurahumorului.ro\/editii\/editia-29-2019\/premianti-poezie-2019\/","url":"https:\/\/www.umorlagurahumorului.ro\/editii\/editia-29-2019\/premianti-poezie-2019\/","name":"[:ro]Premianti poezie 2019[:en] Poetry winners 2019[:] - Humour at .... Gura Humorului","isPartOf":{"@id":"https:\/\/www.umorlagurahumorului.ro\/#website"},"datePublished":"2020-06-17T17:24:46+00:00","dateModified":"2020-07-13T22:29:07+00:00","breadcrumb":{"@id":"https:\/\/www.umorlagurahumorului.ro\/editii\/editia-29-2019\/premianti-poezie-2019\/#breadcrumb"},"inLanguage":"en-US","potentialAction":[{"@type":"ReadAction","target":["https:\/\/www.umorlagurahumorului.ro\/editii\/editia-29-2019\/premianti-poezie-2019\/"]}]},{"@type":"BreadcrumbList","@id":"https:\/\/www.umorlagurahumorului.ro\/editii\/editia-29-2019\/premianti-poezie-2019\/#breadcrumb","itemListElement":[{"@type":"ListItem","position":1,"name":"Prima pagin\u0103","item":"https:\/\/www.umorlagurahumorului.ro\/"},{"@type":"ListItem","position":2,"name":"Editii","item":"https:\/\/www.umorlagurahumorului.ro\/editii\/"},{"@type":"ListItem","position":3,"name":"Editia 29 &#8211; 2019","item":"https:\/\/www.umorlagurahumorului.ro\/editii\/editia-29-2019\/"},{"@type":"ListItem","position":4,"name":"Premianti poezie 2019"}]},{"@type":"WebSite","@id":"https:\/\/www.umorlagurahumorului.ro\/#website","url":"https:\/\/www.umorlagurahumorului.ro\/","name":"Umor la Gura Humorului","description":"The International Festival of Cartoon and Humorous Literature","publisher":{"@id":"https:\/\/www.umorlagurahumorului.ro\/#organization"},"potentialAction":[{"@type":"SearchAction","target":{"@type":"EntryPoint","urlTemplate":"https:\/\/www.umorlagurahumorului.ro\/?s={search_term_string}"},"query-input":{"@type":"PropertyValueSpecification","valueRequired":true,"valueName":"search_term_string"}}],"inLanguage":"en-US"},{"@type":"Organization","@id":"https:\/\/www.umorlagurahumorului.ro\/#organization","name":"Festivalul Interna\u021bional de Grafic\u0103 Satiric\u0103 \u0219i Literatur\u0103 Umoristic\u0103 Umor la Gura Humorului","url":"https:\/\/www.umorlagurahumorului.ro\/","logo":{"@type":"ImageObject","inLanguage":"en-US","@id":"https:\/\/www.umorlagurahumorului.ro\/#\/schema\/logo\/image\/","url":"https:\/\/www.umorlagurahumorului.ro\/wp-content\/uploads\/2020\/07\/umor-la-gura-humorului.jpg","contentUrl":"https:\/\/www.umorlagurahumorului.ro\/wp-content\/uploads\/2020\/07\/umor-la-gura-humorului.jpg","width":618,"height":315,"caption":"Festivalul Interna\u021bional de Grafic\u0103 Satiric\u0103 \u0219i Literatur\u0103 Umoristic\u0103 Umor la Gura Humorului"},"image":{"@id":"https:\/\/www.umorlagurahumorului.ro\/#\/schema\/logo\/image\/"},"sameAs":["https:\/\/www.facebook.com\/Umor-la-Gura-Humorului-Humour-at-Gura-Humorului-105184057924606\/"]}]}},"_links":{"self":[{"href":"https:\/\/www.umorlagurahumorului.ro\/en\/wp-json\/wp\/v2\/pages\/8102","targetHints":{"allow":["GET"]}}],"collection":[{"href":"https:\/\/www.umorlagurahumorului.ro\/en\/wp-json\/wp\/v2\/pages"}],"about":[{"href":"https:\/\/www.umorlagurahumorului.ro\/en\/wp-json\/wp\/v2\/types\/page"}],"author":[{"embeddable":true,"href":"https:\/\/www.umorlagurahumorului.ro\/en\/wp-json\/wp\/v2\/users\/1"}],"replies":[{"embeddable":true,"href":"https:\/\/www.umorlagurahumorului.ro\/en\/wp-json\/wp\/v2\/comments?post=8102"}],"version-history":[{"count":7,"href":"https:\/\/www.umorlagurahumorului.ro\/en\/wp-json\/wp\/v2\/pages\/8102\/revisions"}],"predecessor-version":[{"id":9359,"href":"https:\/\/www.umorlagurahumorului.ro\/en\/wp-json\/wp\/v2\/pages\/8102\/revisions\/9359"}],"up":[{"embeddable":true,"href":"https:\/\/www.umorlagurahumorului.ro\/en\/wp-json\/wp\/v2\/pages\/8067"}],"wp:attachment":[{"href":"https:\/\/www.umorlagurahumorului.ro\/en\/wp-json\/wp\/v2\/media?parent=8102"}],"curies":[{"name":"wp","href":"https:\/\/api.w.org\/{rel}","templated":true}]}}