{"id":10853,"date":"2025-07-17T10:25:15","date_gmt":"2025-07-17T10:25:15","guid":{"rendered":"https:\/\/www.umorlagurahumorului.ro\/?page_id=10853"},"modified":"2025-07-23T07:13:55","modified_gmt":"2025-07-23T07:13:55","slug":"premianti-grafica-satirica-2025","status":"publish","type":"page","link":"https:\/\/www.umorlagurahumorului.ro\/en\/editii\/editia-35-2025\/premianti-grafica-satirica-2025\/","title":{"rendered":"Premianti grafica satirica 2025"},"content":{"rendered":"<h4>1st Prize &#8211; Raed Khalil &#8211; Belgia &#8211; Belgium<\/h4>\n\n\t\t<style type=\"text\/css\">\n\t\t\t#gallery-9 {\n\t\t\t\tmargin: auto;\n\t\t\t}\n\t\t\t#gallery-9 .gallery-item {\n\t\t\t\tfloat: left;\n\t\t\t\tmargin-top: 10px;\n\t\t\t\ttext-align: center;\n\t\t\t\twidth: 100%;\n\t\t\t}\n\t\t\t#gallery-9 img {\n\t\t\t\tborder: 2px solid #cfcfcf;\n\t\t\t}\n\t\t\t#gallery-9 .gallery-caption {\n\t\t\t\tmargin-left: 0;\n\t\t\t}\n\t\t\t\/* see gallery_shortcode() in wp-includes\/media.php *\/\n\t\t<\/style>\n\t\t<div id='gallery-9' class='gallery galleryid-10853 gallery-columns-1 gallery-size-large'><dl class='gallery-item'>\n\t\t\t<dt class='gallery-icon landscape'>\n\t\t\t\t<a href='https:\/\/www.umorlagurahumorului.ro\/wp-content\/uploads\/2025\/07\/RAED-KHALIL-SYRIA-1.jpg'><img loading=\"lazy\" decoding=\"async\" width=\"938\" height=\"657\" src=\"https:\/\/www.umorlagurahumorului.ro\/wp-content\/uploads\/2025\/07\/RAED-KHALIL-SYRIA-1-1024x717.jpg\" class=\"attachment-large size-large\" alt=\"\" srcset=\"https:\/\/www.umorlagurahumorului.ro\/wp-content\/uploads\/2025\/07\/RAED-KHALIL-SYRIA-1-1024x717.jpg 1024w, https:\/\/www.umorlagurahumorului.ro\/wp-content\/uploads\/2025\/07\/RAED-KHALIL-SYRIA-1-300x210.jpg 300w, https:\/\/www.umorlagurahumorului.ro\/wp-content\/uploads\/2025\/07\/RAED-KHALIL-SYRIA-1-768x538.jpg 768w, https:\/\/www.umorlagurahumorului.ro\/wp-content\/uploads\/2025\/07\/RAED-KHALIL-SYRIA-1-1536x1076.jpg 1536w, https:\/\/www.umorlagurahumorului.ro\/wp-content\/uploads\/2025\/07\/RAED-KHALIL-SYRIA-1-400x280.jpg 400w, https:\/\/www.umorlagurahumorului.ro\/wp-content\/uploads\/2025\/07\/RAED-KHALIL-SYRIA-1.jpg 2048w\" sizes=\"auto, (max-width: 938px) 100vw, 938px\" \/><\/a>\n\t\t\t<\/dt><\/dl><br style=\"clear: both\" \/>\n\t\t<\/div>\n\n<div class=\"su-spacer\" style=\"height:20px\"><\/div>\n<hr>\n<h4>2nd Prize &#8211; Gelu Pascal &#8211; Rom\u00e2nia &#8211; Romania<\/h4>\n\n\t\t<style type=\"text\/css\">\n\t\t\t#gallery-10 {\n\t\t\t\tmargin: auto;\n\t\t\t}\n\t\t\t#gallery-10 .gallery-item {\n\t\t\t\tfloat: left;\n\t\t\t\tmargin-top: 10px;\n\t\t\t\ttext-align: center;\n\t\t\t\twidth: 100%;\n\t\t\t}\n\t\t\t#gallery-10 img {\n\t\t\t\tborder: 2px solid #cfcfcf;\n\t\t\t}\n\t\t\t#gallery-10 .gallery-caption {\n\t\t\t\tmargin-left: 0;\n\t\t\t}\n\t\t\t\/* see gallery_shortcode() in wp-includes\/media.php *\/\n\t\t<\/style>\n\t\t<div id='gallery-10' class='gallery galleryid-10853 gallery-columns-1 gallery-size-large'><dl class='gallery-item'>\n\t\t\t<dt class='gallery-icon landscape'>\n\t\t\t\t<a href='https:\/\/www.umorlagurahumorului.ro\/wp-content\/uploads\/2025\/07\/Ultima-alegere.jpg'><img loading=\"lazy\" decoding=\"async\" width=\"938\" height=\"665\" src=\"https:\/\/www.umorlagurahumorului.ro\/wp-content\/uploads\/2025\/07\/Ultima-alegere-1024x726.jpg\" class=\"attachment-large size-large\" alt=\"\" srcset=\"https:\/\/www.umorlagurahumorului.ro\/wp-content\/uploads\/2025\/07\/Ultima-alegere-1024x726.jpg 1024w, https:\/\/www.umorlagurahumorului.ro\/wp-content\/uploads\/2025\/07\/Ultima-alegere-300x213.jpg 300w, https:\/\/www.umorlagurahumorului.ro\/wp-content\/uploads\/2025\/07\/Ultima-alegere-768x545.jpg 768w, https:\/\/www.umorlagurahumorului.ro\/wp-content\/uploads\/2025\/07\/Ultima-alegere-1536x1089.jpg 1536w, https:\/\/www.umorlagurahumorului.ro\/wp-content\/uploads\/2025\/07\/Ultima-alegere-400x284.jpg 400w, https:\/\/www.umorlagurahumorului.ro\/wp-content\/uploads\/2025\/07\/Ultima-alegere.jpg 2048w\" sizes=\"auto, (max-width: 938px) 100vw, 938px\" \/><\/a>\n\t\t\t<\/dt><\/dl><br style=\"clear: both\" \/>\n\t\t<\/div>\n\n<div class=\"su-spacer\" style=\"height:20px\"><\/div>\n<hr>\n<h4>3rd Prize &#8211; Liviu St\u0103nil\u0103 &#8211; Rom\u00e2nia &#8211; Romania<\/h4>\n\n\t\t<style type=\"text\/css\">\n\t\t\t#gallery-11 {\n\t\t\t\tmargin: auto;\n\t\t\t}\n\t\t\t#gallery-11 .gallery-item {\n\t\t\t\tfloat: left;\n\t\t\t\tmargin-top: 10px;\n\t\t\t\ttext-align: center;\n\t\t\t\twidth: 100%;\n\t\t\t}\n\t\t\t#gallery-11 img {\n\t\t\t\tborder: 2px solid #cfcfcf;\n\t\t\t}\n\t\t\t#gallery-11 .gallery-caption {\n\t\t\t\tmargin-left: 0;\n\t\t\t}\n\t\t\t\/* see gallery_shortcode() in wp-includes\/media.php *\/\n\t\t<\/style>\n\t\t<div id='gallery-11' class='gallery galleryid-10853 gallery-columns-1 gallery-size-large'><dl class='gallery-item'>\n\t\t\t<dt class='gallery-icon landscape'>\n\t\t\t\t<a href='https:\/\/www.umorlagurahumorului.ro\/wp-content\/uploads\/2025\/07\/wine-choice414.jpg'><img loading=\"lazy\" decoding=\"async\" width=\"938\" height=\"671\" src=\"https:\/\/www.umorlagurahumorului.ro\/wp-content\/uploads\/2025\/07\/wine-choice414-1024x732.jpg\" class=\"attachment-large size-large\" alt=\"\" srcset=\"https:\/\/www.umorlagurahumorului.ro\/wp-content\/uploads\/2025\/07\/wine-choice414-1024x732.jpg 1024w, https:\/\/www.umorlagurahumorului.ro\/wp-content\/uploads\/2025\/07\/wine-choice414-300x214.jpg 300w, https:\/\/www.umorlagurahumorului.ro\/wp-content\/uploads\/2025\/07\/wine-choice414-768x549.jpg 768w, https:\/\/www.umorlagurahumorului.ro\/wp-content\/uploads\/2025\/07\/wine-choice414-1536x1097.jpg 1536w, https:\/\/www.umorlagurahumorului.ro\/wp-content\/uploads\/2025\/07\/wine-choice414-400x286.jpg 400w, https:\/\/www.umorlagurahumorului.ro\/wp-content\/uploads\/2025\/07\/wine-choice414.jpg 2048w\" sizes=\"auto, (max-width: 938px) 100vw, 938px\" \/><\/a>\n\t\t\t<\/dt><\/dl><br style=\"clear: both\" \/>\n\t\t<\/div>\n\n<div class=\"su-spacer\" style=\"height:20px\"><\/div>\n<hr>\n<h4>George Gavrilean Prize &#8211; Hamid Soufi &#8211; Iran<\/h4>\n\n\t\t<style type=\"text\/css\">\n\t\t\t#gallery-12 {\n\t\t\t\tmargin: auto;\n\t\t\t}\n\t\t\t#gallery-12 .gallery-item {\n\t\t\t\tfloat: left;\n\t\t\t\tmargin-top: 10px;\n\t\t\t\ttext-align: center;\n\t\t\t\twidth: 100%;\n\t\t\t}\n\t\t\t#gallery-12 img {\n\t\t\t\tborder: 2px solid #cfcfcf;\n\t\t\t}\n\t\t\t#gallery-12 .gallery-caption {\n\t\t\t\tmargin-left: 0;\n\t\t\t}\n\t\t\t\/* see gallery_shortcode() in wp-includes\/media.php *\/\n\t\t<\/style>\n\t\t<div id='gallery-12' class='gallery galleryid-10853 gallery-columns-1 gallery-size-large'><dl class='gallery-item'>\n\t\t\t<dt class='gallery-icon portrait'>\n\t\t\t\t<a href='https:\/\/www.umorlagurahumorului.ro\/wp-content\/uploads\/2025\/07\/hamid7.jpg'><img loading=\"lazy\" decoding=\"async\" width=\"724\" height=\"1024\" src=\"https:\/\/www.umorlagurahumorului.ro\/wp-content\/uploads\/2025\/07\/hamid7-724x1024.jpg\" class=\"attachment-large size-large\" alt=\"\" srcset=\"https:\/\/www.umorlagurahumorului.ro\/wp-content\/uploads\/2025\/07\/hamid7-724x1024.jpg 724w, https:\/\/www.umorlagurahumorului.ro\/wp-content\/uploads\/2025\/07\/hamid7-212x300.jpg 212w, https:\/\/www.umorlagurahumorului.ro\/wp-content\/uploads\/2025\/07\/hamid7-768x1086.jpg 768w, https:\/\/www.umorlagurahumorului.ro\/wp-content\/uploads\/2025\/07\/hamid7-1086x1536.jpg 1086w, https:\/\/www.umorlagurahumorului.ro\/wp-content\/uploads\/2025\/07\/hamid7-400x566.jpg 400w, https:\/\/www.umorlagurahumorului.ro\/wp-content\/uploads\/2025\/07\/hamid7.jpg 1448w\" sizes=\"auto, (max-width: 724px) 100vw, 724px\" \/><\/a>\n\t\t\t<\/dt><\/dl><br style=\"clear: both\" \/>\n\t\t<\/div>\n\n<div class=\"su-spacer\" style=\"height:20px\"><\/div>\n<hr>\n<h4>Viorel Corodescu COV Prize &#8211; Lucian Sergiu F\u0103rc\u0103\u0219anu &#8211; Rom\u00e2nia &#8211; Romania<\/h4>\n\n\t\t<style type=\"text\/css\">\n\t\t\t#gallery-13 {\n\t\t\t\tmargin: auto;\n\t\t\t}\n\t\t\t#gallery-13 .gallery-item {\n\t\t\t\tfloat: left;\n\t\t\t\tmargin-top: 10px;\n\t\t\t\ttext-align: center;\n\t\t\t\twidth: 100%;\n\t\t\t}\n\t\t\t#gallery-13 img {\n\t\t\t\tborder: 2px solid #cfcfcf;\n\t\t\t}\n\t\t\t#gallery-13 .gallery-caption {\n\t\t\t\tmargin-left: 0;\n\t\t\t}\n\t\t\t\/* see gallery_shortcode() in wp-includes\/media.php *\/\n\t\t<\/style>\n\t\t<div id='gallery-13' class='gallery galleryid-10853 gallery-columns-1 gallery-size-large'><dl class='gallery-item'>\n\t\t\t<dt class='gallery-icon portrait'>\n\t\t\t\t<a href='https:\/\/www.umorlagurahumorului.ro\/wp-content\/uploads\/2025\/07\/Farcasanu_Sergiu_Romania_02_Capcaun.jpg'><img loading=\"lazy\" decoding=\"async\" width=\"724\" height=\"1024\" src=\"https:\/\/www.umorlagurahumorului.ro\/wp-content\/uploads\/2025\/07\/Farcasanu_Sergiu_Romania_02_Capcaun-724x1024.jpg\" class=\"attachment-large size-large\" alt=\"\" srcset=\"https:\/\/www.umorlagurahumorului.ro\/wp-content\/uploads\/2025\/07\/Farcasanu_Sergiu_Romania_02_Capcaun-724x1024.jpg 724w, https:\/\/www.umorlagurahumorului.ro\/wp-content\/uploads\/2025\/07\/Farcasanu_Sergiu_Romania_02_Capcaun-212x300.jpg 212w, https:\/\/www.umorlagurahumorului.ro\/wp-content\/uploads\/2025\/07\/Farcasanu_Sergiu_Romania_02_Capcaun-768x1086.jpg 768w, https:\/\/www.umorlagurahumorului.ro\/wp-content\/uploads\/2025\/07\/Farcasanu_Sergiu_Romania_02_Capcaun-1086x1536.jpg 1086w, https:\/\/www.umorlagurahumorului.ro\/wp-content\/uploads\/2025\/07\/Farcasanu_Sergiu_Romania_02_Capcaun-400x566.jpg 400w, https:\/\/www.umorlagurahumorului.ro\/wp-content\/uploads\/2025\/07\/Farcasanu_Sergiu_Romania_02_Capcaun.jpg 1240w\" sizes=\"auto, (max-width: 724px) 100vw, 724px\" \/><\/a>\n\t\t\t<\/dt><\/dl><br style=\"clear: both\" \/>\n\t\t<\/div>\n\n<div class=\"su-spacer\" style=\"height:20px\"><\/div>\n<hr>\n<h4>Menttions<\/h4>\n\n\t\t<style type=\"text\/css\">\n\t\t\t#gallery-14 {\n\t\t\t\tmargin: auto;\n\t\t\t}\n\t\t\t#gallery-14 .gallery-item {\n\t\t\t\tfloat: left;\n\t\t\t\tmargin-top: 10px;\n\t\t\t\ttext-align: center;\n\t\t\t\twidth: 33%;\n\t\t\t}\n\t\t\t#gallery-14 img {\n\t\t\t\tborder: 2px solid #cfcfcf;\n\t\t\t}\n\t\t\t#gallery-14 .gallery-caption {\n\t\t\t\tmargin-left: 0;\n\t\t\t}\n\t\t\t\/* see gallery_shortcode() in wp-includes\/media.php *\/\n\t\t<\/style>\n\t\t<div id='gallery-14' class='gallery galleryid-10853 gallery-columns-3 gallery-size-medium'><dl class='gallery-item'>\n\t\t\t<dt class='gallery-icon portrait'>\n\t\t\t\t<a href='https:\/\/www.umorlagurahumorului.ro\/wp-content\/uploads\/2025\/07\/Mentiunea-1-Ramon-Diaz-Yanes-Cuba.jpg'><img loading=\"lazy\" decoding=\"async\" width=\"212\" height=\"300\" src=\"https:\/\/www.umorlagurahumorului.ro\/wp-content\/uploads\/2025\/07\/Mentiunea-1-Ramon-Diaz-Yanes-Cuba-212x300.jpg\" class=\"attachment-medium size-medium\" alt=\"\" aria-describedby=\"gallery-14-10869\" srcset=\"https:\/\/www.umorlagurahumorului.ro\/wp-content\/uploads\/2025\/07\/Mentiunea-1-Ramon-Diaz-Yanes-Cuba-212x300.jpg 212w, https:\/\/www.umorlagurahumorului.ro\/wp-content\/uploads\/2025\/07\/Mentiunea-1-Ramon-Diaz-Yanes-Cuba-724x1024.jpg 724w, https:\/\/www.umorlagurahumorului.ro\/wp-content\/uploads\/2025\/07\/Mentiunea-1-Ramon-Diaz-Yanes-Cuba-768x1086.jpg 768w, https:\/\/www.umorlagurahumorului.ro\/wp-content\/uploads\/2025\/07\/Mentiunea-1-Ramon-Diaz-Yanes-Cuba-1086x1536.jpg 1086w, https:\/\/www.umorlagurahumorului.ro\/wp-content\/uploads\/2025\/07\/Mentiunea-1-Ramon-Diaz-Yanes-Cuba-400x566.jpg 400w, https:\/\/www.umorlagurahumorului.ro\/wp-content\/uploads\/2025\/07\/Mentiunea-1-Ramon-Diaz-Yanes-Cuba.jpg 1448w\" sizes=\"auto, (max-width: 212px) 100vw, 212px\" \/><\/a>\n\t\t\t<\/dt>\n\t\t\t\t<dd class='wp-caption-text gallery-caption' id='gallery-14-10869'>\n\t\t\t\tMen\u021biunea 1 &#8211; Ram\u00f3n D\u00edaz Yanes &#8211; Cuba\n\t\t\t\t<\/dd><\/dl><dl class='gallery-item'>\n\t\t\t<dt class='gallery-icon landscape'>\n\t\t\t\t<a href='https:\/\/www.umorlagurahumorului.ro\/wp-content\/uploads\/2025\/07\/Mentiunea-2-Horia-Crisan-Romania-Romania.jpg'><img loading=\"lazy\" decoding=\"async\" width=\"300\" height=\"212\" src=\"https:\/\/www.umorlagurahumorului.ro\/wp-content\/uploads\/2025\/07\/Mentiunea-2-Horia-Crisan-Romania-Romania-300x212.jpg\" class=\"attachment-medium size-medium\" alt=\"\" aria-describedby=\"gallery-14-10870\" srcset=\"https:\/\/www.umorlagurahumorului.ro\/wp-content\/uploads\/2025\/07\/Mentiunea-2-Horia-Crisan-Romania-Romania-300x212.jpg 300w, https:\/\/www.umorlagurahumorului.ro\/wp-content\/uploads\/2025\/07\/Mentiunea-2-Horia-Crisan-Romania-Romania-1024x725.jpg 1024w, https:\/\/www.umorlagurahumorului.ro\/wp-content\/uploads\/2025\/07\/Mentiunea-2-Horia-Crisan-Romania-Romania-768x543.jpg 768w, https:\/\/www.umorlagurahumorului.ro\/wp-content\/uploads\/2025\/07\/Mentiunea-2-Horia-Crisan-Romania-Romania-1536x1087.jpg 1536w, https:\/\/www.umorlagurahumorului.ro\/wp-content\/uploads\/2025\/07\/Mentiunea-2-Horia-Crisan-Romania-Romania-400x283.jpg 400w, https:\/\/www.umorlagurahumorului.ro\/wp-content\/uploads\/2025\/07\/Mentiunea-2-Horia-Crisan-Romania-Romania.jpg 2048w\" sizes=\"auto, (max-width: 300px) 100vw, 300px\" \/><\/a>\n\t\t\t<\/dt>\n\t\t\t\t<dd class='wp-caption-text gallery-caption' id='gallery-14-10870'>\n\t\t\t\tMen\u021biunea 2 &#8211; Horia Cri\u0219an &#8211; Romania- Rom\u00e2nia\n\t\t\t\t<\/dd><\/dl><dl class='gallery-item'>\n\t\t\t<dt class='gallery-icon landscape'>\n\t\t\t\t<a href='https:\/\/www.umorlagurahumorului.ro\/wp-content\/uploads\/2025\/07\/Mentiunea-2-Spiro-Radulovic-Serbia.jpg'><img loading=\"lazy\" decoding=\"async\" width=\"300\" height=\"212\" src=\"https:\/\/www.umorlagurahumorului.ro\/wp-content\/uploads\/2025\/07\/Mentiunea-2-Spiro-Radulovic-Serbia-300x212.jpg\" class=\"attachment-medium size-medium\" alt=\"\" aria-describedby=\"gallery-14-10871\" srcset=\"https:\/\/www.umorlagurahumorului.ro\/wp-content\/uploads\/2025\/07\/Mentiunea-2-Spiro-Radulovic-Serbia-300x212.jpg 300w, https:\/\/www.umorlagurahumorului.ro\/wp-content\/uploads\/2025\/07\/Mentiunea-2-Spiro-Radulovic-Serbia-1024x725.jpg 1024w, https:\/\/www.umorlagurahumorului.ro\/wp-content\/uploads\/2025\/07\/Mentiunea-2-Spiro-Radulovic-Serbia-768x544.jpg 768w, https:\/\/www.umorlagurahumorului.ro\/wp-content\/uploads\/2025\/07\/Mentiunea-2-Spiro-Radulovic-Serbia-1536x1088.jpg 1536w, https:\/\/www.umorlagurahumorului.ro\/wp-content\/uploads\/2025\/07\/Mentiunea-2-Spiro-Radulovic-Serbia-400x283.jpg 400w, https:\/\/www.umorlagurahumorului.ro\/wp-content\/uploads\/2025\/07\/Mentiunea-2-Spiro-Radulovic-Serbia.jpg 2048w\" sizes=\"auto, (max-width: 300px) 100vw, 300px\" \/><\/a>\n\t\t\t<\/dt>\n\t\t\t\t<dd class='wp-caption-text gallery-caption' id='gallery-14-10871'>\n\t\t\t\tMen\u021biunea 2 &#8211; Spiro Radulovic &#8211; Serbia\n\t\t\t\t<\/dd><\/dl><br style=\"clear: both\" \/><dl class='gallery-item'>\n\t\t\t<dt class='gallery-icon landscape'>\n\t\t\t\t<a href='https:\/\/www.umorlagurahumorului.ro\/wp-content\/uploads\/2025\/07\/Mentiunea-3-Marian-Avramescu-Romania-Romania.jpg'><img loading=\"lazy\" decoding=\"async\" width=\"300\" height=\"210\" src=\"https:\/\/www.umorlagurahumorului.ro\/wp-content\/uploads\/2025\/07\/Mentiunea-3-Marian-Avramescu-Romania-Romania-300x210.jpg\" class=\"attachment-medium size-medium\" alt=\"\" aria-describedby=\"gallery-14-10872\" srcset=\"https:\/\/www.umorlagurahumorului.ro\/wp-content\/uploads\/2025\/07\/Mentiunea-3-Marian-Avramescu-Romania-Romania-300x210.jpg 300w, https:\/\/www.umorlagurahumorului.ro\/wp-content\/uploads\/2025\/07\/Mentiunea-3-Marian-Avramescu-Romania-Romania-1024x717.jpg 1024w, https:\/\/www.umorlagurahumorului.ro\/wp-content\/uploads\/2025\/07\/Mentiunea-3-Marian-Avramescu-Romania-Romania-768x538.jpg 768w, https:\/\/www.umorlagurahumorului.ro\/wp-content\/uploads\/2025\/07\/Mentiunea-3-Marian-Avramescu-Romania-Romania-1536x1076.jpg 1536w, https:\/\/www.umorlagurahumorului.ro\/wp-content\/uploads\/2025\/07\/Mentiunea-3-Marian-Avramescu-Romania-Romania-400x280.jpg 400w, https:\/\/www.umorlagurahumorului.ro\/wp-content\/uploads\/2025\/07\/Mentiunea-3-Marian-Avramescu-Romania-Romania.jpg 2048w\" sizes=\"auto, (max-width: 300px) 100vw, 300px\" \/><\/a>\n\t\t\t<\/dt>\n\t\t\t\t<dd class='wp-caption-text gallery-caption' id='gallery-14-10872'>\n\t\t\t\tMen\u021biunea 3 &#8211; Marian Avramescu &#8211; Romania &#8211; Rom\u00e2nia\n\t\t\t\t<\/dd><\/dl><dl class='gallery-item'>\n\t\t\t<dt class='gallery-icon portrait'>\n\t\t\t\t<a href='https:\/\/www.umorlagurahumorului.ro\/wp-content\/uploads\/2025\/07\/Mentiunea-3-Patrick-Heymans-Belgia-Belgium.jpg'><img loading=\"lazy\" decoding=\"async\" width=\"202\" height=\"300\" src=\"https:\/\/www.umorlagurahumorului.ro\/wp-content\/uploads\/2025\/07\/Mentiunea-3-Patrick-Heymans-Belgia-Belgium-202x300.jpg\" class=\"attachment-medium size-medium\" alt=\"\" aria-describedby=\"gallery-14-10873\" srcset=\"https:\/\/www.umorlagurahumorului.ro\/wp-content\/uploads\/2025\/07\/Mentiunea-3-Patrick-Heymans-Belgia-Belgium-202x300.jpg 202w, https:\/\/www.umorlagurahumorului.ro\/wp-content\/uploads\/2025\/07\/Mentiunea-3-Patrick-Heymans-Belgia-Belgium-691x1024.jpg 691w, https:\/\/www.umorlagurahumorului.ro\/wp-content\/uploads\/2025\/07\/Mentiunea-3-Patrick-Heymans-Belgia-Belgium-768x1138.jpg 768w, https:\/\/www.umorlagurahumorului.ro\/wp-content\/uploads\/2025\/07\/Mentiunea-3-Patrick-Heymans-Belgia-Belgium-1037x1536.jpg 1037w, https:\/\/www.umorlagurahumorului.ro\/wp-content\/uploads\/2025\/07\/Mentiunea-3-Patrick-Heymans-Belgia-Belgium-400x593.jpg 400w, https:\/\/www.umorlagurahumorului.ro\/wp-content\/uploads\/2025\/07\/Mentiunea-3-Patrick-Heymans-Belgia-Belgium.jpg 1382w\" sizes=\"auto, (max-width: 202px) 100vw, 202px\" \/><\/a>\n\t\t\t<\/dt>\n\t\t\t\t<dd class='wp-caption-text gallery-caption' id='gallery-14-10873'>\n\t\t\t\tMen\u021biunea 3 &#8211; Patrick Heymans &#8211; Belgia &#8211; Belgium\n\t\t\t\t<\/dd><\/dl>\n\t\t\t<br style='clear: both' \/>\n\t\t<\/div>\n\n<div class=\"su-spacer\" style=\"height:20px\"><\/div>\n<hr>\n<h4>Nomination<\/h4>\n\n\t\t<style type=\"text\/css\">\n\t\t\t#gallery-15 {\n\t\t\t\tmargin: auto;\n\t\t\t}\n\t\t\t#gallery-15 .gallery-item {\n\t\t\t\tfloat: left;\n\t\t\t\tmargin-top: 10px;\n\t\t\t\ttext-align: center;\n\t\t\t\twidth: 33%;\n\t\t\t}\n\t\t\t#gallery-15 img {\n\t\t\t\tborder: 2px solid #cfcfcf;\n\t\t\t}\n\t\t\t#gallery-15 .gallery-caption {\n\t\t\t\tmargin-left: 0;\n\t\t\t}\n\t\t\t\/* see gallery_shortcode() in wp-includes\/media.php *\/\n\t\t<\/style>\n\t\t<div id='gallery-15' class='gallery galleryid-10853 gallery-columns-3 gallery-size-medium'><dl class='gallery-item'>\n\t\t\t<dt class='gallery-icon portrait'>\n\t\t\t\t<a href='https:\/\/www.umorlagurahumorului.ro\/wp-content\/uploads\/2025\/07\/Amir-Ababaf-Iran.jpg'><img loading=\"lazy\" decoding=\"async\" width=\"210\" height=\"300\" src=\"https:\/\/www.umorlagurahumorului.ro\/wp-content\/uploads\/2025\/07\/Amir-Ababaf-Iran-210x300.jpg\" class=\"attachment-medium size-medium\" alt=\"\" aria-describedby=\"gallery-15-10874\" srcset=\"https:\/\/www.umorlagurahumorului.ro\/wp-content\/uploads\/2025\/07\/Amir-Ababaf-Iran-210x300.jpg 210w, https:\/\/www.umorlagurahumorului.ro\/wp-content\/uploads\/2025\/07\/Amir-Ababaf-Iran-717x1024.jpg 717w, https:\/\/www.umorlagurahumorului.ro\/wp-content\/uploads\/2025\/07\/Amir-Ababaf-Iran-768x1097.jpg 768w, https:\/\/www.umorlagurahumorului.ro\/wp-content\/uploads\/2025\/07\/Amir-Ababaf-Iran-1076x1536.jpg 1076w, https:\/\/www.umorlagurahumorului.ro\/wp-content\/uploads\/2025\/07\/Amir-Ababaf-Iran-400x571.jpg 400w, https:\/\/www.umorlagurahumorului.ro\/wp-content\/uploads\/2025\/07\/Amir-Ababaf-Iran.jpg 1434w\" sizes=\"auto, (max-width: 210px) 100vw, 210px\" \/><\/a>\n\t\t\t<\/dt>\n\t\t\t\t<dd class='wp-caption-text gallery-caption' id='gallery-15-10874'>\n\t\t\t\tAmir Ababaf &#8211; Iran\n\t\t\t\t<\/dd><\/dl><dl class='gallery-item'>\n\t\t\t<dt class='gallery-icon landscape'>\n\t\t\t\t<a href='https:\/\/www.umorlagurahumorului.ro\/wp-content\/uploads\/2025\/07\/Atmaja-Septa-Miyosa-Indonezia-Indonesia.jpg'><img loading=\"lazy\" decoding=\"async\" width=\"300\" height=\"212\" src=\"https:\/\/www.umorlagurahumorului.ro\/wp-content\/uploads\/2025\/07\/Atmaja-Septa-Miyosa-Indonezia-Indonesia-300x212.jpg\" class=\"attachment-medium size-medium\" alt=\"\" aria-describedby=\"gallery-15-10875\" srcset=\"https:\/\/www.umorlagurahumorului.ro\/wp-content\/uploads\/2025\/07\/Atmaja-Septa-Miyosa-Indonezia-Indonesia-300x212.jpg 300w, https:\/\/www.umorlagurahumorului.ro\/wp-content\/uploads\/2025\/07\/Atmaja-Septa-Miyosa-Indonezia-Indonesia-1024x724.jpg 1024w, https:\/\/www.umorlagurahumorului.ro\/wp-content\/uploads\/2025\/07\/Atmaja-Septa-Miyosa-Indonezia-Indonesia-768x543.jpg 768w, https:\/\/www.umorlagurahumorului.ro\/wp-content\/uploads\/2025\/07\/Atmaja-Septa-Miyosa-Indonezia-Indonesia-1536x1086.jpg 1536w, https:\/\/www.umorlagurahumorului.ro\/wp-content\/uploads\/2025\/07\/Atmaja-Septa-Miyosa-Indonezia-Indonesia-400x283.jpg 400w, https:\/\/www.umorlagurahumorului.ro\/wp-content\/uploads\/2025\/07\/Atmaja-Septa-Miyosa-Indonezia-Indonesia.jpg 1754w\" sizes=\"auto, (max-width: 300px) 100vw, 300px\" \/><\/a>\n\t\t\t<\/dt>\n\t\t\t\t<dd class='wp-caption-text gallery-caption' id='gallery-15-10875'>\n\t\t\t\tAtmaja Septa Miyosa &#8211; Indonezia &#8211; Indonesia\n\t\t\t\t<\/dd><\/dl><dl class='gallery-item'>\n\t\t\t<dt class='gallery-icon portrait'>\n\t\t\t\t<a href='https:\/\/www.umorlagurahumorului.ro\/wp-content\/uploads\/2025\/07\/Cornel-Marin-Chiorean-Romania-Romania.jpg'><img loading=\"lazy\" decoding=\"async\" width=\"211\" height=\"300\" src=\"https:\/\/www.umorlagurahumorului.ro\/wp-content\/uploads\/2025\/07\/Cornel-Marin-Chiorean-Romania-Romania-211x300.jpg\" class=\"attachment-medium size-medium\" alt=\"\" aria-describedby=\"gallery-15-10876\" srcset=\"https:\/\/www.umorlagurahumorului.ro\/wp-content\/uploads\/2025\/07\/Cornel-Marin-Chiorean-Romania-Romania-211x300.jpg 211w, https:\/\/www.umorlagurahumorului.ro\/wp-content\/uploads\/2025\/07\/Cornel-Marin-Chiorean-Romania-Romania-721x1024.jpg 721w, https:\/\/www.umorlagurahumorului.ro\/wp-content\/uploads\/2025\/07\/Cornel-Marin-Chiorean-Romania-Romania-768x1092.jpg 768w, https:\/\/www.umorlagurahumorului.ro\/wp-content\/uploads\/2025\/07\/Cornel-Marin-Chiorean-Romania-Romania-1081x1536.jpg 1081w, https:\/\/www.umorlagurahumorului.ro\/wp-content\/uploads\/2025\/07\/Cornel-Marin-Chiorean-Romania-Romania-400x568.jpg 400w, https:\/\/www.umorlagurahumorului.ro\/wp-content\/uploads\/2025\/07\/Cornel-Marin-Chiorean-Romania-Romania.jpg 1441w\" sizes=\"auto, (max-width: 211px) 100vw, 211px\" \/><\/a>\n\t\t\t<\/dt>\n\t\t\t\t<dd class='wp-caption-text gallery-caption' id='gallery-15-10876'>\n\t\t\t\tCornel Marin Chiorean &#8211; Rom\u00e2nia &#8211; Romania\n\t\t\t\t<\/dd><\/dl><br style=\"clear: both\" \/><dl class='gallery-item'>\n\t\t\t<dt class='gallery-icon portrait'>\n\t\t\t\t<a href='https:\/\/www.umorlagurahumorului.ro\/wp-content\/uploads\/2025\/07\/Darko-Drljevic-Croatia-Montenegru-Montenegro.jpg'><img loading=\"lazy\" decoding=\"async\" width=\"212\" height=\"300\" src=\"https:\/\/www.umorlagurahumorului.ro\/wp-content\/uploads\/2025\/07\/Darko-Drljevic-Croatia-Montenegru-Montenegro-212x300.jpg\" class=\"attachment-medium size-medium\" alt=\"\" aria-describedby=\"gallery-15-10877\" srcset=\"https:\/\/www.umorlagurahumorului.ro\/wp-content\/uploads\/2025\/07\/Darko-Drljevic-Croatia-Montenegru-Montenegro-212x300.jpg 212w, https:\/\/www.umorlagurahumorului.ro\/wp-content\/uploads\/2025\/07\/Darko-Drljevic-Croatia-Montenegru-Montenegro-724x1024.jpg 724w, https:\/\/www.umorlagurahumorului.ro\/wp-content\/uploads\/2025\/07\/Darko-Drljevic-Croatia-Montenegru-Montenegro-768x1086.jpg 768w, https:\/\/www.umorlagurahumorului.ro\/wp-content\/uploads\/2025\/07\/Darko-Drljevic-Croatia-Montenegru-Montenegro-1086x1536.jpg 1086w, https:\/\/www.umorlagurahumorului.ro\/wp-content\/uploads\/2025\/07\/Darko-Drljevic-Croatia-Montenegru-Montenegro-400x566.jpg 400w, https:\/\/www.umorlagurahumorului.ro\/wp-content\/uploads\/2025\/07\/Darko-Drljevic-Croatia-Montenegru-Montenegro.jpg 1448w\" sizes=\"auto, (max-width: 212px) 100vw, 212px\" \/><\/a>\n\t\t\t<\/dt>\n\t\t\t\t<dd class='wp-caption-text gallery-caption' id='gallery-15-10877'>\n\t\t\t\tDarko Drljevi\u0107 &#8211; Croa\u021bia &#8211; Montenegru &#8211; Montenegro\n\t\t\t\t<\/dd><\/dl><dl class='gallery-item'>\n\t\t\t<dt class='gallery-icon landscape'>\n\t\t\t\t<a href='https:\/\/www.umorlagurahumorului.ro\/wp-content\/uploads\/2025\/07\/Heibat-Ahmadi-Iran.jpg'><img loading=\"lazy\" decoding=\"async\" width=\"300\" height=\"212\" src=\"https:\/\/www.umorlagurahumorului.ro\/wp-content\/uploads\/2025\/07\/Heibat-Ahmadi-Iran-300x212.jpg\" class=\"attachment-medium size-medium\" alt=\"\" aria-describedby=\"gallery-15-10878\" srcset=\"https:\/\/www.umorlagurahumorului.ro\/wp-content\/uploads\/2025\/07\/Heibat-Ahmadi-Iran-300x212.jpg 300w, https:\/\/www.umorlagurahumorului.ro\/wp-content\/uploads\/2025\/07\/Heibat-Ahmadi-Iran-1024x724.jpg 1024w, https:\/\/www.umorlagurahumorului.ro\/wp-content\/uploads\/2025\/07\/Heibat-Ahmadi-Iran-768x543.jpg 768w, https:\/\/www.umorlagurahumorului.ro\/wp-content\/uploads\/2025\/07\/Heibat-Ahmadi-Iran-1536x1086.jpg 1536w, https:\/\/www.umorlagurahumorului.ro\/wp-content\/uploads\/2025\/07\/Heibat-Ahmadi-Iran-400x283.jpg 400w, https:\/\/www.umorlagurahumorului.ro\/wp-content\/uploads\/2025\/07\/Heibat-Ahmadi-Iran.jpg 1671w\" sizes=\"auto, (max-width: 300px) 100vw, 300px\" \/><\/a>\n\t\t\t<\/dt>\n\t\t\t\t<dd class='wp-caption-text gallery-caption' id='gallery-15-10878'>\n\t\t\t\tHeibat Ahmadi &#8211; Iran\n\t\t\t\t<\/dd><\/dl><dl class='gallery-item'>\n\t\t\t<dt class='gallery-icon portrait'>\n\t\t\t\t<a href='https:\/\/www.umorlagurahumorului.ro\/wp-content\/uploads\/2025\/07\/Leslie-Ricciardi-Uruguay.jpg'><img loading=\"lazy\" decoding=\"async\" width=\"240\" height=\"300\" src=\"https:\/\/www.umorlagurahumorului.ro\/wp-content\/uploads\/2025\/07\/Leslie-Ricciardi-Uruguay-240x300.jpg\" class=\"attachment-medium size-medium\" alt=\"\" aria-describedby=\"gallery-15-10879\" srcset=\"https:\/\/www.umorlagurahumorului.ro\/wp-content\/uploads\/2025\/07\/Leslie-Ricciardi-Uruguay-240x300.jpg 240w, https:\/\/www.umorlagurahumorului.ro\/wp-content\/uploads\/2025\/07\/Leslie-Ricciardi-Uruguay-819x1024.jpg 819w, https:\/\/www.umorlagurahumorului.ro\/wp-content\/uploads\/2025\/07\/Leslie-Ricciardi-Uruguay-768x960.jpg 768w, https:\/\/www.umorlagurahumorului.ro\/wp-content\/uploads\/2025\/07\/Leslie-Ricciardi-Uruguay-1229x1536.jpg 1229w, https:\/\/www.umorlagurahumorului.ro\/wp-content\/uploads\/2025\/07\/Leslie-Ricciardi-Uruguay-400x500.jpg 400w, https:\/\/www.umorlagurahumorului.ro\/wp-content\/uploads\/2025\/07\/Leslie-Ricciardi-Uruguay.jpg 1638w\" sizes=\"auto, (max-width: 240px) 100vw, 240px\" \/><\/a>\n\t\t\t<\/dt>\n\t\t\t\t<dd class='wp-caption-text gallery-caption' id='gallery-15-10879'>\n\t\t\t\tLeslie Ricciardi &#8211; Uruguay\n\t\t\t\t<\/dd><\/dl><br style=\"clear: both\" \/><dl class='gallery-item'>\n\t\t\t<dt class='gallery-icon portrait'>\n\t\t\t\t<a href='https:\/\/www.umorlagurahumorului.ro\/wp-content\/uploads\/2025\/07\/Muammer-Kotbas-Turcia-Turkey.jpg'><img loading=\"lazy\" decoding=\"async\" width=\"218\" height=\"300\" src=\"https:\/\/www.umorlagurahumorului.ro\/wp-content\/uploads\/2025\/07\/Muammer-Kotbas-Turcia-Turkey-218x300.jpg\" class=\"attachment-medium size-medium\" alt=\"\" aria-describedby=\"gallery-15-10880\" srcset=\"https:\/\/www.umorlagurahumorului.ro\/wp-content\/uploads\/2025\/07\/Muammer-Kotbas-Turcia-Turkey-218x300.jpg 218w, https:\/\/www.umorlagurahumorului.ro\/wp-content\/uploads\/2025\/07\/Muammer-Kotbas-Turcia-Turkey-746x1024.jpg 746w, https:\/\/www.umorlagurahumorului.ro\/wp-content\/uploads\/2025\/07\/Muammer-Kotbas-Turcia-Turkey-768x1055.jpg 768w, https:\/\/www.umorlagurahumorului.ro\/wp-content\/uploads\/2025\/07\/Muammer-Kotbas-Turcia-Turkey-1118x1536.jpg 1118w, https:\/\/www.umorlagurahumorului.ro\/wp-content\/uploads\/2025\/07\/Muammer-Kotbas-Turcia-Turkey-400x549.jpg 400w, https:\/\/www.umorlagurahumorului.ro\/wp-content\/uploads\/2025\/07\/Muammer-Kotbas-Turcia-Turkey.jpg 1165w\" sizes=\"auto, (max-width: 218px) 100vw, 218px\" \/><\/a>\n\t\t\t<\/dt>\n\t\t\t\t<dd class='wp-caption-text gallery-caption' id='gallery-15-10880'>\n\t\t\t\tMuammer Kotba\u0219 &#8211; Turcia &#8211; Turkey\n\t\t\t\t<\/dd><\/dl><dl class='gallery-item'>\n\t\t\t<dt class='gallery-icon landscape'>\n\t\t\t\t<a href='https:\/\/www.umorlagurahumorului.ro\/wp-content\/uploads\/2025\/07\/NedaTanhaeimoghadam-Iran.jpg'><img loading=\"lazy\" decoding=\"async\" width=\"300\" height=\"212\" src=\"https:\/\/www.umorlagurahumorului.ro\/wp-content\/uploads\/2025\/07\/NedaTanhaeimoghadam-Iran-300x212.jpg\" class=\"attachment-medium size-medium\" alt=\"\" aria-describedby=\"gallery-15-10881\" srcset=\"https:\/\/www.umorlagurahumorului.ro\/wp-content\/uploads\/2025\/07\/NedaTanhaeimoghadam-Iran-300x212.jpg 300w, https:\/\/www.umorlagurahumorului.ro\/wp-content\/uploads\/2025\/07\/NedaTanhaeimoghadam-Iran-1024x724.jpg 1024w, https:\/\/www.umorlagurahumorului.ro\/wp-content\/uploads\/2025\/07\/NedaTanhaeimoghadam-Iran-768x543.jpg 768w, https:\/\/www.umorlagurahumorului.ro\/wp-content\/uploads\/2025\/07\/NedaTanhaeimoghadam-Iran-1536x1086.jpg 1536w, https:\/\/www.umorlagurahumorului.ro\/wp-content\/uploads\/2025\/07\/NedaTanhaeimoghadam-Iran-400x283.jpg 400w, https:\/\/www.umorlagurahumorului.ro\/wp-content\/uploads\/2025\/07\/NedaTanhaeimoghadam-Iran.jpg 2000w\" sizes=\"auto, (max-width: 300px) 100vw, 300px\" \/><\/a>\n\t\t\t<\/dt>\n\t\t\t\t<dd class='wp-caption-text gallery-caption' id='gallery-15-10881'>\n\t\t\t\tNeda Tanhaeimoghadam &#8211; Iran\n\t\t\t\t<\/dd><\/dl><dl class='gallery-item'>\n\t\t\t<dt class='gallery-icon portrait'>\n\t\t\t\t<a href='https:\/\/www.umorlagurahumorului.ro\/wp-content\/uploads\/2025\/07\/Seyran-Caferli-Azerbaijan.jpg'><img loading=\"lazy\" decoding=\"async\" width=\"212\" height=\"300\" src=\"https:\/\/www.umorlagurahumorului.ro\/wp-content\/uploads\/2025\/07\/Seyran-Caferli-Azerbaijan-212x300.jpg\" class=\"attachment-medium size-medium\" alt=\"\" aria-describedby=\"gallery-15-10882\" srcset=\"https:\/\/www.umorlagurahumorului.ro\/wp-content\/uploads\/2025\/07\/Seyran-Caferli-Azerbaijan-212x300.jpg 212w, https:\/\/www.umorlagurahumorului.ro\/wp-content\/uploads\/2025\/07\/Seyran-Caferli-Azerbaijan-725x1024.jpg 725w, https:\/\/www.umorlagurahumorului.ro\/wp-content\/uploads\/2025\/07\/Seyran-Caferli-Azerbaijan-768x1085.jpg 768w, https:\/\/www.umorlagurahumorului.ro\/wp-content\/uploads\/2025\/07\/Seyran-Caferli-Azerbaijan-1087x1536.jpg 1087w, https:\/\/www.umorlagurahumorului.ro\/wp-content\/uploads\/2025\/07\/Seyran-Caferli-Azerbaijan-400x565.jpg 400w, https:\/\/www.umorlagurahumorului.ro\/wp-content\/uploads\/2025\/07\/Seyran-Caferli-Azerbaijan.jpg 1449w\" sizes=\"auto, (max-width: 212px) 100vw, 212px\" \/><\/a>\n\t\t\t<\/dt>\n\t\t\t\t<dd class='wp-caption-text gallery-caption' id='gallery-15-10882'>\n\t\t\t\tSeyran Caferli &#8211; Azerbaijanpeg\n\t\t\t\t<\/dd><\/dl><br style=\"clear: both\" \/><dl class='gallery-item'>\n\t\t\t<dt class='gallery-icon landscape'>\n\t\t\t\t<a href='https:\/\/www.umorlagurahumorului.ro\/wp-content\/uploads\/2025\/07\/Valeriu-Kurtu-Germania-Germany.jpg'><img loading=\"lazy\" decoding=\"async\" width=\"300\" height=\"202\" src=\"https:\/\/www.umorlagurahumorului.ro\/wp-content\/uploads\/2025\/07\/Valeriu-Kurtu-Germania-Germany-300x202.jpg\" class=\"attachment-medium size-medium\" alt=\"\" aria-describedby=\"gallery-15-10883\" srcset=\"https:\/\/www.umorlagurahumorului.ro\/wp-content\/uploads\/2025\/07\/Valeriu-Kurtu-Germania-Germany-300x202.jpg 300w, https:\/\/www.umorlagurahumorului.ro\/wp-content\/uploads\/2025\/07\/Valeriu-Kurtu-Germania-Germany-1024x689.jpg 1024w, https:\/\/www.umorlagurahumorului.ro\/wp-content\/uploads\/2025\/07\/Valeriu-Kurtu-Germania-Germany-768x517.jpg 768w, https:\/\/www.umorlagurahumorului.ro\/wp-content\/uploads\/2025\/07\/Valeriu-Kurtu-Germania-Germany-1536x1034.jpg 1536w, https:\/\/www.umorlagurahumorului.ro\/wp-content\/uploads\/2025\/07\/Valeriu-Kurtu-Germania-Germany-400x269.jpg 400w, https:\/\/www.umorlagurahumorului.ro\/wp-content\/uploads\/2025\/07\/Valeriu-Kurtu-Germania-Germany.jpg 2048w\" sizes=\"auto, (max-width: 300px) 100vw, 300px\" \/><\/a>\n\t\t\t<\/dt>\n\t\t\t\t<dd class='wp-caption-text gallery-caption' id='gallery-15-10883'>\n\t\t\t\tValeriu Kurtu &#8211; Germania &#8211; Germany\n\t\t\t\t<\/dd><\/dl>\n\t\t\t<br style='clear: both' \/>\n\t\t<\/div>\n\n<div class=\"su-spacer\" style=\"height:20px\"><\/div>\n<hr>\n<h4>Children\u2019s Prizes<\/h4>\n\n\t\t<style type=\"text\/css\">\n\t\t\t#gallery-16 {\n\t\t\t\tmargin: auto;\n\t\t\t}\n\t\t\t#gallery-16 .gallery-item {\n\t\t\t\tfloat: left;\n\t\t\t\tmargin-top: 10px;\n\t\t\t\ttext-align: center;\n\t\t\t\twidth: 33%;\n\t\t\t}\n\t\t\t#gallery-16 img {\n\t\t\t\tborder: 2px solid #cfcfcf;\n\t\t\t}\n\t\t\t#gallery-16 .gallery-caption {\n\t\t\t\tmargin-left: 0;\n\t\t\t}\n\t\t\t\/* see gallery_shortcode() in wp-includes\/media.php *\/\n\t\t<\/style>\n\t\t<div id='gallery-16' class='gallery galleryid-10853 gallery-columns-3 gallery-size-medium'><dl class='gallery-item'>\n\t\t\t<dt class='gallery-icon portrait'>\n\t\t\t\t<a href='https:\/\/www.umorlagurahumorului.ro\/wp-content\/uploads\/2025\/07\/Premiul-1-Stepan-Zlokazov-Rusia-Russia.jpg'><img loading=\"lazy\" decoding=\"async\" width=\"212\" height=\"300\" src=\"https:\/\/www.umorlagurahumorului.ro\/wp-content\/uploads\/2025\/07\/Premiul-1-Stepan-Zlokazov-Rusia-Russia-212x300.jpg\" class=\"attachment-medium size-medium\" alt=\"\" aria-describedby=\"gallery-16-10888\" srcset=\"https:\/\/www.umorlagurahumorului.ro\/wp-content\/uploads\/2025\/07\/Premiul-1-Stepan-Zlokazov-Rusia-Russia-212x300.jpg 212w, https:\/\/www.umorlagurahumorului.ro\/wp-content\/uploads\/2025\/07\/Premiul-1-Stepan-Zlokazov-Rusia-Russia-724x1024.jpg 724w, https:\/\/www.umorlagurahumorului.ro\/wp-content\/uploads\/2025\/07\/Premiul-1-Stepan-Zlokazov-Rusia-Russia-768x1086.jpg 768w, https:\/\/www.umorlagurahumorului.ro\/wp-content\/uploads\/2025\/07\/Premiul-1-Stepan-Zlokazov-Rusia-Russia-400x566.jpg 400w, https:\/\/www.umorlagurahumorului.ro\/wp-content\/uploads\/2025\/07\/Premiul-1-Stepan-Zlokazov-Rusia-Russia.jpg 891w\" sizes=\"auto, (max-width: 212px) 100vw, 212px\" \/><\/a>\n\t\t\t<\/dt>\n\t\t\t\t<dd class='wp-caption-text gallery-caption' id='gallery-16-10888'>\n\t\t\t\tPremiul 1 &#8211; Stepan Zlokazov &#8211; Rusia &#8211; Russia\n\t\t\t\t<\/dd><\/dl><dl class='gallery-item'>\n\t\t\t<dt class='gallery-icon portrait'>\n\t\t\t\t<a href='https:\/\/www.umorlagurahumorului.ro\/wp-content\/uploads\/2025\/07\/Premiul-2-Zahra-Assarian-Iran.jpg'><img loading=\"lazy\" decoding=\"async\" width=\"200\" height=\"300\" src=\"https:\/\/www.umorlagurahumorului.ro\/wp-content\/uploads\/2025\/07\/Premiul-2-Zahra-Assarian-Iran-200x300.jpg\" class=\"attachment-medium size-medium\" alt=\"\" aria-describedby=\"gallery-16-10889\" srcset=\"https:\/\/www.umorlagurahumorului.ro\/wp-content\/uploads\/2025\/07\/Premiul-2-Zahra-Assarian-Iran-200x300.jpg 200w, https:\/\/www.umorlagurahumorului.ro\/wp-content\/uploads\/2025\/07\/Premiul-2-Zahra-Assarian-Iran-683x1024.jpg 683w, https:\/\/www.umorlagurahumorului.ro\/wp-content\/uploads\/2025\/07\/Premiul-2-Zahra-Assarian-Iran-768x1152.jpg 768w, https:\/\/www.umorlagurahumorului.ro\/wp-content\/uploads\/2025\/07\/Premiul-2-Zahra-Assarian-Iran-400x600.jpg 400w, https:\/\/www.umorlagurahumorului.ro\/wp-content\/uploads\/2025\/07\/Premiul-2-Zahra-Assarian-Iran.jpg 1024w\" sizes=\"auto, (max-width: 200px) 100vw, 200px\" \/><\/a>\n\t\t\t<\/dt>\n\t\t\t\t<dd class='wp-caption-text gallery-caption' id='gallery-16-10889'>\n\t\t\t\tPremiul 2 &#8211; Zahra Assarian &#8211; Iran\n\t\t\t\t<\/dd><\/dl><dl class='gallery-item'>\n\t\t\t<dt class='gallery-icon portrait'>\n\t\t\t\t<a href='https:\/\/www.umorlagurahumorului.ro\/wp-content\/uploads\/2025\/07\/Premiul-3-Hoda-Wesam-Khalil-Egipt-Egypt.jpg'><img loading=\"lazy\" decoding=\"async\" width=\"212\" height=\"300\" src=\"https:\/\/www.umorlagurahumorului.ro\/wp-content\/uploads\/2025\/07\/Premiul-3-Hoda-Wesam-Khalil-Egipt-Egypt-212x300.jpg\" class=\"attachment-medium size-medium\" alt=\"\" aria-describedby=\"gallery-16-10890\" srcset=\"https:\/\/www.umorlagurahumorului.ro\/wp-content\/uploads\/2025\/07\/Premiul-3-Hoda-Wesam-Khalil-Egipt-Egypt-212x300.jpg 212w, https:\/\/www.umorlagurahumorului.ro\/wp-content\/uploads\/2025\/07\/Premiul-3-Hoda-Wesam-Khalil-Egipt-Egypt-724x1024.jpg 724w, https:\/\/www.umorlagurahumorului.ro\/wp-content\/uploads\/2025\/07\/Premiul-3-Hoda-Wesam-Khalil-Egipt-Egypt-768x1086.jpg 768w, https:\/\/www.umorlagurahumorului.ro\/wp-content\/uploads\/2025\/07\/Premiul-3-Hoda-Wesam-Khalil-Egipt-Egypt-1086x1536.jpg 1086w, https:\/\/www.umorlagurahumorului.ro\/wp-content\/uploads\/2025\/07\/Premiul-3-Hoda-Wesam-Khalil-Egipt-Egypt-400x566.jpg 400w, https:\/\/www.umorlagurahumorului.ro\/wp-content\/uploads\/2025\/07\/Premiul-3-Hoda-Wesam-Khalil-Egipt-Egypt.jpg 1448w\" sizes=\"auto, (max-width: 212px) 100vw, 212px\" \/><\/a>\n\t\t\t<\/dt>\n\t\t\t\t<dd class='wp-caption-text gallery-caption' id='gallery-16-10890'>\n\t\t\t\tPremiul 3 -Hoda Wesam Khalil &#8211; Egipt &#8211; Egypt\n\t\t\t\t<\/dd><\/dl><br style=\"clear: both\" \/><dl class='gallery-item'>\n\t\t\t<dt class='gallery-icon landscape'>\n\t\t\t\t<a href='https:\/\/www.umorlagurahumorului.ro\/wp-content\/uploads\/2025\/07\/Mentiunea-1-Maya-Khalil-Belgia-Belgium.jpg'><img loading=\"lazy\" decoding=\"async\" width=\"300\" height=\"217\" src=\"https:\/\/www.umorlagurahumorului.ro\/wp-content\/uploads\/2025\/07\/Mentiunea-1-Maya-Khalil-Belgia-Belgium-300x217.jpg\" class=\"attachment-medium size-medium\" alt=\"\" aria-describedby=\"gallery-16-10885\" srcset=\"https:\/\/www.umorlagurahumorului.ro\/wp-content\/uploads\/2025\/07\/Mentiunea-1-Maya-Khalil-Belgia-Belgium-300x217.jpg 300w, https:\/\/www.umorlagurahumorului.ro\/wp-content\/uploads\/2025\/07\/Mentiunea-1-Maya-Khalil-Belgia-Belgium-1024x742.jpg 1024w, https:\/\/www.umorlagurahumorului.ro\/wp-content\/uploads\/2025\/07\/Mentiunea-1-Maya-Khalil-Belgia-Belgium-768x556.jpg 768w, https:\/\/www.umorlagurahumorului.ro\/wp-content\/uploads\/2025\/07\/Mentiunea-1-Maya-Khalil-Belgia-Belgium-1536x1112.jpg 1536w, https:\/\/www.umorlagurahumorului.ro\/wp-content\/uploads\/2025\/07\/Mentiunea-1-Maya-Khalil-Belgia-Belgium-400x290.jpg 400w, https:\/\/www.umorlagurahumorului.ro\/wp-content\/uploads\/2025\/07\/Mentiunea-1-Maya-Khalil-Belgia-Belgium.jpg 2048w\" sizes=\"auto, (max-width: 300px) 100vw, 300px\" \/><\/a>\n\t\t\t<\/dt>\n\t\t\t\t<dd class='wp-caption-text gallery-caption' id='gallery-16-10885'>\n\t\t\t\tMen\u021biunea 1 &#8211; Maya Khalil &#8211; Belgia &#8211; Belgium\n\t\t\t\t<\/dd><\/dl><dl class='gallery-item'>\n\t\t\t<dt class='gallery-icon portrait'>\n\t\t\t\t<a href='https:\/\/www.umorlagurahumorului.ro\/wp-content\/uploads\/2025\/07\/Mentiunea-1-Nayla-Enjelita-Indonezia-Indonesia.jpg'><img loading=\"lazy\" decoding=\"async\" width=\"200\" height=\"300\" src=\"https:\/\/www.umorlagurahumorului.ro\/wp-content\/uploads\/2025\/07\/Mentiunea-1-Nayla-Enjelita-Indonezia-Indonesia-200x300.jpg\" class=\"attachment-medium size-medium\" alt=\"\" aria-describedby=\"gallery-16-10886\" srcset=\"https:\/\/www.umorlagurahumorului.ro\/wp-content\/uploads\/2025\/07\/Mentiunea-1-Nayla-Enjelita-Indonezia-Indonesia-200x300.jpg 200w, https:\/\/www.umorlagurahumorului.ro\/wp-content\/uploads\/2025\/07\/Mentiunea-1-Nayla-Enjelita-Indonezia-Indonesia-683x1024.jpg 683w, https:\/\/www.umorlagurahumorului.ro\/wp-content\/uploads\/2025\/07\/Mentiunea-1-Nayla-Enjelita-Indonezia-Indonesia-768x1152.jpg 768w, https:\/\/www.umorlagurahumorului.ro\/wp-content\/uploads\/2025\/07\/Mentiunea-1-Nayla-Enjelita-Indonezia-Indonesia-400x600.jpg 400w, https:\/\/www.umorlagurahumorului.ro\/wp-content\/uploads\/2025\/07\/Mentiunea-1-Nayla-Enjelita-Indonezia-Indonesia.jpg 1024w\" sizes=\"auto, (max-width: 200px) 100vw, 200px\" \/><\/a>\n\t\t\t<\/dt>\n\t\t\t\t<dd class='wp-caption-text gallery-caption' id='gallery-16-10886'>\n\t\t\t\tMen\u021biunea 1 &#8211; Nayla Enjelita &#8211; Indonezia &#8211; Indonesia\n\t\t\t\t<\/dd><\/dl><dl class='gallery-item'>\n\t\t\t<dt class='gallery-icon landscape'>\n\t\t\t\t<a href='https:\/\/www.umorlagurahumorului.ro\/wp-content\/uploads\/2025\/07\/Mentiunea-2-Igor-Ivoilov-Rusia-Russia.jpg'><img loading=\"lazy\" decoding=\"async\" width=\"300\" height=\"225\" src=\"https:\/\/www.umorlagurahumorului.ro\/wp-content\/uploads\/2025\/07\/Mentiunea-2-Igor-Ivoilov-Rusia-Russia-300x225.jpg\" class=\"attachment-medium size-medium\" alt=\"\" aria-describedby=\"gallery-16-10891\" srcset=\"https:\/\/www.umorlagurahumorului.ro\/wp-content\/uploads\/2025\/07\/Mentiunea-2-Igor-Ivoilov-Rusia-Russia-300x225.jpg 300w, https:\/\/www.umorlagurahumorului.ro\/wp-content\/uploads\/2025\/07\/Mentiunea-2-Igor-Ivoilov-Rusia-Russia-1024x768.jpg 1024w, https:\/\/www.umorlagurahumorului.ro\/wp-content\/uploads\/2025\/07\/Mentiunea-2-Igor-Ivoilov-Rusia-Russia-768x576.jpg 768w, https:\/\/www.umorlagurahumorului.ro\/wp-content\/uploads\/2025\/07\/Mentiunea-2-Igor-Ivoilov-Rusia-Russia-1536x1152.jpg 1536w, https:\/\/www.umorlagurahumorului.ro\/wp-content\/uploads\/2025\/07\/Mentiunea-2-Igor-Ivoilov-Rusia-Russia-400x300.jpg 400w, https:\/\/www.umorlagurahumorului.ro\/wp-content\/uploads\/2025\/07\/Mentiunea-2-Igor-Ivoilov-Rusia-Russia.jpg 2048w\" sizes=\"auto, (max-width: 300px) 100vw, 300px\" \/><\/a>\n\t\t\t<\/dt>\n\t\t\t\t<dd class='wp-caption-text gallery-caption' id='gallery-16-10891'>\n\t\t\t\tMen\u021biunea 2 &#8211; Igor Ivoilov &#8211; Rusia &#8211; Russia\n\t\t\t\t<\/dd><\/dl><br style=\"clear: both\" \/><dl class='gallery-item'>\n\t\t\t<dt class='gallery-icon landscape'>\n\t\t\t\t<a href='https:\/\/www.umorlagurahumorului.ro\/wp-content\/uploads\/2025\/07\/Mentiunea-3-Eva-Sipulina-Rusia-Russia.jpg'><img loading=\"lazy\" decoding=\"async\" width=\"300\" height=\"205\" src=\"https:\/\/www.umorlagurahumorului.ro\/wp-content\/uploads\/2025\/07\/Mentiunea-3-Eva-Sipulina-Rusia-Russia-300x205.jpg\" class=\"attachment-medium size-medium\" alt=\"\" aria-describedby=\"gallery-16-10887\" srcset=\"https:\/\/www.umorlagurahumorului.ro\/wp-content\/uploads\/2025\/07\/Mentiunea-3-Eva-Sipulina-Rusia-Russia-300x205.jpg 300w, https:\/\/www.umorlagurahumorului.ro\/wp-content\/uploads\/2025\/07\/Mentiunea-3-Eva-Sipulina-Rusia-Russia-1024x701.jpg 1024w, https:\/\/www.umorlagurahumorului.ro\/wp-content\/uploads\/2025\/07\/Mentiunea-3-Eva-Sipulina-Rusia-Russia-768x526.jpg 768w, https:\/\/www.umorlagurahumorului.ro\/wp-content\/uploads\/2025\/07\/Mentiunea-3-Eva-Sipulina-Rusia-Russia-1536x1052.jpg 1536w, https:\/\/www.umorlagurahumorului.ro\/wp-content\/uploads\/2025\/07\/Mentiunea-3-Eva-Sipulina-Rusia-Russia-400x274.jpg 400w, https:\/\/www.umorlagurahumorului.ro\/wp-content\/uploads\/2025\/07\/Mentiunea-3-Eva-Sipulina-Rusia-Russia.jpg 2048w\" sizes=\"auto, (max-width: 300px) 100vw, 300px\" \/><\/a>\n\t\t\t<\/dt>\n\t\t\t\t<dd class='wp-caption-text gallery-caption' id='gallery-16-10887'>\n\t\t\t\tMen\u021biunea 3 &#8211; Eva Sipulina &#8211; Rusia &#8211; Russia\n\t\t\t\t<\/dd><\/dl>\n\t\t\t<br style='clear: both' \/>\n\t\t<\/div>\n\n<div class=\"su-spacer\" style=\"height:20px\"><\/div>\n<hr>\n<h4>1st Prize &#8211; Raed Khalil &#8211; Belgia &#8211; Belgium<\/h4>\n\n\t\t<style type=\"text\/css\">\n\t\t\t#gallery-17 {\n\t\t\t\tmargin: auto;\n\t\t\t}\n\t\t\t#gallery-17 .gallery-item {\n\t\t\t\tfloat: left;\n\t\t\t\tmargin-top: 10px;\n\t\t\t\ttext-align: center;\n\t\t\t\twidth: 50%;\n\t\t\t}\n\t\t\t#gallery-17 img {\n\t\t\t\tborder: 2px solid #cfcfcf;\n\t\t\t}\n\t\t\t#gallery-17 .gallery-caption {\n\t\t\t\tmargin-left: 0;\n\t\t\t}\n\t\t\t\/* see gallery_shortcode() in wp-includes\/media.php *\/\n\t\t<\/style>\n\t\t<div id='gallery-17' class='gallery galleryid-10853 gallery-columns-2 gallery-size-large'><dl class='gallery-item'>\n\t\t\t<dt class='gallery-icon landscape'>\n\t\t\t\t<a href='https:\/\/www.umorlagurahumorului.ro\/wp-content\/uploads\/2025\/07\/RAED-KHALIL-SYRIA_2.jpg'><img loading=\"lazy\" decoding=\"async\" width=\"938\" height=\"680\" src=\"https:\/\/www.umorlagurahumorului.ro\/wp-content\/uploads\/2025\/07\/RAED-KHALIL-SYRIA_2-1024x742.jpg\" class=\"attachment-large size-large\" alt=\"\" srcset=\"https:\/\/www.umorlagurahumorului.ro\/wp-content\/uploads\/2025\/07\/RAED-KHALIL-SYRIA_2-1024x742.jpg 1024w, https:\/\/www.umorlagurahumorului.ro\/wp-content\/uploads\/2025\/07\/RAED-KHALIL-SYRIA_2-300x217.jpg 300w, https:\/\/www.umorlagurahumorului.ro\/wp-content\/uploads\/2025\/07\/RAED-KHALIL-SYRIA_2-768x556.jpg 768w, https:\/\/www.umorlagurahumorului.ro\/wp-content\/uploads\/2025\/07\/RAED-KHALIL-SYRIA_2-1536x1112.jpg 1536w, https:\/\/www.umorlagurahumorului.ro\/wp-content\/uploads\/2025\/07\/RAED-KHALIL-SYRIA_2-400x290.jpg 400w, https:\/\/www.umorlagurahumorului.ro\/wp-content\/uploads\/2025\/07\/RAED-KHALIL-SYRIA_2.jpg 2048w\" sizes=\"auto, (max-width: 938px) 100vw, 938px\" \/><\/a>\n\t\t\t<\/dt><\/dl><dl class='gallery-item'>\n\t\t\t<dt class='gallery-icon landscape'>\n\t\t\t\t<a href='https:\/\/www.umorlagurahumorului.ro\/wp-content\/uploads\/2025\/07\/RAED-KHALIL-SYRIA-1.jpg'><img loading=\"lazy\" decoding=\"async\" width=\"938\" height=\"657\" src=\"https:\/\/www.umorlagurahumorului.ro\/wp-content\/uploads\/2025\/07\/RAED-KHALIL-SYRIA-1-1024x717.jpg\" class=\"attachment-large size-large\" alt=\"\" srcset=\"https:\/\/www.umorlagurahumorului.ro\/wp-content\/uploads\/2025\/07\/RAED-KHALIL-SYRIA-1-1024x717.jpg 1024w, https:\/\/www.umorlagurahumorului.ro\/wp-content\/uploads\/2025\/07\/RAED-KHALIL-SYRIA-1-300x210.jpg 300w, https:\/\/www.umorlagurahumorului.ro\/wp-content\/uploads\/2025\/07\/RAED-KHALIL-SYRIA-1-768x538.jpg 768w, https:\/\/www.umorlagurahumorului.ro\/wp-content\/uploads\/2025\/07\/RAED-KHALIL-SYRIA-1-1536x1076.jpg 1536w, https:\/\/www.umorlagurahumorului.ro\/wp-content\/uploads\/2025\/07\/RAED-KHALIL-SYRIA-1-400x280.jpg 400w, https:\/\/www.umorlagurahumorului.ro\/wp-content\/uploads\/2025\/07\/RAED-KHALIL-SYRIA-1.jpg 2048w\" sizes=\"auto, (max-width: 938px) 100vw, 938px\" \/><\/a>\n\t\t\t<\/dt><\/dl><br style=\"clear: both\" \/>\n\t\t<\/div>\n\n<div class=\"su-spacer\" style=\"height:20px\"><\/div>\n<hr>\n<h4>2nd Prize &#8211; Gelu Pascal &#8211; Rom\u00e2nia &#8211; Romania<\/h4>\n\n\t\t<style type=\"text\/css\">\n\t\t\t#gallery-18 {\n\t\t\t\tmargin: auto;\n\t\t\t}\n\t\t\t#gallery-18 .gallery-item {\n\t\t\t\tfloat: left;\n\t\t\t\tmargin-top: 10px;\n\t\t\t\ttext-align: center;\n\t\t\t\twidth: 50%;\n\t\t\t}\n\t\t\t#gallery-18 img {\n\t\t\t\tborder: 2px solid #cfcfcf;\n\t\t\t}\n\t\t\t#gallery-18 .gallery-caption {\n\t\t\t\tmargin-left: 0;\n\t\t\t}\n\t\t\t\/* see gallery_shortcode() in wp-includes\/media.php *\/\n\t\t<\/style>\n\t\t<div id='gallery-18' class='gallery galleryid-10853 gallery-columns-2 gallery-size-large'><dl class='gallery-item'>\n\t\t\t<dt class='gallery-icon landscape'>\n\t\t\t\t<a href='https:\/\/www.umorlagurahumorului.ro\/wp-content\/uploads\/2025\/07\/Ultima-alegere.jpg'><img loading=\"lazy\" decoding=\"async\" width=\"938\" height=\"665\" src=\"https:\/\/www.umorlagurahumorului.ro\/wp-content\/uploads\/2025\/07\/Ultima-alegere-1024x726.jpg\" class=\"attachment-large size-large\" alt=\"\" srcset=\"https:\/\/www.umorlagurahumorului.ro\/wp-content\/uploads\/2025\/07\/Ultima-alegere-1024x726.jpg 1024w, https:\/\/www.umorlagurahumorului.ro\/wp-content\/uploads\/2025\/07\/Ultima-alegere-300x213.jpg 300w, https:\/\/www.umorlagurahumorului.ro\/wp-content\/uploads\/2025\/07\/Ultima-alegere-768x545.jpg 768w, https:\/\/www.umorlagurahumorului.ro\/wp-content\/uploads\/2025\/07\/Ultima-alegere-1536x1089.jpg 1536w, https:\/\/www.umorlagurahumorului.ro\/wp-content\/uploads\/2025\/07\/Ultima-alegere-400x284.jpg 400w, https:\/\/www.umorlagurahumorului.ro\/wp-content\/uploads\/2025\/07\/Ultima-alegere.jpg 2048w\" sizes=\"auto, (max-width: 938px) 100vw, 938px\" \/><\/a>\n\t\t\t<\/dt><\/dl><dl class='gallery-item'>\n\t\t\t<dt class='gallery-icon portrait'>\n\t\t\t\t<a href='https:\/\/www.umorlagurahumorului.ro\/wp-content\/uploads\/2025\/07\/Optiuni.jpg'><img loading=\"lazy\" decoding=\"async\" width=\"726\" height=\"1024\" src=\"https:\/\/www.umorlagurahumorului.ro\/wp-content\/uploads\/2025\/07\/Optiuni-726x1024.jpg\" class=\"attachment-large size-large\" alt=\"\" srcset=\"https:\/\/www.umorlagurahumorului.ro\/wp-content\/uploads\/2025\/07\/Optiuni-726x1024.jpg 726w, https:\/\/www.umorlagurahumorului.ro\/wp-content\/uploads\/2025\/07\/Optiuni-213x300.jpg 213w, https:\/\/www.umorlagurahumorului.ro\/wp-content\/uploads\/2025\/07\/Optiuni-768x1083.jpg 768w, https:\/\/www.umorlagurahumorului.ro\/wp-content\/uploads\/2025\/07\/Optiuni-1089x1536.jpg 1089w, https:\/\/www.umorlagurahumorului.ro\/wp-content\/uploads\/2025\/07\/Optiuni-400x564.jpg 400w, https:\/\/www.umorlagurahumorului.ro\/wp-content\/uploads\/2025\/07\/Optiuni.jpg 1452w\" sizes=\"auto, (max-width: 726px) 100vw, 726px\" \/><\/a>\n\t\t\t<\/dt><\/dl><br style=\"clear: both\" \/>\n\t\t<\/div>\n\n<div class=\"su-spacer\" style=\"height:20px\"><\/div>\n<hr>\n<h4>3rd Prize &#8211; Liviu St\u0103nil\u0103 &#8211; Rom\u00e2nia &#8211; Romania<\/h4>\n\n\t\t<style type=\"text\/css\">\n\t\t\t#gallery-19 {\n\t\t\t\tmargin: auto;\n\t\t\t}\n\t\t\t#gallery-19 .gallery-item {\n\t\t\t\tfloat: left;\n\t\t\t\tmargin-top: 10px;\n\t\t\t\ttext-align: center;\n\t\t\t\twidth: 50%;\n\t\t\t}\n\t\t\t#gallery-19 img {\n\t\t\t\tborder: 2px solid #cfcfcf;\n\t\t\t}\n\t\t\t#gallery-19 .gallery-caption {\n\t\t\t\tmargin-left: 0;\n\t\t\t}\n\t\t\t\/* see gallery_shortcode() in wp-includes\/media.php *\/\n\t\t<\/style>\n\t\t<div id='gallery-19' class='gallery galleryid-10853 gallery-columns-2 gallery-size-large'><dl class='gallery-item'>\n\t\t\t<dt class='gallery-icon landscape'>\n\t\t\t\t<a href='https:\/\/www.umorlagurahumorului.ro\/wp-content\/uploads\/2025\/07\/35000-euro-residence.jpg'><img loading=\"lazy\" decoding=\"async\" width=\"938\" height=\"663\" src=\"https:\/\/www.umorlagurahumorului.ro\/wp-content\/uploads\/2025\/07\/35000-euro-residence-1024x724.jpg\" class=\"attachment-large size-large\" alt=\"\" srcset=\"https:\/\/www.umorlagurahumorului.ro\/wp-content\/uploads\/2025\/07\/35000-euro-residence-1024x724.jpg 1024w, https:\/\/www.umorlagurahumorului.ro\/wp-content\/uploads\/2025\/07\/35000-euro-residence-300x212.jpg 300w, https:\/\/www.umorlagurahumorului.ro\/wp-content\/uploads\/2025\/07\/35000-euro-residence-768x543.jpg 768w, https:\/\/www.umorlagurahumorului.ro\/wp-content\/uploads\/2025\/07\/35000-euro-residence-1536x1086.jpg 1536w, https:\/\/www.umorlagurahumorului.ro\/wp-content\/uploads\/2025\/07\/35000-euro-residence-400x283.jpg 400w, https:\/\/www.umorlagurahumorului.ro\/wp-content\/uploads\/2025\/07\/35000-euro-residence.jpg 2048w\" sizes=\"auto, (max-width: 938px) 100vw, 938px\" \/><\/a>\n\t\t\t<\/dt><\/dl><dl class='gallery-item'>\n\t\t\t<dt class='gallery-icon landscape'>\n\t\t\t\t<a href='https:\/\/www.umorlagurahumorului.ro\/wp-content\/uploads\/2025\/07\/wine-choice414.jpg'><img loading=\"lazy\" decoding=\"async\" width=\"938\" height=\"671\" src=\"https:\/\/www.umorlagurahumorului.ro\/wp-content\/uploads\/2025\/07\/wine-choice414-1024x732.jpg\" class=\"attachment-large size-large\" alt=\"\" srcset=\"https:\/\/www.umorlagurahumorului.ro\/wp-content\/uploads\/2025\/07\/wine-choice414-1024x732.jpg 1024w, https:\/\/www.umorlagurahumorului.ro\/wp-content\/uploads\/2025\/07\/wine-choice414-300x214.jpg 300w, https:\/\/www.umorlagurahumorului.ro\/wp-content\/uploads\/2025\/07\/wine-choice414-768x549.jpg 768w, https:\/\/www.umorlagurahumorului.ro\/wp-content\/uploads\/2025\/07\/wine-choice414-1536x1097.jpg 1536w, https:\/\/www.umorlagurahumorului.ro\/wp-content\/uploads\/2025\/07\/wine-choice414-400x286.jpg 400w, https:\/\/www.umorlagurahumorului.ro\/wp-content\/uploads\/2025\/07\/wine-choice414.jpg 2048w\" sizes=\"auto, (max-width: 938px) 100vw, 938px\" \/><\/a>\n\t\t\t<\/dt><\/dl><br style=\"clear: both\" \/>\n\t\t<\/div>\n\n<div class=\"su-spacer\" style=\"height:20px\"><\/div>\n<hr>\n<h4>George Gavrilean Prize &#8211; Hamid Soufi &#8211; Iran<\/h4>\n\n\t\t<style type=\"text\/css\">\n\t\t\t#gallery-20 {\n\t\t\t\tmargin: auto;\n\t\t\t}\n\t\t\t#gallery-20 .gallery-item {\n\t\t\t\tfloat: left;\n\t\t\t\tmargin-top: 10px;\n\t\t\t\ttext-align: center;\n\t\t\t\twidth: 50%;\n\t\t\t}\n\t\t\t#gallery-20 img {\n\t\t\t\tborder: 2px solid #cfcfcf;\n\t\t\t}\n\t\t\t#gallery-20 .gallery-caption {\n\t\t\t\tmargin-left: 0;\n\t\t\t}\n\t\t\t\/* see gallery_shortcode() in wp-includes\/media.php *\/\n\t\t<\/style>\n\t\t<div id='gallery-20' class='gallery galleryid-10853 gallery-columns-2 gallery-size-large'><dl class='gallery-item'>\n\t\t\t<dt class='gallery-icon landscape'>\n\t\t\t\t<a href='https:\/\/www.umorlagurahumorului.ro\/wp-content\/uploads\/2025\/07\/1.jpg'><img loading=\"lazy\" decoding=\"async\" width=\"938\" height=\"663\" src=\"https:\/\/www.umorlagurahumorului.ro\/wp-content\/uploads\/2025\/07\/1-1024x724.jpg\" class=\"attachment-large size-large\" alt=\"\" srcset=\"https:\/\/www.umorlagurahumorului.ro\/wp-content\/uploads\/2025\/07\/1-1024x724.jpg 1024w, https:\/\/www.umorlagurahumorului.ro\/wp-content\/uploads\/2025\/07\/1-300x212.jpg 300w, https:\/\/www.umorlagurahumorului.ro\/wp-content\/uploads\/2025\/07\/1-768x543.jpg 768w, https:\/\/www.umorlagurahumorului.ro\/wp-content\/uploads\/2025\/07\/1-1536x1086.jpg 1536w, https:\/\/www.umorlagurahumorului.ro\/wp-content\/uploads\/2025\/07\/1-400x283.jpg 400w, https:\/\/www.umorlagurahumorului.ro\/wp-content\/uploads\/2025\/07\/1.jpg 2048w\" sizes=\"auto, (max-width: 938px) 100vw, 938px\" \/><\/a>\n\t\t\t<\/dt><\/dl><dl class='gallery-item'>\n\t\t\t<dt class='gallery-icon portrait'>\n\t\t\t\t<a href='https:\/\/www.umorlagurahumorului.ro\/wp-content\/uploads\/2025\/07\/hamid7.jpg'><img loading=\"lazy\" decoding=\"async\" width=\"724\" height=\"1024\" src=\"https:\/\/www.umorlagurahumorului.ro\/wp-content\/uploads\/2025\/07\/hamid7-724x1024.jpg\" class=\"attachment-large size-large\" alt=\"\" srcset=\"https:\/\/www.umorlagurahumorului.ro\/wp-content\/uploads\/2025\/07\/hamid7-724x1024.jpg 724w, https:\/\/www.umorlagurahumorului.ro\/wp-content\/uploads\/2025\/07\/hamid7-212x300.jpg 212w, https:\/\/www.umorlagurahumorului.ro\/wp-content\/uploads\/2025\/07\/hamid7-768x1086.jpg 768w, https:\/\/www.umorlagurahumorului.ro\/wp-content\/uploads\/2025\/07\/hamid7-1086x1536.jpg 1086w, https:\/\/www.umorlagurahumorului.ro\/wp-content\/uploads\/2025\/07\/hamid7-400x566.jpg 400w, https:\/\/www.umorlagurahumorului.ro\/wp-content\/uploads\/2025\/07\/hamid7.jpg 1448w\" sizes=\"auto, (max-width: 724px) 100vw, 724px\" \/><\/a>\n\t\t\t<\/dt><\/dl><br style=\"clear: both\" \/>\n\t\t<\/div>\n\n<div class=\"su-spacer\" style=\"height:20px\"><\/div>\n<hr>\n<h4>Viorel Corodescu COV Prize &#8211; Lucian Sergiu F\u0103rc\u0103\u0219anu &#8211; Rom\u00e2nia &#8211; Romania<\/h4>\n\n\t\t<style type=\"text\/css\">\n\t\t\t#gallery-21 {\n\t\t\t\tmargin: auto;\n\t\t\t}\n\t\t\t#gallery-21 .gallery-item {\n\t\t\t\tfloat: left;\n\t\t\t\tmargin-top: 10px;\n\t\t\t\ttext-align: center;\n\t\t\t\twidth: 50%;\n\t\t\t}\n\t\t\t#gallery-21 img {\n\t\t\t\tborder: 2px solid #cfcfcf;\n\t\t\t}\n\t\t\t#gallery-21 .gallery-caption {\n\t\t\t\tmargin-left: 0;\n\t\t\t}\n\t\t\t\/* see gallery_shortcode() in wp-includes\/media.php *\/\n\t\t<\/style>\n\t\t<div id='gallery-21' class='gallery galleryid-10853 gallery-columns-2 gallery-size-large'><dl class='gallery-item'>\n\t\t\t<dt class='gallery-icon portrait'>\n\t\t\t\t<a href='https:\/\/www.umorlagurahumorului.ro\/wp-content\/uploads\/2025\/07\/Farcasanu_Sergiu_Romania_01_Partea-plina.jpg'><img loading=\"lazy\" decoding=\"async\" width=\"724\" height=\"1024\" src=\"https:\/\/www.umorlagurahumorului.ro\/wp-content\/uploads\/2025\/07\/Farcasanu_Sergiu_Romania_01_Partea-plina-724x1024.jpg\" class=\"attachment-large size-large\" alt=\"\" srcset=\"https:\/\/www.umorlagurahumorului.ro\/wp-content\/uploads\/2025\/07\/Farcasanu_Sergiu_Romania_01_Partea-plina-724x1024.jpg 724w, https:\/\/www.umorlagurahumorului.ro\/wp-content\/uploads\/2025\/07\/Farcasanu_Sergiu_Romania_01_Partea-plina-212x300.jpg 212w, https:\/\/www.umorlagurahumorului.ro\/wp-content\/uploads\/2025\/07\/Farcasanu_Sergiu_Romania_01_Partea-plina-768x1086.jpg 768w, https:\/\/www.umorlagurahumorului.ro\/wp-content\/uploads\/2025\/07\/Farcasanu_Sergiu_Romania_01_Partea-plina-1086x1536.jpg 1086w, https:\/\/www.umorlagurahumorului.ro\/wp-content\/uploads\/2025\/07\/Farcasanu_Sergiu_Romania_01_Partea-plina-400x566.jpg 400w, https:\/\/www.umorlagurahumorului.ro\/wp-content\/uploads\/2025\/07\/Farcasanu_Sergiu_Romania_01_Partea-plina.jpg 1240w\" sizes=\"auto, (max-width: 724px) 100vw, 724px\" \/><\/a>\n\t\t\t<\/dt><\/dl><dl class='gallery-item'>\n\t\t\t<dt class='gallery-icon portrait'>\n\t\t\t\t<a href='https:\/\/www.umorlagurahumorului.ro\/wp-content\/uploads\/2025\/07\/Farcasanu_Sergiu_Romania_02_Capcaun.jpg'><img loading=\"lazy\" decoding=\"async\" width=\"724\" height=\"1024\" src=\"https:\/\/www.umorlagurahumorului.ro\/wp-content\/uploads\/2025\/07\/Farcasanu_Sergiu_Romania_02_Capcaun-724x1024.jpg\" class=\"attachment-large size-large\" alt=\"\" srcset=\"https:\/\/www.umorlagurahumorului.ro\/wp-content\/uploads\/2025\/07\/Farcasanu_Sergiu_Romania_02_Capcaun-724x1024.jpg 724w, https:\/\/www.umorlagurahumorului.ro\/wp-content\/uploads\/2025\/07\/Farcasanu_Sergiu_Romania_02_Capcaun-212x300.jpg 212w, https:\/\/www.umorlagurahumorului.ro\/wp-content\/uploads\/2025\/07\/Farcasanu_Sergiu_Romania_02_Capcaun-768x1086.jpg 768w, https:\/\/www.umorlagurahumorului.ro\/wp-content\/uploads\/2025\/07\/Farcasanu_Sergiu_Romania_02_Capcaun-1086x1536.jpg 1086w, https:\/\/www.umorlagurahumorului.ro\/wp-content\/uploads\/2025\/07\/Farcasanu_Sergiu_Romania_02_Capcaun-400x566.jpg 400w, https:\/\/www.umorlagurahumorului.ro\/wp-content\/uploads\/2025\/07\/Farcasanu_Sergiu_Romania_02_Capcaun.jpg 1240w\" sizes=\"auto, (max-width: 724px) 100vw, 724px\" \/><\/a>\n\t\t\t<\/dt><\/dl><br style=\"clear: both\" \/>\n\t\t<\/div>\n\n<div class=\"su-spacer\" style=\"height:20px\"><\/div>\n<hr>\n<h4>Menttions<\/h4>\n\n\t\t<style type=\"text\/css\">\n\t\t\t#gallery-22 {\n\t\t\t\tmargin: auto;\n\t\t\t}\n\t\t\t#gallery-22 .gallery-item {\n\t\t\t\tfloat: left;\n\t\t\t\tmargin-top: 10px;\n\t\t\t\ttext-align: center;\n\t\t\t\twidth: 33%;\n\t\t\t}\n\t\t\t#gallery-22 img {\n\t\t\t\tborder: 2px solid #cfcfcf;\n\t\t\t}\n\t\t\t#gallery-22 .gallery-caption {\n\t\t\t\tmargin-left: 0;\n\t\t\t}\n\t\t\t\/* see gallery_shortcode() in wp-includes\/media.php *\/\n\t\t<\/style>\n\t\t<div id='gallery-22' class='gallery galleryid-10853 gallery-columns-3 gallery-size-medium'><dl class='gallery-item'>\n\t\t\t<dt class='gallery-icon portrait'>\n\t\t\t\t<a href='https:\/\/www.umorlagurahumorului.ro\/wp-content\/uploads\/2025\/07\/Mentiunea-1-Ramon-Diaz-Yanes-Cuba.jpg'><img loading=\"lazy\" decoding=\"async\" width=\"212\" height=\"300\" src=\"https:\/\/www.umorlagurahumorului.ro\/wp-content\/uploads\/2025\/07\/Mentiunea-1-Ramon-Diaz-Yanes-Cuba-212x300.jpg\" class=\"attachment-medium size-medium\" alt=\"\" aria-describedby=\"gallery-22-10869\" srcset=\"https:\/\/www.umorlagurahumorului.ro\/wp-content\/uploads\/2025\/07\/Mentiunea-1-Ramon-Diaz-Yanes-Cuba-212x300.jpg 212w, https:\/\/www.umorlagurahumorului.ro\/wp-content\/uploads\/2025\/07\/Mentiunea-1-Ramon-Diaz-Yanes-Cuba-724x1024.jpg 724w, https:\/\/www.umorlagurahumorului.ro\/wp-content\/uploads\/2025\/07\/Mentiunea-1-Ramon-Diaz-Yanes-Cuba-768x1086.jpg 768w, https:\/\/www.umorlagurahumorului.ro\/wp-content\/uploads\/2025\/07\/Mentiunea-1-Ramon-Diaz-Yanes-Cuba-1086x1536.jpg 1086w, https:\/\/www.umorlagurahumorului.ro\/wp-content\/uploads\/2025\/07\/Mentiunea-1-Ramon-Diaz-Yanes-Cuba-400x566.jpg 400w, https:\/\/www.umorlagurahumorului.ro\/wp-content\/uploads\/2025\/07\/Mentiunea-1-Ramon-Diaz-Yanes-Cuba.jpg 1448w\" sizes=\"auto, (max-width: 212px) 100vw, 212px\" \/><\/a>\n\t\t\t<\/dt>\n\t\t\t\t<dd class='wp-caption-text gallery-caption' id='gallery-22-10869'>\n\t\t\t\tMen\u021biunea 1 &#8211; Ram\u00f3n D\u00edaz Yanes &#8211; Cuba\n\t\t\t\t<\/dd><\/dl><dl class='gallery-item'>\n\t\t\t<dt class='gallery-icon landscape'>\n\t\t\t\t<a href='https:\/\/www.umorlagurahumorului.ro\/wp-content\/uploads\/2025\/07\/Mentiunea-2-Horia-Crisan-Romania-Romania.jpg'><img loading=\"lazy\" decoding=\"async\" width=\"300\" height=\"212\" src=\"https:\/\/www.umorlagurahumorului.ro\/wp-content\/uploads\/2025\/07\/Mentiunea-2-Horia-Crisan-Romania-Romania-300x212.jpg\" class=\"attachment-medium size-medium\" alt=\"\" aria-describedby=\"gallery-22-10870\" srcset=\"https:\/\/www.umorlagurahumorului.ro\/wp-content\/uploads\/2025\/07\/Mentiunea-2-Horia-Crisan-Romania-Romania-300x212.jpg 300w, https:\/\/www.umorlagurahumorului.ro\/wp-content\/uploads\/2025\/07\/Mentiunea-2-Horia-Crisan-Romania-Romania-1024x725.jpg 1024w, https:\/\/www.umorlagurahumorului.ro\/wp-content\/uploads\/2025\/07\/Mentiunea-2-Horia-Crisan-Romania-Romania-768x543.jpg 768w, https:\/\/www.umorlagurahumorului.ro\/wp-content\/uploads\/2025\/07\/Mentiunea-2-Horia-Crisan-Romania-Romania-1536x1087.jpg 1536w, https:\/\/www.umorlagurahumorului.ro\/wp-content\/uploads\/2025\/07\/Mentiunea-2-Horia-Crisan-Romania-Romania-400x283.jpg 400w, https:\/\/www.umorlagurahumorului.ro\/wp-content\/uploads\/2025\/07\/Mentiunea-2-Horia-Crisan-Romania-Romania.jpg 2048w\" sizes=\"auto, (max-width: 300px) 100vw, 300px\" \/><\/a>\n\t\t\t<\/dt>\n\t\t\t\t<dd class='wp-caption-text gallery-caption' id='gallery-22-10870'>\n\t\t\t\tMen\u021biunea 2 &#8211; Horia Cri\u0219an &#8211; Romania- Rom\u00e2nia\n\t\t\t\t<\/dd><\/dl><dl class='gallery-item'>\n\t\t\t<dt class='gallery-icon landscape'>\n\t\t\t\t<a href='https:\/\/www.umorlagurahumorului.ro\/wp-content\/uploads\/2025\/07\/Mentiunea-2-Spiro-Radulovic-Serbia.jpg'><img loading=\"lazy\" decoding=\"async\" width=\"300\" height=\"212\" src=\"https:\/\/www.umorlagurahumorului.ro\/wp-content\/uploads\/2025\/07\/Mentiunea-2-Spiro-Radulovic-Serbia-300x212.jpg\" class=\"attachment-medium size-medium\" alt=\"\" aria-describedby=\"gallery-22-10871\" srcset=\"https:\/\/www.umorlagurahumorului.ro\/wp-content\/uploads\/2025\/07\/Mentiunea-2-Spiro-Radulovic-Serbia-300x212.jpg 300w, https:\/\/www.umorlagurahumorului.ro\/wp-content\/uploads\/2025\/07\/Mentiunea-2-Spiro-Radulovic-Serbia-1024x725.jpg 1024w, https:\/\/www.umorlagurahumorului.ro\/wp-content\/uploads\/2025\/07\/Mentiunea-2-Spiro-Radulovic-Serbia-768x544.jpg 768w, https:\/\/www.umorlagurahumorului.ro\/wp-content\/uploads\/2025\/07\/Mentiunea-2-Spiro-Radulovic-Serbia-1536x1088.jpg 1536w, https:\/\/www.umorlagurahumorului.ro\/wp-content\/uploads\/2025\/07\/Mentiunea-2-Spiro-Radulovic-Serbia-400x283.jpg 400w, https:\/\/www.umorlagurahumorului.ro\/wp-content\/uploads\/2025\/07\/Mentiunea-2-Spiro-Radulovic-Serbia.jpg 2048w\" sizes=\"auto, (max-width: 300px) 100vw, 300px\" \/><\/a>\n\t\t\t<\/dt>\n\t\t\t\t<dd class='wp-caption-text gallery-caption' id='gallery-22-10871'>\n\t\t\t\tMen\u021biunea 2 &#8211; Spiro Radulovic &#8211; Serbia\n\t\t\t\t<\/dd><\/dl><br style=\"clear: both\" \/><dl class='gallery-item'>\n\t\t\t<dt class='gallery-icon landscape'>\n\t\t\t\t<a href='https:\/\/www.umorlagurahumorului.ro\/wp-content\/uploads\/2025\/07\/Mentiunea-3-Marian-Avramescu-Romania-Romania.jpg'><img loading=\"lazy\" decoding=\"async\" width=\"300\" height=\"210\" src=\"https:\/\/www.umorlagurahumorului.ro\/wp-content\/uploads\/2025\/07\/Mentiunea-3-Marian-Avramescu-Romania-Romania-300x210.jpg\" class=\"attachment-medium size-medium\" alt=\"\" aria-describedby=\"gallery-22-10872\" srcset=\"https:\/\/www.umorlagurahumorului.ro\/wp-content\/uploads\/2025\/07\/Mentiunea-3-Marian-Avramescu-Romania-Romania-300x210.jpg 300w, https:\/\/www.umorlagurahumorului.ro\/wp-content\/uploads\/2025\/07\/Mentiunea-3-Marian-Avramescu-Romania-Romania-1024x717.jpg 1024w, https:\/\/www.umorlagurahumorului.ro\/wp-content\/uploads\/2025\/07\/Mentiunea-3-Marian-Avramescu-Romania-Romania-768x538.jpg 768w, https:\/\/www.umorlagurahumorului.ro\/wp-content\/uploads\/2025\/07\/Mentiunea-3-Marian-Avramescu-Romania-Romania-1536x1076.jpg 1536w, https:\/\/www.umorlagurahumorului.ro\/wp-content\/uploads\/2025\/07\/Mentiunea-3-Marian-Avramescu-Romania-Romania-400x280.jpg 400w, https:\/\/www.umorlagurahumorului.ro\/wp-content\/uploads\/2025\/07\/Mentiunea-3-Marian-Avramescu-Romania-Romania.jpg 2048w\" sizes=\"auto, (max-width: 300px) 100vw, 300px\" \/><\/a>\n\t\t\t<\/dt>\n\t\t\t\t<dd class='wp-caption-text gallery-caption' id='gallery-22-10872'>\n\t\t\t\tMen\u021biunea 3 &#8211; Marian Avramescu &#8211; Romania &#8211; Rom\u00e2nia\n\t\t\t\t<\/dd><\/dl><dl class='gallery-item'>\n\t\t\t<dt class='gallery-icon portrait'>\n\t\t\t\t<a href='https:\/\/www.umorlagurahumorului.ro\/wp-content\/uploads\/2025\/07\/Mentiunea-3-Patrick-Heymans-Belgia-Belgium.jpg'><img loading=\"lazy\" decoding=\"async\" width=\"202\" height=\"300\" src=\"https:\/\/www.umorlagurahumorului.ro\/wp-content\/uploads\/2025\/07\/Mentiunea-3-Patrick-Heymans-Belgia-Belgium-202x300.jpg\" class=\"attachment-medium size-medium\" alt=\"\" aria-describedby=\"gallery-22-10873\" srcset=\"https:\/\/www.umorlagurahumorului.ro\/wp-content\/uploads\/2025\/07\/Mentiunea-3-Patrick-Heymans-Belgia-Belgium-202x300.jpg 202w, https:\/\/www.umorlagurahumorului.ro\/wp-content\/uploads\/2025\/07\/Mentiunea-3-Patrick-Heymans-Belgia-Belgium-691x1024.jpg 691w, https:\/\/www.umorlagurahumorului.ro\/wp-content\/uploads\/2025\/07\/Mentiunea-3-Patrick-Heymans-Belgia-Belgium-768x1138.jpg 768w, https:\/\/www.umorlagurahumorului.ro\/wp-content\/uploads\/2025\/07\/Mentiunea-3-Patrick-Heymans-Belgia-Belgium-1037x1536.jpg 1037w, https:\/\/www.umorlagurahumorului.ro\/wp-content\/uploads\/2025\/07\/Mentiunea-3-Patrick-Heymans-Belgia-Belgium-400x593.jpg 400w, https:\/\/www.umorlagurahumorului.ro\/wp-content\/uploads\/2025\/07\/Mentiunea-3-Patrick-Heymans-Belgia-Belgium.jpg 1382w\" sizes=\"auto, (max-width: 202px) 100vw, 202px\" \/><\/a>\n\t\t\t<\/dt>\n\t\t\t\t<dd class='wp-caption-text gallery-caption' id='gallery-22-10873'>\n\t\t\t\tMen\u021biunea 3 &#8211; Patrick Heymans &#8211; Belgia &#8211; Belgium\n\t\t\t\t<\/dd><\/dl>\n\t\t\t<br style='clear: both' \/>\n\t\t<\/div>\n\n<div class=\"su-spacer\" style=\"height:20px\"><\/div>\n<hr>\n<h4>Nomination<\/h4>\n\n\t\t<style type=\"text\/css\">\n\t\t\t#gallery-23 {\n\t\t\t\tmargin: auto;\n\t\t\t}\n\t\t\t#gallery-23 .gallery-item {\n\t\t\t\tfloat: left;\n\t\t\t\tmargin-top: 10px;\n\t\t\t\ttext-align: center;\n\t\t\t\twidth: 33%;\n\t\t\t}\n\t\t\t#gallery-23 img {\n\t\t\t\tborder: 2px solid #cfcfcf;\n\t\t\t}\n\t\t\t#gallery-23 .gallery-caption {\n\t\t\t\tmargin-left: 0;\n\t\t\t}\n\t\t\t\/* see gallery_shortcode() in wp-includes\/media.php *\/\n\t\t<\/style>\n\t\t<div id='gallery-23' class='gallery galleryid-10853 gallery-columns-3 gallery-size-medium'><dl class='gallery-item'>\n\t\t\t<dt class='gallery-icon portrait'>\n\t\t\t\t<a href='https:\/\/www.umorlagurahumorului.ro\/wp-content\/uploads\/2025\/07\/Amir-Ababaf-Iran.jpg'><img loading=\"lazy\" decoding=\"async\" width=\"210\" height=\"300\" src=\"https:\/\/www.umorlagurahumorului.ro\/wp-content\/uploads\/2025\/07\/Amir-Ababaf-Iran-210x300.jpg\" class=\"attachment-medium size-medium\" alt=\"\" aria-describedby=\"gallery-23-10874\" srcset=\"https:\/\/www.umorlagurahumorului.ro\/wp-content\/uploads\/2025\/07\/Amir-Ababaf-Iran-210x300.jpg 210w, https:\/\/www.umorlagurahumorului.ro\/wp-content\/uploads\/2025\/07\/Amir-Ababaf-Iran-717x1024.jpg 717w, https:\/\/www.umorlagurahumorului.ro\/wp-content\/uploads\/2025\/07\/Amir-Ababaf-Iran-768x1097.jpg 768w, https:\/\/www.umorlagurahumorului.ro\/wp-content\/uploads\/2025\/07\/Amir-Ababaf-Iran-1076x1536.jpg 1076w, https:\/\/www.umorlagurahumorului.ro\/wp-content\/uploads\/2025\/07\/Amir-Ababaf-Iran-400x571.jpg 400w, https:\/\/www.umorlagurahumorului.ro\/wp-content\/uploads\/2025\/07\/Amir-Ababaf-Iran.jpg 1434w\" sizes=\"auto, (max-width: 210px) 100vw, 210px\" \/><\/a>\n\t\t\t<\/dt>\n\t\t\t\t<dd class='wp-caption-text gallery-caption' id='gallery-23-10874'>\n\t\t\t\tAmir Ababaf &#8211; Iran\n\t\t\t\t<\/dd><\/dl><dl class='gallery-item'>\n\t\t\t<dt class='gallery-icon landscape'>\n\t\t\t\t<a href='https:\/\/www.umorlagurahumorului.ro\/wp-content\/uploads\/2025\/07\/Atmaja-Septa-Miyosa-Indonezia-Indonesia.jpg'><img loading=\"lazy\" decoding=\"async\" width=\"300\" height=\"212\" src=\"https:\/\/www.umorlagurahumorului.ro\/wp-content\/uploads\/2025\/07\/Atmaja-Septa-Miyosa-Indonezia-Indonesia-300x212.jpg\" class=\"attachment-medium size-medium\" alt=\"\" aria-describedby=\"gallery-23-10875\" srcset=\"https:\/\/www.umorlagurahumorului.ro\/wp-content\/uploads\/2025\/07\/Atmaja-Septa-Miyosa-Indonezia-Indonesia-300x212.jpg 300w, https:\/\/www.umorlagurahumorului.ro\/wp-content\/uploads\/2025\/07\/Atmaja-Septa-Miyosa-Indonezia-Indonesia-1024x724.jpg 1024w, https:\/\/www.umorlagurahumorului.ro\/wp-content\/uploads\/2025\/07\/Atmaja-Septa-Miyosa-Indonezia-Indonesia-768x543.jpg 768w, https:\/\/www.umorlagurahumorului.ro\/wp-content\/uploads\/2025\/07\/Atmaja-Septa-Miyosa-Indonezia-Indonesia-1536x1086.jpg 1536w, https:\/\/www.umorlagurahumorului.ro\/wp-content\/uploads\/2025\/07\/Atmaja-Septa-Miyosa-Indonezia-Indonesia-400x283.jpg 400w, https:\/\/www.umorlagurahumorului.ro\/wp-content\/uploads\/2025\/07\/Atmaja-Septa-Miyosa-Indonezia-Indonesia.jpg 1754w\" sizes=\"auto, (max-width: 300px) 100vw, 300px\" \/><\/a>\n\t\t\t<\/dt>\n\t\t\t\t<dd class='wp-caption-text gallery-caption' id='gallery-23-10875'>\n\t\t\t\tAtmaja Septa Miyosa &#8211; Indonezia &#8211; Indonesia\n\t\t\t\t<\/dd><\/dl><dl class='gallery-item'>\n\t\t\t<dt class='gallery-icon portrait'>\n\t\t\t\t<a href='https:\/\/www.umorlagurahumorului.ro\/wp-content\/uploads\/2025\/07\/Cornel-Marin-Chiorean-Romania-Romania.jpg'><img loading=\"lazy\" decoding=\"async\" width=\"211\" height=\"300\" src=\"https:\/\/www.umorlagurahumorului.ro\/wp-content\/uploads\/2025\/07\/Cornel-Marin-Chiorean-Romania-Romania-211x300.jpg\" class=\"attachment-medium size-medium\" alt=\"\" aria-describedby=\"gallery-23-10876\" srcset=\"https:\/\/www.umorlagurahumorului.ro\/wp-content\/uploads\/2025\/07\/Cornel-Marin-Chiorean-Romania-Romania-211x300.jpg 211w, https:\/\/www.umorlagurahumorului.ro\/wp-content\/uploads\/2025\/07\/Cornel-Marin-Chiorean-Romania-Romania-721x1024.jpg 721w, https:\/\/www.umorlagurahumorului.ro\/wp-content\/uploads\/2025\/07\/Cornel-Marin-Chiorean-Romania-Romania-768x1092.jpg 768w, https:\/\/www.umorlagurahumorului.ro\/wp-content\/uploads\/2025\/07\/Cornel-Marin-Chiorean-Romania-Romania-1081x1536.jpg 1081w, https:\/\/www.umorlagurahumorului.ro\/wp-content\/uploads\/2025\/07\/Cornel-Marin-Chiorean-Romania-Romania-400x568.jpg 400w, https:\/\/www.umorlagurahumorului.ro\/wp-content\/uploads\/2025\/07\/Cornel-Marin-Chiorean-Romania-Romania.jpg 1441w\" sizes=\"auto, (max-width: 211px) 100vw, 211px\" \/><\/a>\n\t\t\t<\/dt>\n\t\t\t\t<dd class='wp-caption-text gallery-caption' id='gallery-23-10876'>\n\t\t\t\tCornel Marin Chiorean &#8211; Rom\u00e2nia &#8211; Romania\n\t\t\t\t<\/dd><\/dl><br style=\"clear: both\" \/><dl class='gallery-item'>\n\t\t\t<dt class='gallery-icon portrait'>\n\t\t\t\t<a href='https:\/\/www.umorlagurahumorului.ro\/wp-content\/uploads\/2025\/07\/Darko-Drljevic-Croatia-Montenegru-Montenegro.jpg'><img loading=\"lazy\" decoding=\"async\" width=\"212\" height=\"300\" src=\"https:\/\/www.umorlagurahumorului.ro\/wp-content\/uploads\/2025\/07\/Darko-Drljevic-Croatia-Montenegru-Montenegro-212x300.jpg\" class=\"attachment-medium size-medium\" alt=\"\" aria-describedby=\"gallery-23-10877\" srcset=\"https:\/\/www.umorlagurahumorului.ro\/wp-content\/uploads\/2025\/07\/Darko-Drljevic-Croatia-Montenegru-Montenegro-212x300.jpg 212w, https:\/\/www.umorlagurahumorului.ro\/wp-content\/uploads\/2025\/07\/Darko-Drljevic-Croatia-Montenegru-Montenegro-724x1024.jpg 724w, https:\/\/www.umorlagurahumorului.ro\/wp-content\/uploads\/2025\/07\/Darko-Drljevic-Croatia-Montenegru-Montenegro-768x1086.jpg 768w, https:\/\/www.umorlagurahumorului.ro\/wp-content\/uploads\/2025\/07\/Darko-Drljevic-Croatia-Montenegru-Montenegro-1086x1536.jpg 1086w, https:\/\/www.umorlagurahumorului.ro\/wp-content\/uploads\/2025\/07\/Darko-Drljevic-Croatia-Montenegru-Montenegro-400x566.jpg 400w, https:\/\/www.umorlagurahumorului.ro\/wp-content\/uploads\/2025\/07\/Darko-Drljevic-Croatia-Montenegru-Montenegro.jpg 1448w\" sizes=\"auto, (max-width: 212px) 100vw, 212px\" \/><\/a>\n\t\t\t<\/dt>\n\t\t\t\t<dd class='wp-caption-text gallery-caption' id='gallery-23-10877'>\n\t\t\t\tDarko Drljevi\u0107 &#8211; Croa\u021bia &#8211; Montenegru &#8211; Montenegro\n\t\t\t\t<\/dd><\/dl><dl class='gallery-item'>\n\t\t\t<dt class='gallery-icon landscape'>\n\t\t\t\t<a href='https:\/\/www.umorlagurahumorului.ro\/wp-content\/uploads\/2025\/07\/Heibat-Ahmadi-Iran.jpg'><img loading=\"lazy\" decoding=\"async\" width=\"300\" height=\"212\" src=\"https:\/\/www.umorlagurahumorului.ro\/wp-content\/uploads\/2025\/07\/Heibat-Ahmadi-Iran-300x212.jpg\" class=\"attachment-medium size-medium\" alt=\"\" aria-describedby=\"gallery-23-10878\" srcset=\"https:\/\/www.umorlagurahumorului.ro\/wp-content\/uploads\/2025\/07\/Heibat-Ahmadi-Iran-300x212.jpg 300w, https:\/\/www.umorlagurahumorului.ro\/wp-content\/uploads\/2025\/07\/Heibat-Ahmadi-Iran-1024x724.jpg 1024w, https:\/\/www.umorlagurahumorului.ro\/wp-content\/uploads\/2025\/07\/Heibat-Ahmadi-Iran-768x543.jpg 768w, https:\/\/www.umorlagurahumorului.ro\/wp-content\/uploads\/2025\/07\/Heibat-Ahmadi-Iran-1536x1086.jpg 1536w, https:\/\/www.umorlagurahumorului.ro\/wp-content\/uploads\/2025\/07\/Heibat-Ahmadi-Iran-400x283.jpg 400w, https:\/\/www.umorlagurahumorului.ro\/wp-content\/uploads\/2025\/07\/Heibat-Ahmadi-Iran.jpg 1671w\" sizes=\"auto, (max-width: 300px) 100vw, 300px\" \/><\/a>\n\t\t\t<\/dt>\n\t\t\t\t<dd class='wp-caption-text gallery-caption' id='gallery-23-10878'>\n\t\t\t\tHeibat Ahmadi &#8211; Iran\n\t\t\t\t<\/dd><\/dl><dl class='gallery-item'>\n\t\t\t<dt class='gallery-icon portrait'>\n\t\t\t\t<a href='https:\/\/www.umorlagurahumorului.ro\/wp-content\/uploads\/2025\/07\/Leslie-Ricciardi-Uruguay.jpg'><img loading=\"lazy\" decoding=\"async\" width=\"240\" height=\"300\" src=\"https:\/\/www.umorlagurahumorului.ro\/wp-content\/uploads\/2025\/07\/Leslie-Ricciardi-Uruguay-240x300.jpg\" class=\"attachment-medium size-medium\" alt=\"\" aria-describedby=\"gallery-23-10879\" srcset=\"https:\/\/www.umorlagurahumorului.ro\/wp-content\/uploads\/2025\/07\/Leslie-Ricciardi-Uruguay-240x300.jpg 240w, https:\/\/www.umorlagurahumorului.ro\/wp-content\/uploads\/2025\/07\/Leslie-Ricciardi-Uruguay-819x1024.jpg 819w, https:\/\/www.umorlagurahumorului.ro\/wp-content\/uploads\/2025\/07\/Leslie-Ricciardi-Uruguay-768x960.jpg 768w, https:\/\/www.umorlagurahumorului.ro\/wp-content\/uploads\/2025\/07\/Leslie-Ricciardi-Uruguay-1229x1536.jpg 1229w, https:\/\/www.umorlagurahumorului.ro\/wp-content\/uploads\/2025\/07\/Leslie-Ricciardi-Uruguay-400x500.jpg 400w, https:\/\/www.umorlagurahumorului.ro\/wp-content\/uploads\/2025\/07\/Leslie-Ricciardi-Uruguay.jpg 1638w\" sizes=\"auto, (max-width: 240px) 100vw, 240px\" \/><\/a>\n\t\t\t<\/dt>\n\t\t\t\t<dd class='wp-caption-text gallery-caption' id='gallery-23-10879'>\n\t\t\t\tLeslie Ricciardi &#8211; Uruguay\n\t\t\t\t<\/dd><\/dl><br style=\"clear: both\" \/><dl class='gallery-item'>\n\t\t\t<dt class='gallery-icon portrait'>\n\t\t\t\t<a href='https:\/\/www.umorlagurahumorului.ro\/wp-content\/uploads\/2025\/07\/Muammer-Kotbas-Turcia-Turkey.jpg'><img loading=\"lazy\" decoding=\"async\" width=\"218\" height=\"300\" src=\"https:\/\/www.umorlagurahumorului.ro\/wp-content\/uploads\/2025\/07\/Muammer-Kotbas-Turcia-Turkey-218x300.jpg\" class=\"attachment-medium size-medium\" alt=\"\" aria-describedby=\"gallery-23-10880\" srcset=\"https:\/\/www.umorlagurahumorului.ro\/wp-content\/uploads\/2025\/07\/Muammer-Kotbas-Turcia-Turkey-218x300.jpg 218w, https:\/\/www.umorlagurahumorului.ro\/wp-content\/uploads\/2025\/07\/Muammer-Kotbas-Turcia-Turkey-746x1024.jpg 746w, https:\/\/www.umorlagurahumorului.ro\/wp-content\/uploads\/2025\/07\/Muammer-Kotbas-Turcia-Turkey-768x1055.jpg 768w, https:\/\/www.umorlagurahumorului.ro\/wp-content\/uploads\/2025\/07\/Muammer-Kotbas-Turcia-Turkey-1118x1536.jpg 1118w, https:\/\/www.umorlagurahumorului.ro\/wp-content\/uploads\/2025\/07\/Muammer-Kotbas-Turcia-Turkey-400x549.jpg 400w, https:\/\/www.umorlagurahumorului.ro\/wp-content\/uploads\/2025\/07\/Muammer-Kotbas-Turcia-Turkey.jpg 1165w\" sizes=\"auto, (max-width: 218px) 100vw, 218px\" \/><\/a>\n\t\t\t<\/dt>\n\t\t\t\t<dd class='wp-caption-text gallery-caption' id='gallery-23-10880'>\n\t\t\t\tMuammer Kotba\u0219 &#8211; Turcia &#8211; Turkey\n\t\t\t\t<\/dd><\/dl><dl class='gallery-item'>\n\t\t\t<dt class='gallery-icon landscape'>\n\t\t\t\t<a href='https:\/\/www.umorlagurahumorului.ro\/wp-content\/uploads\/2025\/07\/NedaTanhaeimoghadam-Iran.jpg'><img loading=\"lazy\" decoding=\"async\" width=\"300\" height=\"212\" src=\"https:\/\/www.umorlagurahumorului.ro\/wp-content\/uploads\/2025\/07\/NedaTanhaeimoghadam-Iran-300x212.jpg\" class=\"attachment-medium size-medium\" alt=\"\" aria-describedby=\"gallery-23-10881\" srcset=\"https:\/\/www.umorlagurahumorului.ro\/wp-content\/uploads\/2025\/07\/NedaTanhaeimoghadam-Iran-300x212.jpg 300w, https:\/\/www.umorlagurahumorului.ro\/wp-content\/uploads\/2025\/07\/NedaTanhaeimoghadam-Iran-1024x724.jpg 1024w, https:\/\/www.umorlagurahumorului.ro\/wp-content\/uploads\/2025\/07\/NedaTanhaeimoghadam-Iran-768x543.jpg 768w, https:\/\/www.umorlagurahumorului.ro\/wp-content\/uploads\/2025\/07\/NedaTanhaeimoghadam-Iran-1536x1086.jpg 1536w, https:\/\/www.umorlagurahumorului.ro\/wp-content\/uploads\/2025\/07\/NedaTanhaeimoghadam-Iran-400x283.jpg 400w, https:\/\/www.umorlagurahumorului.ro\/wp-content\/uploads\/2025\/07\/NedaTanhaeimoghadam-Iran.jpg 2000w\" sizes=\"auto, (max-width: 300px) 100vw, 300px\" \/><\/a>\n\t\t\t<\/dt>\n\t\t\t\t<dd class='wp-caption-text gallery-caption' id='gallery-23-10881'>\n\t\t\t\tNeda Tanhaeimoghadam &#8211; Iran\n\t\t\t\t<\/dd><\/dl><dl class='gallery-item'>\n\t\t\t<dt class='gallery-icon portrait'>\n\t\t\t\t<a href='https:\/\/www.umorlagurahumorului.ro\/wp-content\/uploads\/2025\/07\/Seyran-Caferli-Azerbaijan.jpg'><img loading=\"lazy\" decoding=\"async\" width=\"212\" height=\"300\" src=\"https:\/\/www.umorlagurahumorului.ro\/wp-content\/uploads\/2025\/07\/Seyran-Caferli-Azerbaijan-212x300.jpg\" class=\"attachment-medium size-medium\" alt=\"\" aria-describedby=\"gallery-23-10882\" srcset=\"https:\/\/www.umorlagurahumorului.ro\/wp-content\/uploads\/2025\/07\/Seyran-Caferli-Azerbaijan-212x300.jpg 212w, https:\/\/www.umorlagurahumorului.ro\/wp-content\/uploads\/2025\/07\/Seyran-Caferli-Azerbaijan-725x1024.jpg 725w, https:\/\/www.umorlagurahumorului.ro\/wp-content\/uploads\/2025\/07\/Seyran-Caferli-Azerbaijan-768x1085.jpg 768w, https:\/\/www.umorlagurahumorului.ro\/wp-content\/uploads\/2025\/07\/Seyran-Caferli-Azerbaijan-1087x1536.jpg 1087w, https:\/\/www.umorlagurahumorului.ro\/wp-content\/uploads\/2025\/07\/Seyran-Caferli-Azerbaijan-400x565.jpg 400w, https:\/\/www.umorlagurahumorului.ro\/wp-content\/uploads\/2025\/07\/Seyran-Caferli-Azerbaijan.jpg 1449w\" sizes=\"auto, (max-width: 212px) 100vw, 212px\" \/><\/a>\n\t\t\t<\/dt>\n\t\t\t\t<dd class='wp-caption-text gallery-caption' id='gallery-23-10882'>\n\t\t\t\tSeyran Caferli &#8211; Azerbaijanpeg\n\t\t\t\t<\/dd><\/dl><br style=\"clear: both\" \/><dl class='gallery-item'>\n\t\t\t<dt class='gallery-icon landscape'>\n\t\t\t\t<a href='https:\/\/www.umorlagurahumorului.ro\/wp-content\/uploads\/2025\/07\/Valeriu-Kurtu-Germania-Germany.jpg'><img loading=\"lazy\" decoding=\"async\" width=\"300\" height=\"202\" src=\"https:\/\/www.umorlagurahumorului.ro\/wp-content\/uploads\/2025\/07\/Valeriu-Kurtu-Germania-Germany-300x202.jpg\" class=\"attachment-medium size-medium\" alt=\"\" aria-describedby=\"gallery-23-10883\" srcset=\"https:\/\/www.umorlagurahumorului.ro\/wp-content\/uploads\/2025\/07\/Valeriu-Kurtu-Germania-Germany-300x202.jpg 300w, https:\/\/www.umorlagurahumorului.ro\/wp-content\/uploads\/2025\/07\/Valeriu-Kurtu-Germania-Germany-1024x689.jpg 1024w, https:\/\/www.umorlagurahumorului.ro\/wp-content\/uploads\/2025\/07\/Valeriu-Kurtu-Germania-Germany-768x517.jpg 768w, https:\/\/www.umorlagurahumorului.ro\/wp-content\/uploads\/2025\/07\/Valeriu-Kurtu-Germania-Germany-1536x1034.jpg 1536w, https:\/\/www.umorlagurahumorului.ro\/wp-content\/uploads\/2025\/07\/Valeriu-Kurtu-Germania-Germany-400x269.jpg 400w, https:\/\/www.umorlagurahumorului.ro\/wp-content\/uploads\/2025\/07\/Valeriu-Kurtu-Germania-Germany.jpg 2048w\" sizes=\"auto, (max-width: 300px) 100vw, 300px\" \/><\/a>\n\t\t\t<\/dt>\n\t\t\t\t<dd class='wp-caption-text gallery-caption' id='gallery-23-10883'>\n\t\t\t\tValeriu Kurtu &#8211; Germania &#8211; Germany\n\t\t\t\t<\/dd><\/dl>\n\t\t\t<br style='clear: both' \/>\n\t\t<\/div>\n\n<div class=\"su-spacer\" style=\"height:20px\"><\/div>\n<hr>\n<h4>Children\u2019s Prizes<\/h4>\n\n\t\t<style type=\"text\/css\">\n\t\t\t#gallery-24 {\n\t\t\t\tmargin: auto;\n\t\t\t}\n\t\t\t#gallery-24 .gallery-item {\n\t\t\t\tfloat: left;\n\t\t\t\tmargin-top: 10px;\n\t\t\t\ttext-align: center;\n\t\t\t\twidth: 33%;\n\t\t\t}\n\t\t\t#gallery-24 img {\n\t\t\t\tborder: 2px solid #cfcfcf;\n\t\t\t}\n\t\t\t#gallery-24 .gallery-caption {\n\t\t\t\tmargin-left: 0;\n\t\t\t}\n\t\t\t\/* see gallery_shortcode() in wp-includes\/media.php *\/\n\t\t<\/style>\n\t\t<div id='gallery-24' class='gallery galleryid-10853 gallery-columns-3 gallery-size-medium'><dl class='gallery-item'>\n\t\t\t<dt class='gallery-icon portrait'>\n\t\t\t\t<a href='https:\/\/www.umorlagurahumorului.ro\/wp-content\/uploads\/2025\/07\/Premiul-1-Stepan-Zlokazov-Rusia-Russia.jpg'><img loading=\"lazy\" decoding=\"async\" width=\"212\" height=\"300\" src=\"https:\/\/www.umorlagurahumorului.ro\/wp-content\/uploads\/2025\/07\/Premiul-1-Stepan-Zlokazov-Rusia-Russia-212x300.jpg\" class=\"attachment-medium size-medium\" alt=\"\" aria-describedby=\"gallery-24-10888\" srcset=\"https:\/\/www.umorlagurahumorului.ro\/wp-content\/uploads\/2025\/07\/Premiul-1-Stepan-Zlokazov-Rusia-Russia-212x300.jpg 212w, https:\/\/www.umorlagurahumorului.ro\/wp-content\/uploads\/2025\/07\/Premiul-1-Stepan-Zlokazov-Rusia-Russia-724x1024.jpg 724w, https:\/\/www.umorlagurahumorului.ro\/wp-content\/uploads\/2025\/07\/Premiul-1-Stepan-Zlokazov-Rusia-Russia-768x1086.jpg 768w, https:\/\/www.umorlagurahumorului.ro\/wp-content\/uploads\/2025\/07\/Premiul-1-Stepan-Zlokazov-Rusia-Russia-400x566.jpg 400w, https:\/\/www.umorlagurahumorului.ro\/wp-content\/uploads\/2025\/07\/Premiul-1-Stepan-Zlokazov-Rusia-Russia.jpg 891w\" sizes=\"auto, (max-width: 212px) 100vw, 212px\" \/><\/a>\n\t\t\t<\/dt>\n\t\t\t\t<dd class='wp-caption-text gallery-caption' id='gallery-24-10888'>\n\t\t\t\tPremiul 1 &#8211; Stepan Zlokazov &#8211; Rusia &#8211; Russia\n\t\t\t\t<\/dd><\/dl><dl class='gallery-item'>\n\t\t\t<dt class='gallery-icon portrait'>\n\t\t\t\t<a href='https:\/\/www.umorlagurahumorului.ro\/wp-content\/uploads\/2025\/07\/Premiul-2-Zahra-Assarian-Iran.jpg'><img loading=\"lazy\" decoding=\"async\" width=\"200\" height=\"300\" src=\"https:\/\/www.umorlagurahumorului.ro\/wp-content\/uploads\/2025\/07\/Premiul-2-Zahra-Assarian-Iran-200x300.jpg\" class=\"attachment-medium size-medium\" alt=\"\" aria-describedby=\"gallery-24-10889\" srcset=\"https:\/\/www.umorlagurahumorului.ro\/wp-content\/uploads\/2025\/07\/Premiul-2-Zahra-Assarian-Iran-200x300.jpg 200w, https:\/\/www.umorlagurahumorului.ro\/wp-content\/uploads\/2025\/07\/Premiul-2-Zahra-Assarian-Iran-683x1024.jpg 683w, https:\/\/www.umorlagurahumorului.ro\/wp-content\/uploads\/2025\/07\/Premiul-2-Zahra-Assarian-Iran-768x1152.jpg 768w, https:\/\/www.umorlagurahumorului.ro\/wp-content\/uploads\/2025\/07\/Premiul-2-Zahra-Assarian-Iran-400x600.jpg 400w, https:\/\/www.umorlagurahumorului.ro\/wp-content\/uploads\/2025\/07\/Premiul-2-Zahra-Assarian-Iran.jpg 1024w\" sizes=\"auto, (max-width: 200px) 100vw, 200px\" \/><\/a>\n\t\t\t<\/dt>\n\t\t\t\t<dd class='wp-caption-text gallery-caption' id='gallery-24-10889'>\n\t\t\t\tPremiul 2 &#8211; Zahra Assarian &#8211; Iran\n\t\t\t\t<\/dd><\/dl><dl class='gallery-item'>\n\t\t\t<dt class='gallery-icon portrait'>\n\t\t\t\t<a href='https:\/\/www.umorlagurahumorului.ro\/wp-content\/uploads\/2025\/07\/Premiul-3-Hoda-Wesam-Khalil-Egipt-Egypt.jpg'><img loading=\"lazy\" decoding=\"async\" width=\"212\" height=\"300\" src=\"https:\/\/www.umorlagurahumorului.ro\/wp-content\/uploads\/2025\/07\/Premiul-3-Hoda-Wesam-Khalil-Egipt-Egypt-212x300.jpg\" class=\"attachment-medium size-medium\" alt=\"\" aria-describedby=\"gallery-24-10890\" srcset=\"https:\/\/www.umorlagurahumorului.ro\/wp-content\/uploads\/2025\/07\/Premiul-3-Hoda-Wesam-Khalil-Egipt-Egypt-212x300.jpg 212w, https:\/\/www.umorlagurahumorului.ro\/wp-content\/uploads\/2025\/07\/Premiul-3-Hoda-Wesam-Khalil-Egipt-Egypt-724x1024.jpg 724w, https:\/\/www.umorlagurahumorului.ro\/wp-content\/uploads\/2025\/07\/Premiul-3-Hoda-Wesam-Khalil-Egipt-Egypt-768x1086.jpg 768w, https:\/\/www.umorlagurahumorului.ro\/wp-content\/uploads\/2025\/07\/Premiul-3-Hoda-Wesam-Khalil-Egipt-Egypt-1086x1536.jpg 1086w, https:\/\/www.umorlagurahumorului.ro\/wp-content\/uploads\/2025\/07\/Premiul-3-Hoda-Wesam-Khalil-Egipt-Egypt-400x566.jpg 400w, https:\/\/www.umorlagurahumorului.ro\/wp-content\/uploads\/2025\/07\/Premiul-3-Hoda-Wesam-Khalil-Egipt-Egypt.jpg 1448w\" sizes=\"auto, (max-width: 212px) 100vw, 212px\" \/><\/a>\n\t\t\t<\/dt>\n\t\t\t\t<dd class='wp-caption-text gallery-caption' id='gallery-24-10890'>\n\t\t\t\tPremiul 3 -Hoda Wesam Khalil &#8211; Egipt &#8211; Egypt\n\t\t\t\t<\/dd><\/dl><br style=\"clear: both\" \/><dl class='gallery-item'>\n\t\t\t<dt class='gallery-icon landscape'>\n\t\t\t\t<a href='https:\/\/www.umorlagurahumorului.ro\/wp-content\/uploads\/2025\/07\/Mentiunea-1-Maya-Khalil-Belgia-Belgium.jpg'><img loading=\"lazy\" decoding=\"async\" width=\"300\" height=\"217\" src=\"https:\/\/www.umorlagurahumorului.ro\/wp-content\/uploads\/2025\/07\/Mentiunea-1-Maya-Khalil-Belgia-Belgium-300x217.jpg\" class=\"attachment-medium size-medium\" alt=\"\" aria-describedby=\"gallery-24-10885\" srcset=\"https:\/\/www.umorlagurahumorului.ro\/wp-content\/uploads\/2025\/07\/Mentiunea-1-Maya-Khalil-Belgia-Belgium-300x217.jpg 300w, https:\/\/www.umorlagurahumorului.ro\/wp-content\/uploads\/2025\/07\/Mentiunea-1-Maya-Khalil-Belgia-Belgium-1024x742.jpg 1024w, https:\/\/www.umorlagurahumorului.ro\/wp-content\/uploads\/2025\/07\/Mentiunea-1-Maya-Khalil-Belgia-Belgium-768x556.jpg 768w, https:\/\/www.umorlagurahumorului.ro\/wp-content\/uploads\/2025\/07\/Mentiunea-1-Maya-Khalil-Belgia-Belgium-1536x1112.jpg 1536w, https:\/\/www.umorlagurahumorului.ro\/wp-content\/uploads\/2025\/07\/Mentiunea-1-Maya-Khalil-Belgia-Belgium-400x290.jpg 400w, https:\/\/www.umorlagurahumorului.ro\/wp-content\/uploads\/2025\/07\/Mentiunea-1-Maya-Khalil-Belgia-Belgium.jpg 2048w\" sizes=\"auto, (max-width: 300px) 100vw, 300px\" \/><\/a>\n\t\t\t<\/dt>\n\t\t\t\t<dd class='wp-caption-text gallery-caption' id='gallery-24-10885'>\n\t\t\t\tMen\u021biunea 1 &#8211; Maya Khalil &#8211; Belgia &#8211; Belgium\n\t\t\t\t<\/dd><\/dl><dl class='gallery-item'>\n\t\t\t<dt class='gallery-icon portrait'>\n\t\t\t\t<a href='https:\/\/www.umorlagurahumorului.ro\/wp-content\/uploads\/2025\/07\/Mentiunea-1-Nayla-Enjelita-Indonezia-Indonesia.jpg'><img loading=\"lazy\" decoding=\"async\" width=\"200\" height=\"300\" src=\"https:\/\/www.umorlagurahumorului.ro\/wp-content\/uploads\/2025\/07\/Mentiunea-1-Nayla-Enjelita-Indonezia-Indonesia-200x300.jpg\" class=\"attachment-medium size-medium\" alt=\"\" aria-describedby=\"gallery-24-10886\" srcset=\"https:\/\/www.umorlagurahumorului.ro\/wp-content\/uploads\/2025\/07\/Mentiunea-1-Nayla-Enjelita-Indonezia-Indonesia-200x300.jpg 200w, https:\/\/www.umorlagurahumorului.ro\/wp-content\/uploads\/2025\/07\/Mentiunea-1-Nayla-Enjelita-Indonezia-Indonesia-683x1024.jpg 683w, https:\/\/www.umorlagurahumorului.ro\/wp-content\/uploads\/2025\/07\/Mentiunea-1-Nayla-Enjelita-Indonezia-Indonesia-768x1152.jpg 768w, https:\/\/www.umorlagurahumorului.ro\/wp-content\/uploads\/2025\/07\/Mentiunea-1-Nayla-Enjelita-Indonezia-Indonesia-400x600.jpg 400w, https:\/\/www.umorlagurahumorului.ro\/wp-content\/uploads\/2025\/07\/Mentiunea-1-Nayla-Enjelita-Indonezia-Indonesia.jpg 1024w\" sizes=\"auto, (max-width: 200px) 100vw, 200px\" \/><\/a>\n\t\t\t<\/dt>\n\t\t\t\t<dd class='wp-caption-text gallery-caption' id='gallery-24-10886'>\n\t\t\t\tMen\u021biunea 1 &#8211; Nayla Enjelita &#8211; Indonezia &#8211; Indonesia\n\t\t\t\t<\/dd><\/dl><dl class='gallery-item'>\n\t\t\t<dt class='gallery-icon landscape'>\n\t\t\t\t<a href='https:\/\/www.umorlagurahumorului.ro\/wp-content\/uploads\/2025\/07\/Mentiunea-2-Igor-Ivoilov-Rusia-Russia.jpg'><img loading=\"lazy\" decoding=\"async\" width=\"300\" height=\"225\" src=\"https:\/\/www.umorlagurahumorului.ro\/wp-content\/uploads\/2025\/07\/Mentiunea-2-Igor-Ivoilov-Rusia-Russia-300x225.jpg\" class=\"attachment-medium size-medium\" alt=\"\" aria-describedby=\"gallery-24-10891\" srcset=\"https:\/\/www.umorlagurahumorului.ro\/wp-content\/uploads\/2025\/07\/Mentiunea-2-Igor-Ivoilov-Rusia-Russia-300x225.jpg 300w, https:\/\/www.umorlagurahumorului.ro\/wp-content\/uploads\/2025\/07\/Mentiunea-2-Igor-Ivoilov-Rusia-Russia-1024x768.jpg 1024w, https:\/\/www.umorlagurahumorului.ro\/wp-content\/uploads\/2025\/07\/Mentiunea-2-Igor-Ivoilov-Rusia-Russia-768x576.jpg 768w, https:\/\/www.umorlagurahumorului.ro\/wp-content\/uploads\/2025\/07\/Mentiunea-2-Igor-Ivoilov-Rusia-Russia-1536x1152.jpg 1536w, https:\/\/www.umorlagurahumorului.ro\/wp-content\/uploads\/2025\/07\/Mentiunea-2-Igor-Ivoilov-Rusia-Russia-400x300.jpg 400w, https:\/\/www.umorlagurahumorului.ro\/wp-content\/uploads\/2025\/07\/Mentiunea-2-Igor-Ivoilov-Rusia-Russia.jpg 2048w\" sizes=\"auto, (max-width: 300px) 100vw, 300px\" \/><\/a>\n\t\t\t<\/dt>\n\t\t\t\t<dd class='wp-caption-text gallery-caption' id='gallery-24-10891'>\n\t\t\t\tMen\u021biunea 2 &#8211; Igor Ivoilov &#8211; Rusia &#8211; Russia\n\t\t\t\t<\/dd><\/dl><br style=\"clear: both\" \/><dl class='gallery-item'>\n\t\t\t<dt class='gallery-icon landscape'>\n\t\t\t\t<a href='https:\/\/www.umorlagurahumorului.ro\/wp-content\/uploads\/2025\/07\/Mentiunea-3-Eva-Sipulina-Rusia-Russia.jpg'><img loading=\"lazy\" decoding=\"async\" width=\"300\" height=\"205\" src=\"https:\/\/www.umorlagurahumorului.ro\/wp-content\/uploads\/2025\/07\/Mentiunea-3-Eva-Sipulina-Rusia-Russia-300x205.jpg\" class=\"attachment-medium size-medium\" alt=\"\" aria-describedby=\"gallery-24-10887\" srcset=\"https:\/\/www.umorlagurahumorului.ro\/wp-content\/uploads\/2025\/07\/Mentiunea-3-Eva-Sipulina-Rusia-Russia-300x205.jpg 300w, https:\/\/www.umorlagurahumorului.ro\/wp-content\/uploads\/2025\/07\/Mentiunea-3-Eva-Sipulina-Rusia-Russia-1024x701.jpg 1024w, https:\/\/www.umorlagurahumorului.ro\/wp-content\/uploads\/2025\/07\/Mentiunea-3-Eva-Sipulina-Rusia-Russia-768x526.jpg 768w, https:\/\/www.umorlagurahumorului.ro\/wp-content\/uploads\/2025\/07\/Mentiunea-3-Eva-Sipulina-Rusia-Russia-1536x1052.jpg 1536w, https:\/\/www.umorlagurahumorului.ro\/wp-content\/uploads\/2025\/07\/Mentiunea-3-Eva-Sipulina-Rusia-Russia-400x274.jpg 400w, https:\/\/www.umorlagurahumorului.ro\/wp-content\/uploads\/2025\/07\/Mentiunea-3-Eva-Sipulina-Rusia-Russia.jpg 2048w\" sizes=\"auto, (max-width: 300px) 100vw, 300px\" \/><\/a>\n\t\t\t<\/dt>\n\t\t\t\t<dd class='wp-caption-text gallery-caption' id='gallery-24-10887'>\n\t\t\t\tMen\u021biunea 3 &#8211; Eva Sipulina &#8211; Rusia &#8211; Russia\n\t\t\t\t<\/dd><\/dl>\n\t\t\t<br style='clear: both' \/>\n\t\t<\/div>\n\n<div class=\"su-spacer\" style=\"height:20px\"><\/div>\n<hr>\n<h4>1st Prize &#8211; Raed Khalil &#8211; Belgia &#8211; Belgium<\/h4>\n\n\t\t<style type=\"text\/css\">\n\t\t\t#gallery-25 {\n\t\t\t\tmargin: auto;\n\t\t\t}\n\t\t\t#gallery-25 .gallery-item {\n\t\t\t\tfloat: left;\n\t\t\t\tmargin-top: 10px;\n\t\t\t\ttext-align: center;\n\t\t\t\twidth: 50%;\n\t\t\t}\n\t\t\t#gallery-25 img {\n\t\t\t\tborder: 2px solid #cfcfcf;\n\t\t\t}\n\t\t\t#gallery-25 .gallery-caption {\n\t\t\t\tmargin-left: 0;\n\t\t\t}\n\t\t\t\/* see gallery_shortcode() in wp-includes\/media.php *\/\n\t\t<\/style>\n\t\t<div id='gallery-25' class='gallery galleryid-10853 gallery-columns-2 gallery-size-large'><dl class='gallery-item'>\n\t\t\t<dt class='gallery-icon landscape'>\n\t\t\t\t<a href='https:\/\/www.umorlagurahumorului.ro\/wp-content\/uploads\/2025\/07\/RAED-KHALIL-SYRIA_2.jpg'><img loading=\"lazy\" decoding=\"async\" width=\"938\" height=\"680\" src=\"https:\/\/www.umorlagurahumorului.ro\/wp-content\/uploads\/2025\/07\/RAED-KHALIL-SYRIA_2-1024x742.jpg\" class=\"attachment-large size-large\" alt=\"\" srcset=\"https:\/\/www.umorlagurahumorului.ro\/wp-content\/uploads\/2025\/07\/RAED-KHALIL-SYRIA_2-1024x742.jpg 1024w, https:\/\/www.umorlagurahumorului.ro\/wp-content\/uploads\/2025\/07\/RAED-KHALIL-SYRIA_2-300x217.jpg 300w, https:\/\/www.umorlagurahumorului.ro\/wp-content\/uploads\/2025\/07\/RAED-KHALIL-SYRIA_2-768x556.jpg 768w, https:\/\/www.umorlagurahumorului.ro\/wp-content\/uploads\/2025\/07\/RAED-KHALIL-SYRIA_2-1536x1112.jpg 1536w, https:\/\/www.umorlagurahumorului.ro\/wp-content\/uploads\/2025\/07\/RAED-KHALIL-SYRIA_2-400x290.jpg 400w, https:\/\/www.umorlagurahumorului.ro\/wp-content\/uploads\/2025\/07\/RAED-KHALIL-SYRIA_2.jpg 2048w\" sizes=\"auto, (max-width: 938px) 100vw, 938px\" \/><\/a>\n\t\t\t<\/dt><\/dl><dl class='gallery-item'>\n\t\t\t<dt class='gallery-icon landscape'>\n\t\t\t\t<a href='https:\/\/www.umorlagurahumorului.ro\/wp-content\/uploads\/2025\/07\/RAED-KHALIL-SYRIA-1.jpg'><img loading=\"lazy\" decoding=\"async\" width=\"938\" height=\"657\" src=\"https:\/\/www.umorlagurahumorului.ro\/wp-content\/uploads\/2025\/07\/RAED-KHALIL-SYRIA-1-1024x717.jpg\" class=\"attachment-large size-large\" alt=\"\" srcset=\"https:\/\/www.umorlagurahumorului.ro\/wp-content\/uploads\/2025\/07\/RAED-KHALIL-SYRIA-1-1024x717.jpg 1024w, https:\/\/www.umorlagurahumorului.ro\/wp-content\/uploads\/2025\/07\/RAED-KHALIL-SYRIA-1-300x210.jpg 300w, https:\/\/www.umorlagurahumorului.ro\/wp-content\/uploads\/2025\/07\/RAED-KHALIL-SYRIA-1-768x538.jpg 768w, https:\/\/www.umorlagurahumorului.ro\/wp-content\/uploads\/2025\/07\/RAED-KHALIL-SYRIA-1-1536x1076.jpg 1536w, https:\/\/www.umorlagurahumorului.ro\/wp-content\/uploads\/2025\/07\/RAED-KHALIL-SYRIA-1-400x280.jpg 400w, https:\/\/www.umorlagurahumorului.ro\/wp-content\/uploads\/2025\/07\/RAED-KHALIL-SYRIA-1.jpg 2048w\" sizes=\"auto, (max-width: 938px) 100vw, 938px\" \/><\/a>\n\t\t\t<\/dt><\/dl><br style=\"clear: both\" \/>\n\t\t<\/div>\n\n<div class=\"su-spacer\" style=\"height:20px\"><\/div>\n<hr>\n<h4>2nd Prize &#8211; Gelu Pascal &#8211; Rom\u00e2nia &#8211; Romania<\/h4>\n\n\t\t<style type=\"text\/css\">\n\t\t\t#gallery-26 {\n\t\t\t\tmargin: auto;\n\t\t\t}\n\t\t\t#gallery-26 .gallery-item {\n\t\t\t\tfloat: left;\n\t\t\t\tmargin-top: 10px;\n\t\t\t\ttext-align: center;\n\t\t\t\twidth: 50%;\n\t\t\t}\n\t\t\t#gallery-26 img {\n\t\t\t\tborder: 2px solid #cfcfcf;\n\t\t\t}\n\t\t\t#gallery-26 .gallery-caption {\n\t\t\t\tmargin-left: 0;\n\t\t\t}\n\t\t\t\/* see gallery_shortcode() in wp-includes\/media.php *\/\n\t\t<\/style>\n\t\t<div id='gallery-26' class='gallery galleryid-10853 gallery-columns-2 gallery-size-large'><dl class='gallery-item'>\n\t\t\t<dt class='gallery-icon landscape'>\n\t\t\t\t<a href='https:\/\/www.umorlagurahumorului.ro\/wp-content\/uploads\/2025\/07\/Ultima-alegere.jpg'><img loading=\"lazy\" decoding=\"async\" width=\"938\" height=\"665\" src=\"https:\/\/www.umorlagurahumorului.ro\/wp-content\/uploads\/2025\/07\/Ultima-alegere-1024x726.jpg\" class=\"attachment-large size-large\" alt=\"\" srcset=\"https:\/\/www.umorlagurahumorului.ro\/wp-content\/uploads\/2025\/07\/Ultima-alegere-1024x726.jpg 1024w, https:\/\/www.umorlagurahumorului.ro\/wp-content\/uploads\/2025\/07\/Ultima-alegere-300x213.jpg 300w, https:\/\/www.umorlagurahumorului.ro\/wp-content\/uploads\/2025\/07\/Ultima-alegere-768x545.jpg 768w, https:\/\/www.umorlagurahumorului.ro\/wp-content\/uploads\/2025\/07\/Ultima-alegere-1536x1089.jpg 1536w, https:\/\/www.umorlagurahumorului.ro\/wp-content\/uploads\/2025\/07\/Ultima-alegere-400x284.jpg 400w, https:\/\/www.umorlagurahumorului.ro\/wp-content\/uploads\/2025\/07\/Ultima-alegere.jpg 2048w\" sizes=\"auto, (max-width: 938px) 100vw, 938px\" \/><\/a>\n\t\t\t<\/dt><\/dl><dl class='gallery-item'>\n\t\t\t<dt class='gallery-icon portrait'>\n\t\t\t\t<a href='https:\/\/www.umorlagurahumorului.ro\/wp-content\/uploads\/2025\/07\/Optiuni.jpg'><img loading=\"lazy\" decoding=\"async\" width=\"726\" height=\"1024\" src=\"https:\/\/www.umorlagurahumorului.ro\/wp-content\/uploads\/2025\/07\/Optiuni-726x1024.jpg\" class=\"attachment-large size-large\" alt=\"\" srcset=\"https:\/\/www.umorlagurahumorului.ro\/wp-content\/uploads\/2025\/07\/Optiuni-726x1024.jpg 726w, https:\/\/www.umorlagurahumorului.ro\/wp-content\/uploads\/2025\/07\/Optiuni-213x300.jpg 213w, https:\/\/www.umorlagurahumorului.ro\/wp-content\/uploads\/2025\/07\/Optiuni-768x1083.jpg 768w, https:\/\/www.umorlagurahumorului.ro\/wp-content\/uploads\/2025\/07\/Optiuni-1089x1536.jpg 1089w, https:\/\/www.umorlagurahumorului.ro\/wp-content\/uploads\/2025\/07\/Optiuni-400x564.jpg 400w, https:\/\/www.umorlagurahumorului.ro\/wp-content\/uploads\/2025\/07\/Optiuni.jpg 1452w\" sizes=\"auto, (max-width: 726px) 100vw, 726px\" \/><\/a>\n\t\t\t<\/dt><\/dl><br style=\"clear: both\" \/>\n\t\t<\/div>\n\n<div class=\"su-spacer\" style=\"height:20px\"><\/div>\n<hr>\n<h4>3rd Prize &#8211; Liviu St\u0103nil\u0103 &#8211; Rom\u00e2nia &#8211; Romania<\/h4>\n\n\t\t<style type=\"text\/css\">\n\t\t\t#gallery-27 {\n\t\t\t\tmargin: auto;\n\t\t\t}\n\t\t\t#gallery-27 .gallery-item {\n\t\t\t\tfloat: left;\n\t\t\t\tmargin-top: 10px;\n\t\t\t\ttext-align: center;\n\t\t\t\twidth: 50%;\n\t\t\t}\n\t\t\t#gallery-27 img {\n\t\t\t\tborder: 2px solid #cfcfcf;\n\t\t\t}\n\t\t\t#gallery-27 .gallery-caption {\n\t\t\t\tmargin-left: 0;\n\t\t\t}\n\t\t\t\/* see gallery_shortcode() in wp-includes\/media.php *\/\n\t\t<\/style>\n\t\t<div id='gallery-27' class='gallery galleryid-10853 gallery-columns-2 gallery-size-large'><dl class='gallery-item'>\n\t\t\t<dt class='gallery-icon landscape'>\n\t\t\t\t<a href='https:\/\/www.umorlagurahumorului.ro\/wp-content\/uploads\/2025\/07\/35000-euro-residence.jpg'><img loading=\"lazy\" decoding=\"async\" width=\"938\" height=\"663\" src=\"https:\/\/www.umorlagurahumorului.ro\/wp-content\/uploads\/2025\/07\/35000-euro-residence-1024x724.jpg\" class=\"attachment-large size-large\" alt=\"\" srcset=\"https:\/\/www.umorlagurahumorului.ro\/wp-content\/uploads\/2025\/07\/35000-euro-residence-1024x724.jpg 1024w, https:\/\/www.umorlagurahumorului.ro\/wp-content\/uploads\/2025\/07\/35000-euro-residence-300x212.jpg 300w, https:\/\/www.umorlagurahumorului.ro\/wp-content\/uploads\/2025\/07\/35000-euro-residence-768x543.jpg 768w, https:\/\/www.umorlagurahumorului.ro\/wp-content\/uploads\/2025\/07\/35000-euro-residence-1536x1086.jpg 1536w, https:\/\/www.umorlagurahumorului.ro\/wp-content\/uploads\/2025\/07\/35000-euro-residence-400x283.jpg 400w, https:\/\/www.umorlagurahumorului.ro\/wp-content\/uploads\/2025\/07\/35000-euro-residence.jpg 2048w\" sizes=\"auto, (max-width: 938px) 100vw, 938px\" \/><\/a>\n\t\t\t<\/dt><\/dl><dl class='gallery-item'>\n\t\t\t<dt class='gallery-icon landscape'>\n\t\t\t\t<a href='https:\/\/www.umorlagurahumorului.ro\/wp-content\/uploads\/2025\/07\/wine-choice414.jpg'><img loading=\"lazy\" decoding=\"async\" width=\"938\" height=\"671\" src=\"https:\/\/www.umorlagurahumorului.ro\/wp-content\/uploads\/2025\/07\/wine-choice414-1024x732.jpg\" class=\"attachment-large size-large\" alt=\"\" srcset=\"https:\/\/www.umorlagurahumorului.ro\/wp-content\/uploads\/2025\/07\/wine-choice414-1024x732.jpg 1024w, https:\/\/www.umorlagurahumorului.ro\/wp-content\/uploads\/2025\/07\/wine-choice414-300x214.jpg 300w, https:\/\/www.umorlagurahumorului.ro\/wp-content\/uploads\/2025\/07\/wine-choice414-768x549.jpg 768w, https:\/\/www.umorlagurahumorului.ro\/wp-content\/uploads\/2025\/07\/wine-choice414-1536x1097.jpg 1536w, https:\/\/www.umorlagurahumorului.ro\/wp-content\/uploads\/2025\/07\/wine-choice414-400x286.jpg 400w, https:\/\/www.umorlagurahumorului.ro\/wp-content\/uploads\/2025\/07\/wine-choice414.jpg 2048w\" sizes=\"auto, (max-width: 938px) 100vw, 938px\" \/><\/a>\n\t\t\t<\/dt><\/dl><br style=\"clear: both\" \/>\n\t\t<\/div>\n\n<div class=\"su-spacer\" style=\"height:20px\"><\/div>\n<hr>\n<h4>George Gavrilean Prize &#8211; Hamid Soufi &#8211; Iran<\/h4>\n\n\t\t<style type=\"text\/css\">\n\t\t\t#gallery-28 {\n\t\t\t\tmargin: auto;\n\t\t\t}\n\t\t\t#gallery-28 .gallery-item {\n\t\t\t\tfloat: left;\n\t\t\t\tmargin-top: 10px;\n\t\t\t\ttext-align: center;\n\t\t\t\twidth: 50%;\n\t\t\t}\n\t\t\t#gallery-28 img {\n\t\t\t\tborder: 2px solid #cfcfcf;\n\t\t\t}\n\t\t\t#gallery-28 .gallery-caption {\n\t\t\t\tmargin-left: 0;\n\t\t\t}\n\t\t\t\/* see gallery_shortcode() in wp-includes\/media.php *\/\n\t\t<\/style>\n\t\t<div id='gallery-28' class='gallery galleryid-10853 gallery-columns-2 gallery-size-large'><dl class='gallery-item'>\n\t\t\t<dt class='gallery-icon landscape'>\n\t\t\t\t<a href='https:\/\/www.umorlagurahumorului.ro\/wp-content\/uploads\/2025\/07\/1.jpg'><img loading=\"lazy\" decoding=\"async\" width=\"938\" height=\"663\" src=\"https:\/\/www.umorlagurahumorului.ro\/wp-content\/uploads\/2025\/07\/1-1024x724.jpg\" class=\"attachment-large size-large\" alt=\"\" srcset=\"https:\/\/www.umorlagurahumorului.ro\/wp-content\/uploads\/2025\/07\/1-1024x724.jpg 1024w, https:\/\/www.umorlagurahumorului.ro\/wp-content\/uploads\/2025\/07\/1-300x212.jpg 300w, https:\/\/www.umorlagurahumorului.ro\/wp-content\/uploads\/2025\/07\/1-768x543.jpg 768w, https:\/\/www.umorlagurahumorului.ro\/wp-content\/uploads\/2025\/07\/1-1536x1086.jpg 1536w, https:\/\/www.umorlagurahumorului.ro\/wp-content\/uploads\/2025\/07\/1-400x283.jpg 400w, https:\/\/www.umorlagurahumorului.ro\/wp-content\/uploads\/2025\/07\/1.jpg 2048w\" sizes=\"auto, (max-width: 938px) 100vw, 938px\" \/><\/a>\n\t\t\t<\/dt><\/dl><dl class='gallery-item'>\n\t\t\t<dt class='gallery-icon portrait'>\n\t\t\t\t<a href='https:\/\/www.umorlagurahumorului.ro\/wp-content\/uploads\/2025\/07\/hamid7.jpg'><img loading=\"lazy\" decoding=\"async\" width=\"724\" height=\"1024\" src=\"https:\/\/www.umorlagurahumorului.ro\/wp-content\/uploads\/2025\/07\/hamid7-724x1024.jpg\" class=\"attachment-large size-large\" alt=\"\" srcset=\"https:\/\/www.umorlagurahumorului.ro\/wp-content\/uploads\/2025\/07\/hamid7-724x1024.jpg 724w, https:\/\/www.umorlagurahumorului.ro\/wp-content\/uploads\/2025\/07\/hamid7-212x300.jpg 212w, https:\/\/www.umorlagurahumorului.ro\/wp-content\/uploads\/2025\/07\/hamid7-768x1086.jpg 768w, https:\/\/www.umorlagurahumorului.ro\/wp-content\/uploads\/2025\/07\/hamid7-1086x1536.jpg 1086w, https:\/\/www.umorlagurahumorului.ro\/wp-content\/uploads\/2025\/07\/hamid7-400x566.jpg 400w, https:\/\/www.umorlagurahumorului.ro\/wp-content\/uploads\/2025\/07\/hamid7.jpg 1448w\" sizes=\"auto, (max-width: 724px) 100vw, 724px\" \/><\/a>\n\t\t\t<\/dt><\/dl><br style=\"clear: both\" \/>\n\t\t<\/div>\n\n<div class=\"su-spacer\" style=\"height:20px\"><\/div>\n<hr>\n<h4>Viorel Corodescu COV Prize &#8211; Lucian Sergiu F\u0103rc\u0103\u0219anu &#8211; Rom\u00e2nia &#8211; Romania<\/h4>\n\n\t\t<style type=\"text\/css\">\n\t\t\t#gallery-29 {\n\t\t\t\tmargin: auto;\n\t\t\t}\n\t\t\t#gallery-29 .gallery-item {\n\t\t\t\tfloat: left;\n\t\t\t\tmargin-top: 10px;\n\t\t\t\ttext-align: center;\n\t\t\t\twidth: 50%;\n\t\t\t}\n\t\t\t#gallery-29 img {\n\t\t\t\tborder: 2px solid #cfcfcf;\n\t\t\t}\n\t\t\t#gallery-29 .gallery-caption {\n\t\t\t\tmargin-left: 0;\n\t\t\t}\n\t\t\t\/* see gallery_shortcode() in wp-includes\/media.php *\/\n\t\t<\/style>\n\t\t<div id='gallery-29' class='gallery galleryid-10853 gallery-columns-2 gallery-size-large'><dl class='gallery-item'>\n\t\t\t<dt class='gallery-icon portrait'>\n\t\t\t\t<a href='https:\/\/www.umorlagurahumorului.ro\/wp-content\/uploads\/2025\/07\/Farcasanu_Sergiu_Romania_01_Partea-plina.jpg'><img loading=\"lazy\" decoding=\"async\" width=\"724\" height=\"1024\" src=\"https:\/\/www.umorlagurahumorului.ro\/wp-content\/uploads\/2025\/07\/Farcasanu_Sergiu_Romania_01_Partea-plina-724x1024.jpg\" class=\"attachment-large size-large\" alt=\"\" srcset=\"https:\/\/www.umorlagurahumorului.ro\/wp-content\/uploads\/2025\/07\/Farcasanu_Sergiu_Romania_01_Partea-plina-724x1024.jpg 724w, https:\/\/www.umorlagurahumorului.ro\/wp-content\/uploads\/2025\/07\/Farcasanu_Sergiu_Romania_01_Partea-plina-212x300.jpg 212w, https:\/\/www.umorlagurahumorului.ro\/wp-content\/uploads\/2025\/07\/Farcasanu_Sergiu_Romania_01_Partea-plina-768x1086.jpg 768w, https:\/\/www.umorlagurahumorului.ro\/wp-content\/uploads\/2025\/07\/Farcasanu_Sergiu_Romania_01_Partea-plina-1086x1536.jpg 1086w, https:\/\/www.umorlagurahumorului.ro\/wp-content\/uploads\/2025\/07\/Farcasanu_Sergiu_Romania_01_Partea-plina-400x566.jpg 400w, https:\/\/www.umorlagurahumorului.ro\/wp-content\/uploads\/2025\/07\/Farcasanu_Sergiu_Romania_01_Partea-plina.jpg 1240w\" sizes=\"auto, (max-width: 724px) 100vw, 724px\" \/><\/a>\n\t\t\t<\/dt><\/dl><dl class='gallery-item'>\n\t\t\t<dt class='gallery-icon portrait'>\n\t\t\t\t<a href='https:\/\/www.umorlagurahumorului.ro\/wp-content\/uploads\/2025\/07\/Farcasanu_Sergiu_Romania_02_Capcaun.jpg'><img loading=\"lazy\" decoding=\"async\" width=\"724\" height=\"1024\" src=\"https:\/\/www.umorlagurahumorului.ro\/wp-content\/uploads\/2025\/07\/Farcasanu_Sergiu_Romania_02_Capcaun-724x1024.jpg\" class=\"attachment-large size-large\" alt=\"\" srcset=\"https:\/\/www.umorlagurahumorului.ro\/wp-content\/uploads\/2025\/07\/Farcasanu_Sergiu_Romania_02_Capcaun-724x1024.jpg 724w, https:\/\/www.umorlagurahumorului.ro\/wp-content\/uploads\/2025\/07\/Farcasanu_Sergiu_Romania_02_Capcaun-212x300.jpg 212w, https:\/\/www.umorlagurahumorului.ro\/wp-content\/uploads\/2025\/07\/Farcasanu_Sergiu_Romania_02_Capcaun-768x1086.jpg 768w, https:\/\/www.umorlagurahumorului.ro\/wp-content\/uploads\/2025\/07\/Farcasanu_Sergiu_Romania_02_Capcaun-1086x1536.jpg 1086w, https:\/\/www.umorlagurahumorului.ro\/wp-content\/uploads\/2025\/07\/Farcasanu_Sergiu_Romania_02_Capcaun-400x566.jpg 400w, https:\/\/www.umorlagurahumorului.ro\/wp-content\/uploads\/2025\/07\/Farcasanu_Sergiu_Romania_02_Capcaun.jpg 1240w\" sizes=\"auto, (max-width: 724px) 100vw, 724px\" \/><\/a>\n\t\t\t<\/dt><\/dl><br style=\"clear: both\" \/>\n\t\t<\/div>\n\n<div class=\"su-spacer\" style=\"height:20px\"><\/div>\n<hr>\n<h4>Menttions<\/h4>\n\n\t\t<style type=\"text\/css\">\n\t\t\t#gallery-30 {\n\t\t\t\tmargin: auto;\n\t\t\t}\n\t\t\t#gallery-30 .gallery-item {\n\t\t\t\tfloat: left;\n\t\t\t\tmargin-top: 10px;\n\t\t\t\ttext-align: center;\n\t\t\t\twidth: 33%;\n\t\t\t}\n\t\t\t#gallery-30 img {\n\t\t\t\tborder: 2px solid #cfcfcf;\n\t\t\t}\n\t\t\t#gallery-30 .gallery-caption {\n\t\t\t\tmargin-left: 0;\n\t\t\t}\n\t\t\t\/* see gallery_shortcode() in wp-includes\/media.php *\/\n\t\t<\/style>\n\t\t<div id='gallery-30' class='gallery galleryid-10853 gallery-columns-3 gallery-size-medium'><dl class='gallery-item'>\n\t\t\t<dt class='gallery-icon portrait'>\n\t\t\t\t<a href='https:\/\/www.umorlagurahumorului.ro\/wp-content\/uploads\/2025\/07\/Mentiunea-1-Ramon-Diaz-Yanes-Cuba.jpg'><img loading=\"lazy\" decoding=\"async\" width=\"212\" height=\"300\" src=\"https:\/\/www.umorlagurahumorului.ro\/wp-content\/uploads\/2025\/07\/Mentiunea-1-Ramon-Diaz-Yanes-Cuba-212x300.jpg\" class=\"attachment-medium size-medium\" alt=\"\" aria-describedby=\"gallery-30-10869\" srcset=\"https:\/\/www.umorlagurahumorului.ro\/wp-content\/uploads\/2025\/07\/Mentiunea-1-Ramon-Diaz-Yanes-Cuba-212x300.jpg 212w, https:\/\/www.umorlagurahumorului.ro\/wp-content\/uploads\/2025\/07\/Mentiunea-1-Ramon-Diaz-Yanes-Cuba-724x1024.jpg 724w, https:\/\/www.umorlagurahumorului.ro\/wp-content\/uploads\/2025\/07\/Mentiunea-1-Ramon-Diaz-Yanes-Cuba-768x1086.jpg 768w, https:\/\/www.umorlagurahumorului.ro\/wp-content\/uploads\/2025\/07\/Mentiunea-1-Ramon-Diaz-Yanes-Cuba-1086x1536.jpg 1086w, https:\/\/www.umorlagurahumorului.ro\/wp-content\/uploads\/2025\/07\/Mentiunea-1-Ramon-Diaz-Yanes-Cuba-400x566.jpg 400w, https:\/\/www.umorlagurahumorului.ro\/wp-content\/uploads\/2025\/07\/Mentiunea-1-Ramon-Diaz-Yanes-Cuba.jpg 1448w\" sizes=\"auto, (max-width: 212px) 100vw, 212px\" \/><\/a>\n\t\t\t<\/dt>\n\t\t\t\t<dd class='wp-caption-text gallery-caption' id='gallery-30-10869'>\n\t\t\t\tMen\u021biunea 1 &#8211; Ram\u00f3n D\u00edaz Yanes &#8211; Cuba\n\t\t\t\t<\/dd><\/dl><dl class='gallery-item'>\n\t\t\t<dt class='gallery-icon landscape'>\n\t\t\t\t<a href='https:\/\/www.umorlagurahumorului.ro\/wp-content\/uploads\/2025\/07\/Mentiunea-2-Horia-Crisan-Romania-Romania.jpg'><img loading=\"lazy\" decoding=\"async\" width=\"300\" height=\"212\" src=\"https:\/\/www.umorlagurahumorului.ro\/wp-content\/uploads\/2025\/07\/Mentiunea-2-Horia-Crisan-Romania-Romania-300x212.jpg\" class=\"attachment-medium size-medium\" alt=\"\" aria-describedby=\"gallery-30-10870\" srcset=\"https:\/\/www.umorlagurahumorului.ro\/wp-content\/uploads\/2025\/07\/Mentiunea-2-Horia-Crisan-Romania-Romania-300x212.jpg 300w, https:\/\/www.umorlagurahumorului.ro\/wp-content\/uploads\/2025\/07\/Mentiunea-2-Horia-Crisan-Romania-Romania-1024x725.jpg 1024w, https:\/\/www.umorlagurahumorului.ro\/wp-content\/uploads\/2025\/07\/Mentiunea-2-Horia-Crisan-Romania-Romania-768x543.jpg 768w, https:\/\/www.umorlagurahumorului.ro\/wp-content\/uploads\/2025\/07\/Mentiunea-2-Horia-Crisan-Romania-Romania-1536x1087.jpg 1536w, https:\/\/www.umorlagurahumorului.ro\/wp-content\/uploads\/2025\/07\/Mentiunea-2-Horia-Crisan-Romania-Romania-400x283.jpg 400w, https:\/\/www.umorlagurahumorului.ro\/wp-content\/uploads\/2025\/07\/Mentiunea-2-Horia-Crisan-Romania-Romania.jpg 2048w\" sizes=\"auto, (max-width: 300px) 100vw, 300px\" \/><\/a>\n\t\t\t<\/dt>\n\t\t\t\t<dd class='wp-caption-text gallery-caption' id='gallery-30-10870'>\n\t\t\t\tMen\u021biunea 2 &#8211; Horia Cri\u0219an &#8211; Romania- Rom\u00e2nia\n\t\t\t\t<\/dd><\/dl><dl class='gallery-item'>\n\t\t\t<dt class='gallery-icon landscape'>\n\t\t\t\t<a href='https:\/\/www.umorlagurahumorului.ro\/wp-content\/uploads\/2025\/07\/Mentiunea-2-Spiro-Radulovic-Serbia.jpg'><img loading=\"lazy\" decoding=\"async\" width=\"300\" height=\"212\" src=\"https:\/\/www.umorlagurahumorului.ro\/wp-content\/uploads\/2025\/07\/Mentiunea-2-Spiro-Radulovic-Serbia-300x212.jpg\" class=\"attachment-medium size-medium\" alt=\"\" aria-describedby=\"gallery-30-10871\" srcset=\"https:\/\/www.umorlagurahumorului.ro\/wp-content\/uploads\/2025\/07\/Mentiunea-2-Spiro-Radulovic-Serbia-300x212.jpg 300w, https:\/\/www.umorlagurahumorului.ro\/wp-content\/uploads\/2025\/07\/Mentiunea-2-Spiro-Radulovic-Serbia-1024x725.jpg 1024w, https:\/\/www.umorlagurahumorului.ro\/wp-content\/uploads\/2025\/07\/Mentiunea-2-Spiro-Radulovic-Serbia-768x544.jpg 768w, https:\/\/www.umorlagurahumorului.ro\/wp-content\/uploads\/2025\/07\/Mentiunea-2-Spiro-Radulovic-Serbia-1536x1088.jpg 1536w, https:\/\/www.umorlagurahumorului.ro\/wp-content\/uploads\/2025\/07\/Mentiunea-2-Spiro-Radulovic-Serbia-400x283.jpg 400w, https:\/\/www.umorlagurahumorului.ro\/wp-content\/uploads\/2025\/07\/Mentiunea-2-Spiro-Radulovic-Serbia.jpg 2048w\" sizes=\"auto, (max-width: 300px) 100vw, 300px\" \/><\/a>\n\t\t\t<\/dt>\n\t\t\t\t<dd class='wp-caption-text gallery-caption' id='gallery-30-10871'>\n\t\t\t\tMen\u021biunea 2 &#8211; Spiro Radulovic &#8211; Serbia\n\t\t\t\t<\/dd><\/dl><br style=\"clear: both\" \/><dl class='gallery-item'>\n\t\t\t<dt class='gallery-icon landscape'>\n\t\t\t\t<a href='https:\/\/www.umorlagurahumorului.ro\/wp-content\/uploads\/2025\/07\/Mentiunea-3-Marian-Avramescu-Romania-Romania.jpg'><img loading=\"lazy\" decoding=\"async\" width=\"300\" height=\"210\" src=\"https:\/\/www.umorlagurahumorului.ro\/wp-content\/uploads\/2025\/07\/Mentiunea-3-Marian-Avramescu-Romania-Romania-300x210.jpg\" class=\"attachment-medium size-medium\" alt=\"\" aria-describedby=\"gallery-30-10872\" srcset=\"https:\/\/www.umorlagurahumorului.ro\/wp-content\/uploads\/2025\/07\/Mentiunea-3-Marian-Avramescu-Romania-Romania-300x210.jpg 300w, https:\/\/www.umorlagurahumorului.ro\/wp-content\/uploads\/2025\/07\/Mentiunea-3-Marian-Avramescu-Romania-Romania-1024x717.jpg 1024w, https:\/\/www.umorlagurahumorului.ro\/wp-content\/uploads\/2025\/07\/Mentiunea-3-Marian-Avramescu-Romania-Romania-768x538.jpg 768w, https:\/\/www.umorlagurahumorului.ro\/wp-content\/uploads\/2025\/07\/Mentiunea-3-Marian-Avramescu-Romania-Romania-1536x1076.jpg 1536w, https:\/\/www.umorlagurahumorului.ro\/wp-content\/uploads\/2025\/07\/Mentiunea-3-Marian-Avramescu-Romania-Romania-400x280.jpg 400w, https:\/\/www.umorlagurahumorului.ro\/wp-content\/uploads\/2025\/07\/Mentiunea-3-Marian-Avramescu-Romania-Romania.jpg 2048w\" sizes=\"auto, (max-width: 300px) 100vw, 300px\" \/><\/a>\n\t\t\t<\/dt>\n\t\t\t\t<dd class='wp-caption-text gallery-caption' id='gallery-30-10872'>\n\t\t\t\tMen\u021biunea 3 &#8211; Marian Avramescu &#8211; Romania &#8211; Rom\u00e2nia\n\t\t\t\t<\/dd><\/dl><dl class='gallery-item'>\n\t\t\t<dt class='gallery-icon portrait'>\n\t\t\t\t<a href='https:\/\/www.umorlagurahumorului.ro\/wp-content\/uploads\/2025\/07\/Mentiunea-3-Patrick-Heymans-Belgia-Belgium.jpg'><img loading=\"lazy\" decoding=\"async\" width=\"202\" height=\"300\" src=\"https:\/\/www.umorlagurahumorului.ro\/wp-content\/uploads\/2025\/07\/Mentiunea-3-Patrick-Heymans-Belgia-Belgium-202x300.jpg\" class=\"attachment-medium size-medium\" alt=\"\" aria-describedby=\"gallery-30-10873\" srcset=\"https:\/\/www.umorlagurahumorului.ro\/wp-content\/uploads\/2025\/07\/Mentiunea-3-Patrick-Heymans-Belgia-Belgium-202x300.jpg 202w, https:\/\/www.umorlagurahumorului.ro\/wp-content\/uploads\/2025\/07\/Mentiunea-3-Patrick-Heymans-Belgia-Belgium-691x1024.jpg 691w, https:\/\/www.umorlagurahumorului.ro\/wp-content\/uploads\/2025\/07\/Mentiunea-3-Patrick-Heymans-Belgia-Belgium-768x1138.jpg 768w, https:\/\/www.umorlagurahumorului.ro\/wp-content\/uploads\/2025\/07\/Mentiunea-3-Patrick-Heymans-Belgia-Belgium-1037x1536.jpg 1037w, https:\/\/www.umorlagurahumorului.ro\/wp-content\/uploads\/2025\/07\/Mentiunea-3-Patrick-Heymans-Belgia-Belgium-400x593.jpg 400w, https:\/\/www.umorlagurahumorului.ro\/wp-content\/uploads\/2025\/07\/Mentiunea-3-Patrick-Heymans-Belgia-Belgium.jpg 1382w\" sizes=\"auto, (max-width: 202px) 100vw, 202px\" \/><\/a>\n\t\t\t<\/dt>\n\t\t\t\t<dd class='wp-caption-text gallery-caption' id='gallery-30-10873'>\n\t\t\t\tMen\u021biunea 3 &#8211; Patrick Heymans &#8211; Belgia &#8211; Belgium\n\t\t\t\t<\/dd><\/dl>\n\t\t\t<br style='clear: both' \/>\n\t\t<\/div>\n\n<div class=\"su-spacer\" style=\"height:20px\"><\/div>\n<hr>\n<h4>Nomination<\/h4>\n\n\t\t<style type=\"text\/css\">\n\t\t\t#gallery-31 {\n\t\t\t\tmargin: auto;\n\t\t\t}\n\t\t\t#gallery-31 .gallery-item {\n\t\t\t\tfloat: left;\n\t\t\t\tmargin-top: 10px;\n\t\t\t\ttext-align: center;\n\t\t\t\twidth: 33%;\n\t\t\t}\n\t\t\t#gallery-31 img {\n\t\t\t\tborder: 2px solid #cfcfcf;\n\t\t\t}\n\t\t\t#gallery-31 .gallery-caption {\n\t\t\t\tmargin-left: 0;\n\t\t\t}\n\t\t\t\/* see gallery_shortcode() in wp-includes\/media.php *\/\n\t\t<\/style>\n\t\t<div id='gallery-31' class='gallery galleryid-10853 gallery-columns-3 gallery-size-medium'><dl class='gallery-item'>\n\t\t\t<dt class='gallery-icon portrait'>\n\t\t\t\t<a href='https:\/\/www.umorlagurahumorului.ro\/wp-content\/uploads\/2025\/07\/Amir-Ababaf-Iran.jpg'><img loading=\"lazy\" decoding=\"async\" width=\"210\" height=\"300\" src=\"https:\/\/www.umorlagurahumorului.ro\/wp-content\/uploads\/2025\/07\/Amir-Ababaf-Iran-210x300.jpg\" class=\"attachment-medium size-medium\" alt=\"\" aria-describedby=\"gallery-31-10874\" srcset=\"https:\/\/www.umorlagurahumorului.ro\/wp-content\/uploads\/2025\/07\/Amir-Ababaf-Iran-210x300.jpg 210w, https:\/\/www.umorlagurahumorului.ro\/wp-content\/uploads\/2025\/07\/Amir-Ababaf-Iran-717x1024.jpg 717w, https:\/\/www.umorlagurahumorului.ro\/wp-content\/uploads\/2025\/07\/Amir-Ababaf-Iran-768x1097.jpg 768w, https:\/\/www.umorlagurahumorului.ro\/wp-content\/uploads\/2025\/07\/Amir-Ababaf-Iran-1076x1536.jpg 1076w, https:\/\/www.umorlagurahumorului.ro\/wp-content\/uploads\/2025\/07\/Amir-Ababaf-Iran-400x571.jpg 400w, https:\/\/www.umorlagurahumorului.ro\/wp-content\/uploads\/2025\/07\/Amir-Ababaf-Iran.jpg 1434w\" sizes=\"auto, (max-width: 210px) 100vw, 210px\" \/><\/a>\n\t\t\t<\/dt>\n\t\t\t\t<dd class='wp-caption-text gallery-caption' id='gallery-31-10874'>\n\t\t\t\tAmir Ababaf &#8211; Iran\n\t\t\t\t<\/dd><\/dl><dl class='gallery-item'>\n\t\t\t<dt class='gallery-icon landscape'>\n\t\t\t\t<a href='https:\/\/www.umorlagurahumorului.ro\/wp-content\/uploads\/2025\/07\/Atmaja-Septa-Miyosa-Indonezia-Indonesia.jpg'><img loading=\"lazy\" decoding=\"async\" width=\"300\" height=\"212\" src=\"https:\/\/www.umorlagurahumorului.ro\/wp-content\/uploads\/2025\/07\/Atmaja-Septa-Miyosa-Indonezia-Indonesia-300x212.jpg\" class=\"attachment-medium size-medium\" alt=\"\" aria-describedby=\"gallery-31-10875\" srcset=\"https:\/\/www.umorlagurahumorului.ro\/wp-content\/uploads\/2025\/07\/Atmaja-Septa-Miyosa-Indonezia-Indonesia-300x212.jpg 300w, https:\/\/www.umorlagurahumorului.ro\/wp-content\/uploads\/2025\/07\/Atmaja-Septa-Miyosa-Indonezia-Indonesia-1024x724.jpg 1024w, https:\/\/www.umorlagurahumorului.ro\/wp-content\/uploads\/2025\/07\/Atmaja-Septa-Miyosa-Indonezia-Indonesia-768x543.jpg 768w, https:\/\/www.umorlagurahumorului.ro\/wp-content\/uploads\/2025\/07\/Atmaja-Septa-Miyosa-Indonezia-Indonesia-1536x1086.jpg 1536w, https:\/\/www.umorlagurahumorului.ro\/wp-content\/uploads\/2025\/07\/Atmaja-Septa-Miyosa-Indonezia-Indonesia-400x283.jpg 400w, https:\/\/www.umorlagurahumorului.ro\/wp-content\/uploads\/2025\/07\/Atmaja-Septa-Miyosa-Indonezia-Indonesia.jpg 1754w\" sizes=\"auto, (max-width: 300px) 100vw, 300px\" \/><\/a>\n\t\t\t<\/dt>\n\t\t\t\t<dd class='wp-caption-text gallery-caption' id='gallery-31-10875'>\n\t\t\t\tAtmaja Septa Miyosa &#8211; Indonezia &#8211; Indonesia\n\t\t\t\t<\/dd><\/dl><dl class='gallery-item'>\n\t\t\t<dt class='gallery-icon portrait'>\n\t\t\t\t<a href='https:\/\/www.umorlagurahumorului.ro\/wp-content\/uploads\/2025\/07\/Cornel-Marin-Chiorean-Romania-Romania.jpg'><img loading=\"lazy\" decoding=\"async\" width=\"211\" height=\"300\" src=\"https:\/\/www.umorlagurahumorului.ro\/wp-content\/uploads\/2025\/07\/Cornel-Marin-Chiorean-Romania-Romania-211x300.jpg\" class=\"attachment-medium size-medium\" alt=\"\" aria-describedby=\"gallery-31-10876\" srcset=\"https:\/\/www.umorlagurahumorului.ro\/wp-content\/uploads\/2025\/07\/Cornel-Marin-Chiorean-Romania-Romania-211x300.jpg 211w, https:\/\/www.umorlagurahumorului.ro\/wp-content\/uploads\/2025\/07\/Cornel-Marin-Chiorean-Romania-Romania-721x1024.jpg 721w, https:\/\/www.umorlagurahumorului.ro\/wp-content\/uploads\/2025\/07\/Cornel-Marin-Chiorean-Romania-Romania-768x1092.jpg 768w, https:\/\/www.umorlagurahumorului.ro\/wp-content\/uploads\/2025\/07\/Cornel-Marin-Chiorean-Romania-Romania-1081x1536.jpg 1081w, https:\/\/www.umorlagurahumorului.ro\/wp-content\/uploads\/2025\/07\/Cornel-Marin-Chiorean-Romania-Romania-400x568.jpg 400w, https:\/\/www.umorlagurahumorului.ro\/wp-content\/uploads\/2025\/07\/Cornel-Marin-Chiorean-Romania-Romania.jpg 1441w\" sizes=\"auto, (max-width: 211px) 100vw, 211px\" \/><\/a>\n\t\t\t<\/dt>\n\t\t\t\t<dd class='wp-caption-text gallery-caption' id='gallery-31-10876'>\n\t\t\t\tCornel Marin Chiorean &#8211; Rom\u00e2nia &#8211; Romania\n\t\t\t\t<\/dd><\/dl><br style=\"clear: both\" \/><dl class='gallery-item'>\n\t\t\t<dt class='gallery-icon portrait'>\n\t\t\t\t<a href='https:\/\/www.umorlagurahumorului.ro\/wp-content\/uploads\/2025\/07\/Darko-Drljevic-Croatia-Montenegru-Montenegro.jpg'><img loading=\"lazy\" decoding=\"async\" width=\"212\" height=\"300\" src=\"https:\/\/www.umorlagurahumorului.ro\/wp-content\/uploads\/2025\/07\/Darko-Drljevic-Croatia-Montenegru-Montenegro-212x300.jpg\" class=\"attachment-medium size-medium\" alt=\"\" aria-describedby=\"gallery-31-10877\" srcset=\"https:\/\/www.umorlagurahumorului.ro\/wp-content\/uploads\/2025\/07\/Darko-Drljevic-Croatia-Montenegru-Montenegro-212x300.jpg 212w, https:\/\/www.umorlagurahumorului.ro\/wp-content\/uploads\/2025\/07\/Darko-Drljevic-Croatia-Montenegru-Montenegro-724x1024.jpg 724w, https:\/\/www.umorlagurahumorului.ro\/wp-content\/uploads\/2025\/07\/Darko-Drljevic-Croatia-Montenegru-Montenegro-768x1086.jpg 768w, https:\/\/www.umorlagurahumorului.ro\/wp-content\/uploads\/2025\/07\/Darko-Drljevic-Croatia-Montenegru-Montenegro-1086x1536.jpg 1086w, https:\/\/www.umorlagurahumorului.ro\/wp-content\/uploads\/2025\/07\/Darko-Drljevic-Croatia-Montenegru-Montenegro-400x566.jpg 400w, https:\/\/www.umorlagurahumorului.ro\/wp-content\/uploads\/2025\/07\/Darko-Drljevic-Croatia-Montenegru-Montenegro.jpg 1448w\" sizes=\"auto, (max-width: 212px) 100vw, 212px\" \/><\/a>\n\t\t\t<\/dt>\n\t\t\t\t<dd class='wp-caption-text gallery-caption' id='gallery-31-10877'>\n\t\t\t\tDarko Drljevi\u0107 &#8211; Croa\u021bia &#8211; Montenegru &#8211; Montenegro\n\t\t\t\t<\/dd><\/dl><dl class='gallery-item'>\n\t\t\t<dt class='gallery-icon landscape'>\n\t\t\t\t<a href='https:\/\/www.umorlagurahumorului.ro\/wp-content\/uploads\/2025\/07\/Heibat-Ahmadi-Iran.jpg'><img loading=\"lazy\" decoding=\"async\" width=\"300\" height=\"212\" src=\"https:\/\/www.umorlagurahumorului.ro\/wp-content\/uploads\/2025\/07\/Heibat-Ahmadi-Iran-300x212.jpg\" class=\"attachment-medium size-medium\" alt=\"\" aria-describedby=\"gallery-31-10878\" srcset=\"https:\/\/www.umorlagurahumorului.ro\/wp-content\/uploads\/2025\/07\/Heibat-Ahmadi-Iran-300x212.jpg 300w, https:\/\/www.umorlagurahumorului.ro\/wp-content\/uploads\/2025\/07\/Heibat-Ahmadi-Iran-1024x724.jpg 1024w, https:\/\/www.umorlagurahumorului.ro\/wp-content\/uploads\/2025\/07\/Heibat-Ahmadi-Iran-768x543.jpg 768w, https:\/\/www.umorlagurahumorului.ro\/wp-content\/uploads\/2025\/07\/Heibat-Ahmadi-Iran-1536x1086.jpg 1536w, https:\/\/www.umorlagurahumorului.ro\/wp-content\/uploads\/2025\/07\/Heibat-Ahmadi-Iran-400x283.jpg 400w, https:\/\/www.umorlagurahumorului.ro\/wp-content\/uploads\/2025\/07\/Heibat-Ahmadi-Iran.jpg 1671w\" sizes=\"auto, (max-width: 300px) 100vw, 300px\" \/><\/a>\n\t\t\t<\/dt>\n\t\t\t\t<dd class='wp-caption-text gallery-caption' id='gallery-31-10878'>\n\t\t\t\tHeibat Ahmadi &#8211; Iran\n\t\t\t\t<\/dd><\/dl><dl class='gallery-item'>\n\t\t\t<dt class='gallery-icon portrait'>\n\t\t\t\t<a href='https:\/\/www.umorlagurahumorului.ro\/wp-content\/uploads\/2025\/07\/Leslie-Ricciardi-Uruguay.jpg'><img loading=\"lazy\" decoding=\"async\" width=\"240\" height=\"300\" src=\"https:\/\/www.umorlagurahumorului.ro\/wp-content\/uploads\/2025\/07\/Leslie-Ricciardi-Uruguay-240x300.jpg\" class=\"attachment-medium size-medium\" alt=\"\" aria-describedby=\"gallery-31-10879\" srcset=\"https:\/\/www.umorlagurahumorului.ro\/wp-content\/uploads\/2025\/07\/Leslie-Ricciardi-Uruguay-240x300.jpg 240w, https:\/\/www.umorlagurahumorului.ro\/wp-content\/uploads\/2025\/07\/Leslie-Ricciardi-Uruguay-819x1024.jpg 819w, https:\/\/www.umorlagurahumorului.ro\/wp-content\/uploads\/2025\/07\/Leslie-Ricciardi-Uruguay-768x960.jpg 768w, https:\/\/www.umorlagurahumorului.ro\/wp-content\/uploads\/2025\/07\/Leslie-Ricciardi-Uruguay-1229x1536.jpg 1229w, https:\/\/www.umorlagurahumorului.ro\/wp-content\/uploads\/2025\/07\/Leslie-Ricciardi-Uruguay-400x500.jpg 400w, https:\/\/www.umorlagurahumorului.ro\/wp-content\/uploads\/2025\/07\/Leslie-Ricciardi-Uruguay.jpg 1638w\" sizes=\"auto, (max-width: 240px) 100vw, 240px\" \/><\/a>\n\t\t\t<\/dt>\n\t\t\t\t<dd class='wp-caption-text gallery-caption' id='gallery-31-10879'>\n\t\t\t\tLeslie Ricciardi &#8211; Uruguay\n\t\t\t\t<\/dd><\/dl><br style=\"clear: both\" \/><dl class='gallery-item'>\n\t\t\t<dt class='gallery-icon portrait'>\n\t\t\t\t<a href='https:\/\/www.umorlagurahumorului.ro\/wp-content\/uploads\/2025\/07\/Muammer-Kotbas-Turcia-Turkey.jpg'><img loading=\"lazy\" decoding=\"async\" width=\"218\" height=\"300\" src=\"https:\/\/www.umorlagurahumorului.ro\/wp-content\/uploads\/2025\/07\/Muammer-Kotbas-Turcia-Turkey-218x300.jpg\" class=\"attachment-medium size-medium\" alt=\"\" aria-describedby=\"gallery-31-10880\" srcset=\"https:\/\/www.umorlagurahumorului.ro\/wp-content\/uploads\/2025\/07\/Muammer-Kotbas-Turcia-Turkey-218x300.jpg 218w, https:\/\/www.umorlagurahumorului.ro\/wp-content\/uploads\/2025\/07\/Muammer-Kotbas-Turcia-Turkey-746x1024.jpg 746w, https:\/\/www.umorlagurahumorului.ro\/wp-content\/uploads\/2025\/07\/Muammer-Kotbas-Turcia-Turkey-768x1055.jpg 768w, https:\/\/www.umorlagurahumorului.ro\/wp-content\/uploads\/2025\/07\/Muammer-Kotbas-Turcia-Turkey-1118x1536.jpg 1118w, https:\/\/www.umorlagurahumorului.ro\/wp-content\/uploads\/2025\/07\/Muammer-Kotbas-Turcia-Turkey-400x549.jpg 400w, https:\/\/www.umorlagurahumorului.ro\/wp-content\/uploads\/2025\/07\/Muammer-Kotbas-Turcia-Turkey.jpg 1165w\" sizes=\"auto, (max-width: 218px) 100vw, 218px\" \/><\/a>\n\t\t\t<\/dt>\n\t\t\t\t<dd class='wp-caption-text gallery-caption' id='gallery-31-10880'>\n\t\t\t\tMuammer Kotba\u0219 &#8211; Turcia &#8211; Turkey\n\t\t\t\t<\/dd><\/dl><dl class='gallery-item'>\n\t\t\t<dt class='gallery-icon landscape'>\n\t\t\t\t<a href='https:\/\/www.umorlagurahumorului.ro\/wp-content\/uploads\/2025\/07\/NedaTanhaeimoghadam-Iran.jpg'><img loading=\"lazy\" decoding=\"async\" width=\"300\" height=\"212\" src=\"https:\/\/www.umorlagurahumorului.ro\/wp-content\/uploads\/2025\/07\/NedaTanhaeimoghadam-Iran-300x212.jpg\" class=\"attachment-medium size-medium\" alt=\"\" aria-describedby=\"gallery-31-10881\" srcset=\"https:\/\/www.umorlagurahumorului.ro\/wp-content\/uploads\/2025\/07\/NedaTanhaeimoghadam-Iran-300x212.jpg 300w, https:\/\/www.umorlagurahumorului.ro\/wp-content\/uploads\/2025\/07\/NedaTanhaeimoghadam-Iran-1024x724.jpg 1024w, https:\/\/www.umorlagurahumorului.ro\/wp-content\/uploads\/2025\/07\/NedaTanhaeimoghadam-Iran-768x543.jpg 768w, https:\/\/www.umorlagurahumorului.ro\/wp-content\/uploads\/2025\/07\/NedaTanhaeimoghadam-Iran-1536x1086.jpg 1536w, https:\/\/www.umorlagurahumorului.ro\/wp-content\/uploads\/2025\/07\/NedaTanhaeimoghadam-Iran-400x283.jpg 400w, https:\/\/www.umorlagurahumorului.ro\/wp-content\/uploads\/2025\/07\/NedaTanhaeimoghadam-Iran.jpg 2000w\" sizes=\"auto, (max-width: 300px) 100vw, 300px\" \/><\/a>\n\t\t\t<\/dt>\n\t\t\t\t<dd class='wp-caption-text gallery-caption' id='gallery-31-10881'>\n\t\t\t\tNeda Tanhaeimoghadam &#8211; Iran\n\t\t\t\t<\/dd><\/dl><dl class='gallery-item'>\n\t\t\t<dt class='gallery-icon portrait'>\n\t\t\t\t<a href='https:\/\/www.umorlagurahumorului.ro\/wp-content\/uploads\/2025\/07\/Seyran-Caferli-Azerbaijan.jpg'><img loading=\"lazy\" decoding=\"async\" width=\"212\" height=\"300\" src=\"https:\/\/www.umorlagurahumorului.ro\/wp-content\/uploads\/2025\/07\/Seyran-Caferli-Azerbaijan-212x300.jpg\" class=\"attachment-medium size-medium\" alt=\"\" aria-describedby=\"gallery-31-10882\" srcset=\"https:\/\/www.umorlagurahumorului.ro\/wp-content\/uploads\/2025\/07\/Seyran-Caferli-Azerbaijan-212x300.jpg 212w, https:\/\/www.umorlagurahumorului.ro\/wp-content\/uploads\/2025\/07\/Seyran-Caferli-Azerbaijan-725x1024.jpg 725w, https:\/\/www.umorlagurahumorului.ro\/wp-content\/uploads\/2025\/07\/Seyran-Caferli-Azerbaijan-768x1085.jpg 768w, https:\/\/www.umorlagurahumorului.ro\/wp-content\/uploads\/2025\/07\/Seyran-Caferli-Azerbaijan-1087x1536.jpg 1087w, https:\/\/www.umorlagurahumorului.ro\/wp-content\/uploads\/2025\/07\/Seyran-Caferli-Azerbaijan-400x565.jpg 400w, https:\/\/www.umorlagurahumorului.ro\/wp-content\/uploads\/2025\/07\/Seyran-Caferli-Azerbaijan.jpg 1449w\" sizes=\"auto, (max-width: 212px) 100vw, 212px\" \/><\/a>\n\t\t\t<\/dt>\n\t\t\t\t<dd class='wp-caption-text gallery-caption' id='gallery-31-10882'>\n\t\t\t\tSeyran Caferli &#8211; Azerbaijanpeg\n\t\t\t\t<\/dd><\/dl><br style=\"clear: both\" \/><dl class='gallery-item'>\n\t\t\t<dt class='gallery-icon landscape'>\n\t\t\t\t<a href='https:\/\/www.umorlagurahumorului.ro\/wp-content\/uploads\/2025\/07\/Valeriu-Kurtu-Germania-Germany.jpg'><img loading=\"lazy\" decoding=\"async\" width=\"300\" height=\"202\" src=\"https:\/\/www.umorlagurahumorului.ro\/wp-content\/uploads\/2025\/07\/Valeriu-Kurtu-Germania-Germany-300x202.jpg\" class=\"attachment-medium size-medium\" alt=\"\" aria-describedby=\"gallery-31-10883\" srcset=\"https:\/\/www.umorlagurahumorului.ro\/wp-content\/uploads\/2025\/07\/Valeriu-Kurtu-Germania-Germany-300x202.jpg 300w, https:\/\/www.umorlagurahumorului.ro\/wp-content\/uploads\/2025\/07\/Valeriu-Kurtu-Germania-Germany-1024x689.jpg 1024w, https:\/\/www.umorlagurahumorului.ro\/wp-content\/uploads\/2025\/07\/Valeriu-Kurtu-Germania-Germany-768x517.jpg 768w, https:\/\/www.umorlagurahumorului.ro\/wp-content\/uploads\/2025\/07\/Valeriu-Kurtu-Germania-Germany-1536x1034.jpg 1536w, https:\/\/www.umorlagurahumorului.ro\/wp-content\/uploads\/2025\/07\/Valeriu-Kurtu-Germania-Germany-400x269.jpg 400w, https:\/\/www.umorlagurahumorului.ro\/wp-content\/uploads\/2025\/07\/Valeriu-Kurtu-Germania-Germany.jpg 2048w\" sizes=\"auto, (max-width: 300px) 100vw, 300px\" \/><\/a>\n\t\t\t<\/dt>\n\t\t\t\t<dd class='wp-caption-text gallery-caption' id='gallery-31-10883'>\n\t\t\t\tValeriu Kurtu &#8211; Germania &#8211; Germany\n\t\t\t\t<\/dd><\/dl>\n\t\t\t<br style='clear: both' \/>\n\t\t<\/div>\n\n<div class=\"su-spacer\" style=\"height:20px\"><\/div>\n<hr>\n<h4>Children\u2019s Prizes<\/h4>\n\n\t\t<style type=\"text\/css\">\n\t\t\t#gallery-32 {\n\t\t\t\tmargin: auto;\n\t\t\t}\n\t\t\t#gallery-32 .gallery-item {\n\t\t\t\tfloat: left;\n\t\t\t\tmargin-top: 10px;\n\t\t\t\ttext-align: center;\n\t\t\t\twidth: 33%;\n\t\t\t}\n\t\t\t#gallery-32 img {\n\t\t\t\tborder: 2px solid #cfcfcf;\n\t\t\t}\n\t\t\t#gallery-32 .gallery-caption {\n\t\t\t\tmargin-left: 0;\n\t\t\t}\n\t\t\t\/* see gallery_shortcode() in wp-includes\/media.php *\/\n\t\t<\/style>\n\t\t<div id='gallery-32' class='gallery galleryid-10853 gallery-columns-3 gallery-size-medium'><dl class='gallery-item'>\n\t\t\t<dt class='gallery-icon portrait'>\n\t\t\t\t<a href='https:\/\/www.umorlagurahumorului.ro\/wp-content\/uploads\/2025\/07\/Premiul-1-Stepan-Zlokazov-Rusia-Russia.jpg'><img loading=\"lazy\" decoding=\"async\" width=\"212\" height=\"300\" src=\"https:\/\/www.umorlagurahumorului.ro\/wp-content\/uploads\/2025\/07\/Premiul-1-Stepan-Zlokazov-Rusia-Russia-212x300.jpg\" class=\"attachment-medium size-medium\" alt=\"\" aria-describedby=\"gallery-32-10888\" srcset=\"https:\/\/www.umorlagurahumorului.ro\/wp-content\/uploads\/2025\/07\/Premiul-1-Stepan-Zlokazov-Rusia-Russia-212x300.jpg 212w, https:\/\/www.umorlagurahumorului.ro\/wp-content\/uploads\/2025\/07\/Premiul-1-Stepan-Zlokazov-Rusia-Russia-724x1024.jpg 724w, https:\/\/www.umorlagurahumorului.ro\/wp-content\/uploads\/2025\/07\/Premiul-1-Stepan-Zlokazov-Rusia-Russia-768x1086.jpg 768w, https:\/\/www.umorlagurahumorului.ro\/wp-content\/uploads\/2025\/07\/Premiul-1-Stepan-Zlokazov-Rusia-Russia-400x566.jpg 400w, https:\/\/www.umorlagurahumorului.ro\/wp-content\/uploads\/2025\/07\/Premiul-1-Stepan-Zlokazov-Rusia-Russia.jpg 891w\" sizes=\"auto, (max-width: 212px) 100vw, 212px\" \/><\/a>\n\t\t\t<\/dt>\n\t\t\t\t<dd class='wp-caption-text gallery-caption' id='gallery-32-10888'>\n\t\t\t\tPremiul 1 &#8211; Stepan Zlokazov &#8211; Rusia &#8211; Russia\n\t\t\t\t<\/dd><\/dl><dl class='gallery-item'>\n\t\t\t<dt class='gallery-icon portrait'>\n\t\t\t\t<a href='https:\/\/www.umorlagurahumorului.ro\/wp-content\/uploads\/2025\/07\/Premiul-2-Zahra-Assarian-Iran.jpg'><img loading=\"lazy\" decoding=\"async\" width=\"200\" height=\"300\" src=\"https:\/\/www.umorlagurahumorului.ro\/wp-content\/uploads\/2025\/07\/Premiul-2-Zahra-Assarian-Iran-200x300.jpg\" class=\"attachment-medium size-medium\" alt=\"\" aria-describedby=\"gallery-32-10889\" srcset=\"https:\/\/www.umorlagurahumorului.ro\/wp-content\/uploads\/2025\/07\/Premiul-2-Zahra-Assarian-Iran-200x300.jpg 200w, https:\/\/www.umorlagurahumorului.ro\/wp-content\/uploads\/2025\/07\/Premiul-2-Zahra-Assarian-Iran-683x1024.jpg 683w, https:\/\/www.umorlagurahumorului.ro\/wp-content\/uploads\/2025\/07\/Premiul-2-Zahra-Assarian-Iran-768x1152.jpg 768w, https:\/\/www.umorlagurahumorului.ro\/wp-content\/uploads\/2025\/07\/Premiul-2-Zahra-Assarian-Iran-400x600.jpg 400w, https:\/\/www.umorlagurahumorului.ro\/wp-content\/uploads\/2025\/07\/Premiul-2-Zahra-Assarian-Iran.jpg 1024w\" sizes=\"auto, (max-width: 200px) 100vw, 200px\" \/><\/a>\n\t\t\t<\/dt>\n\t\t\t\t<dd class='wp-caption-text gallery-caption' id='gallery-32-10889'>\n\t\t\t\tPremiul 2 &#8211; Zahra Assarian &#8211; Iran\n\t\t\t\t<\/dd><\/dl><dl class='gallery-item'>\n\t\t\t<dt class='gallery-icon portrait'>\n\t\t\t\t<a href='https:\/\/www.umorlagurahumorului.ro\/wp-content\/uploads\/2025\/07\/Premiul-3-Hoda-Wesam-Khalil-Egipt-Egypt.jpg'><img loading=\"lazy\" decoding=\"async\" width=\"212\" height=\"300\" src=\"https:\/\/www.umorlagurahumorului.ro\/wp-content\/uploads\/2025\/07\/Premiul-3-Hoda-Wesam-Khalil-Egipt-Egypt-212x300.jpg\" class=\"attachment-medium size-medium\" alt=\"\" aria-describedby=\"gallery-32-10890\" srcset=\"https:\/\/www.umorlagurahumorului.ro\/wp-content\/uploads\/2025\/07\/Premiul-3-Hoda-Wesam-Khalil-Egipt-Egypt-212x300.jpg 212w, https:\/\/www.umorlagurahumorului.ro\/wp-content\/uploads\/2025\/07\/Premiul-3-Hoda-Wesam-Khalil-Egipt-Egypt-724x1024.jpg 724w, https:\/\/www.umorlagurahumorului.ro\/wp-content\/uploads\/2025\/07\/Premiul-3-Hoda-Wesam-Khalil-Egipt-Egypt-768x1086.jpg 768w, https:\/\/www.umorlagurahumorului.ro\/wp-content\/uploads\/2025\/07\/Premiul-3-Hoda-Wesam-Khalil-Egipt-Egypt-1086x1536.jpg 1086w, https:\/\/www.umorlagurahumorului.ro\/wp-content\/uploads\/2025\/07\/Premiul-3-Hoda-Wesam-Khalil-Egipt-Egypt-400x566.jpg 400w, https:\/\/www.umorlagurahumorului.ro\/wp-content\/uploads\/2025\/07\/Premiul-3-Hoda-Wesam-Khalil-Egipt-Egypt.jpg 1448w\" sizes=\"auto, (max-width: 212px) 100vw, 212px\" \/><\/a>\n\t\t\t<\/dt>\n\t\t\t\t<dd class='wp-caption-text gallery-caption' id='gallery-32-10890'>\n\t\t\t\tPremiul 3 -Hoda Wesam Khalil &#8211; Egipt &#8211; Egypt\n\t\t\t\t<\/dd><\/dl><br style=\"clear: both\" \/><dl class='gallery-item'>\n\t\t\t<dt class='gallery-icon landscape'>\n\t\t\t\t<a href='https:\/\/www.umorlagurahumorului.ro\/wp-content\/uploads\/2025\/07\/Mentiunea-1-Maya-Khalil-Belgia-Belgium.jpg'><img loading=\"lazy\" decoding=\"async\" width=\"300\" height=\"217\" src=\"https:\/\/www.umorlagurahumorului.ro\/wp-content\/uploads\/2025\/07\/Mentiunea-1-Maya-Khalil-Belgia-Belgium-300x217.jpg\" class=\"attachment-medium size-medium\" alt=\"\" aria-describedby=\"gallery-32-10885\" srcset=\"https:\/\/www.umorlagurahumorului.ro\/wp-content\/uploads\/2025\/07\/Mentiunea-1-Maya-Khalil-Belgia-Belgium-300x217.jpg 300w, https:\/\/www.umorlagurahumorului.ro\/wp-content\/uploads\/2025\/07\/Mentiunea-1-Maya-Khalil-Belgia-Belgium-1024x742.jpg 1024w, https:\/\/www.umorlagurahumorului.ro\/wp-content\/uploads\/2025\/07\/Mentiunea-1-Maya-Khalil-Belgia-Belgium-768x556.jpg 768w, https:\/\/www.umorlagurahumorului.ro\/wp-content\/uploads\/2025\/07\/Mentiunea-1-Maya-Khalil-Belgia-Belgium-1536x1112.jpg 1536w, https:\/\/www.umorlagurahumorului.ro\/wp-content\/uploads\/2025\/07\/Mentiunea-1-Maya-Khalil-Belgia-Belgium-400x290.jpg 400w, https:\/\/www.umorlagurahumorului.ro\/wp-content\/uploads\/2025\/07\/Mentiunea-1-Maya-Khalil-Belgia-Belgium.jpg 2048w\" sizes=\"auto, (max-width: 300px) 100vw, 300px\" \/><\/a>\n\t\t\t<\/dt>\n\t\t\t\t<dd class='wp-caption-text gallery-caption' id='gallery-32-10885'>\n\t\t\t\tMen\u021biunea 1 &#8211; Maya Khalil &#8211; Belgia &#8211; Belgium\n\t\t\t\t<\/dd><\/dl><dl class='gallery-item'>\n\t\t\t<dt class='gallery-icon portrait'>\n\t\t\t\t<a href='https:\/\/www.umorlagurahumorului.ro\/wp-content\/uploads\/2025\/07\/Mentiunea-1-Nayla-Enjelita-Indonezia-Indonesia.jpg'><img loading=\"lazy\" decoding=\"async\" width=\"200\" height=\"300\" src=\"https:\/\/www.umorlagurahumorului.ro\/wp-content\/uploads\/2025\/07\/Mentiunea-1-Nayla-Enjelita-Indonezia-Indonesia-200x300.jpg\" class=\"attachment-medium size-medium\" alt=\"\" aria-describedby=\"gallery-32-10886\" srcset=\"https:\/\/www.umorlagurahumorului.ro\/wp-content\/uploads\/2025\/07\/Mentiunea-1-Nayla-Enjelita-Indonezia-Indonesia-200x300.jpg 200w, https:\/\/www.umorlagurahumorului.ro\/wp-content\/uploads\/2025\/07\/Mentiunea-1-Nayla-Enjelita-Indonezia-Indonesia-683x1024.jpg 683w, https:\/\/www.umorlagurahumorului.ro\/wp-content\/uploads\/2025\/07\/Mentiunea-1-Nayla-Enjelita-Indonezia-Indonesia-768x1152.jpg 768w, https:\/\/www.umorlagurahumorului.ro\/wp-content\/uploads\/2025\/07\/Mentiunea-1-Nayla-Enjelita-Indonezia-Indonesia-400x600.jpg 400w, https:\/\/www.umorlagurahumorului.ro\/wp-content\/uploads\/2025\/07\/Mentiunea-1-Nayla-Enjelita-Indonezia-Indonesia.jpg 1024w\" sizes=\"auto, (max-width: 200px) 100vw, 200px\" \/><\/a>\n\t\t\t<\/dt>\n\t\t\t\t<dd class='wp-caption-text gallery-caption' id='gallery-32-10886'>\n\t\t\t\tMen\u021biunea 1 &#8211; Nayla Enjelita &#8211; Indonezia &#8211; Indonesia\n\t\t\t\t<\/dd><\/dl><dl class='gallery-item'>\n\t\t\t<dt class='gallery-icon landscape'>\n\t\t\t\t<a href='https:\/\/www.umorlagurahumorului.ro\/wp-content\/uploads\/2025\/07\/Mentiunea-2-Igor-Ivoilov-Rusia-Russia.jpg'><img loading=\"lazy\" decoding=\"async\" width=\"300\" height=\"225\" src=\"https:\/\/www.umorlagurahumorului.ro\/wp-content\/uploads\/2025\/07\/Mentiunea-2-Igor-Ivoilov-Rusia-Russia-300x225.jpg\" class=\"attachment-medium size-medium\" alt=\"\" aria-describedby=\"gallery-32-10891\" srcset=\"https:\/\/www.umorlagurahumorului.ro\/wp-content\/uploads\/2025\/07\/Mentiunea-2-Igor-Ivoilov-Rusia-Russia-300x225.jpg 300w, https:\/\/www.umorlagurahumorului.ro\/wp-content\/uploads\/2025\/07\/Mentiunea-2-Igor-Ivoilov-Rusia-Russia-1024x768.jpg 1024w, https:\/\/www.umorlagurahumorului.ro\/wp-content\/uploads\/2025\/07\/Mentiunea-2-Igor-Ivoilov-Rusia-Russia-768x576.jpg 768w, https:\/\/www.umorlagurahumorului.ro\/wp-content\/uploads\/2025\/07\/Mentiunea-2-Igor-Ivoilov-Rusia-Russia-1536x1152.jpg 1536w, https:\/\/www.umorlagurahumorului.ro\/wp-content\/uploads\/2025\/07\/Mentiunea-2-Igor-Ivoilov-Rusia-Russia-400x300.jpg 400w, https:\/\/www.umorlagurahumorului.ro\/wp-content\/uploads\/2025\/07\/Mentiunea-2-Igor-Ivoilov-Rusia-Russia.jpg 2048w\" sizes=\"auto, (max-width: 300px) 100vw, 300px\" \/><\/a>\n\t\t\t<\/dt>\n\t\t\t\t<dd class='wp-caption-text gallery-caption' id='gallery-32-10891'>\n\t\t\t\tMen\u021biunea 2 &#8211; Igor Ivoilov &#8211; Rusia &#8211; Russia\n\t\t\t\t<\/dd><\/dl><br style=\"clear: both\" \/><dl class='gallery-item'>\n\t\t\t<dt class='gallery-icon landscape'>\n\t\t\t\t<a href='https:\/\/www.umorlagurahumorului.ro\/wp-content\/uploads\/2025\/07\/Mentiunea-3-Eva-Sipulina-Rusia-Russia.jpg'><img loading=\"lazy\" decoding=\"async\" width=\"300\" height=\"205\" src=\"https:\/\/www.umorlagurahumorului.ro\/wp-content\/uploads\/2025\/07\/Mentiunea-3-Eva-Sipulina-Rusia-Russia-300x205.jpg\" class=\"attachment-medium size-medium\" alt=\"\" aria-describedby=\"gallery-32-10887\" srcset=\"https:\/\/www.umorlagurahumorului.ro\/wp-content\/uploads\/2025\/07\/Mentiunea-3-Eva-Sipulina-Rusia-Russia-300x205.jpg 300w, https:\/\/www.umorlagurahumorului.ro\/wp-content\/uploads\/2025\/07\/Mentiunea-3-Eva-Sipulina-Rusia-Russia-1024x701.jpg 1024w, https:\/\/www.umorlagurahumorului.ro\/wp-content\/uploads\/2025\/07\/Mentiunea-3-Eva-Sipulina-Rusia-Russia-768x526.jpg 768w, https:\/\/www.umorlagurahumorului.ro\/wp-content\/uploads\/2025\/07\/Mentiunea-3-Eva-Sipulina-Rusia-Russia-1536x1052.jpg 1536w, https:\/\/www.umorlagurahumorului.ro\/wp-content\/uploads\/2025\/07\/Mentiunea-3-Eva-Sipulina-Rusia-Russia-400x274.jpg 400w, https:\/\/www.umorlagurahumorului.ro\/wp-content\/uploads\/2025\/07\/Mentiunea-3-Eva-Sipulina-Rusia-Russia.jpg 2048w\" sizes=\"auto, (max-width: 300px) 100vw, 300px\" \/><\/a>\n\t\t\t<\/dt>\n\t\t\t\t<dd class='wp-caption-text gallery-caption' id='gallery-32-10887'>\n\t\t\t\tMen\u021biunea 3 &#8211; Eva Sipulina &#8211; Rusia &#8211; Russia\n\t\t\t\t<\/dd><\/dl>\n\t\t\t<br style='clear: both' \/>\n\t\t<\/div>\n\n<div class=\"su-spacer\" style=\"height:20px\"><\/div>\n<hr>\n<h4>1st Prize &#8211; Raed Khalil &#8211; Belgia &#8211; Belgium<\/h4>\n\n\t\t<style type=\"text\/css\">\n\t\t\t#gallery-33 {\n\t\t\t\tmargin: auto;\n\t\t\t}\n\t\t\t#gallery-33 .gallery-item {\n\t\t\t\tfloat: left;\n\t\t\t\tmargin-top: 10px;\n\t\t\t\ttext-align: center;\n\t\t\t\twidth: 50%;\n\t\t\t}\n\t\t\t#gallery-33 img {\n\t\t\t\tborder: 2px solid #cfcfcf;\n\t\t\t}\n\t\t\t#gallery-33 .gallery-caption {\n\t\t\t\tmargin-left: 0;\n\t\t\t}\n\t\t\t\/* see gallery_shortcode() in wp-includes\/media.php *\/\n\t\t<\/style>\n\t\t<div id='gallery-33' class='gallery galleryid-10853 gallery-columns-2 gallery-size-large'><dl class='gallery-item'>\n\t\t\t<dt class='gallery-icon landscape'>\n\t\t\t\t<a href='https:\/\/www.umorlagurahumorului.ro\/wp-content\/uploads\/2025\/07\/RAED-KHALIL-SYRIA_2.jpg'><img loading=\"lazy\" decoding=\"async\" width=\"938\" height=\"680\" src=\"https:\/\/www.umorlagurahumorului.ro\/wp-content\/uploads\/2025\/07\/RAED-KHALIL-SYRIA_2-1024x742.jpg\" class=\"attachment-large size-large\" alt=\"\" srcset=\"https:\/\/www.umorlagurahumorului.ro\/wp-content\/uploads\/2025\/07\/RAED-KHALIL-SYRIA_2-1024x742.jpg 1024w, https:\/\/www.umorlagurahumorului.ro\/wp-content\/uploads\/2025\/07\/RAED-KHALIL-SYRIA_2-300x217.jpg 300w, https:\/\/www.umorlagurahumorului.ro\/wp-content\/uploads\/2025\/07\/RAED-KHALIL-SYRIA_2-768x556.jpg 768w, https:\/\/www.umorlagurahumorului.ro\/wp-content\/uploads\/2025\/07\/RAED-KHALIL-SYRIA_2-1536x1112.jpg 1536w, https:\/\/www.umorlagurahumorului.ro\/wp-content\/uploads\/2025\/07\/RAED-KHALIL-SYRIA_2-400x290.jpg 400w, https:\/\/www.umorlagurahumorului.ro\/wp-content\/uploads\/2025\/07\/RAED-KHALIL-SYRIA_2.jpg 2048w\" sizes=\"auto, (max-width: 938px) 100vw, 938px\" \/><\/a>\n\t\t\t<\/dt><\/dl><dl class='gallery-item'>\n\t\t\t<dt class='gallery-icon landscape'>\n\t\t\t\t<a href='https:\/\/www.umorlagurahumorului.ro\/wp-content\/uploads\/2025\/07\/RAED-KHALIL-SYRIA-1.jpg'><img loading=\"lazy\" decoding=\"async\" width=\"938\" height=\"657\" src=\"https:\/\/www.umorlagurahumorului.ro\/wp-content\/uploads\/2025\/07\/RAED-KHALIL-SYRIA-1-1024x717.jpg\" class=\"attachment-large size-large\" alt=\"\" srcset=\"https:\/\/www.umorlagurahumorului.ro\/wp-content\/uploads\/2025\/07\/RAED-KHALIL-SYRIA-1-1024x717.jpg 1024w, https:\/\/www.umorlagurahumorului.ro\/wp-content\/uploads\/2025\/07\/RAED-KHALIL-SYRIA-1-300x210.jpg 300w, https:\/\/www.umorlagurahumorului.ro\/wp-content\/uploads\/2025\/07\/RAED-KHALIL-SYRIA-1-768x538.jpg 768w, https:\/\/www.umorlagurahumorului.ro\/wp-content\/uploads\/2025\/07\/RAED-KHALIL-SYRIA-1-1536x1076.jpg 1536w, https:\/\/www.umorlagurahumorului.ro\/wp-content\/uploads\/2025\/07\/RAED-KHALIL-SYRIA-1-400x280.jpg 400w, https:\/\/www.umorlagurahumorului.ro\/wp-content\/uploads\/2025\/07\/RAED-KHALIL-SYRIA-1.jpg 2048w\" sizes=\"auto, (max-width: 938px) 100vw, 938px\" \/><\/a>\n\t\t\t<\/dt><\/dl><br style=\"clear: both\" \/>\n\t\t<\/div>\n\n<div class=\"su-spacer\" style=\"height:20px\"><\/div>\n<hr>\n<h4>2nd Prize &#8211; Gelu Pascal &#8211; Rom\u00e2nia &#8211; Romania<\/h4>\n\n\t\t<style type=\"text\/css\">\n\t\t\t#gallery-34 {\n\t\t\t\tmargin: auto;\n\t\t\t}\n\t\t\t#gallery-34 .gallery-item {\n\t\t\t\tfloat: left;\n\t\t\t\tmargin-top: 10px;\n\t\t\t\ttext-align: center;\n\t\t\t\twidth: 50%;\n\t\t\t}\n\t\t\t#gallery-34 img {\n\t\t\t\tborder: 2px solid #cfcfcf;\n\t\t\t}\n\t\t\t#gallery-34 .gallery-caption {\n\t\t\t\tmargin-left: 0;\n\t\t\t}\n\t\t\t\/* see gallery_shortcode() in wp-includes\/media.php *\/\n\t\t<\/style>\n\t\t<div id='gallery-34' class='gallery galleryid-10853 gallery-columns-2 gallery-size-large'><dl class='gallery-item'>\n\t\t\t<dt class='gallery-icon landscape'>\n\t\t\t\t<a href='https:\/\/www.umorlagurahumorului.ro\/wp-content\/uploads\/2025\/07\/Ultima-alegere.jpg'><img loading=\"lazy\" decoding=\"async\" width=\"938\" height=\"665\" src=\"https:\/\/www.umorlagurahumorului.ro\/wp-content\/uploads\/2025\/07\/Ultima-alegere-1024x726.jpg\" class=\"attachment-large size-large\" alt=\"\" srcset=\"https:\/\/www.umorlagurahumorului.ro\/wp-content\/uploads\/2025\/07\/Ultima-alegere-1024x726.jpg 1024w, https:\/\/www.umorlagurahumorului.ro\/wp-content\/uploads\/2025\/07\/Ultima-alegere-300x213.jpg 300w, https:\/\/www.umorlagurahumorului.ro\/wp-content\/uploads\/2025\/07\/Ultima-alegere-768x545.jpg 768w, https:\/\/www.umorlagurahumorului.ro\/wp-content\/uploads\/2025\/07\/Ultima-alegere-1536x1089.jpg 1536w, https:\/\/www.umorlagurahumorului.ro\/wp-content\/uploads\/2025\/07\/Ultima-alegere-400x284.jpg 400w, https:\/\/www.umorlagurahumorului.ro\/wp-content\/uploads\/2025\/07\/Ultima-alegere.jpg 2048w\" sizes=\"auto, (max-width: 938px) 100vw, 938px\" \/><\/a>\n\t\t\t<\/dt><\/dl><dl class='gallery-item'>\n\t\t\t<dt class='gallery-icon portrait'>\n\t\t\t\t<a href='https:\/\/www.umorlagurahumorului.ro\/wp-content\/uploads\/2025\/07\/Optiuni.jpg'><img loading=\"lazy\" decoding=\"async\" width=\"726\" height=\"1024\" src=\"https:\/\/www.umorlagurahumorului.ro\/wp-content\/uploads\/2025\/07\/Optiuni-726x1024.jpg\" class=\"attachment-large size-large\" alt=\"\" srcset=\"https:\/\/www.umorlagurahumorului.ro\/wp-content\/uploads\/2025\/07\/Optiuni-726x1024.jpg 726w, https:\/\/www.umorlagurahumorului.ro\/wp-content\/uploads\/2025\/07\/Optiuni-213x300.jpg 213w, https:\/\/www.umorlagurahumorului.ro\/wp-content\/uploads\/2025\/07\/Optiuni-768x1083.jpg 768w, https:\/\/www.umorlagurahumorului.ro\/wp-content\/uploads\/2025\/07\/Optiuni-1089x1536.jpg 1089w, https:\/\/www.umorlagurahumorului.ro\/wp-content\/uploads\/2025\/07\/Optiuni-400x564.jpg 400w, https:\/\/www.umorlagurahumorului.ro\/wp-content\/uploads\/2025\/07\/Optiuni.jpg 1452w\" sizes=\"auto, (max-width: 726px) 100vw, 726px\" \/><\/a>\n\t\t\t<\/dt><\/dl><br style=\"clear: both\" \/>\n\t\t<\/div>\n\n<div class=\"su-spacer\" style=\"height:20px\"><\/div>\n<hr>\n<h4>3rd Prize &#8211; Liviu St\u0103nil\u0103 &#8211; Rom\u00e2nia &#8211; Romania<\/h4>\n\n\t\t<style type=\"text\/css\">\n\t\t\t#gallery-35 {\n\t\t\t\tmargin: auto;\n\t\t\t}\n\t\t\t#gallery-35 .gallery-item {\n\t\t\t\tfloat: left;\n\t\t\t\tmargin-top: 10px;\n\t\t\t\ttext-align: center;\n\t\t\t\twidth: 50%;\n\t\t\t}\n\t\t\t#gallery-35 img {\n\t\t\t\tborder: 2px solid #cfcfcf;\n\t\t\t}\n\t\t\t#gallery-35 .gallery-caption {\n\t\t\t\tmargin-left: 0;\n\t\t\t}\n\t\t\t\/* see gallery_shortcode() in wp-includes\/media.php *\/\n\t\t<\/style>\n\t\t<div id='gallery-35' class='gallery galleryid-10853 gallery-columns-2 gallery-size-large'><dl class='gallery-item'>\n\t\t\t<dt class='gallery-icon landscape'>\n\t\t\t\t<a href='https:\/\/www.umorlagurahumorului.ro\/wp-content\/uploads\/2025\/07\/35000-euro-residence.jpg'><img loading=\"lazy\" decoding=\"async\" width=\"938\" height=\"663\" src=\"https:\/\/www.umorlagurahumorului.ro\/wp-content\/uploads\/2025\/07\/35000-euro-residence-1024x724.jpg\" class=\"attachment-large size-large\" alt=\"\" srcset=\"https:\/\/www.umorlagurahumorului.ro\/wp-content\/uploads\/2025\/07\/35000-euro-residence-1024x724.jpg 1024w, https:\/\/www.umorlagurahumorului.ro\/wp-content\/uploads\/2025\/07\/35000-euro-residence-300x212.jpg 300w, https:\/\/www.umorlagurahumorului.ro\/wp-content\/uploads\/2025\/07\/35000-euro-residence-768x543.jpg 768w, https:\/\/www.umorlagurahumorului.ro\/wp-content\/uploads\/2025\/07\/35000-euro-residence-1536x1086.jpg 1536w, https:\/\/www.umorlagurahumorului.ro\/wp-content\/uploads\/2025\/07\/35000-euro-residence-400x283.jpg 400w, https:\/\/www.umorlagurahumorului.ro\/wp-content\/uploads\/2025\/07\/35000-euro-residence.jpg 2048w\" sizes=\"auto, (max-width: 938px) 100vw, 938px\" \/><\/a>\n\t\t\t<\/dt><\/dl><dl class='gallery-item'>\n\t\t\t<dt class='gallery-icon landscape'>\n\t\t\t\t<a href='https:\/\/www.umorlagurahumorului.ro\/wp-content\/uploads\/2025\/07\/wine-choice414.jpg'><img loading=\"lazy\" decoding=\"async\" width=\"938\" height=\"671\" src=\"https:\/\/www.umorlagurahumorului.ro\/wp-content\/uploads\/2025\/07\/wine-choice414-1024x732.jpg\" class=\"attachment-large size-large\" alt=\"\" srcset=\"https:\/\/www.umorlagurahumorului.ro\/wp-content\/uploads\/2025\/07\/wine-choice414-1024x732.jpg 1024w, https:\/\/www.umorlagurahumorului.ro\/wp-content\/uploads\/2025\/07\/wine-choice414-300x214.jpg 300w, https:\/\/www.umorlagurahumorului.ro\/wp-content\/uploads\/2025\/07\/wine-choice414-768x549.jpg 768w, https:\/\/www.umorlagurahumorului.ro\/wp-content\/uploads\/2025\/07\/wine-choice414-1536x1097.jpg 1536w, https:\/\/www.umorlagurahumorului.ro\/wp-content\/uploads\/2025\/07\/wine-choice414-400x286.jpg 400w, https:\/\/www.umorlagurahumorului.ro\/wp-content\/uploads\/2025\/07\/wine-choice414.jpg 2048w\" sizes=\"auto, (max-width: 938px) 100vw, 938px\" \/><\/a>\n\t\t\t<\/dt><\/dl><br style=\"clear: both\" \/>\n\t\t<\/div>\n\n<div class=\"su-spacer\" style=\"height:20px\"><\/div>\n<hr>\n<h4>George Gavrilean Prize &#8211; Hamid Soufi &#8211; Iran<\/h4>\n\n\t\t<style type=\"text\/css\">\n\t\t\t#gallery-36 {\n\t\t\t\tmargin: auto;\n\t\t\t}\n\t\t\t#gallery-36 .gallery-item {\n\t\t\t\tfloat: left;\n\t\t\t\tmargin-top: 10px;\n\t\t\t\ttext-align: center;\n\t\t\t\twidth: 50%;\n\t\t\t}\n\t\t\t#gallery-36 img {\n\t\t\t\tborder: 2px solid #cfcfcf;\n\t\t\t}\n\t\t\t#gallery-36 .gallery-caption {\n\t\t\t\tmargin-left: 0;\n\t\t\t}\n\t\t\t\/* see gallery_shortcode() in wp-includes\/media.php *\/\n\t\t<\/style>\n\t\t<div id='gallery-36' class='gallery galleryid-10853 gallery-columns-2 gallery-size-large'><dl class='gallery-item'>\n\t\t\t<dt class='gallery-icon landscape'>\n\t\t\t\t<a href='https:\/\/www.umorlagurahumorului.ro\/wp-content\/uploads\/2025\/07\/1.jpg'><img loading=\"lazy\" decoding=\"async\" width=\"938\" height=\"663\" src=\"https:\/\/www.umorlagurahumorului.ro\/wp-content\/uploads\/2025\/07\/1-1024x724.jpg\" class=\"attachment-large size-large\" alt=\"\" srcset=\"https:\/\/www.umorlagurahumorului.ro\/wp-content\/uploads\/2025\/07\/1-1024x724.jpg 1024w, https:\/\/www.umorlagurahumorului.ro\/wp-content\/uploads\/2025\/07\/1-300x212.jpg 300w, https:\/\/www.umorlagurahumorului.ro\/wp-content\/uploads\/2025\/07\/1-768x543.jpg 768w, https:\/\/www.umorlagurahumorului.ro\/wp-content\/uploads\/2025\/07\/1-1536x1086.jpg 1536w, https:\/\/www.umorlagurahumorului.ro\/wp-content\/uploads\/2025\/07\/1-400x283.jpg 400w, https:\/\/www.umorlagurahumorului.ro\/wp-content\/uploads\/2025\/07\/1.jpg 2048w\" sizes=\"auto, (max-width: 938px) 100vw, 938px\" \/><\/a>\n\t\t\t<\/dt><\/dl><dl class='gallery-item'>\n\t\t\t<dt class='gallery-icon portrait'>\n\t\t\t\t<a href='https:\/\/www.umorlagurahumorului.ro\/wp-content\/uploads\/2025\/07\/hamid7.jpg'><img loading=\"lazy\" decoding=\"async\" width=\"724\" height=\"1024\" src=\"https:\/\/www.umorlagurahumorului.ro\/wp-content\/uploads\/2025\/07\/hamid7-724x1024.jpg\" class=\"attachment-large size-large\" alt=\"\" srcset=\"https:\/\/www.umorlagurahumorului.ro\/wp-content\/uploads\/2025\/07\/hamid7-724x1024.jpg 724w, https:\/\/www.umorlagurahumorului.ro\/wp-content\/uploads\/2025\/07\/hamid7-212x300.jpg 212w, https:\/\/www.umorlagurahumorului.ro\/wp-content\/uploads\/2025\/07\/hamid7-768x1086.jpg 768w, https:\/\/www.umorlagurahumorului.ro\/wp-content\/uploads\/2025\/07\/hamid7-1086x1536.jpg 1086w, https:\/\/www.umorlagurahumorului.ro\/wp-content\/uploads\/2025\/07\/hamid7-400x566.jpg 400w, https:\/\/www.umorlagurahumorului.ro\/wp-content\/uploads\/2025\/07\/hamid7.jpg 1448w\" sizes=\"auto, (max-width: 724px) 100vw, 724px\" \/><\/a>\n\t\t\t<\/dt><\/dl><br style=\"clear: both\" \/>\n\t\t<\/div>\n\n<div class=\"su-spacer\" style=\"height:20px\"><\/div>\n<hr>\n<h4>Viorel Corodescu COV Prize &#8211; Lucian Sergiu F\u0103rc\u0103\u0219anu &#8211; Rom\u00e2nia &#8211; Romania<\/h4>\n\n\t\t<style type=\"text\/css\">\n\t\t\t#gallery-37 {\n\t\t\t\tmargin: auto;\n\t\t\t}\n\t\t\t#gallery-37 .gallery-item {\n\t\t\t\tfloat: left;\n\t\t\t\tmargin-top: 10px;\n\t\t\t\ttext-align: center;\n\t\t\t\twidth: 50%;\n\t\t\t}\n\t\t\t#gallery-37 img {\n\t\t\t\tborder: 2px solid #cfcfcf;\n\t\t\t}\n\t\t\t#gallery-37 .gallery-caption {\n\t\t\t\tmargin-left: 0;\n\t\t\t}\n\t\t\t\/* see gallery_shortcode() in wp-includes\/media.php *\/\n\t\t<\/style>\n\t\t<div id='gallery-37' class='gallery galleryid-10853 gallery-columns-2 gallery-size-large'><dl class='gallery-item'>\n\t\t\t<dt class='gallery-icon portrait'>\n\t\t\t\t<a href='https:\/\/www.umorlagurahumorului.ro\/wp-content\/uploads\/2025\/07\/Farcasanu_Sergiu_Romania_01_Partea-plina.jpg'><img loading=\"lazy\" decoding=\"async\" width=\"724\" height=\"1024\" src=\"https:\/\/www.umorlagurahumorului.ro\/wp-content\/uploads\/2025\/07\/Farcasanu_Sergiu_Romania_01_Partea-plina-724x1024.jpg\" class=\"attachment-large size-large\" alt=\"\" srcset=\"https:\/\/www.umorlagurahumorului.ro\/wp-content\/uploads\/2025\/07\/Farcasanu_Sergiu_Romania_01_Partea-plina-724x1024.jpg 724w, https:\/\/www.umorlagurahumorului.ro\/wp-content\/uploads\/2025\/07\/Farcasanu_Sergiu_Romania_01_Partea-plina-212x300.jpg 212w, https:\/\/www.umorlagurahumorului.ro\/wp-content\/uploads\/2025\/07\/Farcasanu_Sergiu_Romania_01_Partea-plina-768x1086.jpg 768w, https:\/\/www.umorlagurahumorului.ro\/wp-content\/uploads\/2025\/07\/Farcasanu_Sergiu_Romania_01_Partea-plina-1086x1536.jpg 1086w, https:\/\/www.umorlagurahumorului.ro\/wp-content\/uploads\/2025\/07\/Farcasanu_Sergiu_Romania_01_Partea-plina-400x566.jpg 400w, https:\/\/www.umorlagurahumorului.ro\/wp-content\/uploads\/2025\/07\/Farcasanu_Sergiu_Romania_01_Partea-plina.jpg 1240w\" sizes=\"auto, (max-width: 724px) 100vw, 724px\" \/><\/a>\n\t\t\t<\/dt><\/dl><dl class='gallery-item'>\n\t\t\t<dt class='gallery-icon portrait'>\n\t\t\t\t<a href='https:\/\/www.umorlagurahumorului.ro\/wp-content\/uploads\/2025\/07\/Farcasanu_Sergiu_Romania_02_Capcaun.jpg'><img loading=\"lazy\" decoding=\"async\" width=\"724\" height=\"1024\" src=\"https:\/\/www.umorlagurahumorului.ro\/wp-content\/uploads\/2025\/07\/Farcasanu_Sergiu_Romania_02_Capcaun-724x1024.jpg\" class=\"attachment-large size-large\" alt=\"\" srcset=\"https:\/\/www.umorlagurahumorului.ro\/wp-content\/uploads\/2025\/07\/Farcasanu_Sergiu_Romania_02_Capcaun-724x1024.jpg 724w, https:\/\/www.umorlagurahumorului.ro\/wp-content\/uploads\/2025\/07\/Farcasanu_Sergiu_Romania_02_Capcaun-212x300.jpg 212w, https:\/\/www.umorlagurahumorului.ro\/wp-content\/uploads\/2025\/07\/Farcasanu_Sergiu_Romania_02_Capcaun-768x1086.jpg 768w, https:\/\/www.umorlagurahumorului.ro\/wp-content\/uploads\/2025\/07\/Farcasanu_Sergiu_Romania_02_Capcaun-1086x1536.jpg 1086w, https:\/\/www.umorlagurahumorului.ro\/wp-content\/uploads\/2025\/07\/Farcasanu_Sergiu_Romania_02_Capcaun-400x566.jpg 400w, https:\/\/www.umorlagurahumorului.ro\/wp-content\/uploads\/2025\/07\/Farcasanu_Sergiu_Romania_02_Capcaun.jpg 1240w\" sizes=\"auto, (max-width: 724px) 100vw, 724px\" \/><\/a>\n\t\t\t<\/dt><\/dl><br style=\"clear: both\" \/>\n\t\t<\/div>\n\n<div class=\"su-spacer\" style=\"height:20px\"><\/div>\n<hr>\n<h4>Menttions<\/h4>\n\n\t\t<style type=\"text\/css\">\n\t\t\t#gallery-38 {\n\t\t\t\tmargin: auto;\n\t\t\t}\n\t\t\t#gallery-38 .gallery-item {\n\t\t\t\tfloat: left;\n\t\t\t\tmargin-top: 10px;\n\t\t\t\ttext-align: center;\n\t\t\t\twidth: 33%;\n\t\t\t}\n\t\t\t#gallery-38 img {\n\t\t\t\tborder: 2px solid #cfcfcf;\n\t\t\t}\n\t\t\t#gallery-38 .gallery-caption {\n\t\t\t\tmargin-left: 0;\n\t\t\t}\n\t\t\t\/* see gallery_shortcode() in wp-includes\/media.php *\/\n\t\t<\/style>\n\t\t<div id='gallery-38' class='gallery galleryid-10853 gallery-columns-3 gallery-size-medium'><dl class='gallery-item'>\n\t\t\t<dt class='gallery-icon portrait'>\n\t\t\t\t<a href='https:\/\/www.umorlagurahumorului.ro\/wp-content\/uploads\/2025\/07\/Mentiunea-1-Ramon-Diaz-Yanes-Cuba.jpg'><img loading=\"lazy\" decoding=\"async\" width=\"212\" height=\"300\" src=\"https:\/\/www.umorlagurahumorului.ro\/wp-content\/uploads\/2025\/07\/Mentiunea-1-Ramon-Diaz-Yanes-Cuba-212x300.jpg\" class=\"attachment-medium size-medium\" alt=\"\" aria-describedby=\"gallery-38-10869\" srcset=\"https:\/\/www.umorlagurahumorului.ro\/wp-content\/uploads\/2025\/07\/Mentiunea-1-Ramon-Diaz-Yanes-Cuba-212x300.jpg 212w, https:\/\/www.umorlagurahumorului.ro\/wp-content\/uploads\/2025\/07\/Mentiunea-1-Ramon-Diaz-Yanes-Cuba-724x1024.jpg 724w, https:\/\/www.umorlagurahumorului.ro\/wp-content\/uploads\/2025\/07\/Mentiunea-1-Ramon-Diaz-Yanes-Cuba-768x1086.jpg 768w, https:\/\/www.umorlagurahumorului.ro\/wp-content\/uploads\/2025\/07\/Mentiunea-1-Ramon-Diaz-Yanes-Cuba-1086x1536.jpg 1086w, https:\/\/www.umorlagurahumorului.ro\/wp-content\/uploads\/2025\/07\/Mentiunea-1-Ramon-Diaz-Yanes-Cuba-400x566.jpg 400w, https:\/\/www.umorlagurahumorului.ro\/wp-content\/uploads\/2025\/07\/Mentiunea-1-Ramon-Diaz-Yanes-Cuba.jpg 1448w\" sizes=\"auto, (max-width: 212px) 100vw, 212px\" \/><\/a>\n\t\t\t<\/dt>\n\t\t\t\t<dd class='wp-caption-text gallery-caption' id='gallery-38-10869'>\n\t\t\t\tMen\u021biunea 1 &#8211; Ram\u00f3n D\u00edaz Yanes &#8211; Cuba\n\t\t\t\t<\/dd><\/dl><dl class='gallery-item'>\n\t\t\t<dt class='gallery-icon landscape'>\n\t\t\t\t<a href='https:\/\/www.umorlagurahumorului.ro\/wp-content\/uploads\/2025\/07\/Mentiunea-2-Horia-Crisan-Romania-Romania.jpg'><img loading=\"lazy\" decoding=\"async\" width=\"300\" height=\"212\" src=\"https:\/\/www.umorlagurahumorului.ro\/wp-content\/uploads\/2025\/07\/Mentiunea-2-Horia-Crisan-Romania-Romania-300x212.jpg\" class=\"attachment-medium size-medium\" alt=\"\" aria-describedby=\"gallery-38-10870\" srcset=\"https:\/\/www.umorlagurahumorului.ro\/wp-content\/uploads\/2025\/07\/Mentiunea-2-Horia-Crisan-Romania-Romania-300x212.jpg 300w, https:\/\/www.umorlagurahumorului.ro\/wp-content\/uploads\/2025\/07\/Mentiunea-2-Horia-Crisan-Romania-Romania-1024x725.jpg 1024w, https:\/\/www.umorlagurahumorului.ro\/wp-content\/uploads\/2025\/07\/Mentiunea-2-Horia-Crisan-Romania-Romania-768x543.jpg 768w, https:\/\/www.umorlagurahumorului.ro\/wp-content\/uploads\/2025\/07\/Mentiunea-2-Horia-Crisan-Romania-Romania-1536x1087.jpg 1536w, https:\/\/www.umorlagurahumorului.ro\/wp-content\/uploads\/2025\/07\/Mentiunea-2-Horia-Crisan-Romania-Romania-400x283.jpg 400w, https:\/\/www.umorlagurahumorului.ro\/wp-content\/uploads\/2025\/07\/Mentiunea-2-Horia-Crisan-Romania-Romania.jpg 2048w\" sizes=\"auto, (max-width: 300px) 100vw, 300px\" \/><\/a>\n\t\t\t<\/dt>\n\t\t\t\t<dd class='wp-caption-text gallery-caption' id='gallery-38-10870'>\n\t\t\t\tMen\u021biunea 2 &#8211; Horia Cri\u0219an &#8211; Romania- Rom\u00e2nia\n\t\t\t\t<\/dd><\/dl><dl class='gallery-item'>\n\t\t\t<dt class='gallery-icon landscape'>\n\t\t\t\t<a href='https:\/\/www.umorlagurahumorului.ro\/wp-content\/uploads\/2025\/07\/Mentiunea-2-Spiro-Radulovic-Serbia.jpg'><img loading=\"lazy\" decoding=\"async\" width=\"300\" height=\"212\" src=\"https:\/\/www.umorlagurahumorului.ro\/wp-content\/uploads\/2025\/07\/Mentiunea-2-Spiro-Radulovic-Serbia-300x212.jpg\" class=\"attachment-medium size-medium\" alt=\"\" aria-describedby=\"gallery-38-10871\" srcset=\"https:\/\/www.umorlagurahumorului.ro\/wp-content\/uploads\/2025\/07\/Mentiunea-2-Spiro-Radulovic-Serbia-300x212.jpg 300w, https:\/\/www.umorlagurahumorului.ro\/wp-content\/uploads\/2025\/07\/Mentiunea-2-Spiro-Radulovic-Serbia-1024x725.jpg 1024w, https:\/\/www.umorlagurahumorului.ro\/wp-content\/uploads\/2025\/07\/Mentiunea-2-Spiro-Radulovic-Serbia-768x544.jpg 768w, https:\/\/www.umorlagurahumorului.ro\/wp-content\/uploads\/2025\/07\/Mentiunea-2-Spiro-Radulovic-Serbia-1536x1088.jpg 1536w, https:\/\/www.umorlagurahumorului.ro\/wp-content\/uploads\/2025\/07\/Mentiunea-2-Spiro-Radulovic-Serbia-400x283.jpg 400w, https:\/\/www.umorlagurahumorului.ro\/wp-content\/uploads\/2025\/07\/Mentiunea-2-Spiro-Radulovic-Serbia.jpg 2048w\" sizes=\"auto, (max-width: 300px) 100vw, 300px\" \/><\/a>\n\t\t\t<\/dt>\n\t\t\t\t<dd class='wp-caption-text gallery-caption' id='gallery-38-10871'>\n\t\t\t\tMen\u021biunea 2 &#8211; Spiro Radulovic &#8211; Serbia\n\t\t\t\t<\/dd><\/dl><br style=\"clear: both\" \/><dl class='gallery-item'>\n\t\t\t<dt class='gallery-icon landscape'>\n\t\t\t\t<a href='https:\/\/www.umorlagurahumorului.ro\/wp-content\/uploads\/2025\/07\/Mentiunea-3-Marian-Avramescu-Romania-Romania.jpg'><img loading=\"lazy\" decoding=\"async\" width=\"300\" height=\"210\" src=\"https:\/\/www.umorlagurahumorului.ro\/wp-content\/uploads\/2025\/07\/Mentiunea-3-Marian-Avramescu-Romania-Romania-300x210.jpg\" class=\"attachment-medium size-medium\" alt=\"\" aria-describedby=\"gallery-38-10872\" srcset=\"https:\/\/www.umorlagurahumorului.ro\/wp-content\/uploads\/2025\/07\/Mentiunea-3-Marian-Avramescu-Romania-Romania-300x210.jpg 300w, https:\/\/www.umorlagurahumorului.ro\/wp-content\/uploads\/2025\/07\/Mentiunea-3-Marian-Avramescu-Romania-Romania-1024x717.jpg 1024w, https:\/\/www.umorlagurahumorului.ro\/wp-content\/uploads\/2025\/07\/Mentiunea-3-Marian-Avramescu-Romania-Romania-768x538.jpg 768w, https:\/\/www.umorlagurahumorului.ro\/wp-content\/uploads\/2025\/07\/Mentiunea-3-Marian-Avramescu-Romania-Romania-1536x1076.jpg 1536w, https:\/\/www.umorlagurahumorului.ro\/wp-content\/uploads\/2025\/07\/Mentiunea-3-Marian-Avramescu-Romania-Romania-400x280.jpg 400w, https:\/\/www.umorlagurahumorului.ro\/wp-content\/uploads\/2025\/07\/Mentiunea-3-Marian-Avramescu-Romania-Romania.jpg 2048w\" sizes=\"auto, (max-width: 300px) 100vw, 300px\" \/><\/a>\n\t\t\t<\/dt>\n\t\t\t\t<dd class='wp-caption-text gallery-caption' id='gallery-38-10872'>\n\t\t\t\tMen\u021biunea 3 &#8211; Marian Avramescu &#8211; Romania &#8211; Rom\u00e2nia\n\t\t\t\t<\/dd><\/dl><dl class='gallery-item'>\n\t\t\t<dt class='gallery-icon portrait'>\n\t\t\t\t<a href='https:\/\/www.umorlagurahumorului.ro\/wp-content\/uploads\/2025\/07\/Mentiunea-3-Patrick-Heymans-Belgia-Belgium.jpg'><img loading=\"lazy\" decoding=\"async\" width=\"202\" height=\"300\" src=\"https:\/\/www.umorlagurahumorului.ro\/wp-content\/uploads\/2025\/07\/Mentiunea-3-Patrick-Heymans-Belgia-Belgium-202x300.jpg\" class=\"attachment-medium size-medium\" alt=\"\" aria-describedby=\"gallery-38-10873\" srcset=\"https:\/\/www.umorlagurahumorului.ro\/wp-content\/uploads\/2025\/07\/Mentiunea-3-Patrick-Heymans-Belgia-Belgium-202x300.jpg 202w, https:\/\/www.umorlagurahumorului.ro\/wp-content\/uploads\/2025\/07\/Mentiunea-3-Patrick-Heymans-Belgia-Belgium-691x1024.jpg 691w, https:\/\/www.umorlagurahumorului.ro\/wp-content\/uploads\/2025\/07\/Mentiunea-3-Patrick-Heymans-Belgia-Belgium-768x1138.jpg 768w, https:\/\/www.umorlagurahumorului.ro\/wp-content\/uploads\/2025\/07\/Mentiunea-3-Patrick-Heymans-Belgia-Belgium-1037x1536.jpg 1037w, https:\/\/www.umorlagurahumorului.ro\/wp-content\/uploads\/2025\/07\/Mentiunea-3-Patrick-Heymans-Belgia-Belgium-400x593.jpg 400w, https:\/\/www.umorlagurahumorului.ro\/wp-content\/uploads\/2025\/07\/Mentiunea-3-Patrick-Heymans-Belgia-Belgium.jpg 1382w\" sizes=\"auto, (max-width: 202px) 100vw, 202px\" \/><\/a>\n\t\t\t<\/dt>\n\t\t\t\t<dd class='wp-caption-text gallery-caption' id='gallery-38-10873'>\n\t\t\t\tMen\u021biunea 3 &#8211; Patrick Heymans &#8211; Belgia &#8211; Belgium\n\t\t\t\t<\/dd><\/dl>\n\t\t\t<br style='clear: both' \/>\n\t\t<\/div>\n\n<div class=\"su-spacer\" style=\"height:20px\"><\/div>\n<hr>\n<h4>Nomination<\/h4>\n\n\t\t<style type=\"text\/css\">\n\t\t\t#gallery-39 {\n\t\t\t\tmargin: auto;\n\t\t\t}\n\t\t\t#gallery-39 .gallery-item {\n\t\t\t\tfloat: left;\n\t\t\t\tmargin-top: 10px;\n\t\t\t\ttext-align: center;\n\t\t\t\twidth: 33%;\n\t\t\t}\n\t\t\t#gallery-39 img {\n\t\t\t\tborder: 2px solid #cfcfcf;\n\t\t\t}\n\t\t\t#gallery-39 .gallery-caption {\n\t\t\t\tmargin-left: 0;\n\t\t\t}\n\t\t\t\/* see gallery_shortcode() in wp-includes\/media.php *\/\n\t\t<\/style>\n\t\t<div id='gallery-39' class='gallery galleryid-10853 gallery-columns-3 gallery-size-medium'><dl class='gallery-item'>\n\t\t\t<dt class='gallery-icon portrait'>\n\t\t\t\t<a href='https:\/\/www.umorlagurahumorului.ro\/wp-content\/uploads\/2025\/07\/Amir-Ababaf-Iran.jpg'><img loading=\"lazy\" decoding=\"async\" width=\"210\" height=\"300\" src=\"https:\/\/www.umorlagurahumorului.ro\/wp-content\/uploads\/2025\/07\/Amir-Ababaf-Iran-210x300.jpg\" class=\"attachment-medium size-medium\" alt=\"\" aria-describedby=\"gallery-39-10874\" srcset=\"https:\/\/www.umorlagurahumorului.ro\/wp-content\/uploads\/2025\/07\/Amir-Ababaf-Iran-210x300.jpg 210w, https:\/\/www.umorlagurahumorului.ro\/wp-content\/uploads\/2025\/07\/Amir-Ababaf-Iran-717x1024.jpg 717w, https:\/\/www.umorlagurahumorului.ro\/wp-content\/uploads\/2025\/07\/Amir-Ababaf-Iran-768x1097.jpg 768w, https:\/\/www.umorlagurahumorului.ro\/wp-content\/uploads\/2025\/07\/Amir-Ababaf-Iran-1076x1536.jpg 1076w, https:\/\/www.umorlagurahumorului.ro\/wp-content\/uploads\/2025\/07\/Amir-Ababaf-Iran-400x571.jpg 400w, https:\/\/www.umorlagurahumorului.ro\/wp-content\/uploads\/2025\/07\/Amir-Ababaf-Iran.jpg 1434w\" sizes=\"auto, (max-width: 210px) 100vw, 210px\" \/><\/a>\n\t\t\t<\/dt>\n\t\t\t\t<dd class='wp-caption-text gallery-caption' id='gallery-39-10874'>\n\t\t\t\tAmir Ababaf &#8211; Iran\n\t\t\t\t<\/dd><\/dl><dl class='gallery-item'>\n\t\t\t<dt class='gallery-icon landscape'>\n\t\t\t\t<a href='https:\/\/www.umorlagurahumorului.ro\/wp-content\/uploads\/2025\/07\/Atmaja-Septa-Miyosa-Indonezia-Indonesia.jpg'><img loading=\"lazy\" decoding=\"async\" width=\"300\" height=\"212\" src=\"https:\/\/www.umorlagurahumorului.ro\/wp-content\/uploads\/2025\/07\/Atmaja-Septa-Miyosa-Indonezia-Indonesia-300x212.jpg\" class=\"attachment-medium size-medium\" alt=\"\" aria-describedby=\"gallery-39-10875\" srcset=\"https:\/\/www.umorlagurahumorului.ro\/wp-content\/uploads\/2025\/07\/Atmaja-Septa-Miyosa-Indonezia-Indonesia-300x212.jpg 300w, https:\/\/www.umorlagurahumorului.ro\/wp-content\/uploads\/2025\/07\/Atmaja-Septa-Miyosa-Indonezia-Indonesia-1024x724.jpg 1024w, https:\/\/www.umorlagurahumorului.ro\/wp-content\/uploads\/2025\/07\/Atmaja-Septa-Miyosa-Indonezia-Indonesia-768x543.jpg 768w, https:\/\/www.umorlagurahumorului.ro\/wp-content\/uploads\/2025\/07\/Atmaja-Septa-Miyosa-Indonezia-Indonesia-1536x1086.jpg 1536w, https:\/\/www.umorlagurahumorului.ro\/wp-content\/uploads\/2025\/07\/Atmaja-Septa-Miyosa-Indonezia-Indonesia-400x283.jpg 400w, https:\/\/www.umorlagurahumorului.ro\/wp-content\/uploads\/2025\/07\/Atmaja-Septa-Miyosa-Indonezia-Indonesia.jpg 1754w\" sizes=\"auto, (max-width: 300px) 100vw, 300px\" \/><\/a>\n\t\t\t<\/dt>\n\t\t\t\t<dd class='wp-caption-text gallery-caption' id='gallery-39-10875'>\n\t\t\t\tAtmaja Septa Miyosa &#8211; Indonezia &#8211; Indonesia\n\t\t\t\t<\/dd><\/dl><dl class='gallery-item'>\n\t\t\t<dt class='gallery-icon portrait'>\n\t\t\t\t<a href='https:\/\/www.umorlagurahumorului.ro\/wp-content\/uploads\/2025\/07\/Cornel-Marin-Chiorean-Romania-Romania.jpg'><img loading=\"lazy\" decoding=\"async\" width=\"211\" height=\"300\" src=\"https:\/\/www.umorlagurahumorului.ro\/wp-content\/uploads\/2025\/07\/Cornel-Marin-Chiorean-Romania-Romania-211x300.jpg\" class=\"attachment-medium size-medium\" alt=\"\" aria-describedby=\"gallery-39-10876\" srcset=\"https:\/\/www.umorlagurahumorului.ro\/wp-content\/uploads\/2025\/07\/Cornel-Marin-Chiorean-Romania-Romania-211x300.jpg 211w, https:\/\/www.umorlagurahumorului.ro\/wp-content\/uploads\/2025\/07\/Cornel-Marin-Chiorean-Romania-Romania-721x1024.jpg 721w, https:\/\/www.umorlagurahumorului.ro\/wp-content\/uploads\/2025\/07\/Cornel-Marin-Chiorean-Romania-Romania-768x1092.jpg 768w, https:\/\/www.umorlagurahumorului.ro\/wp-content\/uploads\/2025\/07\/Cornel-Marin-Chiorean-Romania-Romania-1081x1536.jpg 1081w, https:\/\/www.umorlagurahumorului.ro\/wp-content\/uploads\/2025\/07\/Cornel-Marin-Chiorean-Romania-Romania-400x568.jpg 400w, https:\/\/www.umorlagurahumorului.ro\/wp-content\/uploads\/2025\/07\/Cornel-Marin-Chiorean-Romania-Romania.jpg 1441w\" sizes=\"auto, (max-width: 211px) 100vw, 211px\" \/><\/a>\n\t\t\t<\/dt>\n\t\t\t\t<dd class='wp-caption-text gallery-caption' id='gallery-39-10876'>\n\t\t\t\tCornel Marin Chiorean &#8211; Rom\u00e2nia &#8211; Romania\n\t\t\t\t<\/dd><\/dl><br style=\"clear: both\" \/><dl class='gallery-item'>\n\t\t\t<dt class='gallery-icon portrait'>\n\t\t\t\t<a href='https:\/\/www.umorlagurahumorului.ro\/wp-content\/uploads\/2025\/07\/Darko-Drljevic-Croatia-Montenegru-Montenegro.jpg'><img loading=\"lazy\" decoding=\"async\" width=\"212\" height=\"300\" src=\"https:\/\/www.umorlagurahumorului.ro\/wp-content\/uploads\/2025\/07\/Darko-Drljevic-Croatia-Montenegru-Montenegro-212x300.jpg\" class=\"attachment-medium size-medium\" alt=\"\" aria-describedby=\"gallery-39-10877\" srcset=\"https:\/\/www.umorlagurahumorului.ro\/wp-content\/uploads\/2025\/07\/Darko-Drljevic-Croatia-Montenegru-Montenegro-212x300.jpg 212w, https:\/\/www.umorlagurahumorului.ro\/wp-content\/uploads\/2025\/07\/Darko-Drljevic-Croatia-Montenegru-Montenegro-724x1024.jpg 724w, https:\/\/www.umorlagurahumorului.ro\/wp-content\/uploads\/2025\/07\/Darko-Drljevic-Croatia-Montenegru-Montenegro-768x1086.jpg 768w, https:\/\/www.umorlagurahumorului.ro\/wp-content\/uploads\/2025\/07\/Darko-Drljevic-Croatia-Montenegru-Montenegro-1086x1536.jpg 1086w, https:\/\/www.umorlagurahumorului.ro\/wp-content\/uploads\/2025\/07\/Darko-Drljevic-Croatia-Montenegru-Montenegro-400x566.jpg 400w, https:\/\/www.umorlagurahumorului.ro\/wp-content\/uploads\/2025\/07\/Darko-Drljevic-Croatia-Montenegru-Montenegro.jpg 1448w\" sizes=\"auto, (max-width: 212px) 100vw, 212px\" \/><\/a>\n\t\t\t<\/dt>\n\t\t\t\t<dd class='wp-caption-text gallery-caption' id='gallery-39-10877'>\n\t\t\t\tDarko Drljevi\u0107 &#8211; Croa\u021bia &#8211; Montenegru &#8211; Montenegro\n\t\t\t\t<\/dd><\/dl><dl class='gallery-item'>\n\t\t\t<dt class='gallery-icon landscape'>\n\t\t\t\t<a href='https:\/\/www.umorlagurahumorului.ro\/wp-content\/uploads\/2025\/07\/Heibat-Ahmadi-Iran.jpg'><img loading=\"lazy\" decoding=\"async\" width=\"300\" height=\"212\" src=\"https:\/\/www.umorlagurahumorului.ro\/wp-content\/uploads\/2025\/07\/Heibat-Ahmadi-Iran-300x212.jpg\" class=\"attachment-medium size-medium\" alt=\"\" aria-describedby=\"gallery-39-10878\" srcset=\"https:\/\/www.umorlagurahumorului.ro\/wp-content\/uploads\/2025\/07\/Heibat-Ahmadi-Iran-300x212.jpg 300w, https:\/\/www.umorlagurahumorului.ro\/wp-content\/uploads\/2025\/07\/Heibat-Ahmadi-Iran-1024x724.jpg 1024w, https:\/\/www.umorlagurahumorului.ro\/wp-content\/uploads\/2025\/07\/Heibat-Ahmadi-Iran-768x543.jpg 768w, https:\/\/www.umorlagurahumorului.ro\/wp-content\/uploads\/2025\/07\/Heibat-Ahmadi-Iran-1536x1086.jpg 1536w, https:\/\/www.umorlagurahumorului.ro\/wp-content\/uploads\/2025\/07\/Heibat-Ahmadi-Iran-400x283.jpg 400w, https:\/\/www.umorlagurahumorului.ro\/wp-content\/uploads\/2025\/07\/Heibat-Ahmadi-Iran.jpg 1671w\" sizes=\"auto, (max-width: 300px) 100vw, 300px\" \/><\/a>\n\t\t\t<\/dt>\n\t\t\t\t<dd class='wp-caption-text gallery-caption' id='gallery-39-10878'>\n\t\t\t\tHeibat Ahmadi &#8211; Iran\n\t\t\t\t<\/dd><\/dl><dl class='gallery-item'>\n\t\t\t<dt class='gallery-icon portrait'>\n\t\t\t\t<a href='https:\/\/www.umorlagurahumorului.ro\/wp-content\/uploads\/2025\/07\/Leslie-Ricciardi-Uruguay.jpg'><img loading=\"lazy\" decoding=\"async\" width=\"240\" height=\"300\" src=\"https:\/\/www.umorlagurahumorului.ro\/wp-content\/uploads\/2025\/07\/Leslie-Ricciardi-Uruguay-240x300.jpg\" class=\"attachment-medium size-medium\" alt=\"\" aria-describedby=\"gallery-39-10879\" srcset=\"https:\/\/www.umorlagurahumorului.ro\/wp-content\/uploads\/2025\/07\/Leslie-Ricciardi-Uruguay-240x300.jpg 240w, https:\/\/www.umorlagurahumorului.ro\/wp-content\/uploads\/2025\/07\/Leslie-Ricciardi-Uruguay-819x1024.jpg 819w, https:\/\/www.umorlagurahumorului.ro\/wp-content\/uploads\/2025\/07\/Leslie-Ricciardi-Uruguay-768x960.jpg 768w, https:\/\/www.umorlagurahumorului.ro\/wp-content\/uploads\/2025\/07\/Leslie-Ricciardi-Uruguay-1229x1536.jpg 1229w, https:\/\/www.umorlagurahumorului.ro\/wp-content\/uploads\/2025\/07\/Leslie-Ricciardi-Uruguay-400x500.jpg 400w, https:\/\/www.umorlagurahumorului.ro\/wp-content\/uploads\/2025\/07\/Leslie-Ricciardi-Uruguay.jpg 1638w\" sizes=\"auto, (max-width: 240px) 100vw, 240px\" \/><\/a>\n\t\t\t<\/dt>\n\t\t\t\t<dd class='wp-caption-text gallery-caption' id='gallery-39-10879'>\n\t\t\t\tLeslie Ricciardi &#8211; Uruguay\n\t\t\t\t<\/dd><\/dl><br style=\"clear: both\" \/><dl class='gallery-item'>\n\t\t\t<dt class='gallery-icon portrait'>\n\t\t\t\t<a href='https:\/\/www.umorlagurahumorului.ro\/wp-content\/uploads\/2025\/07\/Muammer-Kotbas-Turcia-Turkey.jpg'><img loading=\"lazy\" decoding=\"async\" width=\"218\" height=\"300\" src=\"https:\/\/www.umorlagurahumorului.ro\/wp-content\/uploads\/2025\/07\/Muammer-Kotbas-Turcia-Turkey-218x300.jpg\" class=\"attachment-medium size-medium\" alt=\"\" aria-describedby=\"gallery-39-10880\" srcset=\"https:\/\/www.umorlagurahumorului.ro\/wp-content\/uploads\/2025\/07\/Muammer-Kotbas-Turcia-Turkey-218x300.jpg 218w, https:\/\/www.umorlagurahumorului.ro\/wp-content\/uploads\/2025\/07\/Muammer-Kotbas-Turcia-Turkey-746x1024.jpg 746w, https:\/\/www.umorlagurahumorului.ro\/wp-content\/uploads\/2025\/07\/Muammer-Kotbas-Turcia-Turkey-768x1055.jpg 768w, https:\/\/www.umorlagurahumorului.ro\/wp-content\/uploads\/2025\/07\/Muammer-Kotbas-Turcia-Turkey-1118x1536.jpg 1118w, https:\/\/www.umorlagurahumorului.ro\/wp-content\/uploads\/2025\/07\/Muammer-Kotbas-Turcia-Turkey-400x549.jpg 400w, https:\/\/www.umorlagurahumorului.ro\/wp-content\/uploads\/2025\/07\/Muammer-Kotbas-Turcia-Turkey.jpg 1165w\" sizes=\"auto, (max-width: 218px) 100vw, 218px\" \/><\/a>\n\t\t\t<\/dt>\n\t\t\t\t<dd class='wp-caption-text gallery-caption' id='gallery-39-10880'>\n\t\t\t\tMuammer Kotba\u0219 &#8211; Turcia &#8211; Turkey\n\t\t\t\t<\/dd><\/dl><dl class='gallery-item'>\n\t\t\t<dt class='gallery-icon landscape'>\n\t\t\t\t<a href='https:\/\/www.umorlagurahumorului.ro\/wp-content\/uploads\/2025\/07\/NedaTanhaeimoghadam-Iran.jpg'><img loading=\"lazy\" decoding=\"async\" width=\"300\" height=\"212\" src=\"https:\/\/www.umorlagurahumorului.ro\/wp-content\/uploads\/2025\/07\/NedaTanhaeimoghadam-Iran-300x212.jpg\" class=\"attachment-medium size-medium\" alt=\"\" aria-describedby=\"gallery-39-10881\" srcset=\"https:\/\/www.umorlagurahumorului.ro\/wp-content\/uploads\/2025\/07\/NedaTanhaeimoghadam-Iran-300x212.jpg 300w, https:\/\/www.umorlagurahumorului.ro\/wp-content\/uploads\/2025\/07\/NedaTanhaeimoghadam-Iran-1024x724.jpg 1024w, https:\/\/www.umorlagurahumorului.ro\/wp-content\/uploads\/2025\/07\/NedaTanhaeimoghadam-Iran-768x543.jpg 768w, https:\/\/www.umorlagurahumorului.ro\/wp-content\/uploads\/2025\/07\/NedaTanhaeimoghadam-Iran-1536x1086.jpg 1536w, https:\/\/www.umorlagurahumorului.ro\/wp-content\/uploads\/2025\/07\/NedaTanhaeimoghadam-Iran-400x283.jpg 400w, https:\/\/www.umorlagurahumorului.ro\/wp-content\/uploads\/2025\/07\/NedaTanhaeimoghadam-Iran.jpg 2000w\" sizes=\"auto, (max-width: 300px) 100vw, 300px\" \/><\/a>\n\t\t\t<\/dt>\n\t\t\t\t<dd class='wp-caption-text gallery-caption' id='gallery-39-10881'>\n\t\t\t\tNeda Tanhaeimoghadam &#8211; Iran\n\t\t\t\t<\/dd><\/dl><dl class='gallery-item'>\n\t\t\t<dt class='gallery-icon portrait'>\n\t\t\t\t<a href='https:\/\/www.umorlagurahumorului.ro\/wp-content\/uploads\/2025\/07\/Seyran-Caferli-Azerbaijan.jpg'><img loading=\"lazy\" decoding=\"async\" width=\"212\" height=\"300\" src=\"https:\/\/www.umorlagurahumorului.ro\/wp-content\/uploads\/2025\/07\/Seyran-Caferli-Azerbaijan-212x300.jpg\" class=\"attachment-medium size-medium\" alt=\"\" aria-describedby=\"gallery-39-10882\" srcset=\"https:\/\/www.umorlagurahumorului.ro\/wp-content\/uploads\/2025\/07\/Seyran-Caferli-Azerbaijan-212x300.jpg 212w, https:\/\/www.umorlagurahumorului.ro\/wp-content\/uploads\/2025\/07\/Seyran-Caferli-Azerbaijan-725x1024.jpg 725w, https:\/\/www.umorlagurahumorului.ro\/wp-content\/uploads\/2025\/07\/Seyran-Caferli-Azerbaijan-768x1085.jpg 768w, https:\/\/www.umorlagurahumorului.ro\/wp-content\/uploads\/2025\/07\/Seyran-Caferli-Azerbaijan-1087x1536.jpg 1087w, https:\/\/www.umorlagurahumorului.ro\/wp-content\/uploads\/2025\/07\/Seyran-Caferli-Azerbaijan-400x565.jpg 400w, https:\/\/www.umorlagurahumorului.ro\/wp-content\/uploads\/2025\/07\/Seyran-Caferli-Azerbaijan.jpg 1449w\" sizes=\"auto, (max-width: 212px) 100vw, 212px\" \/><\/a>\n\t\t\t<\/dt>\n\t\t\t\t<dd class='wp-caption-text gallery-caption' id='gallery-39-10882'>\n\t\t\t\tSeyran Caferli &#8211; Azerbaijanpeg\n\t\t\t\t<\/dd><\/dl><br style=\"clear: both\" \/><dl class='gallery-item'>\n\t\t\t<dt class='gallery-icon landscape'>\n\t\t\t\t<a href='https:\/\/www.umorlagurahumorului.ro\/wp-content\/uploads\/2025\/07\/Valeriu-Kurtu-Germania-Germany.jpg'><img loading=\"lazy\" decoding=\"async\" width=\"300\" height=\"202\" src=\"https:\/\/www.umorlagurahumorului.ro\/wp-content\/uploads\/2025\/07\/Valeriu-Kurtu-Germania-Germany-300x202.jpg\" class=\"attachment-medium size-medium\" alt=\"\" aria-describedby=\"gallery-39-10883\" srcset=\"https:\/\/www.umorlagurahumorului.ro\/wp-content\/uploads\/2025\/07\/Valeriu-Kurtu-Germania-Germany-300x202.jpg 300w, https:\/\/www.umorlagurahumorului.ro\/wp-content\/uploads\/2025\/07\/Valeriu-Kurtu-Germania-Germany-1024x689.jpg 1024w, https:\/\/www.umorlagurahumorului.ro\/wp-content\/uploads\/2025\/07\/Valeriu-Kurtu-Germania-Germany-768x517.jpg 768w, https:\/\/www.umorlagurahumorului.ro\/wp-content\/uploads\/2025\/07\/Valeriu-Kurtu-Germania-Germany-1536x1034.jpg 1536w, https:\/\/www.umorlagurahumorului.ro\/wp-content\/uploads\/2025\/07\/Valeriu-Kurtu-Germania-Germany-400x269.jpg 400w, https:\/\/www.umorlagurahumorului.ro\/wp-content\/uploads\/2025\/07\/Valeriu-Kurtu-Germania-Germany.jpg 2048w\" sizes=\"auto, (max-width: 300px) 100vw, 300px\" \/><\/a>\n\t\t\t<\/dt>\n\t\t\t\t<dd class='wp-caption-text gallery-caption' id='gallery-39-10883'>\n\t\t\t\tValeriu Kurtu &#8211; Germania &#8211; Germany\n\t\t\t\t<\/dd><\/dl>\n\t\t\t<br style='clear: both' \/>\n\t\t<\/div>\n\n<div class=\"su-spacer\" style=\"height:20px\"><\/div>\n<hr>\n<h4>Children\u2019s Prizes<\/h4>\n\n\t\t<style type=\"text\/css\">\n\t\t\t#gallery-40 {\n\t\t\t\tmargin: auto;\n\t\t\t}\n\t\t\t#gallery-40 .gallery-item {\n\t\t\t\tfloat: left;\n\t\t\t\tmargin-top: 10px;\n\t\t\t\ttext-align: center;\n\t\t\t\twidth: 33%;\n\t\t\t}\n\t\t\t#gallery-40 img {\n\t\t\t\tborder: 2px solid #cfcfcf;\n\t\t\t}\n\t\t\t#gallery-40 .gallery-caption {\n\t\t\t\tmargin-left: 0;\n\t\t\t}\n\t\t\t\/* see gallery_shortcode() in wp-includes\/media.php *\/\n\t\t<\/style>\n\t\t<div id='gallery-40' class='gallery galleryid-10853 gallery-columns-3 gallery-size-medium'><dl class='gallery-item'>\n\t\t\t<dt class='gallery-icon portrait'>\n\t\t\t\t<a href='https:\/\/www.umorlagurahumorului.ro\/wp-content\/uploads\/2025\/07\/Premiul-1-Stepan-Zlokazov-Rusia-Russia.jpg'><img loading=\"lazy\" decoding=\"async\" width=\"212\" height=\"300\" src=\"https:\/\/www.umorlagurahumorului.ro\/wp-content\/uploads\/2025\/07\/Premiul-1-Stepan-Zlokazov-Rusia-Russia-212x300.jpg\" class=\"attachment-medium size-medium\" alt=\"\" aria-describedby=\"gallery-40-10888\" srcset=\"https:\/\/www.umorlagurahumorului.ro\/wp-content\/uploads\/2025\/07\/Premiul-1-Stepan-Zlokazov-Rusia-Russia-212x300.jpg 212w, https:\/\/www.umorlagurahumorului.ro\/wp-content\/uploads\/2025\/07\/Premiul-1-Stepan-Zlokazov-Rusia-Russia-724x1024.jpg 724w, https:\/\/www.umorlagurahumorului.ro\/wp-content\/uploads\/2025\/07\/Premiul-1-Stepan-Zlokazov-Rusia-Russia-768x1086.jpg 768w, https:\/\/www.umorlagurahumorului.ro\/wp-content\/uploads\/2025\/07\/Premiul-1-Stepan-Zlokazov-Rusia-Russia-400x566.jpg 400w, https:\/\/www.umorlagurahumorului.ro\/wp-content\/uploads\/2025\/07\/Premiul-1-Stepan-Zlokazov-Rusia-Russia.jpg 891w\" sizes=\"auto, (max-width: 212px) 100vw, 212px\" \/><\/a>\n\t\t\t<\/dt>\n\t\t\t\t<dd class='wp-caption-text gallery-caption' id='gallery-40-10888'>\n\t\t\t\tPremiul 1 &#8211; Stepan Zlokazov &#8211; Rusia &#8211; Russia\n\t\t\t\t<\/dd><\/dl><dl class='gallery-item'>\n\t\t\t<dt class='gallery-icon portrait'>\n\t\t\t\t<a href='https:\/\/www.umorlagurahumorului.ro\/wp-content\/uploads\/2025\/07\/Premiul-2-Zahra-Assarian-Iran.jpg'><img loading=\"lazy\" decoding=\"async\" width=\"200\" height=\"300\" src=\"https:\/\/www.umorlagurahumorului.ro\/wp-content\/uploads\/2025\/07\/Premiul-2-Zahra-Assarian-Iran-200x300.jpg\" class=\"attachment-medium size-medium\" alt=\"\" aria-describedby=\"gallery-40-10889\" srcset=\"https:\/\/www.umorlagurahumorului.ro\/wp-content\/uploads\/2025\/07\/Premiul-2-Zahra-Assarian-Iran-200x300.jpg 200w, https:\/\/www.umorlagurahumorului.ro\/wp-content\/uploads\/2025\/07\/Premiul-2-Zahra-Assarian-Iran-683x1024.jpg 683w, https:\/\/www.umorlagurahumorului.ro\/wp-content\/uploads\/2025\/07\/Premiul-2-Zahra-Assarian-Iran-768x1152.jpg 768w, https:\/\/www.umorlagurahumorului.ro\/wp-content\/uploads\/2025\/07\/Premiul-2-Zahra-Assarian-Iran-400x600.jpg 400w, https:\/\/www.umorlagurahumorului.ro\/wp-content\/uploads\/2025\/07\/Premiul-2-Zahra-Assarian-Iran.jpg 1024w\" sizes=\"auto, (max-width: 200px) 100vw, 200px\" \/><\/a>\n\t\t\t<\/dt>\n\t\t\t\t<dd class='wp-caption-text gallery-caption' id='gallery-40-10889'>\n\t\t\t\tPremiul 2 &#8211; Zahra Assarian &#8211; Iran\n\t\t\t\t<\/dd><\/dl><dl class='gallery-item'>\n\t\t\t<dt class='gallery-icon portrait'>\n\t\t\t\t<a href='https:\/\/www.umorlagurahumorului.ro\/wp-content\/uploads\/2025\/07\/Premiul-3-Hoda-Wesam-Khalil-Egipt-Egypt.jpg'><img loading=\"lazy\" decoding=\"async\" width=\"212\" height=\"300\" src=\"https:\/\/www.umorlagurahumorului.ro\/wp-content\/uploads\/2025\/07\/Premiul-3-Hoda-Wesam-Khalil-Egipt-Egypt-212x300.jpg\" class=\"attachment-medium size-medium\" alt=\"\" aria-describedby=\"gallery-40-10890\" srcset=\"https:\/\/www.umorlagurahumorului.ro\/wp-content\/uploads\/2025\/07\/Premiul-3-Hoda-Wesam-Khalil-Egipt-Egypt-212x300.jpg 212w, https:\/\/www.umorlagurahumorului.ro\/wp-content\/uploads\/2025\/07\/Premiul-3-Hoda-Wesam-Khalil-Egipt-Egypt-724x1024.jpg 724w, https:\/\/www.umorlagurahumorului.ro\/wp-content\/uploads\/2025\/07\/Premiul-3-Hoda-Wesam-Khalil-Egipt-Egypt-768x1086.jpg 768w, https:\/\/www.umorlagurahumorului.ro\/wp-content\/uploads\/2025\/07\/Premiul-3-Hoda-Wesam-Khalil-Egipt-Egypt-1086x1536.jpg 1086w, https:\/\/www.umorlagurahumorului.ro\/wp-content\/uploads\/2025\/07\/Premiul-3-Hoda-Wesam-Khalil-Egipt-Egypt-400x566.jpg 400w, https:\/\/www.umorlagurahumorului.ro\/wp-content\/uploads\/2025\/07\/Premiul-3-Hoda-Wesam-Khalil-Egipt-Egypt.jpg 1448w\" sizes=\"auto, (max-width: 212px) 100vw, 212px\" \/><\/a>\n\t\t\t<\/dt>\n\t\t\t\t<dd class='wp-caption-text gallery-caption' id='gallery-40-10890'>\n\t\t\t\tPremiul 3 -Hoda Wesam Khalil &#8211; Egipt &#8211; Egypt\n\t\t\t\t<\/dd><\/dl><br style=\"clear: both\" \/><dl class='gallery-item'>\n\t\t\t<dt class='gallery-icon landscape'>\n\t\t\t\t<a href='https:\/\/www.umorlagurahumorului.ro\/wp-content\/uploads\/2025\/07\/Mentiunea-1-Maya-Khalil-Belgia-Belgium.jpg'><img loading=\"lazy\" decoding=\"async\" width=\"300\" height=\"217\" src=\"https:\/\/www.umorlagurahumorului.ro\/wp-content\/uploads\/2025\/07\/Mentiunea-1-Maya-Khalil-Belgia-Belgium-300x217.jpg\" class=\"attachment-medium size-medium\" alt=\"\" aria-describedby=\"gallery-40-10885\" srcset=\"https:\/\/www.umorlagurahumorului.ro\/wp-content\/uploads\/2025\/07\/Mentiunea-1-Maya-Khalil-Belgia-Belgium-300x217.jpg 300w, https:\/\/www.umorlagurahumorului.ro\/wp-content\/uploads\/2025\/07\/Mentiunea-1-Maya-Khalil-Belgia-Belgium-1024x742.jpg 1024w, https:\/\/www.umorlagurahumorului.ro\/wp-content\/uploads\/2025\/07\/Mentiunea-1-Maya-Khalil-Belgia-Belgium-768x556.jpg 768w, https:\/\/www.umorlagurahumorului.ro\/wp-content\/uploads\/2025\/07\/Mentiunea-1-Maya-Khalil-Belgia-Belgium-1536x1112.jpg 1536w, https:\/\/www.umorlagurahumorului.ro\/wp-content\/uploads\/2025\/07\/Mentiunea-1-Maya-Khalil-Belgia-Belgium-400x290.jpg 400w, https:\/\/www.umorlagurahumorului.ro\/wp-content\/uploads\/2025\/07\/Mentiunea-1-Maya-Khalil-Belgia-Belgium.jpg 2048w\" sizes=\"auto, (max-width: 300px) 100vw, 300px\" \/><\/a>\n\t\t\t<\/dt>\n\t\t\t\t<dd class='wp-caption-text gallery-caption' id='gallery-40-10885'>\n\t\t\t\tMen\u021biunea 1 &#8211; Maya Khalil &#8211; Belgia &#8211; Belgium\n\t\t\t\t<\/dd><\/dl><dl class='gallery-item'>\n\t\t\t<dt class='gallery-icon portrait'>\n\t\t\t\t<a href='https:\/\/www.umorlagurahumorului.ro\/wp-content\/uploads\/2025\/07\/Mentiunea-1-Nayla-Enjelita-Indonezia-Indonesia.jpg'><img loading=\"lazy\" decoding=\"async\" width=\"200\" height=\"300\" src=\"https:\/\/www.umorlagurahumorului.ro\/wp-content\/uploads\/2025\/07\/Mentiunea-1-Nayla-Enjelita-Indonezia-Indonesia-200x300.jpg\" class=\"attachment-medium size-medium\" alt=\"\" aria-describedby=\"gallery-40-10886\" srcset=\"https:\/\/www.umorlagurahumorului.ro\/wp-content\/uploads\/2025\/07\/Mentiunea-1-Nayla-Enjelita-Indonezia-Indonesia-200x300.jpg 200w, https:\/\/www.umorlagurahumorului.ro\/wp-content\/uploads\/2025\/07\/Mentiunea-1-Nayla-Enjelita-Indonezia-Indonesia-683x1024.jpg 683w, https:\/\/www.umorlagurahumorului.ro\/wp-content\/uploads\/2025\/07\/Mentiunea-1-Nayla-Enjelita-Indonezia-Indonesia-768x1152.jpg 768w, https:\/\/www.umorlagurahumorului.ro\/wp-content\/uploads\/2025\/07\/Mentiunea-1-Nayla-Enjelita-Indonezia-Indonesia-400x600.jpg 400w, https:\/\/www.umorlagurahumorului.ro\/wp-content\/uploads\/2025\/07\/Mentiunea-1-Nayla-Enjelita-Indonezia-Indonesia.jpg 1024w\" sizes=\"auto, (max-width: 200px) 100vw, 200px\" \/><\/a>\n\t\t\t<\/dt>\n\t\t\t\t<dd class='wp-caption-text gallery-caption' id='gallery-40-10886'>\n\t\t\t\tMen\u021biunea 1 &#8211; Nayla Enjelita &#8211; Indonezia &#8211; Indonesia\n\t\t\t\t<\/dd><\/dl><dl class='gallery-item'>\n\t\t\t<dt class='gallery-icon landscape'>\n\t\t\t\t<a href='https:\/\/www.umorlagurahumorului.ro\/wp-content\/uploads\/2025\/07\/Mentiunea-2-Igor-Ivoilov-Rusia-Russia.jpg'><img loading=\"lazy\" decoding=\"async\" width=\"300\" height=\"225\" src=\"https:\/\/www.umorlagurahumorului.ro\/wp-content\/uploads\/2025\/07\/Mentiunea-2-Igor-Ivoilov-Rusia-Russia-300x225.jpg\" class=\"attachment-medium size-medium\" alt=\"\" aria-describedby=\"gallery-40-10891\" srcset=\"https:\/\/www.umorlagurahumorului.ro\/wp-content\/uploads\/2025\/07\/Mentiunea-2-Igor-Ivoilov-Rusia-Russia-300x225.jpg 300w, https:\/\/www.umorlagurahumorului.ro\/wp-content\/uploads\/2025\/07\/Mentiunea-2-Igor-Ivoilov-Rusia-Russia-1024x768.jpg 1024w, https:\/\/www.umorlagurahumorului.ro\/wp-content\/uploads\/2025\/07\/Mentiunea-2-Igor-Ivoilov-Rusia-Russia-768x576.jpg 768w, https:\/\/www.umorlagurahumorului.ro\/wp-content\/uploads\/2025\/07\/Mentiunea-2-Igor-Ivoilov-Rusia-Russia-1536x1152.jpg 1536w, https:\/\/www.umorlagurahumorului.ro\/wp-content\/uploads\/2025\/07\/Mentiunea-2-Igor-Ivoilov-Rusia-Russia-400x300.jpg 400w, https:\/\/www.umorlagurahumorului.ro\/wp-content\/uploads\/2025\/07\/Mentiunea-2-Igor-Ivoilov-Rusia-Russia.jpg 2048w\" sizes=\"auto, (max-width: 300px) 100vw, 300px\" \/><\/a>\n\t\t\t<\/dt>\n\t\t\t\t<dd class='wp-caption-text gallery-caption' id='gallery-40-10891'>\n\t\t\t\tMen\u021biunea 2 &#8211; Igor Ivoilov &#8211; Rusia &#8211; Russia\n\t\t\t\t<\/dd><\/dl><br style=\"clear: both\" \/><dl class='gallery-item'>\n\t\t\t<dt class='gallery-icon landscape'>\n\t\t\t\t<a href='https:\/\/www.umorlagurahumorului.ro\/wp-content\/uploads\/2025\/07\/Mentiunea-3-Eva-Sipulina-Rusia-Russia.jpg'><img loading=\"lazy\" decoding=\"async\" width=\"300\" height=\"205\" src=\"https:\/\/www.umorlagurahumorului.ro\/wp-content\/uploads\/2025\/07\/Mentiunea-3-Eva-Sipulina-Rusia-Russia-300x205.jpg\" class=\"attachment-medium size-medium\" alt=\"\" aria-describedby=\"gallery-40-10887\" srcset=\"https:\/\/www.umorlagurahumorului.ro\/wp-content\/uploads\/2025\/07\/Mentiunea-3-Eva-Sipulina-Rusia-Russia-300x205.jpg 300w, https:\/\/www.umorlagurahumorului.ro\/wp-content\/uploads\/2025\/07\/Mentiunea-3-Eva-Sipulina-Rusia-Russia-1024x701.jpg 1024w, https:\/\/www.umorlagurahumorului.ro\/wp-content\/uploads\/2025\/07\/Mentiunea-3-Eva-Sipulina-Rusia-Russia-768x526.jpg 768w, https:\/\/www.umorlagurahumorului.ro\/wp-content\/uploads\/2025\/07\/Mentiunea-3-Eva-Sipulina-Rusia-Russia-1536x1052.jpg 1536w, https:\/\/www.umorlagurahumorului.ro\/wp-content\/uploads\/2025\/07\/Mentiunea-3-Eva-Sipulina-Rusia-Russia-400x274.jpg 400w, https:\/\/www.umorlagurahumorului.ro\/wp-content\/uploads\/2025\/07\/Mentiunea-3-Eva-Sipulina-Rusia-Russia.jpg 2048w\" sizes=\"auto, (max-width: 300px) 100vw, 300px\" \/><\/a>\n\t\t\t<\/dt>\n\t\t\t\t<dd class='wp-caption-text gallery-caption' id='gallery-40-10887'>\n\t\t\t\tMen\u021biunea 3 &#8211; Eva Sipulina &#8211; Rusia &#8211; Russia\n\t\t\t\t<\/dd><\/dl>\n\t\t\t<br style='clear: both' \/>\n\t\t<\/div>\n\n<div class=\"su-spacer\" style=\"height:20px\"><\/div>\n<hr>","protected":false},"excerpt":{"rendered":"<p>1st Prize &#8211; Raed Khalil &#8211; Belgia &#8211; Belgium 2nd Prize &#8211; Gelu Pascal &#8211; Rom\u00e2nia &#8211; Romania 3rd Prize &#8211; Liviu St\u0103nil\u0103 &#8211; Rom\u00e2nia &#8211; Romania George Gavrilean Prize &#8211; Hamid Soufi &#8211; Iran Viorel Corodescu COV Prize &#8211; Lucian Sergiu F\u0103rc\u0103\u0219anu &#8211; Rom\u00e2nia &#8211; Romania Menttions Nomination Children\u2019s Prizes 1st Prize &#8211; Raed &hellip; <a href=\"https:\/\/www.umorlagurahumorului.ro\/en\/editii\/editia-35-2025\/premianti-grafica-satirica-2025\/\" class=\"excerpt-link\">Read More<\/a><\/p>\n","protected":false},"author":1,"featured_media":0,"parent":10856,"menu_order":0,"comment_status":"closed","ping_status":"closed","template":"","meta":{"ngg_post_thumbnail":0,"footnotes":""},"class_list":["post-10853","page","type-page","status-publish","hentry"],"yoast_head":"<!-- This site is optimized with the Yoast SEO plugin v25.9 - https:\/\/yoast.com\/wordpress\/plugins\/seo\/ -->\n<title>Premianti grafica satirica 2025 - Humour at .... Gura Humorului<\/title>\n<meta name=\"robots\" content=\"index, follow, max-snippet:-1, max-image-preview:large, max-video-preview:-1\" \/>\n<link rel=\"canonical\" href=\"https:\/\/www.umorlagurahumorului.ro\/editii\/editia-35-2025\/premianti-grafica-satirica-2025\/\" \/>\n<meta property=\"og:locale\" content=\"en_US\" \/>\n<meta property=\"og:type\" content=\"article\" \/>\n<meta property=\"og:title\" content=\"Premianti grafica satirica 2025 - Humour at .... Gura Humorului\" \/>\n<meta property=\"og:description\" content=\"1st Prize &#8211; Raed Khalil &#8211; Belgia &#8211; Belgium 2nd Prize &#8211; Gelu Pascal &#8211; Rom\u00e2nia &#8211; Romania 3rd Prize &#8211; Liviu St\u0103nil\u0103 &#8211; Rom\u00e2nia &#8211; Romania George Gavrilean Prize &#8211; Hamid Soufi &#8211; Iran Viorel Corodescu COV Prize &#8211; Lucian Sergiu F\u0103rc\u0103\u0219anu &#8211; Rom\u00e2nia &#8211; Romania Menttions Nomination Children\u2019s Prizes 1st Prize &#8211; Raed &hellip; Read More\" \/>\n<meta property=\"og:url\" content=\"https:\/\/www.umorlagurahumorului.ro\/editii\/editia-35-2025\/premianti-grafica-satirica-2025\/\" \/>\n<meta property=\"og:site_name\" content=\"Humour at .... Gura Humorului\" \/>\n<meta property=\"article:publisher\" content=\"https:\/\/www.facebook.com\/Umor-la-Gura-Humorului-Humour-at-Gura-Humorului-105184057924606\/\" \/>\n<meta property=\"article:modified_time\" content=\"2025-07-23T07:13:55+00:00\" \/>\n<meta property=\"og:image\" content=\"https:\/\/www.umorlagurahumorului.ro\/wp-content\/uploads\/2025\/07\/RAED-KHALIL-SYRIA-1-1024x717.jpg\" \/>\n<meta name=\"twitter:card\" content=\"summary_large_image\" \/>\n<meta name=\"twitter:label1\" content=\"Est. reading time\" \/>\n\t<meta name=\"twitter:data1\" content=\"2 minutes\" \/>\n<script type=\"application\/ld+json\" class=\"yoast-schema-graph\">{\"@context\":\"https:\/\/schema.org\",\"@graph\":[{\"@type\":\"WebPage\",\"@id\":\"https:\/\/www.umorlagurahumorului.ro\/editii\/editia-35-2025\/premianti-grafica-satirica-2025\/\",\"url\":\"https:\/\/www.umorlagurahumorului.ro\/editii\/editia-35-2025\/premianti-grafica-satirica-2025\/\",\"name\":\"Premianti grafica satirica 2025 - Humour at .... Gura Humorului\",\"isPartOf\":{\"@id\":\"https:\/\/www.umorlagurahumorului.ro\/#website\"},\"datePublished\":\"2025-07-17T10:25:15+00:00\",\"dateModified\":\"2025-07-23T07:13:55+00:00\",\"breadcrumb\":{\"@id\":\"https:\/\/www.umorlagurahumorului.ro\/editii\/editia-35-2025\/premianti-grafica-satirica-2025\/#breadcrumb\"},\"inLanguage\":\"en-US\",\"potentialAction\":[{\"@type\":\"ReadAction\",\"target\":[\"https:\/\/www.umorlagurahumorului.ro\/editii\/editia-35-2025\/premianti-grafica-satirica-2025\/\"]}]},{\"@type\":\"BreadcrumbList\",\"@id\":\"https:\/\/www.umorlagurahumorului.ro\/editii\/editia-35-2025\/premianti-grafica-satirica-2025\/#breadcrumb\",\"itemListElement\":[{\"@type\":\"ListItem\",\"position\":1,\"name\":\"Prima pagin\u0103\",\"item\":\"https:\/\/www.umorlagurahumorului.ro\/\"},{\"@type\":\"ListItem\",\"position\":2,\"name\":\"Editii\",\"item\":\"https:\/\/www.umorlagurahumorului.ro\/editii\/\"},{\"@type\":\"ListItem\",\"position\":3,\"name\":\"Editia 35 &#8211; 2025\",\"item\":\"https:\/\/www.umorlagurahumorului.ro\/editii\/editia-35-2025\/\"},{\"@type\":\"ListItem\",\"position\":4,\"name\":\"Premianti grafica satirica 2025\"}]},{\"@type\":\"WebSite\",\"@id\":\"https:\/\/www.umorlagurahumorului.ro\/#website\",\"url\":\"https:\/\/www.umorlagurahumorului.ro\/\",\"name\":\"Umor la Gura Humorului\",\"description\":\"The International Festival of Cartoon and Humorous Literature\",\"publisher\":{\"@id\":\"https:\/\/www.umorlagurahumorului.ro\/#organization\"},\"potentialAction\":[{\"@type\":\"SearchAction\",\"target\":{\"@type\":\"EntryPoint\",\"urlTemplate\":\"https:\/\/www.umorlagurahumorului.ro\/?s={search_term_string}\"},\"query-input\":{\"@type\":\"PropertyValueSpecification\",\"valueRequired\":true,\"valueName\":\"search_term_string\"}}],\"inLanguage\":\"en-US\"},{\"@type\":\"Organization\",\"@id\":\"https:\/\/www.umorlagurahumorului.ro\/#organization\",\"name\":\"Festivalul Interna\u021bional de Grafic\u0103 Satiric\u0103 \u0219i Literatur\u0103 Umoristic\u0103 Umor la Gura Humorului\",\"url\":\"https:\/\/www.umorlagurahumorului.ro\/\",\"logo\":{\"@type\":\"ImageObject\",\"inLanguage\":\"en-US\",\"@id\":\"https:\/\/www.umorlagurahumorului.ro\/#\/schema\/logo\/image\/\",\"url\":\"https:\/\/www.umorlagurahumorului.ro\/wp-content\/uploads\/2020\/07\/umor-la-gura-humorului.jpg\",\"contentUrl\":\"https:\/\/www.umorlagurahumorului.ro\/wp-content\/uploads\/2020\/07\/umor-la-gura-humorului.jpg\",\"width\":618,\"height\":315,\"caption\":\"Festivalul Interna\u021bional de Grafic\u0103 Satiric\u0103 \u0219i Literatur\u0103 Umoristic\u0103 Umor la Gura Humorului\"},\"image\":{\"@id\":\"https:\/\/www.umorlagurahumorului.ro\/#\/schema\/logo\/image\/\"},\"sameAs\":[\"https:\/\/www.facebook.com\/Umor-la-Gura-Humorului-Humour-at-Gura-Humorului-105184057924606\/\"]}]}<\/script>\n<!-- \/ Yoast SEO plugin. -->","yoast_head_json":{"title":"Premianti grafica satirica 2025 - Humour at .... Gura Humorului","robots":{"index":"index","follow":"follow","max-snippet":"max-snippet:-1","max-image-preview":"max-image-preview:large","max-video-preview":"max-video-preview:-1"},"canonical":"https:\/\/www.umorlagurahumorului.ro\/editii\/editia-35-2025\/premianti-grafica-satirica-2025\/","og_locale":"en_US","og_type":"article","og_title":"Premianti grafica satirica 2025 - Humour at .... Gura Humorului","og_description":"1st Prize &#8211; Raed Khalil &#8211; Belgia &#8211; Belgium 2nd Prize &#8211; Gelu Pascal &#8211; Rom\u00e2nia &#8211; Romania 3rd Prize &#8211; Liviu St\u0103nil\u0103 &#8211; Rom\u00e2nia &#8211; Romania George Gavrilean Prize &#8211; Hamid Soufi &#8211; Iran Viorel Corodescu COV Prize &#8211; Lucian Sergiu F\u0103rc\u0103\u0219anu &#8211; Rom\u00e2nia &#8211; Romania Menttions Nomination Children\u2019s Prizes 1st Prize &#8211; Raed &hellip; Read More","og_url":"https:\/\/www.umorlagurahumorului.ro\/editii\/editia-35-2025\/premianti-grafica-satirica-2025\/","og_site_name":"Humour at .... Gura Humorului","article_publisher":"https:\/\/www.facebook.com\/Umor-la-Gura-Humorului-Humour-at-Gura-Humorului-105184057924606\/","article_modified_time":"2025-07-23T07:13:55+00:00","og_image":[{"url":"https:\/\/www.umorlagurahumorului.ro\/wp-content\/uploads\/2025\/07\/RAED-KHALIL-SYRIA-1-1024x717.jpg","type":"","width":"","height":""}],"twitter_card":"summary_large_image","twitter_misc":{"Est. reading time":"2 minutes"},"schema":{"@context":"https:\/\/schema.org","@graph":[{"@type":"WebPage","@id":"https:\/\/www.umorlagurahumorului.ro\/editii\/editia-35-2025\/premianti-grafica-satirica-2025\/","url":"https:\/\/www.umorlagurahumorului.ro\/editii\/editia-35-2025\/premianti-grafica-satirica-2025\/","name":"Premianti grafica satirica 2025 - Humour at .... Gura Humorului","isPartOf":{"@id":"https:\/\/www.umorlagurahumorului.ro\/#website"},"datePublished":"2025-07-17T10:25:15+00:00","dateModified":"2025-07-23T07:13:55+00:00","breadcrumb":{"@id":"https:\/\/www.umorlagurahumorului.ro\/editii\/editia-35-2025\/premianti-grafica-satirica-2025\/#breadcrumb"},"inLanguage":"en-US","potentialAction":[{"@type":"ReadAction","target":["https:\/\/www.umorlagurahumorului.ro\/editii\/editia-35-2025\/premianti-grafica-satirica-2025\/"]}]},{"@type":"BreadcrumbList","@id":"https:\/\/www.umorlagurahumorului.ro\/editii\/editia-35-2025\/premianti-grafica-satirica-2025\/#breadcrumb","itemListElement":[{"@type":"ListItem","position":1,"name":"Prima pagin\u0103","item":"https:\/\/www.umorlagurahumorului.ro\/"},{"@type":"ListItem","position":2,"name":"Editii","item":"https:\/\/www.umorlagurahumorului.ro\/editii\/"},{"@type":"ListItem","position":3,"name":"Editia 35 &#8211; 2025","item":"https:\/\/www.umorlagurahumorului.ro\/editii\/editia-35-2025\/"},{"@type":"ListItem","position":4,"name":"Premianti grafica satirica 2025"}]},{"@type":"WebSite","@id":"https:\/\/www.umorlagurahumorului.ro\/#website","url":"https:\/\/www.umorlagurahumorului.ro\/","name":"Umor la Gura Humorului","description":"The International Festival of Cartoon and Humorous Literature","publisher":{"@id":"https:\/\/www.umorlagurahumorului.ro\/#organization"},"potentialAction":[{"@type":"SearchAction","target":{"@type":"EntryPoint","urlTemplate":"https:\/\/www.umorlagurahumorului.ro\/?s={search_term_string}"},"query-input":{"@type":"PropertyValueSpecification","valueRequired":true,"valueName":"search_term_string"}}],"inLanguage":"en-US"},{"@type":"Organization","@id":"https:\/\/www.umorlagurahumorului.ro\/#organization","name":"Festivalul Interna\u021bional de Grafic\u0103 Satiric\u0103 \u0219i Literatur\u0103 Umoristic\u0103 Umor la Gura Humorului","url":"https:\/\/www.umorlagurahumorului.ro\/","logo":{"@type":"ImageObject","inLanguage":"en-US","@id":"https:\/\/www.umorlagurahumorului.ro\/#\/schema\/logo\/image\/","url":"https:\/\/www.umorlagurahumorului.ro\/wp-content\/uploads\/2020\/07\/umor-la-gura-humorului.jpg","contentUrl":"https:\/\/www.umorlagurahumorului.ro\/wp-content\/uploads\/2020\/07\/umor-la-gura-humorului.jpg","width":618,"height":315,"caption":"Festivalul Interna\u021bional de Grafic\u0103 Satiric\u0103 \u0219i Literatur\u0103 Umoristic\u0103 Umor la Gura Humorului"},"image":{"@id":"https:\/\/www.umorlagurahumorului.ro\/#\/schema\/logo\/image\/"},"sameAs":["https:\/\/www.facebook.com\/Umor-la-Gura-Humorului-Humour-at-Gura-Humorului-105184057924606\/"]}]}},"_links":{"self":[{"href":"https:\/\/www.umorlagurahumorului.ro\/en\/wp-json\/wp\/v2\/pages\/10853","targetHints":{"allow":["GET"]}}],"collection":[{"href":"https:\/\/www.umorlagurahumorului.ro\/en\/wp-json\/wp\/v2\/pages"}],"about":[{"href":"https:\/\/www.umorlagurahumorului.ro\/en\/wp-json\/wp\/v2\/types\/page"}],"author":[{"embeddable":true,"href":"https:\/\/www.umorlagurahumorului.ro\/en\/wp-json\/wp\/v2\/users\/1"}],"replies":[{"embeddable":true,"href":"https:\/\/www.umorlagurahumorului.ro\/en\/wp-json\/wp\/v2\/comments?post=10853"}],"version-history":[{"count":9,"href":"https:\/\/www.umorlagurahumorului.ro\/en\/wp-json\/wp\/v2\/pages\/10853\/revisions"}],"predecessor-version":[{"id":10989,"href":"https:\/\/www.umorlagurahumorului.ro\/en\/wp-json\/wp\/v2\/pages\/10853\/revisions\/10989"}],"up":[{"embeddable":true,"href":"https:\/\/www.umorlagurahumorului.ro\/en\/wp-json\/wp\/v2\/pages\/10856"}],"wp:attachment":[{"href":"https:\/\/www.umorlagurahumorului.ro\/en\/wp-json\/wp\/v2\/media?parent=10853"}],"curies":[{"name":"wp","href":"https:\/\/api.w.org\/{rel}","templated":true}]}}