{"id":10241,"date":"2023-06-29T11:46:07","date_gmt":"2023-06-29T11:46:07","guid":{"rendered":"https:\/\/www.umorlagurahumorului.ro\/?page_id=10241"},"modified":"2023-07-10T08:46:52","modified_gmt":"2023-07-10T08:46:52","slug":"editia-33-2023","status":"publish","type":"page","link":"https:\/\/www.umorlagurahumorului.ro\/en\/editii\/editia-33-2023\/","title":{"rendered":"33rd Edition &#8211; 2023"},"content":{"rendered":"<div class=\"su-tabs su-tabs-style-default su-tabs-mobile-scroll\" data-active=\"1\" data-scroll-offset=\"0\" data-anchor-in-url=\"no\"><div class=\"su-tabs-nav\"><span class=\"\" data-url=\"\" data-target=\"blank\" tabindex=\"0\" role=\"button\">Photo gallery<\/span><span class=\"\" data-url=\"\" data-target=\"blank\" tabindex=\"0\" role=\"button\">Festival Posters<\/span><span class=\"\" data-url=\"\" data-target=\"blank\" tabindex=\"0\" role=\"button\">Cartoon winners<\/span><span class=\"\" data-url=\"\" data-target=\"blank\" tabindex=\"0\" role=\"button\">Epigram winners<\/span><span class=\"\" data-url=\"\" data-target=\"blank\" tabindex=\"0\" role=\"button\">Poetry winners<\/span><\/div><div class=\"su-tabs-panes\"><div class=\"su-tabs-pane su-u-clearfix su-u-trim\" data-title=\"Photo gallery\">\n<div class=\"su-spacer\" style=\"height:10px\"><\/div>\n<h3>Vineri, 07 iulie 2023:<\/h3>\n<p><strong>Deschiderea Oficiala a Centrului Cultural Gura Humorului:<\/strong><br \/>\nngg_shortcode_4_placeholder\n<h3>Vineri, 07 iulie 2023:<\/h3>\n<p>Deschiderea oficial\u0103 a celei de-a 33-a edi\u021bii a Festivalului;<br \/>\nExpozi\u021bie de art\u0103 plastic\u0103: \u201eContraste\u201d \u2013 Radu Bercea;<br \/>\nUn altfel de spectacol de muzic\u0103 clasic\u0103: tenor Sorin Ursan Delaclit;<br \/>\nLansare de carte: \u201eOameni Mici \u0219i Bere\u201d \u2013 Sorin Poclitaru;<br \/>\nStand-up comedy: Alin Georgescu;<br \/>\nPremierea performan\u021belor sportivilor humoreni;<br \/>\nPremierea performan\u021belor elevilor de la Clubul Copiilor din Gura Humorului;<br \/>\nRecital de epigrame. Aleea Artistilor. Ateliere de grafic\u0103 satiric\u0103;<br \/>\nStand-up comedy: Gabriel Gherghe, Edi Vacariu, Paul Szabo, Nonic Bogdan.<br \/>\nngg_shortcode_5_placeholder\n<h3>Sambata, 08 iulie 2023:<\/h3>\n<p>Vernisajul expozi\u021biei de grafic\u0103, din cadrul Proiectului &#8220;Humorul &#8211; cu Carte, Arte \u0219i Imagini&#8221;, coordonator: prof. Florin Bat\u00e2r;<br \/>\nVernisaj de art\u0103 grafic\u0103 &#8211; \u201eSmiling City&#8221;. Recital de epigrame;<br \/>\nAteliere de grafic\u0103 satiric\u0103;<br \/>\nSpectacol de teatru: \u201eCerere \u00een c\u0103s\u0103torie&#8221; de A. P. Cehov &#8211; Teatrul Mihai Eminescu, Boto\u0219ani.<br \/>\nngg_shortcode_6_placeholder\n<h3>Duminica, 09 iulie 2023:<\/h3>\n<p>Festivitatea de premiere a celei de-a 33-a edi\u021bii a Festivalului Interna\u021bional de Grafic\u0103 Satiric\u0103 \u0219i Literatur\u0103 Umoristic\u0103 \u201eUmor la&#8230; Gura Humorului&#8221;;<br \/>\nRecital de epigrame;<br \/>\nPremierea elevilor olimpici din Gura Humorului;<br \/>\nShow de caricatur\u0103 comentat\u0103 &#8211; Costel P\u0103tr\u0103\u0219canu;<br \/>\nFolkumor &#8211; Daniel lancu<br \/>\nngg_shortcode_7_placeholder\n<\/div>\n<div class=\"su-tabs-pane su-u-clearfix su-u-trim\" data-title=\"Festival Posters\">\n\n\t\t<style type=\"text\/css\">\n\t\t\t#gallery-16 {\n\t\t\t\tmargin: auto;\n\t\t\t}\n\t\t\t#gallery-16 .gallery-item {\n\t\t\t\tfloat: left;\n\t\t\t\tmargin-top: 10px;\n\t\t\t\ttext-align: center;\n\t\t\t\twidth: 25%;\n\t\t\t}\n\t\t\t#gallery-16 img {\n\t\t\t\tborder: 2px solid #cfcfcf;\n\t\t\t}\n\t\t\t#gallery-16 .gallery-caption {\n\t\t\t\tmargin-left: 0;\n\t\t\t}\n\t\t\t\/* see gallery_shortcode() in wp-includes\/media.php *\/\n\t\t<\/style>\n\t\t<div id='gallery-16' class='gallery galleryid-10241 gallery-columns-4 gallery-size-medium'><dl class='gallery-item'>\n\t\t\t<dt class='gallery-icon portrait'>\n\t\t\t\t<a href='https:\/\/www.umorlagurahumorului.ro\/en\/program-umor-la-gura-humorului-07-09-iulie-2023\/afis-teatru-2023\/#main'><img loading=\"lazy\" decoding=\"async\" width=\"214\" height=\"300\" src=\"https:\/\/www.umorlagurahumorului.ro\/wp-content\/uploads\/2023\/06\/afis-teatru-2023-1-214x300.jpg\" class=\"attachment-medium size-medium\" alt=\"\" srcset=\"https:\/\/www.umorlagurahumorului.ro\/wp-content\/uploads\/2023\/06\/afis-teatru-2023-1-214x300.jpg 214w, https:\/\/www.umorlagurahumorului.ro\/wp-content\/uploads\/2023\/06\/afis-teatru-2023-1-732x1024.jpg 732w, https:\/\/www.umorlagurahumorului.ro\/wp-content\/uploads\/2023\/06\/afis-teatru-2023-1-768x1075.jpg 768w, https:\/\/www.umorlagurahumorului.ro\/wp-content\/uploads\/2023\/06\/afis-teatru-2023-1-1097x1536.jpg 1097w, https:\/\/www.umorlagurahumorului.ro\/wp-content\/uploads\/2023\/06\/afis-teatru-2023-1-400x560.jpg 400w, https:\/\/www.umorlagurahumorului.ro\/wp-content\/uploads\/2023\/06\/afis-teatru-2023-1.jpg 1463w\" sizes=\"auto, (max-width: 214px) 100vw, 214px\" \/><\/a>\n\t\t\t<\/dt><\/dl><dl class='gallery-item'>\n\t\t\t<dt class='gallery-icon portrait'>\n\t\t\t\t<a href='https:\/\/www.umorlagurahumorului.ro\/en\/program-umor-la-gura-humorului-07-09-iulie-2023\/afis-radu-bercea-2023\/#main'><img loading=\"lazy\" decoding=\"async\" width=\"214\" height=\"300\" src=\"https:\/\/www.umorlagurahumorului.ro\/wp-content\/uploads\/2023\/06\/afis-Radu-Bercea-2023-1-214x300.jpg\" class=\"attachment-medium size-medium\" alt=\"\" srcset=\"https:\/\/www.umorlagurahumorului.ro\/wp-content\/uploads\/2023\/06\/afis-Radu-Bercea-2023-1-214x300.jpg 214w, https:\/\/www.umorlagurahumorului.ro\/wp-content\/uploads\/2023\/06\/afis-Radu-Bercea-2023-1-732x1024.jpg 732w, https:\/\/www.umorlagurahumorului.ro\/wp-content\/uploads\/2023\/06\/afis-Radu-Bercea-2023-1-768x1075.jpg 768w, https:\/\/www.umorlagurahumorului.ro\/wp-content\/uploads\/2023\/06\/afis-Radu-Bercea-2023-1-1097x1536.jpg 1097w, https:\/\/www.umorlagurahumorului.ro\/wp-content\/uploads\/2023\/06\/afis-Radu-Bercea-2023-1-400x560.jpg 400w, https:\/\/www.umorlagurahumorului.ro\/wp-content\/uploads\/2023\/06\/afis-Radu-Bercea-2023-1.jpg 1463w\" sizes=\"auto, (max-width: 214px) 100vw, 214px\" \/><\/a>\n\t\t\t<\/dt><\/dl><dl class='gallery-item'>\n\t\t\t<dt class='gallery-icon portrait'>\n\t\t\t\t<a href='https:\/\/www.umorlagurahumorului.ro\/en\/program-umor-la-gura-humorului-07-09-iulie-2023\/afis-program-2023\/#main'><img loading=\"lazy\" decoding=\"async\" width=\"154\" height=\"300\" src=\"https:\/\/www.umorlagurahumorului.ro\/wp-content\/uploads\/2023\/06\/afis-program-2023-1-154x300.jpg\" class=\"attachment-medium size-medium\" alt=\"\" srcset=\"https:\/\/www.umorlagurahumorului.ro\/wp-content\/uploads\/2023\/06\/afis-program-2023-1-154x300.jpg 154w, https:\/\/www.umorlagurahumorului.ro\/wp-content\/uploads\/2023\/06\/afis-program-2023-1-525x1024.jpg 525w, https:\/\/www.umorlagurahumorului.ro\/wp-content\/uploads\/2023\/06\/afis-program-2023-1-768x1499.jpg 768w, https:\/\/www.umorlagurahumorului.ro\/wp-content\/uploads\/2023\/06\/afis-program-2023-1-787x1536.jpg 787w, https:\/\/www.umorlagurahumorului.ro\/wp-content\/uploads\/2023\/06\/afis-program-2023-1-400x781.jpg 400w, https:\/\/www.umorlagurahumorului.ro\/wp-content\/uploads\/2023\/06\/afis-program-2023-1.jpg 1049w\" sizes=\"auto, (max-width: 154px) 100vw, 154px\" \/><\/a>\n\t\t\t<\/dt><\/dl><dl class='gallery-item'>\n\t\t\t<dt class='gallery-icon portrait'>\n\t\t\t\t<a href='https:\/\/www.umorlagurahumorului.ro\/en\/program-umor-la-gura-humorului-07-09-iulie-2023\/afis-general-2023\/#main'><img loading=\"lazy\" decoding=\"async\" width=\"214\" height=\"300\" src=\"https:\/\/www.umorlagurahumorului.ro\/wp-content\/uploads\/2023\/06\/afis-general-2023-1-214x300.jpg\" class=\"attachment-medium size-medium\" alt=\"\" srcset=\"https:\/\/www.umorlagurahumorului.ro\/wp-content\/uploads\/2023\/06\/afis-general-2023-1-214x300.jpg 214w, https:\/\/www.umorlagurahumorului.ro\/wp-content\/uploads\/2023\/06\/afis-general-2023-1-732x1024.jpg 732w, https:\/\/www.umorlagurahumorului.ro\/wp-content\/uploads\/2023\/06\/afis-general-2023-1-768x1075.jpg 768w, https:\/\/www.umorlagurahumorului.ro\/wp-content\/uploads\/2023\/06\/afis-general-2023-1-1097x1536.jpg 1097w, https:\/\/www.umorlagurahumorului.ro\/wp-content\/uploads\/2023\/06\/afis-general-2023-1-400x560.jpg 400w, https:\/\/www.umorlagurahumorului.ro\/wp-content\/uploads\/2023\/06\/afis-general-2023-1.jpg 1463w\" sizes=\"auto, (max-width: 214px) 100vw, 214px\" \/><\/a>\n\t\t\t<\/dt><\/dl><br style=\"clear: both\" \/>\n\t\t<\/div>\n\n<\/div>\n<div class=\"su-tabs-pane su-u-clearfix su-u-trim\" data-title=\"Cartoon winners\">\n<div class=\"su-spacer\" style=\"height:20px\"><\/div>\n<div data-post-id=\"10253\" class=\"insert-page insert-page-10253 \"><hr>\n<h4>1st Prize &#8211; Dragutin Dado Kova\u010devi\u0107 &#8211; Croa\u021bia<\/h4>\n\n\t\t<style type=\"text\/css\">\n\t\t\t#gallery-24 {\n\t\t\t\tmargin: auto;\n\t\t\t}\n\t\t\t#gallery-24 .gallery-item {\n\t\t\t\tfloat: left;\n\t\t\t\tmargin-top: 10px;\n\t\t\t\ttext-align: center;\n\t\t\t\twidth: 50%;\n\t\t\t}\n\t\t\t#gallery-24 img {\n\t\t\t\tborder: 2px solid #cfcfcf;\n\t\t\t}\n\t\t\t#gallery-24 .gallery-caption {\n\t\t\t\tmargin-left: 0;\n\t\t\t}\n\t\t\t\/* see gallery_shortcode() in wp-includes\/media.php *\/\n\t\t<\/style>\n\t\t<div id='gallery-24' class='gallery galleryid-10241 gallery-columns-2 gallery-size-medium'><dl class='gallery-item'>\n\t\t\t<dt class='gallery-icon portrait'>\n\t\t\t\t<a href='https:\/\/www.umorlagurahumorului.ro\/wp-content\/uploads\/2023\/07\/Semaforul-incalzirii-globale.jpg'><img loading=\"lazy\" decoding=\"async\" width=\"212\" height=\"300\" src=\"https:\/\/www.umorlagurahumorului.ro\/wp-content\/uploads\/2023\/07\/Semaforul-incalzirii-globale-212x300.jpg\" class=\"attachment-medium size-medium\" alt=\"\" aria-describedby=\"gallery-24-10254\" srcset=\"https:\/\/www.umorlagurahumorului.ro\/wp-content\/uploads\/2023\/07\/Semaforul-incalzirii-globale-212x300.jpg 212w, https:\/\/www.umorlagurahumorului.ro\/wp-content\/uploads\/2023\/07\/Semaforul-incalzirii-globale-724x1024.jpg 724w, https:\/\/www.umorlagurahumorului.ro\/wp-content\/uploads\/2023\/07\/Semaforul-incalzirii-globale-768x1086.jpg 768w, https:\/\/www.umorlagurahumorului.ro\/wp-content\/uploads\/2023\/07\/Semaforul-incalzirii-globale-1086x1536.jpg 1086w, https:\/\/www.umorlagurahumorului.ro\/wp-content\/uploads\/2023\/07\/Semaforul-incalzirii-globale-400x566.jpg 400w, https:\/\/www.umorlagurahumorului.ro\/wp-content\/uploads\/2023\/07\/Semaforul-incalzirii-globale.jpg 1448w\" sizes=\"auto, (max-width: 212px) 100vw, 212px\" \/><\/a>\n\t\t\t<\/dt>\n\t\t\t\t<dd class='wp-caption-text gallery-caption' id='gallery-24-10254'>\n\t\t\t\tSemaforul \u00eenc\u0103lzirii globale \/ Global warming traffic light\n\t\t\t\t<\/dd><\/dl><dl class='gallery-item'>\n\t\t\t<dt class='gallery-icon landscape'>\n\t\t\t\t<a href='https:\/\/www.umorlagurahumorului.ro\/wp-content\/uploads\/2023\/07\/Trei-butoane.jpg'><img loading=\"lazy\" decoding=\"async\" width=\"300\" height=\"212\" src=\"https:\/\/www.umorlagurahumorului.ro\/wp-content\/uploads\/2023\/07\/Trei-butoane-300x212.jpg\" class=\"attachment-medium size-medium\" alt=\"\" aria-describedby=\"gallery-24-10255\" srcset=\"https:\/\/www.umorlagurahumorului.ro\/wp-content\/uploads\/2023\/07\/Trei-butoane-300x212.jpg 300w, https:\/\/www.umorlagurahumorului.ro\/wp-content\/uploads\/2023\/07\/Trei-butoane-1024x724.jpg 1024w, https:\/\/www.umorlagurahumorului.ro\/wp-content\/uploads\/2023\/07\/Trei-butoane-768x543.jpg 768w, https:\/\/www.umorlagurahumorului.ro\/wp-content\/uploads\/2023\/07\/Trei-butoane-1536x1086.jpg 1536w, https:\/\/www.umorlagurahumorului.ro\/wp-content\/uploads\/2023\/07\/Trei-butoane-400x283.jpg 400w, https:\/\/www.umorlagurahumorului.ro\/wp-content\/uploads\/2023\/07\/Trei-butoane.jpg 2048w\" sizes=\"auto, (max-width: 300px) 100vw, 300px\" \/><\/a>\n\t\t\t<\/dt>\n\t\t\t\t<dd class='wp-caption-text gallery-caption' id='gallery-24-10255'>\n\t\t\t\tTrei butoane \/ Three buttons\n\t\t\t\t<\/dd><\/dl><br style=\"clear: both\" \/>\n\t\t<\/div>\n\n<div class=\"su-spacer\" style=\"height:20px\"><\/div>\n<hr>\n<h4>2nd Prize &#8211; Ovidiu Ambrozie Bort\u0103 BOA &#8211; Rom\u00e2nia<\/h4>\n\n\t\t<style type=\"text\/css\">\n\t\t\t#gallery-25 {\n\t\t\t\tmargin: auto;\n\t\t\t}\n\t\t\t#gallery-25 .gallery-item {\n\t\t\t\tfloat: left;\n\t\t\t\tmargin-top: 10px;\n\t\t\t\ttext-align: center;\n\t\t\t\twidth: 50%;\n\t\t\t}\n\t\t\t#gallery-25 img {\n\t\t\t\tborder: 2px solid #cfcfcf;\n\t\t\t}\n\t\t\t#gallery-25 .gallery-caption {\n\t\t\t\tmargin-left: 0;\n\t\t\t}\n\t\t\t\/* see gallery_shortcode() in wp-includes\/media.php *\/\n\t\t<\/style>\n\t\t<div id='gallery-25' class='gallery galleryid-10241 gallery-columns-2 gallery-size-medium'><dl class='gallery-item'>\n\t\t\t<dt class='gallery-icon portrait'>\n\t\t\t\t<a href='https:\/\/www.umorlagurahumorului.ro\/wp-content\/uploads\/2023\/07\/Romania.jpg'><img loading=\"lazy\" decoding=\"async\" width=\"215\" height=\"300\" src=\"https:\/\/www.umorlagurahumorului.ro\/wp-content\/uploads\/2023\/07\/Romania-215x300.jpg\" class=\"attachment-medium size-medium\" alt=\"\" aria-describedby=\"gallery-25-10257\" srcset=\"https:\/\/www.umorlagurahumorului.ro\/wp-content\/uploads\/2023\/07\/Romania-215x300.jpg 215w, https:\/\/www.umorlagurahumorului.ro\/wp-content\/uploads\/2023\/07\/Romania-735x1024.jpg 735w, https:\/\/www.umorlagurahumorului.ro\/wp-content\/uploads\/2023\/07\/Romania-768x1070.jpg 768w, https:\/\/www.umorlagurahumorului.ro\/wp-content\/uploads\/2023\/07\/Romania-1103x1536.jpg 1103w, https:\/\/www.umorlagurahumorului.ro\/wp-content\/uploads\/2023\/07\/Romania-400x557.jpg 400w, https:\/\/www.umorlagurahumorului.ro\/wp-content\/uploads\/2023\/07\/Romania.jpg 1470w\" sizes=\"auto, (max-width: 215px) 100vw, 215px\" \/><\/a>\n\t\t\t<\/dt>\n\t\t\t\t<dd class='wp-caption-text gallery-caption' id='gallery-25-10257'>\n\t\t\t\tRomania \/ Romania\n\t\t\t\t<\/dd><\/dl><dl class='gallery-item'>\n\t\t\t<dt class='gallery-icon portrait'>\n\t\t\t\t<a href='https:\/\/www.umorlagurahumorului.ro\/wp-content\/uploads\/2023\/07\/Trei-culori.jpg'><img loading=\"lazy\" decoding=\"async\" width=\"204\" height=\"300\" src=\"https:\/\/www.umorlagurahumorului.ro\/wp-content\/uploads\/2023\/07\/Trei-culori-204x300.jpg\" class=\"attachment-medium size-medium\" alt=\"\" aria-describedby=\"gallery-25-10258\" srcset=\"https:\/\/www.umorlagurahumorului.ro\/wp-content\/uploads\/2023\/07\/Trei-culori-204x300.jpg 204w, https:\/\/www.umorlagurahumorului.ro\/wp-content\/uploads\/2023\/07\/Trei-culori-696x1024.jpg 696w, https:\/\/www.umorlagurahumorului.ro\/wp-content\/uploads\/2023\/07\/Trei-culori-768x1130.jpg 768w, https:\/\/www.umorlagurahumorului.ro\/wp-content\/uploads\/2023\/07\/Trei-culori-1044x1536.jpg 1044w, https:\/\/www.umorlagurahumorului.ro\/wp-content\/uploads\/2023\/07\/Trei-culori-400x589.jpg 400w, https:\/\/www.umorlagurahumorului.ro\/wp-content\/uploads\/2023\/07\/Trei-culori.jpg 1392w\" sizes=\"auto, (max-width: 204px) 100vw, 204px\" \/><\/a>\n\t\t\t<\/dt>\n\t\t\t\t<dd class='wp-caption-text gallery-caption' id='gallery-25-10258'>\n\t\t\t\tTrei culori \/ Three Colours\n\t\t\t\t<\/dd><\/dl><br style=\"clear: both\" \/>\n\t\t<\/div>\n\n<div class=\"su-spacer\" style=\"height:20px\"><\/div>\n<hr>\n<h4>3rd Prize &#8211; Victor Eugen Mihai VEM &#8211; Rom\u00e2nia<\/h4>\n\n\t\t<style type=\"text\/css\">\n\t\t\t#gallery-26 {\n\t\t\t\tmargin: auto;\n\t\t\t}\n\t\t\t#gallery-26 .gallery-item {\n\t\t\t\tfloat: left;\n\t\t\t\tmargin-top: 10px;\n\t\t\t\ttext-align: center;\n\t\t\t\twidth: 50%;\n\t\t\t}\n\t\t\t#gallery-26 img {\n\t\t\t\tborder: 2px solid #cfcfcf;\n\t\t\t}\n\t\t\t#gallery-26 .gallery-caption {\n\t\t\t\tmargin-left: 0;\n\t\t\t}\n\t\t\t\/* see gallery_shortcode() in wp-includes\/media.php *\/\n\t\t<\/style>\n\t\t<div id='gallery-26' class='gallery galleryid-10241 gallery-columns-2 gallery-size-medium'><dl class='gallery-item'>\n\t\t\t<dt class='gallery-icon portrait'>\n\t\t\t\t<a href='https:\/\/www.umorlagurahumorului.ro\/wp-content\/uploads\/2023\/07\/1940.jpg'><img loading=\"lazy\" decoding=\"async\" width=\"215\" height=\"300\" src=\"https:\/\/www.umorlagurahumorului.ro\/wp-content\/uploads\/2023\/07\/1940-215x300.jpg\" class=\"attachment-medium size-medium\" alt=\"\" aria-describedby=\"gallery-26-10262\" srcset=\"https:\/\/www.umorlagurahumorului.ro\/wp-content\/uploads\/2023\/07\/1940-215x300.jpg 215w, https:\/\/www.umorlagurahumorului.ro\/wp-content\/uploads\/2023\/07\/1940-734x1024.jpg 734w, https:\/\/www.umorlagurahumorului.ro\/wp-content\/uploads\/2023\/07\/1940-768x1072.jpg 768w, https:\/\/www.umorlagurahumorului.ro\/wp-content\/uploads\/2023\/07\/1940-1100x1536.jpg 1100w, https:\/\/www.umorlagurahumorului.ro\/wp-content\/uploads\/2023\/07\/1940-400x558.jpg 400w, https:\/\/www.umorlagurahumorului.ro\/wp-content\/uploads\/2023\/07\/1940.jpg 1467w\" sizes=\"auto, (max-width: 215px) 100vw, 215px\" \/><\/a>\n\t\t\t<\/dt>\n\t\t\t\t<dd class='wp-caption-text gallery-caption' id='gallery-26-10262'>\n\t\t\t\t1940\n\t\t\t\t<\/dd><\/dl><dl class='gallery-item'>\n\t\t\t<dt class='gallery-icon landscape'>\n\t\t\t\t<a href='https:\/\/www.umorlagurahumorului.ro\/wp-content\/uploads\/2023\/07\/No-Title.jpg'><img loading=\"lazy\" decoding=\"async\" width=\"300\" height=\"212\" src=\"https:\/\/www.umorlagurahumorului.ro\/wp-content\/uploads\/2023\/07\/No-Title-300x212.jpg\" class=\"attachment-medium size-medium\" alt=\"\" aria-describedby=\"gallery-26-10263\" srcset=\"https:\/\/www.umorlagurahumorului.ro\/wp-content\/uploads\/2023\/07\/No-Title-300x212.jpg 300w, https:\/\/www.umorlagurahumorului.ro\/wp-content\/uploads\/2023\/07\/No-Title-1024x723.jpg 1024w, https:\/\/www.umorlagurahumorului.ro\/wp-content\/uploads\/2023\/07\/No-Title-768x542.jpg 768w, https:\/\/www.umorlagurahumorului.ro\/wp-content\/uploads\/2023\/07\/No-Title-1536x1084.jpg 1536w, https:\/\/www.umorlagurahumorului.ro\/wp-content\/uploads\/2023\/07\/No-Title-400x282.jpg 400w, https:\/\/www.umorlagurahumorului.ro\/wp-content\/uploads\/2023\/07\/No-Title.jpg 2048w\" sizes=\"auto, (max-width: 300px) 100vw, 300px\" \/><\/a>\n\t\t\t<\/dt>\n\t\t\t\t<dd class='wp-caption-text gallery-caption' id='gallery-26-10263'>\n\t\t\t\tNo Title\n\t\t\t\t<\/dd><\/dl><br style=\"clear: both\" \/>\n\t\t<\/div>\n\n<div class=\"su-spacer\" style=\"height:20px\"><\/div>\n<hr>\n<h4>3rd Prize &#8211; Yousef Alimohammadi &#8211; Germania<\/h4>\n\n\t\t<style type=\"text\/css\">\n\t\t\t#gallery-27 {\n\t\t\t\tmargin: auto;\n\t\t\t}\n\t\t\t#gallery-27 .gallery-item {\n\t\t\t\tfloat: left;\n\t\t\t\tmargin-top: 10px;\n\t\t\t\ttext-align: center;\n\t\t\t\twidth: 50%;\n\t\t\t}\n\t\t\t#gallery-27 img {\n\t\t\t\tborder: 2px solid #cfcfcf;\n\t\t\t}\n\t\t\t#gallery-27 .gallery-caption {\n\t\t\t\tmargin-left: 0;\n\t\t\t}\n\t\t\t\/* see gallery_shortcode() in wp-includes\/media.php *\/\n\t\t<\/style>\n\t\t<div id='gallery-27' class='gallery galleryid-10241 gallery-columns-2 gallery-size-medium'><dl class='gallery-item'>\n\t\t\t<dt class='gallery-icon landscape'>\n\t\t\t\t<a href='https:\/\/www.umorlagurahumorului.ro\/wp-content\/uploads\/2023\/07\/Wassily-Wassilyevich-Kandinsky.jpg'><img loading=\"lazy\" decoding=\"async\" width=\"300\" height=\"218\" src=\"https:\/\/www.umorlagurahumorului.ro\/wp-content\/uploads\/2023\/07\/Wassily-Wassilyevich-Kandinsky-300x218.jpg\" class=\"attachment-medium size-medium\" alt=\"\" aria-describedby=\"gallery-27-10265\" srcset=\"https:\/\/www.umorlagurahumorului.ro\/wp-content\/uploads\/2023\/07\/Wassily-Wassilyevich-Kandinsky-300x218.jpg 300w, https:\/\/www.umorlagurahumorului.ro\/wp-content\/uploads\/2023\/07\/Wassily-Wassilyevich-Kandinsky-1024x744.jpg 1024w, https:\/\/www.umorlagurahumorului.ro\/wp-content\/uploads\/2023\/07\/Wassily-Wassilyevich-Kandinsky-768x558.jpg 768w, https:\/\/www.umorlagurahumorului.ro\/wp-content\/uploads\/2023\/07\/Wassily-Wassilyevich-Kandinsky-1536x1115.jpg 1536w, https:\/\/www.umorlagurahumorului.ro\/wp-content\/uploads\/2023\/07\/Wassily-Wassilyevich-Kandinsky-400x290.jpg 400w, https:\/\/www.umorlagurahumorului.ro\/wp-content\/uploads\/2023\/07\/Wassily-Wassilyevich-Kandinsky.jpg 2048w\" sizes=\"auto, (max-width: 300px) 100vw, 300px\" \/><\/a>\n\t\t\t<\/dt>\n\t\t\t\t<dd class='wp-caption-text gallery-caption' id='gallery-27-10265'>\n\t\t\t\tWassily Wassilyevich Kandinsky\n\t\t\t\t<\/dd><\/dl><dl class='gallery-item'>\n\t\t\t<dt class='gallery-icon landscape'>\n\t\t\t\t<a href='https:\/\/www.umorlagurahumorului.ro\/wp-content\/uploads\/2023\/07\/Van-Gogh.jpg'><img loading=\"lazy\" decoding=\"async\" width=\"300\" height=\"234\" src=\"https:\/\/www.umorlagurahumorului.ro\/wp-content\/uploads\/2023\/07\/Van-Gogh-300x234.jpg\" class=\"attachment-medium size-medium\" alt=\"\" aria-describedby=\"gallery-27-10264\" srcset=\"https:\/\/www.umorlagurahumorului.ro\/wp-content\/uploads\/2023\/07\/Van-Gogh-300x234.jpg 300w, https:\/\/www.umorlagurahumorului.ro\/wp-content\/uploads\/2023\/07\/Van-Gogh-1024x798.jpg 1024w, https:\/\/www.umorlagurahumorului.ro\/wp-content\/uploads\/2023\/07\/Van-Gogh-768x598.jpg 768w, https:\/\/www.umorlagurahumorului.ro\/wp-content\/uploads\/2023\/07\/Van-Gogh-1536x1196.jpg 1536w, https:\/\/www.umorlagurahumorului.ro\/wp-content\/uploads\/2023\/07\/Van-Gogh-400x312.jpg 400w, https:\/\/www.umorlagurahumorului.ro\/wp-content\/uploads\/2023\/07\/Van-Gogh.jpg 2048w\" sizes=\"auto, (max-width: 300px) 100vw, 300px\" \/><\/a>\n\t\t\t<\/dt>\n\t\t\t\t<dd class='wp-caption-text gallery-caption' id='gallery-27-10264'>\n\t\t\t\tVan Gogh\n\t\t\t\t<\/dd><\/dl><br style=\"clear: both\" \/>\n\t\t<\/div>\n\n<div class=\"su-spacer\" style=\"height:20px\"><\/div>\n<hr>\n<h4>\u201dGeorge Gavrilean\u201d Prize &#8211; Juan Gabriel Benavides &#8211; Spania<\/h4>\n\n\t\t<style type=\"text\/css\">\n\t\t\t#gallery-28 {\n\t\t\t\tmargin: auto;\n\t\t\t}\n\t\t\t#gallery-28 .gallery-item {\n\t\t\t\tfloat: left;\n\t\t\t\tmargin-top: 10px;\n\t\t\t\ttext-align: center;\n\t\t\t\twidth: 50%;\n\t\t\t}\n\t\t\t#gallery-28 img {\n\t\t\t\tborder: 2px solid #cfcfcf;\n\t\t\t}\n\t\t\t#gallery-28 .gallery-caption {\n\t\t\t\tmargin-left: 0;\n\t\t\t}\n\t\t\t\/* see gallery_shortcode() in wp-includes\/media.php *\/\n\t\t<\/style>\n\t\t<div id='gallery-28' class='gallery galleryid-10241 gallery-columns-2 gallery-size-medium'><dl class='gallery-item'>\n\t\t\t<dt class='gallery-icon portrait'>\n\t\t\t\t<a href='https:\/\/www.umorlagurahumorului.ro\/wp-content\/uploads\/2023\/07\/Precautie.jpg'><img loading=\"lazy\" decoding=\"async\" width=\"224\" height=\"300\" src=\"https:\/\/www.umorlagurahumorului.ro\/wp-content\/uploads\/2023\/07\/Precautie-224x300.jpg\" class=\"attachment-medium size-medium\" alt=\"\" aria-describedby=\"gallery-28-10267\" srcset=\"https:\/\/www.umorlagurahumorului.ro\/wp-content\/uploads\/2023\/07\/Precautie-224x300.jpg 224w, https:\/\/www.umorlagurahumorului.ro\/wp-content\/uploads\/2023\/07\/Precautie-763x1024.jpg 763w, https:\/\/www.umorlagurahumorului.ro\/wp-content\/uploads\/2023\/07\/Precautie-768x1031.jpg 768w, https:\/\/www.umorlagurahumorului.ro\/wp-content\/uploads\/2023\/07\/Precautie-1145x1536.jpg 1145w, https:\/\/www.umorlagurahumorului.ro\/wp-content\/uploads\/2023\/07\/Precautie-400x537.jpg 400w, https:\/\/www.umorlagurahumorului.ro\/wp-content\/uploads\/2023\/07\/Precautie.jpg 1526w\" sizes=\"auto, (max-width: 224px) 100vw, 224px\" \/><\/a>\n\t\t\t<\/dt>\n\t\t\t\t<dd class='wp-caption-text gallery-caption' id='gallery-28-10267'>\n\t\t\t\tPrecau\u021bie \/ Caution\n\t\t\t\t<\/dd><\/dl><dl class='gallery-item'>\n\t\t\t<dt class='gallery-icon portrait'>\n\t\t\t\t<a href='https:\/\/www.umorlagurahumorului.ro\/wp-content\/uploads\/2023\/07\/Reciclare.jpg'><img loading=\"lazy\" decoding=\"async\" width=\"226\" height=\"300\" src=\"https:\/\/www.umorlagurahumorului.ro\/wp-content\/uploads\/2023\/07\/Reciclare-226x300.jpg\" class=\"attachment-medium size-medium\" alt=\"\" aria-describedby=\"gallery-28-10268\" srcset=\"https:\/\/www.umorlagurahumorului.ro\/wp-content\/uploads\/2023\/07\/Reciclare-226x300.jpg 226w, https:\/\/www.umorlagurahumorului.ro\/wp-content\/uploads\/2023\/07\/Reciclare-773x1024.jpg 773w, https:\/\/www.umorlagurahumorului.ro\/wp-content\/uploads\/2023\/07\/Reciclare-768x1017.jpg 768w, https:\/\/www.umorlagurahumorului.ro\/wp-content\/uploads\/2023\/07\/Reciclare-1160x1536.jpg 1160w, https:\/\/www.umorlagurahumorului.ro\/wp-content\/uploads\/2023\/07\/Reciclare-400x530.jpg 400w, https:\/\/www.umorlagurahumorului.ro\/wp-content\/uploads\/2023\/07\/Reciclare.jpg 1546w\" sizes=\"auto, (max-width: 226px) 100vw, 226px\" \/><\/a>\n\t\t\t<\/dt>\n\t\t\t\t<dd class='wp-caption-text gallery-caption' id='gallery-28-10268'>\n\t\t\t\tReciclare \/ Recycling\n\t\t\t\t<\/dd><\/dl><br style=\"clear: both\" \/>\n\t\t<\/div>\n\n<div class=\"su-spacer\" style=\"height:20px\"><\/div>\n<hr>\n<h4>Mentions<\/h4>\n\n\t\t<style type=\"text\/css\">\n\t\t\t#gallery-29 {\n\t\t\t\tmargin: auto;\n\t\t\t}\n\t\t\t#gallery-29 .gallery-item {\n\t\t\t\tfloat: left;\n\t\t\t\tmargin-top: 10px;\n\t\t\t\ttext-align: center;\n\t\t\t\twidth: 33%;\n\t\t\t}\n\t\t\t#gallery-29 img {\n\t\t\t\tborder: 2px solid #cfcfcf;\n\t\t\t}\n\t\t\t#gallery-29 .gallery-caption {\n\t\t\t\tmargin-left: 0;\n\t\t\t}\n\t\t\t\/* see gallery_shortcode() in wp-includes\/media.php *\/\n\t\t<\/style>\n\t\t<div id='gallery-29' class='gallery galleryid-10241 gallery-columns-3 gallery-size-thumbnail'><dl class='gallery-item'>\n\t\t\t<dt class='gallery-icon portrait'>\n\t\t\t\t<a href='https:\/\/www.umorlagurahumorului.ro\/en\/editii\/editia-33-2023\/premianti-grafica-satirica-2023\/alexander-dubovsky-ukraine-color-balance\/#main'><img loading=\"lazy\" decoding=\"async\" width=\"150\" height=\"150\" src=\"https:\/\/www.umorlagurahumorului.ro\/wp-content\/uploads\/2023\/07\/Alexander-Dubovsky-Ukraine-Color-balance-150x150.jpg\" class=\"attachment-thumbnail size-thumbnail\" alt=\"\" aria-describedby=\"gallery-29-10291\" srcset=\"https:\/\/www.umorlagurahumorului.ro\/wp-content\/uploads\/2023\/07\/Alexander-Dubovsky-Ukraine-Color-balance-150x150.jpg 150w, https:\/\/www.umorlagurahumorului.ro\/wp-content\/uploads\/2023\/07\/Alexander-Dubovsky-Ukraine-Color-balance-250x250.jpg 250w, https:\/\/www.umorlagurahumorului.ro\/wp-content\/uploads\/2023\/07\/Alexander-Dubovsky-Ukraine-Color-balance-75x75.jpg 75w\" sizes=\"auto, (max-width: 150px) 100vw, 150px\" \/><\/a>\n\t\t\t<\/dt>\n\t\t\t\t<dd class='wp-caption-text gallery-caption' id='gallery-29-10291'>\n\t\t\t\tAlexander Dubovsky &#8211; Ukraine &#8211; Color balance\n\t\t\t\t<\/dd><\/dl><dl class='gallery-item'>\n\t\t\t<dt class='gallery-icon landscape'>\n\t\t\t\t<a href='https:\/\/www.umorlagurahumorului.ro\/en\/editii\/editia-33-2023\/premianti-grafica-satirica-2023\/bernard-bouton-france-war\/#main'><img loading=\"lazy\" decoding=\"async\" width=\"150\" height=\"150\" src=\"https:\/\/www.umorlagurahumorului.ro\/wp-content\/uploads\/2023\/07\/Bernard-Bouton-France-War-150x150.jpg\" class=\"attachment-thumbnail size-thumbnail\" alt=\"\" aria-describedby=\"gallery-29-10292\" srcset=\"https:\/\/www.umorlagurahumorului.ro\/wp-content\/uploads\/2023\/07\/Bernard-Bouton-France-War-150x150.jpg 150w, https:\/\/www.umorlagurahumorului.ro\/wp-content\/uploads\/2023\/07\/Bernard-Bouton-France-War-250x250.jpg 250w, https:\/\/www.umorlagurahumorului.ro\/wp-content\/uploads\/2023\/07\/Bernard-Bouton-France-War-75x75.jpg 75w\" sizes=\"auto, (max-width: 150px) 100vw, 150px\" \/><\/a>\n\t\t\t<\/dt>\n\t\t\t\t<dd class='wp-caption-text gallery-caption' id='gallery-29-10292'>\n\t\t\t\tBernard Bouton &#8211; France &#8211; War\n\t\t\t\t<\/dd><\/dl><dl class='gallery-item'>\n\t\t\t<dt class='gallery-icon landscape'>\n\t\t\t\t<a href='https:\/\/www.umorlagurahumorului.ro\/en\/editii\/editia-33-2023\/premianti-grafica-satirica-2023\/eugene-grigoriev-ukraine-iron-curtain\/#main'><img loading=\"lazy\" decoding=\"async\" width=\"150\" height=\"150\" src=\"https:\/\/www.umorlagurahumorului.ro\/wp-content\/uploads\/2023\/07\/Eugene-Grigoriev-Ukraine-Iron-curtain-150x150.jpg\" class=\"attachment-thumbnail size-thumbnail\" alt=\"\" aria-describedby=\"gallery-29-10293\" srcset=\"https:\/\/www.umorlagurahumorului.ro\/wp-content\/uploads\/2023\/07\/Eugene-Grigoriev-Ukraine-Iron-curtain-150x150.jpg 150w, https:\/\/www.umorlagurahumorului.ro\/wp-content\/uploads\/2023\/07\/Eugene-Grigoriev-Ukraine-Iron-curtain-250x250.jpg 250w, https:\/\/www.umorlagurahumorului.ro\/wp-content\/uploads\/2023\/07\/Eugene-Grigoriev-Ukraine-Iron-curtain-75x75.jpg 75w\" sizes=\"auto, (max-width: 150px) 100vw, 150px\" \/><\/a>\n\t\t\t<\/dt>\n\t\t\t\t<dd class='wp-caption-text gallery-caption' id='gallery-29-10293'>\n\t\t\t\tEugene Grigoriev &#8211; Ukraine &#8211; Iron curtain\n\t\t\t\t<\/dd><\/dl><br style=\"clear: both\" \/><dl class='gallery-item'>\n\t\t\t<dt class='gallery-icon landscape'>\n\t\t\t\t<a href='https:\/\/www.umorlagurahumorului.ro\/en\/editii\/editia-33-2023\/premianti-grafica-satirica-2023\/gabriel-todica-romania-romania-still-divided\/#main'><img loading=\"lazy\" decoding=\"async\" width=\"150\" height=\"150\" src=\"https:\/\/www.umorlagurahumorului.ro\/wp-content\/uploads\/2023\/07\/Gabriel-Todica-Romania-Romania-still-divided-150x150.jpg\" class=\"attachment-thumbnail size-thumbnail\" alt=\"\" aria-describedby=\"gallery-29-10294\" srcset=\"https:\/\/www.umorlagurahumorului.ro\/wp-content\/uploads\/2023\/07\/Gabriel-Todica-Romania-Romania-still-divided-150x150.jpg 150w, https:\/\/www.umorlagurahumorului.ro\/wp-content\/uploads\/2023\/07\/Gabriel-Todica-Romania-Romania-still-divided-250x250.jpg 250w, https:\/\/www.umorlagurahumorului.ro\/wp-content\/uploads\/2023\/07\/Gabriel-Todica-Romania-Romania-still-divided-75x75.jpg 75w\" sizes=\"auto, (max-width: 150px) 100vw, 150px\" \/><\/a>\n\t\t\t<\/dt>\n\t\t\t\t<dd class='wp-caption-text gallery-caption' id='gallery-29-10294'>\n\t\t\t\tGabriel Todic\u0103 &#8211;  Romania &#8211; Romania still divided\n\t\t\t\t<\/dd><\/dl><dl class='gallery-item'>\n\t\t\t<dt class='gallery-icon portrait'>\n\t\t\t\t<a href='https:\/\/www.umorlagurahumorului.ro\/en\/editii\/editia-33-2023\/premianti-grafica-satirica-2023\/marian-avramescu-romania-three-colours\/#main'><img loading=\"lazy\" decoding=\"async\" width=\"150\" height=\"150\" src=\"https:\/\/www.umorlagurahumorului.ro\/wp-content\/uploads\/2023\/07\/Marian-Avramescu-Romania-Three-colours-150x150.jpg\" class=\"attachment-thumbnail size-thumbnail\" alt=\"\" aria-describedby=\"gallery-29-10295\" srcset=\"https:\/\/www.umorlagurahumorului.ro\/wp-content\/uploads\/2023\/07\/Marian-Avramescu-Romania-Three-colours-150x150.jpg 150w, https:\/\/www.umorlagurahumorului.ro\/wp-content\/uploads\/2023\/07\/Marian-Avramescu-Romania-Three-colours-250x250.jpg 250w, https:\/\/www.umorlagurahumorului.ro\/wp-content\/uploads\/2023\/07\/Marian-Avramescu-Romania-Three-colours-75x75.jpg 75w\" sizes=\"auto, (max-width: 150px) 100vw, 150px\" \/><\/a>\n\t\t\t<\/dt>\n\t\t\t\t<dd class='wp-caption-text gallery-caption' id='gallery-29-10295'>\n\t\t\t\tMarian Avramescu &#8211; Romania &#8211; Three colours\n\t\t\t\t<\/dd><\/dl><dl class='gallery-item'>\n\t\t\t<dt class='gallery-icon landscape'>\n\t\t\t\t<a href='https:\/\/www.umorlagurahumorului.ro\/en\/editii\/editia-33-2023\/premianti-grafica-satirica-2023\/created-with-gimp-2\/#main'><img loading=\"lazy\" decoding=\"async\" width=\"150\" height=\"150\" src=\"https:\/\/www.umorlagurahumorului.ro\/wp-content\/uploads\/2023\/07\/Predrag-Srbljanin-Serbia-Winers-are-coming-150x150.jpg\" class=\"attachment-thumbnail size-thumbnail\" alt=\"\" aria-describedby=\"gallery-29-10296\" srcset=\"https:\/\/www.umorlagurahumorului.ro\/wp-content\/uploads\/2023\/07\/Predrag-Srbljanin-Serbia-Winers-are-coming-150x150.jpg 150w, https:\/\/www.umorlagurahumorului.ro\/wp-content\/uploads\/2023\/07\/Predrag-Srbljanin-Serbia-Winers-are-coming-250x250.jpg 250w, https:\/\/www.umorlagurahumorului.ro\/wp-content\/uploads\/2023\/07\/Predrag-Srbljanin-Serbia-Winers-are-coming-75x75.jpg 75w\" sizes=\"auto, (max-width: 150px) 100vw, 150px\" \/><\/a>\n\t\t\t<\/dt>\n\t\t\t\t<dd class='wp-caption-text gallery-caption' id='gallery-29-10296'>\n\t\t\t\tCreated with GIPredrag Srbljanin &#8211; Serbia &#8211; Winers are comingMP\n\t\t\t\t<\/dd><\/dl><br style=\"clear: both\" \/><dl class='gallery-item'>\n\t\t\t<dt class='gallery-icon landscape'>\n\t\t\t\t<a href='https:\/\/www.umorlagurahumorului.ro\/en\/editii\/editia-33-2023\/premianti-grafica-satirica-2023\/raed-khalil-syria-knitting\/#main'><img loading=\"lazy\" decoding=\"async\" width=\"150\" height=\"150\" src=\"https:\/\/www.umorlagurahumorului.ro\/wp-content\/uploads\/2023\/07\/Raed-Khalil-Syria-Knitting-150x150.jpg\" class=\"attachment-thumbnail size-thumbnail\" alt=\"\" aria-describedby=\"gallery-29-10297\" srcset=\"https:\/\/www.umorlagurahumorului.ro\/wp-content\/uploads\/2023\/07\/Raed-Khalil-Syria-Knitting-150x150.jpg 150w, https:\/\/www.umorlagurahumorului.ro\/wp-content\/uploads\/2023\/07\/Raed-Khalil-Syria-Knitting-250x250.jpg 250w, https:\/\/www.umorlagurahumorului.ro\/wp-content\/uploads\/2023\/07\/Raed-Khalil-Syria-Knitting-75x75.jpg 75w\" sizes=\"auto, (max-width: 150px) 100vw, 150px\" \/><\/a>\n\t\t\t<\/dt>\n\t\t\t\t<dd class='wp-caption-text gallery-caption' id='gallery-29-10297'>\n\t\t\t\tRaed Khalil -Syria &#8211; Knitting\n\t\t\t\t<\/dd><\/dl><dl class='gallery-item'>\n\t\t\t<dt class='gallery-icon portrait'>\n\t\t\t\t<a href='https:\/\/www.umorlagurahumorului.ro\/en\/editii\/editia-33-2023\/premianti-grafica-satirica-2023\/serpil-kar-turkey-romania-freedom\/#main'><img loading=\"lazy\" decoding=\"async\" width=\"150\" height=\"150\" src=\"https:\/\/www.umorlagurahumorului.ro\/wp-content\/uploads\/2023\/07\/Serpil-Kar-Turkey-Romania-freedom-150x150.jpg\" class=\"attachment-thumbnail size-thumbnail\" alt=\"\" aria-describedby=\"gallery-29-10298\" srcset=\"https:\/\/www.umorlagurahumorului.ro\/wp-content\/uploads\/2023\/07\/Serpil-Kar-Turkey-Romania-freedom-150x150.jpg 150w, https:\/\/www.umorlagurahumorului.ro\/wp-content\/uploads\/2023\/07\/Serpil-Kar-Turkey-Romania-freedom-250x250.jpg 250w, https:\/\/www.umorlagurahumorului.ro\/wp-content\/uploads\/2023\/07\/Serpil-Kar-Turkey-Romania-freedom-75x75.jpg 75w\" sizes=\"auto, (max-width: 150px) 100vw, 150px\" \/><\/a>\n\t\t\t<\/dt>\n\t\t\t\t<dd class='wp-caption-text gallery-caption' id='gallery-29-10298'>\n\t\t\t\tSerpil Kar &#8211; Turkey &#8211; Romania freedom\n\t\t\t\t<\/dd><\/dl><dl class='gallery-item'>\n\t\t\t<dt class='gallery-icon portrait'>\n\t\t\t\t<a href='https:\/\/www.umorlagurahumorului.ro\/en\/editii\/editia-33-2023\/premianti-grafica-satirica-2023\/shmidt-alexander-russia-no-title\/#main'><img loading=\"lazy\" decoding=\"async\" width=\"150\" height=\"150\" src=\"https:\/\/www.umorlagurahumorului.ro\/wp-content\/uploads\/2023\/07\/Shmidt-Alexander-Russia-No-title-150x150.jpg\" class=\"attachment-thumbnail size-thumbnail\" alt=\"\" aria-describedby=\"gallery-29-10299\" srcset=\"https:\/\/www.umorlagurahumorului.ro\/wp-content\/uploads\/2023\/07\/Shmidt-Alexander-Russia-No-title-150x150.jpg 150w, https:\/\/www.umorlagurahumorului.ro\/wp-content\/uploads\/2023\/07\/Shmidt-Alexander-Russia-No-title-250x250.jpg 250w, https:\/\/www.umorlagurahumorului.ro\/wp-content\/uploads\/2023\/07\/Shmidt-Alexander-Russia-No-title-75x75.jpg 75w\" sizes=\"auto, (max-width: 150px) 100vw, 150px\" \/><\/a>\n\t\t\t<\/dt>\n\t\t\t\t<dd class='wp-caption-text gallery-caption' id='gallery-29-10299'>\n\t\t\t\tShmidt Alexander &#8211; Russia &#8211; No title\n\t\t\t\t<\/dd><\/dl><br style=\"clear: both\" \/><dl class='gallery-item'>\n\t\t\t<dt class='gallery-icon landscape'>\n\t\t\t\t<a href='https:\/\/www.umorlagurahumorului.ro\/en\/editii\/editia-33-2023\/premianti-grafica-satirica-2023\/stefaan-provijn-belgium-bingo\/#main'><img loading=\"lazy\" decoding=\"async\" width=\"150\" height=\"150\" src=\"https:\/\/www.umorlagurahumorului.ro\/wp-content\/uploads\/2023\/07\/Stefaan-Provijn-Belgium-Bingo-150x150.jpg\" class=\"attachment-thumbnail size-thumbnail\" alt=\"\" aria-describedby=\"gallery-29-10300\" srcset=\"https:\/\/www.umorlagurahumorului.ro\/wp-content\/uploads\/2023\/07\/Stefaan-Provijn-Belgium-Bingo-150x150.jpg 150w, https:\/\/www.umorlagurahumorului.ro\/wp-content\/uploads\/2023\/07\/Stefaan-Provijn-Belgium-Bingo-250x250.jpg 250w, https:\/\/www.umorlagurahumorului.ro\/wp-content\/uploads\/2023\/07\/Stefaan-Provijn-Belgium-Bingo-75x75.jpg 75w\" sizes=\"auto, (max-width: 150px) 100vw, 150px\" \/><\/a>\n\t\t\t<\/dt>\n\t\t\t\t<dd class='wp-caption-text gallery-caption' id='gallery-29-10300'>\n\t\t\t\tStefaan Provijn &#8211; Belgium &#8211; Bingo\n\t\t\t\t<\/dd><\/dl><dl class='gallery-item'>\n\t\t\t<dt class='gallery-icon landscape'>\n\t\t\t\t<a href='https:\/\/www.umorlagurahumorului.ro\/en\/editii\/editia-33-2023\/premianti-grafica-satirica-2023\/valeriu-kurtu-germany-moldova\/#main'><img loading=\"lazy\" decoding=\"async\" width=\"150\" height=\"150\" src=\"https:\/\/www.umorlagurahumorului.ro\/wp-content\/uploads\/2023\/07\/Valeriu-Kurtu-Germany-Moldova-150x150.jpg\" class=\"attachment-thumbnail size-thumbnail\" alt=\"\" aria-describedby=\"gallery-29-10301\" srcset=\"https:\/\/www.umorlagurahumorului.ro\/wp-content\/uploads\/2023\/07\/Valeriu-Kurtu-Germany-Moldova-150x150.jpg 150w, https:\/\/www.umorlagurahumorului.ro\/wp-content\/uploads\/2023\/07\/Valeriu-Kurtu-Germany-Moldova-250x250.jpg 250w, https:\/\/www.umorlagurahumorului.ro\/wp-content\/uploads\/2023\/07\/Valeriu-Kurtu-Germany-Moldova-75x75.jpg 75w\" sizes=\"auto, (max-width: 150px) 100vw, 150px\" \/><\/a>\n\t\t\t<\/dt>\n\t\t\t\t<dd class='wp-caption-text gallery-caption' id='gallery-29-10301'>\n\t\t\t\tValeriu Kurtu &#8211; Germany &#8211; Moldova\n\t\t\t\t<\/dd><\/dl><dl class='gallery-item'>\n\t\t\t<dt class='gallery-icon portrait'>\n\t\t\t\t<a href='https:\/\/www.umorlagurahumorului.ro\/en\/editii\/editia-33-2023\/premianti-grafica-satirica-2023\/yang-lijie-china-no-title-2\/#main'><img loading=\"lazy\" decoding=\"async\" width=\"150\" height=\"150\" src=\"https:\/\/www.umorlagurahumorului.ro\/wp-content\/uploads\/2023\/07\/Yang-Lijie-China-No-title-1-150x150.jpg\" class=\"attachment-thumbnail size-thumbnail\" alt=\"\" aria-describedby=\"gallery-29-10302\" srcset=\"https:\/\/www.umorlagurahumorului.ro\/wp-content\/uploads\/2023\/07\/Yang-Lijie-China-No-title-1-150x150.jpg 150w, https:\/\/www.umorlagurahumorului.ro\/wp-content\/uploads\/2023\/07\/Yang-Lijie-China-No-title-1-250x250.jpg 250w, https:\/\/www.umorlagurahumorului.ro\/wp-content\/uploads\/2023\/07\/Yang-Lijie-China-No-title-1-75x75.jpg 75w\" sizes=\"auto, (max-width: 150px) 100vw, 150px\" \/><\/a>\n\t\t\t<\/dt>\n\t\t\t\t<dd class='wp-caption-text gallery-caption' id='gallery-29-10302'>\n\t\t\t\tYang Lijie &#8211; China &#8211; No title\n\t\t\t\t<\/dd><\/dl><br style=\"clear: both\" \/>\n\t\t<\/div>\n\n<div class=\"su-spacer\" style=\"height:20px\"><\/div>\n<hr>\n<h4>Children&#8217;s Prizes<\/h4>\n\n\t\t<style type=\"text\/css\">\n\t\t\t#gallery-30 {\n\t\t\t\tmargin: auto;\n\t\t\t}\n\t\t\t#gallery-30 .gallery-item {\n\t\t\t\tfloat: left;\n\t\t\t\tmargin-top: 10px;\n\t\t\t\ttext-align: center;\n\t\t\t\twidth: 25%;\n\t\t\t}\n\t\t\t#gallery-30 img {\n\t\t\t\tborder: 2px solid #cfcfcf;\n\t\t\t}\n\t\t\t#gallery-30 .gallery-caption {\n\t\t\t\tmargin-left: 0;\n\t\t\t}\n\t\t\t\/* see gallery_shortcode() in wp-includes\/media.php *\/\n\t\t<\/style>\n\t\t<div id='gallery-30' class='gallery galleryid-10241 gallery-columns-4 gallery-size-medium'><dl class='gallery-item'>\n\t\t\t<dt class='gallery-icon portrait'>\n\t\t\t\t<a href='https:\/\/www.umorlagurahumorului.ro\/wp-content\/uploads\/2023\/07\/Premiul-I-U18-Maya-Khalil-Siria.jpg'><img loading=\"lazy\" decoding=\"async\" width=\"210\" height=\"300\" src=\"https:\/\/www.umorlagurahumorului.ro\/wp-content\/uploads\/2023\/07\/Premiul-I-U18-Maya-Khalil-Siria-210x300.jpg\" class=\"attachment-medium size-medium\" alt=\"\" aria-describedby=\"gallery-30-10286\" srcset=\"https:\/\/www.umorlagurahumorului.ro\/wp-content\/uploads\/2023\/07\/Premiul-I-U18-Maya-Khalil-Siria-210x300.jpg 210w, https:\/\/www.umorlagurahumorului.ro\/wp-content\/uploads\/2023\/07\/Premiul-I-U18-Maya-Khalil-Siria-717x1024.jpg 717w, https:\/\/www.umorlagurahumorului.ro\/wp-content\/uploads\/2023\/07\/Premiul-I-U18-Maya-Khalil-Siria-768x1097.jpg 768w, https:\/\/www.umorlagurahumorului.ro\/wp-content\/uploads\/2023\/07\/Premiul-I-U18-Maya-Khalil-Siria-1076x1536.jpg 1076w, https:\/\/www.umorlagurahumorului.ro\/wp-content\/uploads\/2023\/07\/Premiul-I-U18-Maya-Khalil-Siria-400x571.jpg 400w, https:\/\/www.umorlagurahumorului.ro\/wp-content\/uploads\/2023\/07\/Premiul-I-U18-Maya-Khalil-Siria.jpg 1434w\" sizes=\"auto, (max-width: 210px) 100vw, 210px\" \/><\/a>\n\t\t\t<\/dt>\n\t\t\t\t<dd class='wp-caption-text gallery-caption' id='gallery-30-10286'>\n\t\t\t\tPremiul I &#8211; U18 &#8211; Maya Khalil-Siria\n\t\t\t\t<\/dd><\/dl><dl class='gallery-item'>\n\t\t\t<dt class='gallery-icon landscape'>\n\t\t\t\t<a href='https:\/\/www.umorlagurahumorului.ro\/wp-content\/uploads\/2023\/07\/Premiul-II-U18-Aleksandra-Russkih-Rusia.jpg'><img loading=\"lazy\" decoding=\"async\" width=\"300\" height=\"216\" src=\"https:\/\/www.umorlagurahumorului.ro\/wp-content\/uploads\/2023\/07\/Premiul-II-U18-Aleksandra-Russkih-Rusia-300x216.jpg\" class=\"attachment-medium size-medium\" alt=\"\" aria-describedby=\"gallery-30-10287\" srcset=\"https:\/\/www.umorlagurahumorului.ro\/wp-content\/uploads\/2023\/07\/Premiul-II-U18-Aleksandra-Russkih-Rusia-300x216.jpg 300w, https:\/\/www.umorlagurahumorului.ro\/wp-content\/uploads\/2023\/07\/Premiul-II-U18-Aleksandra-Russkih-Rusia-1024x739.jpg 1024w, https:\/\/www.umorlagurahumorului.ro\/wp-content\/uploads\/2023\/07\/Premiul-II-U18-Aleksandra-Russkih-Rusia-768x554.jpg 768w, https:\/\/www.umorlagurahumorului.ro\/wp-content\/uploads\/2023\/07\/Premiul-II-U18-Aleksandra-Russkih-Rusia-1536x1108.jpg 1536w, https:\/\/www.umorlagurahumorului.ro\/wp-content\/uploads\/2023\/07\/Premiul-II-U18-Aleksandra-Russkih-Rusia-400x288.jpg 400w, https:\/\/www.umorlagurahumorului.ro\/wp-content\/uploads\/2023\/07\/Premiul-II-U18-Aleksandra-Russkih-Rusia.jpg 2048w\" sizes=\"auto, (max-width: 300px) 100vw, 300px\" \/><\/a>\n\t\t\t<\/dt>\n\t\t\t\t<dd class='wp-caption-text gallery-caption' id='gallery-30-10287'>\n\t\t\t\tPremiul II &#8211; U18 &#8211; Aleksandra Russkih &#8211; Rusia\n\t\t\t\t<\/dd><\/dl><dl class='gallery-item'>\n\t\t\t<dt class='gallery-icon portrait'>\n\t\t\t\t<a href='https:\/\/www.umorlagurahumorului.ro\/wp-content\/uploads\/2023\/07\/Premiul-II-U18-Alena-Velichko-Rusia.jpg'><img loading=\"lazy\" decoding=\"async\" width=\"218\" height=\"300\" src=\"https:\/\/www.umorlagurahumorului.ro\/wp-content\/uploads\/2023\/07\/Premiul-II-U18-Alena-Velichko-Rusia-218x300.jpg\" class=\"attachment-medium size-medium\" alt=\"\" aria-describedby=\"gallery-30-10288\" srcset=\"https:\/\/www.umorlagurahumorului.ro\/wp-content\/uploads\/2023\/07\/Premiul-II-U18-Alena-Velichko-Rusia-218x300.jpg 218w, https:\/\/www.umorlagurahumorului.ro\/wp-content\/uploads\/2023\/07\/Premiul-II-U18-Alena-Velichko-Rusia-745x1024.jpg 745w, https:\/\/www.umorlagurahumorului.ro\/wp-content\/uploads\/2023\/07\/Premiul-II-U18-Alena-Velichko-Rusia-768x1056.jpg 768w, https:\/\/www.umorlagurahumorului.ro\/wp-content\/uploads\/2023\/07\/Premiul-II-U18-Alena-Velichko-Rusia-1117x1536.jpg 1117w, https:\/\/www.umorlagurahumorului.ro\/wp-content\/uploads\/2023\/07\/Premiul-II-U18-Alena-Velichko-Rusia-400x550.jpg 400w, https:\/\/www.umorlagurahumorului.ro\/wp-content\/uploads\/2023\/07\/Premiul-II-U18-Alena-Velichko-Rusia.jpg 1489w\" sizes=\"auto, (max-width: 218px) 100vw, 218px\" \/><\/a>\n\t\t\t<\/dt>\n\t\t\t\t<dd class='wp-caption-text gallery-caption' id='gallery-30-10288'>\n\t\t\t\tPremiul II &#8211; U18 &#8211; Alena Velichko &#8211; Rusia\n\t\t\t\t<\/dd><\/dl><dl class='gallery-item'>\n\t\t\t<dt class='gallery-icon portrait'>\n\t\t\t\t<a href='https:\/\/www.umorlagurahumorului.ro\/wp-content\/uploads\/2023\/07\/Premiul-III-Elina-Ishmuratova-Rusia.jpg'><img loading=\"lazy\" decoding=\"async\" width=\"188\" height=\"300\" src=\"https:\/\/www.umorlagurahumorului.ro\/wp-content\/uploads\/2023\/07\/Premiul-III-Elina-Ishmuratova-Rusia-188x300.jpg\" class=\"attachment-medium size-medium\" alt=\"\" aria-describedby=\"gallery-30-10289\" srcset=\"https:\/\/www.umorlagurahumorului.ro\/wp-content\/uploads\/2023\/07\/Premiul-III-Elina-Ishmuratova-Rusia-188x300.jpg 188w, https:\/\/www.umorlagurahumorului.ro\/wp-content\/uploads\/2023\/07\/Premiul-III-Elina-Ishmuratova-Rusia-642x1024.jpg 642w, https:\/\/www.umorlagurahumorului.ro\/wp-content\/uploads\/2023\/07\/Premiul-III-Elina-Ishmuratova-Rusia-768x1225.jpg 768w, https:\/\/www.umorlagurahumorului.ro\/wp-content\/uploads\/2023\/07\/Premiul-III-Elina-Ishmuratova-Rusia-963x1536.jpg 963w, https:\/\/www.umorlagurahumorului.ro\/wp-content\/uploads\/2023\/07\/Premiul-III-Elina-Ishmuratova-Rusia-400x638.jpg 400w, https:\/\/www.umorlagurahumorului.ro\/wp-content\/uploads\/2023\/07\/Premiul-III-Elina-Ishmuratova-Rusia.jpg 1112w\" sizes=\"auto, (max-width: 188px) 100vw, 188px\" \/><\/a>\n\t\t\t<\/dt>\n\t\t\t\t<dd class='wp-caption-text gallery-caption' id='gallery-30-10289'>\n\t\t\t\tPremiul III &#8211; Elina Ishmuratova -Rusia\n\t\t\t\t<\/dd><\/dl><br style=\"clear: both\" \/>\n\t\t<\/div>\n\n<div class=\"su-spacer\" style=\"height:20px\"><\/div><\/div>\n<\/div>\n<div class=\"su-tabs-pane su-u-clearfix su-u-trim\" data-title=\"Epigram winners\">\n<div class=\"su-spacer\" style=\"height:20px\"><\/div>\n<div data-post-id=\"10309\" class=\"insert-page insert-page-10309 \"><div id='filelist1'><table width=\"100%\" border=\"0\" cellpadding=\"7\">\n<td class=\"lyf_td_icons\" width=\"16\"><img decoding=\"async\" src=\"https:\/\/www.umorlagurahumorului.ro\/wp-content\/plugins\/list-yo-files\/icons\/pdf.png\"><\/td>\n<td class=\"lyf_td_filename\"><a href=\"https:\/\/www.umorlagurahumorului.ro\/wp-content\/editii\/2023\/premianti_epigrama\/01.%20Premiul%20I%20-%20Grigore%20Cotul%20-%20%C8%98an%C8%9B%2C%20BN.pdf\">01. Premiul I - Grigore Cotul - \u0218an\u021b, BN.pdf<\/a><\/td>\n<td class=\"lyf_td_size\">61.9 KB<\/td>\n<\/tr><td class=\"lyf_td_icons\" width=\"16\"><img decoding=\"async\" src=\"https:\/\/www.umorlagurahumorului.ro\/wp-content\/plugins\/list-yo-files\/icons\/pdf.png\"><\/td>\n<td class=\"lyf_td_filename\"><a href=\"https:\/\/www.umorlagurahumorului.ro\/wp-content\/editii\/2023\/premianti_epigrama\/02.%20Premiul%20II%20-%20Nicolae%20Bunduri%20-%20Bra%C8%99ov.pdf\">02. Premiul II - Nicolae Bunduri - Bra\u0219ov.pdf<\/a><\/td>\n<td class=\"lyf_td_size\">54.4 KB<\/td>\n<\/tr><td class=\"lyf_td_icons\" width=\"16\"><img decoding=\"async\" src=\"https:\/\/www.umorlagurahumorului.ro\/wp-content\/plugins\/list-yo-files\/icons\/pdf.png\"><\/td>\n<td class=\"lyf_td_filename\"><a href=\"https:\/\/www.umorlagurahumorului.ro\/wp-content\/editii\/2023\/premianti_epigrama\/03.%20Premiul%20III%20-%20Vasile%20Vajoga%20-%20Ia%C8%99i.pdf\">03. Premiul III - Vasile Vajoga - Ia\u0219i.pdf<\/a><\/td>\n<td class=\"lyf_td_size\">37.7 KB<\/td>\n<\/tr><td class=\"lyf_td_icons\" width=\"16\"><img decoding=\"async\" src=\"https:\/\/www.umorlagurahumorului.ro\/wp-content\/plugins\/list-yo-files\/icons\/pdf.png\"><\/td>\n<td class=\"lyf_td_filename\"><a href=\"https:\/\/www.umorlagurahumorului.ro\/wp-content\/editii\/2023\/premianti_epigrama\/04.%20Men%C8%9Biunea%201%20-%20Vali%20Slavu%20-%20Aninoasa%2C%20HD.pdf\">04. Men\u021biunea 1 - Vali Slavu - Aninoasa, HD.pdf<\/a><\/td>\n<td class=\"lyf_td_size\">57.8 KB<\/td>\n<\/tr><td class=\"lyf_td_icons\" width=\"16\"><img decoding=\"async\" src=\"https:\/\/www.umorlagurahumorului.ro\/wp-content\/plugins\/list-yo-files\/icons\/pdf.png\"><\/td>\n<td class=\"lyf_td_filename\"><a href=\"https:\/\/www.umorlagurahumorului.ro\/wp-content\/editii\/2023\/premianti_epigrama\/05.%20Men%C8%9Biunea%202%20-%20Ghi%C8%9B%C4%83%20Lauren%C8%9Biu%20Florentin%20-%20Bucure%C8%99ti.pdf\">05. Men\u021biunea 2 - Ghi\u021b\u0103 Lauren\u021biu Florentin - Bucure\u0219ti.pdf<\/a><\/td>\n<td class=\"lyf_td_size\">47.8 KB<\/td>\n<\/tr><td class=\"lyf_td_icons\" width=\"16\"><img decoding=\"async\" src=\"https:\/\/www.umorlagurahumorului.ro\/wp-content\/plugins\/list-yo-files\/icons\/pdf.png\"><\/td>\n<td class=\"lyf_td_filename\"><a href=\"https:\/\/www.umorlagurahumorului.ro\/wp-content\/editii\/2023\/premianti_epigrama\/06.%20Men%C8%9Biunea%203%20-%20Nic%C4%83%20Janei%20-%20Ostroveni%2C%20DJ.pdf\">06. Men\u021biunea 3 - Nic\u0103 Janei - Ostroveni, DJ.pdf<\/a><\/td>\n<td class=\"lyf_td_size\">159.4 KB<\/td>\n<\/tr><\/table>\n<\/div><\/div>\n<\/div>\n<div class=\"su-tabs-pane su-u-clearfix su-u-trim\" data-title=\"Poetry winners\">\n<div class=\"su-spacer\" style=\"height:20px\"><\/div>\n<div data-post-id=\"10314\" class=\"insert-page insert-page-10314 \"><div id='filelist1'><table width=\"100%\" border=\"0\" cellpadding=\"7\">\n<td class=\"lyf_td_icons\" width=\"16\"><img decoding=\"async\" src=\"https:\/\/www.umorlagurahumorului.ro\/wp-content\/plugins\/list-yo-files\/icons\/pdf.png\"><\/td>\n<td class=\"lyf_td_filename\"><a href=\"https:\/\/www.umorlagurahumorului.ro\/wp-content\/editii\/2023\/premianti_poezie\/01.%20Premiul%20I%20-%20Vali%20Slavu%20-%20Aninoasa%2C%20HD.pdf\">01. Premiul I - Vali Slavu - Aninoasa, HD.pdf<\/a><\/td>\n<td class=\"lyf_td_size\">67.1 KB<\/td>\n<\/tr><td class=\"lyf_td_icons\" width=\"16\"><img decoding=\"async\" src=\"https:\/\/www.umorlagurahumorului.ro\/wp-content\/plugins\/list-yo-files\/icons\/pdf.png\"><\/td>\n<td class=\"lyf_td_filename\"><a href=\"https:\/\/www.umorlagurahumorului.ro\/wp-content\/editii\/2023\/premianti_poezie\/02.%20Premiul%20II%20-%20Dumescu%20Daria%20-%20Ia%C8%99i.pdf\">02. Premiul II - Dumescu Daria - Ia\u0219i.pdf<\/a><\/td>\n<td class=\"lyf_td_size\">54.0 KB<\/td>\n<\/tr><td class=\"lyf_td_icons\" width=\"16\"><img decoding=\"async\" src=\"https:\/\/www.umorlagurahumorului.ro\/wp-content\/plugins\/list-yo-files\/icons\/pdf.png\"><\/td>\n<td class=\"lyf_td_filename\"><a href=\"https:\/\/www.umorlagurahumorului.ro\/wp-content\/editii\/2023\/premianti_poezie\/03.%20Premiul%20III%20-%20Vasilescu%20Petre%20Ion%20Florin%20-%20Craiova.pdf\">03. Premiul III - Vasilescu Petre Ion Florin - Craiova.pdf<\/a><\/td>\n<td class=\"lyf_td_size\">149.1 KB<\/td>\n<\/tr><td class=\"lyf_td_icons\" width=\"16\"><img decoding=\"async\" src=\"https:\/\/www.umorlagurahumorului.ro\/wp-content\/plugins\/list-yo-files\/icons\/pdf.png\"><\/td>\n<td class=\"lyf_td_filename\"><a href=\"https:\/\/www.umorlagurahumorului.ro\/wp-content\/editii\/2023\/premianti_poezie\/04.%20Men%C8%9Biunea%201%20-%20David%20Valentin%20-%20Or%C4%83%C8%99tie%2C%20HD.pdf\">04. Men\u021biunea 1 - David Valentin - Or\u0103\u0219tie, HD.pdf<\/a><\/td>\n<td class=\"lyf_td_size\">61.2 KB<\/td>\n<\/tr><td class=\"lyf_td_icons\" width=\"16\"><img decoding=\"async\" src=\"https:\/\/www.umorlagurahumorului.ro\/wp-content\/plugins\/list-yo-files\/icons\/pdf.png\"><\/td>\n<td class=\"lyf_td_filename\"><a href=\"https:\/\/www.umorlagurahumorului.ro\/wp-content\/editii\/2023\/premianti_poezie\/05.%20Men%C8%9Biunea%202%20-%20Hanganu%20Alexandru%20-%20Br%C4%83ila.pdf\">05. Men\u021biunea 2 - Hanganu Alexandru - Br\u0103ila.pdf<\/a><\/td>\n<td class=\"lyf_td_size\">105.2 KB<\/td>\n<\/tr><td class=\"lyf_td_icons\" width=\"16\"><img decoding=\"async\" src=\"https:\/\/www.umorlagurahumorului.ro\/wp-content\/plugins\/list-yo-files\/icons\/pdf.png\"><\/td>\n<td class=\"lyf_td_filename\"><a href=\"https:\/\/www.umorlagurahumorului.ro\/wp-content\/editii\/2023\/premianti_poezie\/06.%20Men%C8%9Biunea%203%20-%20M%C3%A2ndru%20Elena%20-%20Ia%C8%99i.pdf\">06. Men\u021biunea 3 - M\u00e2ndru Elena - Ia\u0219i.pdf<\/a><\/td>\n<td class=\"lyf_td_size\">39.8 KB<\/td>\n<\/tr><\/table>\n<\/div><\/div>\n<\/div><\/div><\/div>","protected":false},"excerpt":{"rendered":"","protected":false},"author":1,"featured_media":0,"parent":8062,"menu_order":0,"comment_status":"closed","ping_status":"closed","template":"","meta":{"ngg_post_thumbnail":0,"footnotes":""},"class_list":["post-10241","page","type-page","status-publish","hentry"],"yoast_head":"<!-- This site is optimized with the Yoast SEO plugin v25.9 - https:\/\/yoast.com\/wordpress\/plugins\/seo\/ -->\n<title>33rd Edition - 2023 - Humour at .... Gura Humorului<\/title>\n<meta name=\"robots\" content=\"index, follow, max-snippet:-1, max-image-preview:large, max-video-preview:-1\" \/>\n<link rel=\"canonical\" href=\"https:\/\/www.umorlagurahumorului.ro\/editii\/editia-33-2023\/\" \/>\n<meta property=\"og:locale\" content=\"en_US\" \/>\n<meta property=\"og:type\" content=\"article\" \/>\n<meta property=\"og:title\" content=\"[:ro]Editia 33 - 2023[:en]33rd Edition - 2023[:] - Humour at .... Gura Humorului\" \/>\n<meta property=\"og:url\" content=\"https:\/\/www.umorlagurahumorului.ro\/editii\/editia-33-2023\/\" \/>\n<meta property=\"og:site_name\" content=\"Humour at .... Gura Humorului\" \/>\n<meta property=\"article:publisher\" content=\"https:\/\/www.facebook.com\/Umor-la-Gura-Humorului-Humour-at-Gura-Humorului-105184057924606\/\" \/>\n<meta property=\"article:modified_time\" content=\"2023-07-10T08:46:52+00:00\" \/>\n<meta name=\"twitter:card\" content=\"summary_large_image\" \/>\n<meta name=\"twitter:label1\" content=\"Est. reading time\" \/>\n\t<meta name=\"twitter:data1\" content=\"1 minute\" \/>\n<script type=\"application\/ld+json\" class=\"yoast-schema-graph\">{\"@context\":\"https:\/\/schema.org\",\"@graph\":[{\"@type\":\"WebPage\",\"@id\":\"https:\/\/www.umorlagurahumorului.ro\/editii\/editia-33-2023\/\",\"url\":\"https:\/\/www.umorlagurahumorului.ro\/editii\/editia-33-2023\/\",\"name\":\"[:ro]Editia 33 - 2023[:en]33rd Edition - 2023[:] - Humour at .... Gura Humorului\",\"isPartOf\":{\"@id\":\"https:\/\/www.umorlagurahumorului.ro\/#website\"},\"datePublished\":\"2023-06-29T11:46:07+00:00\",\"dateModified\":\"2023-07-10T08:46:52+00:00\",\"breadcrumb\":{\"@id\":\"https:\/\/www.umorlagurahumorului.ro\/editii\/editia-33-2023\/#breadcrumb\"},\"inLanguage\":\"en-US\",\"potentialAction\":[{\"@type\":\"ReadAction\",\"target\":[\"https:\/\/www.umorlagurahumorului.ro\/editii\/editia-33-2023\/\"]}]},{\"@type\":\"BreadcrumbList\",\"@id\":\"https:\/\/www.umorlagurahumorului.ro\/editii\/editia-33-2023\/#breadcrumb\",\"itemListElement\":[{\"@type\":\"ListItem\",\"position\":1,\"name\":\"Prima pagin\u0103\",\"item\":\"https:\/\/www.umorlagurahumorului.ro\/\"},{\"@type\":\"ListItem\",\"position\":2,\"name\":\"Editii\",\"item\":\"https:\/\/www.umorlagurahumorului.ro\/editii\/\"},{\"@type\":\"ListItem\",\"position\":3,\"name\":\"Editia 33 &#8211; 2023\"}]},{\"@type\":\"WebSite\",\"@id\":\"https:\/\/www.umorlagurahumorului.ro\/#website\",\"url\":\"https:\/\/www.umorlagurahumorului.ro\/\",\"name\":\"Umor la Gura Humorului\",\"description\":\"The International Festival of Cartoon and Humorous Literature\",\"publisher\":{\"@id\":\"https:\/\/www.umorlagurahumorului.ro\/#organization\"},\"potentialAction\":[{\"@type\":\"SearchAction\",\"target\":{\"@type\":\"EntryPoint\",\"urlTemplate\":\"https:\/\/www.umorlagurahumorului.ro\/?s={search_term_string}\"},\"query-input\":{\"@type\":\"PropertyValueSpecification\",\"valueRequired\":true,\"valueName\":\"search_term_string\"}}],\"inLanguage\":\"en-US\"},{\"@type\":\"Organization\",\"@id\":\"https:\/\/www.umorlagurahumorului.ro\/#organization\",\"name\":\"Festivalul Interna\u021bional de Grafic\u0103 Satiric\u0103 \u0219i Literatur\u0103 Umoristic\u0103 Umor la Gura Humorului\",\"url\":\"https:\/\/www.umorlagurahumorului.ro\/\",\"logo\":{\"@type\":\"ImageObject\",\"inLanguage\":\"en-US\",\"@id\":\"https:\/\/www.umorlagurahumorului.ro\/#\/schema\/logo\/image\/\",\"url\":\"https:\/\/www.umorlagurahumorului.ro\/wp-content\/uploads\/2020\/07\/umor-la-gura-humorului.jpg\",\"contentUrl\":\"https:\/\/www.umorlagurahumorului.ro\/wp-content\/uploads\/2020\/07\/umor-la-gura-humorului.jpg\",\"width\":618,\"height\":315,\"caption\":\"Festivalul Interna\u021bional de Grafic\u0103 Satiric\u0103 \u0219i Literatur\u0103 Umoristic\u0103 Umor la Gura Humorului\"},\"image\":{\"@id\":\"https:\/\/www.umorlagurahumorului.ro\/#\/schema\/logo\/image\/\"},\"sameAs\":[\"https:\/\/www.facebook.com\/Umor-la-Gura-Humorului-Humour-at-Gura-Humorului-105184057924606\/\"]}]}<\/script>\n<!-- \/ Yoast SEO plugin. -->","yoast_head_json":{"title":"[:ro]Editia 33 - 2023[:en]33rd Edition - 2023[:] - Humour at .... Gura Humorului","robots":{"index":"index","follow":"follow","max-snippet":"max-snippet:-1","max-image-preview":"max-image-preview:large","max-video-preview":"max-video-preview:-1"},"canonical":"https:\/\/www.umorlagurahumorului.ro\/editii\/editia-33-2023\/","og_locale":"en_US","og_type":"article","og_title":"[:ro]Editia 33 - 2023[:en]33rd Edition - 2023[:] - Humour at .... Gura Humorului","og_url":"https:\/\/www.umorlagurahumorului.ro\/editii\/editia-33-2023\/","og_site_name":"Humour at .... Gura Humorului","article_publisher":"https:\/\/www.facebook.com\/Umor-la-Gura-Humorului-Humour-at-Gura-Humorului-105184057924606\/","article_modified_time":"2023-07-10T08:46:52+00:00","twitter_card":"summary_large_image","twitter_misc":{"Est. reading time":"1 minute"},"schema":{"@context":"https:\/\/schema.org","@graph":[{"@type":"WebPage","@id":"https:\/\/www.umorlagurahumorului.ro\/editii\/editia-33-2023\/","url":"https:\/\/www.umorlagurahumorului.ro\/editii\/editia-33-2023\/","name":"[:ro]Editia 33 - 2023[:en]33rd Edition - 2023[:] - Humour at .... Gura Humorului","isPartOf":{"@id":"https:\/\/www.umorlagurahumorului.ro\/#website"},"datePublished":"2023-06-29T11:46:07+00:00","dateModified":"2023-07-10T08:46:52+00:00","breadcrumb":{"@id":"https:\/\/www.umorlagurahumorului.ro\/editii\/editia-33-2023\/#breadcrumb"},"inLanguage":"en-US","potentialAction":[{"@type":"ReadAction","target":["https:\/\/www.umorlagurahumorului.ro\/editii\/editia-33-2023\/"]}]},{"@type":"BreadcrumbList","@id":"https:\/\/www.umorlagurahumorului.ro\/editii\/editia-33-2023\/#breadcrumb","itemListElement":[{"@type":"ListItem","position":1,"name":"Prima pagin\u0103","item":"https:\/\/www.umorlagurahumorului.ro\/"},{"@type":"ListItem","position":2,"name":"Editii","item":"https:\/\/www.umorlagurahumorului.ro\/editii\/"},{"@type":"ListItem","position":3,"name":"Editia 33 &#8211; 2023"}]},{"@type":"WebSite","@id":"https:\/\/www.umorlagurahumorului.ro\/#website","url":"https:\/\/www.umorlagurahumorului.ro\/","name":"Umor la Gura Humorului","description":"The International Festival of Cartoon and Humorous Literature","publisher":{"@id":"https:\/\/www.umorlagurahumorului.ro\/#organization"},"potentialAction":[{"@type":"SearchAction","target":{"@type":"EntryPoint","urlTemplate":"https:\/\/www.umorlagurahumorului.ro\/?s={search_term_string}"},"query-input":{"@type":"PropertyValueSpecification","valueRequired":true,"valueName":"search_term_string"}}],"inLanguage":"en-US"},{"@type":"Organization","@id":"https:\/\/www.umorlagurahumorului.ro\/#organization","name":"Festivalul Interna\u021bional de Grafic\u0103 Satiric\u0103 \u0219i Literatur\u0103 Umoristic\u0103 Umor la Gura Humorului","url":"https:\/\/www.umorlagurahumorului.ro\/","logo":{"@type":"ImageObject","inLanguage":"en-US","@id":"https:\/\/www.umorlagurahumorului.ro\/#\/schema\/logo\/image\/","url":"https:\/\/www.umorlagurahumorului.ro\/wp-content\/uploads\/2020\/07\/umor-la-gura-humorului.jpg","contentUrl":"https:\/\/www.umorlagurahumorului.ro\/wp-content\/uploads\/2020\/07\/umor-la-gura-humorului.jpg","width":618,"height":315,"caption":"Festivalul Interna\u021bional de Grafic\u0103 Satiric\u0103 \u0219i Literatur\u0103 Umoristic\u0103 Umor la Gura Humorului"},"image":{"@id":"https:\/\/www.umorlagurahumorului.ro\/#\/schema\/logo\/image\/"},"sameAs":["https:\/\/www.facebook.com\/Umor-la-Gura-Humorului-Humour-at-Gura-Humorului-105184057924606\/"]}]}},"_links":{"self":[{"href":"https:\/\/www.umorlagurahumorului.ro\/en\/wp-json\/wp\/v2\/pages\/10241","targetHints":{"allow":["GET"]}}],"collection":[{"href":"https:\/\/www.umorlagurahumorului.ro\/en\/wp-json\/wp\/v2\/pages"}],"about":[{"href":"https:\/\/www.umorlagurahumorului.ro\/en\/wp-json\/wp\/v2\/types\/page"}],"author":[{"embeddable":true,"href":"https:\/\/www.umorlagurahumorului.ro\/en\/wp-json\/wp\/v2\/users\/1"}],"replies":[{"embeddable":true,"href":"https:\/\/www.umorlagurahumorului.ro\/en\/wp-json\/wp\/v2\/comments?post=10241"}],"version-history":[{"count":14,"href":"https:\/\/www.umorlagurahumorului.ro\/en\/wp-json\/wp\/v2\/pages\/10241\/revisions"}],"predecessor-version":[{"id":10555,"href":"https:\/\/www.umorlagurahumorului.ro\/en\/wp-json\/wp\/v2\/pages\/10241\/revisions\/10555"}],"up":[{"embeddable":true,"href":"https:\/\/www.umorlagurahumorului.ro\/en\/wp-json\/wp\/v2\/pages\/8062"}],"wp:attachment":[{"href":"https:\/\/www.umorlagurahumorului.ro\/en\/wp-json\/wp\/v2\/media?parent=10241"}],"curies":[{"name":"wp","href":"https:\/\/api.w.org\/{rel}","templated":true}]}}