{"id":10085,"date":"2022-07-08T21:59:23","date_gmt":"2022-07-08T21:59:23","guid":{"rendered":"https:\/\/www.umorlagurahumorului.ro\/?page_id=10085"},"modified":"2022-07-08T22:00:44","modified_gmt":"2022-07-08T22:00:44","slug":"mentiunea-1-petre-ion-florin-vasilescu","status":"publish","type":"page","link":"https:\/\/www.umorlagurahumorului.ro\/en\/editii\/editia-32-2022\/premianti-poezie-2022\/mentiunea-1-petre-ion-florin-vasilescu\/","title":{"rendered":"Men\u021biunea 1 &#8211; Petre Ion Florin Vasilescu"},"content":{"rendered":"<hr>\n<h2 style=\"color:#d22b1d;\">1st Mention &#8211; Petre Ion Florin Vasilescu<\/h2>\n<p><strong>Moto: &#8220;Pseudokinegetikos&#8221;<\/strong><\/p>\n<div class=\"su-spacer\" style=\"height:20px\"><\/div>\n<strong>CHIBI\u021a LA NA\u0218TEREA UNEI  LEGI<\/strong><br \/>\n<div class=\"su-spacer\" style=\"height:30px\"><\/div>\n<p>Am dat, dar nu spun cum, de-un document,<br \/>\nStrunjit \u00eentr-o comisie anume,<br \/>\nFormat\u0103 strict din membri-n parlament<br \/>\nSau \u00een guvern, de-aiurea, de prin lume &#8230;<\/p>\n<p>Aveau ca scop ale\u0219ii, s\u0103 dezbat\u0103<br \/>\n\u0218i ca dintr-un dic\u021bionar s\u0103 spun\u0103<br \/>\nCe este o minciun\u0103 gogonat\u0103,<br \/>\nOri de-i prea greu, ce este o minciun\u0103!<\/p>\n<p>Erau de trebuin\u021b\u0103, se-n\u021belege,<br \/>\nAceste chei, solu\u021bii \u0219i proptele,<br \/>\nS\u0103 mai cloceasc\u0103 neamului o lege \u2013<br \/>\nCu biruri \u0219i amenzi pe minciunele!<\/p>\n<p>Cum nu prea vreau, stimabili cititori,<br \/>\nS\u0103 m-acuza\u021bi c-a\u0219 face pe nebunul,<br \/>\nTraduc ce-au zis distin\u0219ii vorbitori,<br \/>\nCu gura din dotare \u2013 c\u00e2te unul:<\/p>\n<p>\u201eEu sunt, m\u0103 \u0219ti\u021bi, mai cult, bisericos,<br \/>\nTot blestem diavole\u0219tile minciuni,<br \/>\nUrmez doar drumul just, simandicos,<br \/>\n\u0218i-am str\u00e2ns pios averi, cu-n\u0219el\u0103ciuni!\u201d<\/p>\n<p>\u201eIo-s \u00eenc\u0103 t\u00e2n\u0103r, duc o via\u021b\u0103 bun\u0103,<br \/>\nDar z\u0103bovesc ades pe la farfuze<br \/>\n\u0218i-mi amu\u021besc nevasta cu-o minciun\u0103,<br \/>\nC\u00e2nd m-a g\u0103bjit \u0219i d\u0103 m\u0103runt din buze!\u201d<\/p>\n<p>\u201eSunt un pescar \u0219i v\u00e2n\u0103tor sportiv<br \/>\nLicen\u021biat, dar \u0219ti\u021bi cum se vorbe\u0219te,<br \/>\nC\u0103 noi turn\u0103m gogo\u0219i, laudativ,<br \/>\nCu leii str\u00e2n\u0219i sau cu balena-pe\u0219te!\u201d<\/p>\n<p>\u201eEu spun pe \u0219leau, c\u00e2nd nu sunt \u0219efi de fa\u021b\u0103,<br \/>\nDoar adev\u0103ru-n plesnet de cuvinte &#8230;<br \/>\nNu pot min\u021bi, c\u0103-s urgisit pe via\u021b\u0103<br \/>\nS\u0103 n-am un strop de \u021binere de minte!\u201d<\/p>\n<p>\u201eSunt ghem de nervi, c\u00e2nd la televizor,<br \/>\nTo\u021bi mint de-nghea\u021b\u0103 pu\u021bul, permanent,<br \/>\nC\u0103 noi dormim sau ne caftim de zor,<br \/>\n\u00cen l\u0103b\u0103r\u021batul nostru parlament!\u201d <\/p>\n<p>\u201eMinciuna e din veac otr\u0103vitoare,<br \/>\nAceasta este \u0219i p\u0103rerea mea,<br \/>\nDar doar pentru popor, c\u0103 unde oare,<br \/>\nE-o nad\u0103 mai tentant\u0103 dec\u00e2t ea?\u201d<\/p>\n<p>\u00cen goana dup\u0103 voturi, dispera\u021bi,<br \/>\nPrin mahalale \u0219i-n emisiuni<br \/>\nTV, ce m\u0103iestrit expectora\u021bi<br \/>\nBra\u0219oave g\u00e2rl\u0103, ca promisiuni!<\/p>\n<p>\u201eDom\u2019pre\u0219edinte, sincer, ne jigni\u021bi,<br \/>\nChiar \u0219i mi\u0219toul are un hotar &#8230;<br \/>\nDar dumneavoastr\u0103, nu mai rugini\u021bi,<br \/>\nDe trei decenii, tot parlamentar?\u201d<\/p>\n<p>S\u0103 nu te iei de mine, b\u0103i \u021b\u0103rane<br \/>\nCe e\u0219ti, un ho\u021b \u0219i-un delapidator;<br \/>\nC\u00e2nd eu tronam prin func\u021bii barosane,<br \/>\nTu stai c-o vac\u0103-n c\u00e2mp, ca sug\u0103tor!<\/p>\n<p>Minciuna, zic, pe-un muribund l-alint\u0103,<br \/>\nPreschimb\u0103-ntr-o vestal\u0103 o cocot\u0103,<br \/>\nSe-ndeas\u0103 \u0219i-un nevinovat s\u0103 mint\u0103 \u2013<br \/>\nSt\u00e2lcit de-anchetatori pentru o iot\u0103!<\/p>\n<p>Propun s\u0103 \u00eencheiem aici gargara,<br \/>\nS\u0103 trecem la concluzii cu minciuna,<br \/>\nS\u0103 pricopsim cu \u00eenc-o lege \u021bara,<br \/>\nC\u0103 mie, v\u0103 spun drept, \u00eemi e totuna &#8230;<\/p>\n<p>\u201eIn corpore\u201d, legal, s\u0103 paraf\u0103m<br \/>\nO hot\u0103r\u00e2re pentru totdeauna:<br \/>\nCum cinstea \u0219i dreptatea salvgard\u0103m \u2013<br \/>\nO fake news merge, dar blam\u0103m minciuna!<\/p>\n<div class=\"su-spacer\" style=\"height:20px\"><\/div>\n<strong>SENZA\u021aIONAL, SF\u00c2R\u0218ITUL LUMII!<\/strong><\/p>\n<p>O veste-ngrozitoare umbl\u0103-n lume:<br \/>\nDin cosmosul imens, f\u0103r-de hotare,<br \/>\nUn meteor \u2013 necunoscut, dar tare \u2013<br \/>\nNe va lovi \u00eentr-un r\u0103stimp anume &#8230;<\/p>\n<p>Deruta e de-acum, pustiitoare \u2013<br \/>\nSavan\u021bii spun c\u0103 nu e loc de glume,<br \/>\nGuvernele nu \u0219tiu cum s\u0103 \u00eendrume<br \/>\nPopoarele-n delir \u0219i desperare &#8230;<\/p>\n<p>Izbe\u0219te solul mor\u021bii, blestematul,<br \/>\nOceanu-nghite ca-n co\u0219mar uscatul<br \/>\n\u0218i tot ce-i viu, dispare \u00een genune &#8230;<\/p>\n<p>Vulcanii scuip\u0103 foc ce devasteaz\u0103 &#8230;<br \/>\nDoar un operator cu s\u00e2rg filmeaz\u0103 \u2013<br \/>\nNoi fake news pentru-o televiziune!<\/p>\n<div class=\"su-spacer\" style=\"height:20px\"><\/div>\n<strong>APOLOGIA  UNUI  NEOLOGISM<\/strong><\/p>\n<p>Am prins un job de fal\u0103, \u00een televiziune,<br \/>\nLa un patron \u0219i mentor cu-o nou\u0103 viziune<br \/>\nDespre reclame, \u0219tiri, campanii de votare,<br \/>\nDezm\u0103\u021b &#8230;\u0219i milioane, ce-i sar \u00een buzunare!<\/p>\n<p>Dac\u0103 se isc\u0103-n lume vr-un pui de t\u0103r\u0103boi,<br \/>\nVorbim cu ochii-n lacrimi de-atomicul r\u0103zboi<br \/>\nCe face praf av\u00e2ntul v\u0103dit de demnitari,<br \/>\nS-adauge-o b\u0103ncu\u021b\u0103 la bie\u021bi pensionari!<\/p>\n<p>Dac-un distins Ferrari se suie pe trotuar,<br \/>\nNoi d\u0103m pe post carnagii, cortegiul mortuar,<br \/>\nCoroane, popi, co\u0219ciuge, schilozi, copii orfani,<br \/>\nIar la patron se-ngroap\u0103 \u201epomana\u201d de la fani &#8230;<\/p>\n<p>C\u00e2nd divele ce c\u00e2nt\u0103 la nun\u021bi \u00een cartier,<br \/>\nVr\u0103jesc vreun suporter cu fi\u021be de boier,<br \/>\nDe pe platoul nostru spre glorie \u021b\u00e2\u0219nesc,<br \/>\nIar mun\u021bi de bani seiful \u0219tiut, \u00eel n\u0103p\u0103desc!<\/p>","protected":false},"excerpt":{"rendered":"<p>1st Mention &#8211; Petre Ion Florin Vasilescu Moto: &#8220;Pseudokinegetikos&#8221; CHIBI\u021a LA NA\u0218TEREA UNEI LEGI Am dat, dar nu spun cum, de-un document, Strunjit \u00eentr-o comisie anume, Format\u0103 strict din membri-n parlament Sau \u00een guvern, de-aiurea, de prin lume &#8230; Aveau ca scop ale\u0219ii, s\u0103 dezbat\u0103 \u0218i ca dintr-un dic\u021bionar s\u0103 spun\u0103 Ce este o minciun\u0103 &hellip; <a href=\"https:\/\/www.umorlagurahumorului.ro\/en\/editii\/editia-32-2022\/premianti-poezie-2022\/mentiunea-1-petre-ion-florin-vasilescu\/\" class=\"excerpt-link\">Read More<\/a><\/p>\n","protected":false},"author":1,"featured_media":0,"parent":10048,"menu_order":0,"comment_status":"closed","ping_status":"closed","template":"","meta":{"ngg_post_thumbnail":0,"footnotes":""},"class_list":["post-10085","page","type-page","status-publish","hentry"],"yoast_head":"<!-- This site is optimized with the Yoast SEO plugin v25.9 - https:\/\/yoast.com\/wordpress\/plugins\/seo\/ -->\n<title>Men\u021biunea 1 - Petre Ion Florin Vasilescu - Humour at .... Gura Humorului<\/title>\n<meta name=\"robots\" content=\"index, follow, max-snippet:-1, max-image-preview:large, max-video-preview:-1\" \/>\n<link rel=\"canonical\" href=\"https:\/\/www.umorlagurahumorului.ro\/editii\/editia-32-2022\/premianti-poezie-2022\/mentiunea-1-petre-ion-florin-vasilescu\/\" \/>\n<meta property=\"og:locale\" content=\"en_US\" \/>\n<meta property=\"og:type\" content=\"article\" \/>\n<meta property=\"og:title\" content=\"Men\u021biunea 1 - Petre Ion Florin Vasilescu - Humour at .... Gura Humorului\" \/>\n<meta property=\"og:description\" content=\"1st Mention &#8211; Petre Ion Florin Vasilescu Moto: &#8220;Pseudokinegetikos&#8221; CHIBI\u021a LA NA\u0218TEREA UNEI LEGI Am dat, dar nu spun cum, de-un document, Strunjit \u00eentr-o comisie anume, Format\u0103 strict din membri-n parlament Sau \u00een guvern, de-aiurea, de prin lume &#8230; Aveau ca scop ale\u0219ii, s\u0103 dezbat\u0103 \u0218i ca dintr-un dic\u021bionar s\u0103 spun\u0103 Ce este o minciun\u0103 &hellip; Read More\" \/>\n<meta property=\"og:url\" content=\"https:\/\/www.umorlagurahumorului.ro\/editii\/editia-32-2022\/premianti-poezie-2022\/mentiunea-1-petre-ion-florin-vasilescu\/\" \/>\n<meta property=\"og:site_name\" content=\"Humour at .... Gura Humorului\" \/>\n<meta property=\"article:publisher\" content=\"https:\/\/www.facebook.com\/Umor-la-Gura-Humorului-Humour-at-Gura-Humorului-105184057924606\/\" \/>\n<meta property=\"article:modified_time\" content=\"2022-07-08T22:00:44+00:00\" \/>\n<meta name=\"twitter:card\" content=\"summary_large_image\" \/>\n<meta name=\"twitter:label1\" content=\"Est. reading time\" \/>\n\t<meta name=\"twitter:data1\" content=\"7 minutes\" \/>\n<script type=\"application\/ld+json\" class=\"yoast-schema-graph\">{\"@context\":\"https:\/\/schema.org\",\"@graph\":[{\"@type\":\"WebPage\",\"@id\":\"https:\/\/www.umorlagurahumorului.ro\/editii\/editia-32-2022\/premianti-poezie-2022\/mentiunea-1-petre-ion-florin-vasilescu\/\",\"url\":\"https:\/\/www.umorlagurahumorului.ro\/editii\/editia-32-2022\/premianti-poezie-2022\/mentiunea-1-petre-ion-florin-vasilescu\/\",\"name\":\"Men\u021biunea 1 - Petre Ion Florin Vasilescu - Humour at .... Gura Humorului\",\"isPartOf\":{\"@id\":\"https:\/\/www.umorlagurahumorului.ro\/#website\"},\"datePublished\":\"2022-07-08T21:59:23+00:00\",\"dateModified\":\"2022-07-08T22:00:44+00:00\",\"breadcrumb\":{\"@id\":\"https:\/\/www.umorlagurahumorului.ro\/editii\/editia-32-2022\/premianti-poezie-2022\/mentiunea-1-petre-ion-florin-vasilescu\/#breadcrumb\"},\"inLanguage\":\"en-US\",\"potentialAction\":[{\"@type\":\"ReadAction\",\"target\":[\"https:\/\/www.umorlagurahumorului.ro\/editii\/editia-32-2022\/premianti-poezie-2022\/mentiunea-1-petre-ion-florin-vasilescu\/\"]}]},{\"@type\":\"BreadcrumbList\",\"@id\":\"https:\/\/www.umorlagurahumorului.ro\/editii\/editia-32-2022\/premianti-poezie-2022\/mentiunea-1-petre-ion-florin-vasilescu\/#breadcrumb\",\"itemListElement\":[{\"@type\":\"ListItem\",\"position\":1,\"name\":\"Prima pagin\u0103\",\"item\":\"https:\/\/www.umorlagurahumorului.ro\/\"},{\"@type\":\"ListItem\",\"position\":2,\"name\":\"Editii\",\"item\":\"https:\/\/www.umorlagurahumorului.ro\/editii\/\"},{\"@type\":\"ListItem\",\"position\":3,\"name\":\"Editia 32 &#8211; 2022\",\"item\":\"https:\/\/www.umorlagurahumorului.ro\/editii\/editia-32-2022\/\"},{\"@type\":\"ListItem\",\"position\":4,\"name\":\"Premianti poezie 2022\",\"item\":\"https:\/\/www.umorlagurahumorului.ro\/editii\/editia-32-2022\/premianti-poezie-2022\/\"},{\"@type\":\"ListItem\",\"position\":5,\"name\":\"Men\u021biunea 1 &#8211; Petre Ion Florin Vasilescu\"}]},{\"@type\":\"WebSite\",\"@id\":\"https:\/\/www.umorlagurahumorului.ro\/#website\",\"url\":\"https:\/\/www.umorlagurahumorului.ro\/\",\"name\":\"Umor la Gura Humorului\",\"description\":\"The International Festival of Cartoon and Humorous Literature\",\"publisher\":{\"@id\":\"https:\/\/www.umorlagurahumorului.ro\/#organization\"},\"potentialAction\":[{\"@type\":\"SearchAction\",\"target\":{\"@type\":\"EntryPoint\",\"urlTemplate\":\"https:\/\/www.umorlagurahumorului.ro\/?s={search_term_string}\"},\"query-input\":{\"@type\":\"PropertyValueSpecification\",\"valueRequired\":true,\"valueName\":\"search_term_string\"}}],\"inLanguage\":\"en-US\"},{\"@type\":\"Organization\",\"@id\":\"https:\/\/www.umorlagurahumorului.ro\/#organization\",\"name\":\"Festivalul Interna\u021bional de Grafic\u0103 Satiric\u0103 \u0219i Literatur\u0103 Umoristic\u0103 Umor la Gura Humorului\",\"url\":\"https:\/\/www.umorlagurahumorului.ro\/\",\"logo\":{\"@type\":\"ImageObject\",\"inLanguage\":\"en-US\",\"@id\":\"https:\/\/www.umorlagurahumorului.ro\/#\/schema\/logo\/image\/\",\"url\":\"https:\/\/www.umorlagurahumorului.ro\/wp-content\/uploads\/2020\/07\/umor-la-gura-humorului.jpg\",\"contentUrl\":\"https:\/\/www.umorlagurahumorului.ro\/wp-content\/uploads\/2020\/07\/umor-la-gura-humorului.jpg\",\"width\":618,\"height\":315,\"caption\":\"Festivalul Interna\u021bional de Grafic\u0103 Satiric\u0103 \u0219i Literatur\u0103 Umoristic\u0103 Umor la Gura Humorului\"},\"image\":{\"@id\":\"https:\/\/www.umorlagurahumorului.ro\/#\/schema\/logo\/image\/\"},\"sameAs\":[\"https:\/\/www.facebook.com\/Umor-la-Gura-Humorului-Humour-at-Gura-Humorului-105184057924606\/\"]}]}<\/script>\n<!-- \/ Yoast SEO plugin. -->","yoast_head_json":{"title":"Men\u021biunea 1 - Petre Ion Florin Vasilescu - Humour at .... Gura Humorului","robots":{"index":"index","follow":"follow","max-snippet":"max-snippet:-1","max-image-preview":"max-image-preview:large","max-video-preview":"max-video-preview:-1"},"canonical":"https:\/\/www.umorlagurahumorului.ro\/editii\/editia-32-2022\/premianti-poezie-2022\/mentiunea-1-petre-ion-florin-vasilescu\/","og_locale":"en_US","og_type":"article","og_title":"Men\u021biunea 1 - Petre Ion Florin Vasilescu - Humour at .... Gura Humorului","og_description":"1st Mention &#8211; Petre Ion Florin Vasilescu Moto: &#8220;Pseudokinegetikos&#8221; CHIBI\u021a LA NA\u0218TEREA UNEI LEGI Am dat, dar nu spun cum, de-un document, Strunjit \u00eentr-o comisie anume, Format\u0103 strict din membri-n parlament Sau \u00een guvern, de-aiurea, de prin lume &#8230; Aveau ca scop ale\u0219ii, s\u0103 dezbat\u0103 \u0218i ca dintr-un dic\u021bionar s\u0103 spun\u0103 Ce este o minciun\u0103 &hellip; Read More","og_url":"https:\/\/www.umorlagurahumorului.ro\/editii\/editia-32-2022\/premianti-poezie-2022\/mentiunea-1-petre-ion-florin-vasilescu\/","og_site_name":"Humour at .... Gura Humorului","article_publisher":"https:\/\/www.facebook.com\/Umor-la-Gura-Humorului-Humour-at-Gura-Humorului-105184057924606\/","article_modified_time":"2022-07-08T22:00:44+00:00","twitter_card":"summary_large_image","twitter_misc":{"Est. reading time":"7 minutes"},"schema":{"@context":"https:\/\/schema.org","@graph":[{"@type":"WebPage","@id":"https:\/\/www.umorlagurahumorului.ro\/editii\/editia-32-2022\/premianti-poezie-2022\/mentiunea-1-petre-ion-florin-vasilescu\/","url":"https:\/\/www.umorlagurahumorului.ro\/editii\/editia-32-2022\/premianti-poezie-2022\/mentiunea-1-petre-ion-florin-vasilescu\/","name":"Men\u021biunea 1 - Petre Ion Florin Vasilescu - Humour at .... Gura Humorului","isPartOf":{"@id":"https:\/\/www.umorlagurahumorului.ro\/#website"},"datePublished":"2022-07-08T21:59:23+00:00","dateModified":"2022-07-08T22:00:44+00:00","breadcrumb":{"@id":"https:\/\/www.umorlagurahumorului.ro\/editii\/editia-32-2022\/premianti-poezie-2022\/mentiunea-1-petre-ion-florin-vasilescu\/#breadcrumb"},"inLanguage":"en-US","potentialAction":[{"@type":"ReadAction","target":["https:\/\/www.umorlagurahumorului.ro\/editii\/editia-32-2022\/premianti-poezie-2022\/mentiunea-1-petre-ion-florin-vasilescu\/"]}]},{"@type":"BreadcrumbList","@id":"https:\/\/www.umorlagurahumorului.ro\/editii\/editia-32-2022\/premianti-poezie-2022\/mentiunea-1-petre-ion-florin-vasilescu\/#breadcrumb","itemListElement":[{"@type":"ListItem","position":1,"name":"Prima pagin\u0103","item":"https:\/\/www.umorlagurahumorului.ro\/"},{"@type":"ListItem","position":2,"name":"Editii","item":"https:\/\/www.umorlagurahumorului.ro\/editii\/"},{"@type":"ListItem","position":3,"name":"Editia 32 &#8211; 2022","item":"https:\/\/www.umorlagurahumorului.ro\/editii\/editia-32-2022\/"},{"@type":"ListItem","position":4,"name":"Premianti poezie 2022","item":"https:\/\/www.umorlagurahumorului.ro\/editii\/editia-32-2022\/premianti-poezie-2022\/"},{"@type":"ListItem","position":5,"name":"Men\u021biunea 1 &#8211; Petre Ion Florin Vasilescu"}]},{"@type":"WebSite","@id":"https:\/\/www.umorlagurahumorului.ro\/#website","url":"https:\/\/www.umorlagurahumorului.ro\/","name":"Umor la Gura Humorului","description":"The International Festival of Cartoon and Humorous Literature","publisher":{"@id":"https:\/\/www.umorlagurahumorului.ro\/#organization"},"potentialAction":[{"@type":"SearchAction","target":{"@type":"EntryPoint","urlTemplate":"https:\/\/www.umorlagurahumorului.ro\/?s={search_term_string}"},"query-input":{"@type":"PropertyValueSpecification","valueRequired":true,"valueName":"search_term_string"}}],"inLanguage":"en-US"},{"@type":"Organization","@id":"https:\/\/www.umorlagurahumorului.ro\/#organization","name":"Festivalul Interna\u021bional de Grafic\u0103 Satiric\u0103 \u0219i Literatur\u0103 Umoristic\u0103 Umor la Gura Humorului","url":"https:\/\/www.umorlagurahumorului.ro\/","logo":{"@type":"ImageObject","inLanguage":"en-US","@id":"https:\/\/www.umorlagurahumorului.ro\/#\/schema\/logo\/image\/","url":"https:\/\/www.umorlagurahumorului.ro\/wp-content\/uploads\/2020\/07\/umor-la-gura-humorului.jpg","contentUrl":"https:\/\/www.umorlagurahumorului.ro\/wp-content\/uploads\/2020\/07\/umor-la-gura-humorului.jpg","width":618,"height":315,"caption":"Festivalul Interna\u021bional de Grafic\u0103 Satiric\u0103 \u0219i Literatur\u0103 Umoristic\u0103 Umor la Gura Humorului"},"image":{"@id":"https:\/\/www.umorlagurahumorului.ro\/#\/schema\/logo\/image\/"},"sameAs":["https:\/\/www.facebook.com\/Umor-la-Gura-Humorului-Humour-at-Gura-Humorului-105184057924606\/"]}]}},"_links":{"self":[{"href":"https:\/\/www.umorlagurahumorului.ro\/en\/wp-json\/wp\/v2\/pages\/10085","targetHints":{"allow":["GET"]}}],"collection":[{"href":"https:\/\/www.umorlagurahumorului.ro\/en\/wp-json\/wp\/v2\/pages"}],"about":[{"href":"https:\/\/www.umorlagurahumorului.ro\/en\/wp-json\/wp\/v2\/types\/page"}],"author":[{"embeddable":true,"href":"https:\/\/www.umorlagurahumorului.ro\/en\/wp-json\/wp\/v2\/users\/1"}],"replies":[{"embeddable":true,"href":"https:\/\/www.umorlagurahumorului.ro\/en\/wp-json\/wp\/v2\/comments?post=10085"}],"version-history":[{"count":7,"href":"https:\/\/www.umorlagurahumorului.ro\/en\/wp-json\/wp\/v2\/pages\/10085\/revisions"}],"predecessor-version":[{"id":10092,"href":"https:\/\/www.umorlagurahumorului.ro\/en\/wp-json\/wp\/v2\/pages\/10085\/revisions\/10092"}],"up":[{"embeddable":true,"href":"https:\/\/www.umorlagurahumorului.ro\/en\/wp-json\/wp\/v2\/pages\/10048"}],"wp:attachment":[{"href":"https:\/\/www.umorlagurahumorului.ro\/en\/wp-json\/wp\/v2\/media?parent=10085"}],"curies":[{"name":"wp","href":"https:\/\/api.w.org\/{rel}","templated":true}]}}