{"id":10063,"date":"2022-07-08T21:09:16","date_gmt":"2022-07-08T21:09:16","guid":{"rendered":"https:\/\/www.umorlagurahumorului.ro\/?page_id=10063"},"modified":"2022-07-08T21:09:16","modified_gmt":"2022-07-08T21:09:16","slug":"premiul-1-daniel-bratu","status":"publish","type":"page","link":"https:\/\/www.umorlagurahumorului.ro\/en\/editii\/editia-32-2022\/premianti-poezie-2022\/premiul-1-daniel-bratu\/","title":{"rendered":"Premiul 1 &#8211; Daniel Bratu"},"content":{"rendered":"<hr>\n<h2 style=\"color:#d22b1d;\">1st Prize &#8211; Daniel Bratu<\/h2>\n<p><strong>Moto: &#8220;Fake, no fake, take it easy\u2026&#8221;<\/strong><\/p>\n<div class=\"su-row\"><div class=\"su-column su-column-size-1-2\"><div class=\"su-column-inner su-u-clearfix su-u-trim\">\n<div class=\"su-spacer\" style=\"height:20px\"><\/div>\n<strong>Fake, Ianke \u0219i Cad\u00e2r<\/strong><br \/>\n<div class=\"su-spacer\" style=\"height:30px\"><\/div>\n\u00cen lumea noastr\u0103-i lini\u0219te \u0219i pace,<br \/>\nne zboar\u0103 porumbeii peste plai,<br \/>\nne pup\u0103 muze-n frunte, tunul tace,<br \/>\ns\u0103rim s\u0103tui \u00een valul de m\u0103lai.<\/p>\n<p>Avem benzin\u0103-n cizme, motorina<br \/>\ne dat\u0103 contra gratis, na poftim!<br \/>\nne deplas\u0103m \u0219i-n curte cu ma\u0219ina<br \/>\niar gaze-avem at\u00e2tea c\u0103 plesnim.<\/p>\n<p>Nu-s maladii, e plin de s\u0103n\u0103tate<br \/>\ntot omu-n orice parte de p\u0103m\u00e2nt,<br \/>\nruine nu-s, ci falnice palate<br \/>\n\u0219i dracul gol e-n straiele de sf\u00e2nt.<\/p>\n<p>O cald\u0103 bucurie ne-mpresoar\u0103,<br \/>\nnici ceart\u0103 nu-i, durere ori suspin,<br \/>\ntr\u0103im \u00een armonii ca de vioar\u0103<br \/>\n\u0219i nemurim pu\u021bin c\u00e2te pu\u021bin.<\/p>\n<p>Nu-s bombe, ci o mie de bomboane<br \/>\nagricole plesnesc peste c\u0103r\u0103ri,<br \/>\nnu fug \u00een pribegie milioane,<br \/>\nci pleac\u0103-n sta\u021biune, la plimb\u0103ri.<\/p>\n<p>Nu sar spitale-n aer, ci se mut\u0103,<br \/>\ncumva, la un etaj superior,<br \/>\nbolnavii, c-o nevoie absolut\u0103<br \/>\nde-a fi cu Dumnezeu de partea lor.<\/p>\n<\/div><\/div><div class=\"su-column su-column-size-1-2\"><div class=\"su-column-inner su-u-clearfix su-u-trim\">\n<div class=\"su-spacer\" style=\"height:80px\"><\/div>\n<p>Nu cad din cer rachetele meschine<br \/>\n\u0219i nu-i picaj al dronei \u00een c\u0103lduri,<br \/>\nci, pentru-Olimpiad\u0103, gospodine<br \/>\nfac tir c-un borc\u0103na\u0219 cu mur\u0103turi.<\/p>\n<p>Se veselesc vecinii \u00een h\u00e2rjoane,<br \/>\n\u0219i-n joac\u0103-s colonii de mincino\u0219i,<br \/>\nce-s prinse-n lupt\u0103 dreapt\u0103 cu plutoane<br \/>\nde babe cu platouri de gogo\u0219i.<\/p>\n<p>Eroi se nasc \u00eentruna \u0219i \u00eenvie,<br \/>\nca \u00eentr-un carambol universal<br \/>\n\u0219i-n via\u021ba asta bun\u0103, sine die,<br \/>\noricine moare-i caz fic\u021bional.<\/p>\n<p>Se pup\u0103 to\u021bi, evreii cu arabii,<br \/>\nnevestele cu pup\u0103za din tei,<br \/>\nchinezii cu texanii, gra\u0219i cu slabii,<br \/>\ncu ho\u021bii, pro\u0219tii. Ru\u0219ii, \u00eentre ei.<\/p>\n<p>E-o lini\u0219te cum n-a mai fost. \u0218i pace.<br \/>\nNatura \u00eenflore\u0219te peste plai.<br \/>\nE-n aer porumbelul, tunul tace,<br \/>\niar noi plutim pe valul de m\u0103lai.<\/p>\n<p>P.S.<br \/>\nDe m\u0103-ntreba\u021bi de titlu, e-o-ntrebare<br \/>\nce nu m\u0103 face s\u0103 v\u0103 spun dec\u00e2t<br \/>\nc-a\u0219a fu tema, \u0219tie ori\u0219icare.<br \/>\nE vorba doar de Fake \u0219i at\u00e2t.<\/p>\n<\/div><\/div><\/div>\n<div class=\"su-row\"><div class=\"su-column su-column-size-1-2\"><div class=\"su-column-inner su-u-clearfix su-u-trim\">\n<div class=\"su-spacer\" style=\"height:20px\"><\/div>\n<strong>Gura lumii<\/strong><br \/>\n<div class=\"su-spacer\" style=\"height:30px\"><\/div>\n\u00cen cr\u00e2\u0219ma veche stam, cu lumea roat\u0103,<br \/>\nla masa de placaj, aghesmuit<br \/>\n\u0219i nu credeam, \u00ee\u021bi jur, s\u0103 se mai poat\u0103<br \/>\ns\u0103-\u021bi povestesc chiar tot ce-am auzit.<\/p>\n<p>C\u0103 multe \u0219tiri venit-au despre tine \u2013<br \/>\ndin urma ta, ca marele alai<br \/>\nce-l poart\u0103 doar alaiul de regine<br \/>\ndin basmele p\u00e2rdalnicilor crai.<\/p>\n<p>C-ai fost cu unu`, Nae Buburuz\u0103,<br \/>\nsetos \u0219i \u00eembibat ca un buret,<br \/>\nce n-a mai pus de-atunci alco`l pe buz\u0103<br \/>\n\u0219i-a disp\u0103rut deloc f.f. \u00eencet.<\/p>\n<p>De-un altu`, mister Relu Trotinet\u0103,<br \/>\ndin deal, cu pantalonul \u0219ifonat,<br \/>\nse-aude-acum c\u0103-i dung\u0103, doar, de cret\u0103,<br \/>\npe-asfaltu` gri, de c\u00e2t  mi l-ai c\u0103lcat.<\/p>\n<p>C-ai stat ca-n rai cu nenea \u021aop\u0103il\u0103<br \/>\n\u0219i-at\u00e2t de mult c-un m\u0103r l-ai \u00eendopat,<br \/>\nc\u0103-i azi, din el, doar bustul de argil\u0103<br \/>\npe care p\u0103s\u0103ri s-au\u2026 aglomerat.<\/p>\n<p>C-ai fost la tei cu Gore Burebista,<br \/>\nte-a tot plimbat c-o Dacie prin cr\u00e2ng,<br \/>\niar azi \u00eel \u0219terg copiii, cu batista,<br \/>\ndin poza de pe cruce \u0219i \u00eel pl\u00e2ng.<\/p>\n<p>C\u0103, martor e-un pifan, maiorul Mura<br \/>\nte-a dus la tras cu arma-n poligon<br \/>\n\u0219i-i azi erou, udat cu pic\u0103tura,<br \/>\nla monument, \u00een schimburi, de planton.<\/p>\n<\/div><\/div><div class=\"su-column su-column-size-1-2\"><div class=\"su-column-inner su-u-clearfix su-u-trim\">\n<div class=\"su-spacer\" style=\"height:80px\"><\/div>\n<p>C\u0103 Jan Costello, Zane Barbanera,<br \/>\nFitil \u021auicaru, Nic\u0103 Zuc\u0103nberg,<br \/>\n\u021bi-au fost \u0219i ei \u0219i al\u021bii-ai mamei Terra,<br \/>\niar ast\u0103zi nu-s \u0219i urme li se \u0219terg.<\/p>\n<p>Am pl\u00e2ns un pic, \u00een barba mea regal\u0103,<br \/>\nde-aceste ve\u0219ti ce tare m-au m\u00e2hnit\u2026<br \/>\nRegina mea s\u0103 fie-o criminal\u0103?<br \/>\nUn gol aveam \u00een pieptu-mi de granit.<\/p>\n<p>Dar slav\u0103, Doamne, \u021aie, c\u00e2nd spre cas\u0103<br \/>\nam dat s\u0103 plec, cu sprijin pe pere\u021bi,<br \/>\nv\u0103zut-am \u00eentr-un col\u021b, c\u00e2nt\u00e2nd, la mas\u0103<br \/>\nto\u021bi pomeni\u021bii,-n grupul de glume\u021bi. <\/p>\n<p>Strigau m\u0103sc\u0103ri \u00een vers (de umplutur\u0103)<br \/>\nde r\u0103suna \u00eentreg restaurant,<br \/>\nc\u00e2nd am trecut, r\u00e2deau f\u0103r\u0103 m\u0103sur\u0103<br \/>\n\u0219i m\u0103 priveau cumva insinuant.<\/p>\n<p>M-am lini\u0219tit de-acum, iar via\u021ba-i roz\u0103,<br \/>\na\u0219tept s\u0103 vii, cu-n re`nviat fior,<br \/>\n\u0219i-n ciuda suspiciunii de artroz\u0103<br \/>\ns\u0103 ne iubim, picior peste picior.<\/p>\n<p>C\u0103 gura lumii-i gur\u0103\u2026 nes\u0103tul\u0103<br \/>\n\u00een m\u0103cinarea marilor prostii,<br \/>\niar parte dac\u0103 n-ai de-un pic de hul\u0103,<br \/>\ne ca \u0219i cum degeaba ai tr\u0103i.<\/p>\n<p>A\u0219a c\u0103 hai, iubito,-n alte spa\u021bii,<br \/>\ns\u0103 nu ne dibuiasc\u0103 paparazzi\u2026<\/p>\n<\/div><\/div><\/div>\n<div class=\"su-row\"><div class=\"su-column su-column-size-1-2\"><div class=\"su-column-inner su-u-clearfix su-u-trim\">\n<div class=\"su-spacer\" style=\"height:20px\"><\/div>\n<strong>Vesti &#8211; povesti<\/strong><br \/>\n<div class=\"su-spacer\" style=\"height:30px\"><\/div>\nConcursul s-a sf\u00e2r\u0219it, a\u0219tept s\u0103 sune<br \/>\nun om din juriu, ori vreun barosan,<br \/>\ns\u0103-mi spun\u0103 c-am un premiu grandoman<br \/>\nori chiar \u0219i-o am\u0103r\u00e2t\u0103 men\u021biune.<\/p>\n<p>S\u0103 m\u0103 f\u0103lesc \u0219i eu cotidian,<br \/>\ns\u0103 fiu tratat ca ultima minune<br \/>\nce se revars\u0103-n versuri \u0219i compune<br \/>\ncu un talent de suprap\u0103m\u00e2ntean,<\/p>\n<p>am dat trohei, dactili \u0219i rime, rune,<br \/>\nto\u021bi iambii, amfibrahi din geamantan,<br \/>\ndin anape\u0219tii calului b\u0103lan<br \/>\ntrimis-am cel pu\u021bin o legiune.<\/p>\n<p>M-am dat de\u0219tept ca un olimpian,<br \/>\nori guru-n prozodie,-n ac\u021biune,<br \/>\nam dat orice, oric\u00e2t \u0219i-o rug\u0103ciune<br \/>\npe l\u00e2ng\u0103 cardul ultimului ban.<\/p>\n<\/div><\/div><div class=\"su-column su-column-size-1-2\"><div class=\"su-column-inner su-u-clearfix su-u-trim\">\n<div class=\"su-spacer\" style=\"height:80px\"><\/div>\n<p>Promis-am loc de vis la pensiune,<br \/>\no lun\u0103 de pe cer \u0219i-un deltaplan,<br \/>\nun car cu boi \u0219i-un Pegas ortoman,<br \/>\nun chio\u0219c \u00een rai \u0219i-o min\u0103 cu c\u0103rbune,<\/p>\n<p>g\u0103le\u021bi cu vin, hambarul dolofan<br \/>\ncu gr\u00e2u, porumb \u0219i-o televiziune,<br \/>\nun r\u0103s\u0103rit \u0219i-un col\u021b de soare-apune,<br \/>\no piramid\u0103-n plai fenician\u2026<\/p>\n<p>N-am dat, v\u0103 jur, nici vreo promisiune<br \/>\n\u0219i nici de-un dar n-a\u0219 \u0219ti c-am dat s\u0103 zic,<br \/>\na fost o \u0219tire fals\u0103, doar pe bune<\/p>\n<p>a\u0219 fi putut un premiu s\u0103-l ridic.<br \/>\nDe-acum e clar, cu mult\u0103-afec\u021biune,<br \/>\nv\u0103 spun cinstit: N-am c\u00e2\u0219tigat nimic\u2026. <\/p>\n<\/div><\/div><\/div>","protected":false},"excerpt":{"rendered":"<p>1st Prize &#8211; Daniel Bratu Moto: &#8220;Fake, no fake, take it easy\u2026&#8221;<\/p>\n","protected":false},"author":1,"featured_media":0,"parent":10048,"menu_order":0,"comment_status":"closed","ping_status":"closed","template":"","meta":{"ngg_post_thumbnail":0,"footnotes":""},"class_list":["post-10063","page","type-page","status-publish","hentry"],"yoast_head":"<!-- This site is optimized with the Yoast SEO plugin v25.9 - https:\/\/yoast.com\/wordpress\/plugins\/seo\/ -->\n<title>Premiul 1 - Daniel Bratu - Humour at .... Gura Humorului<\/title>\n<meta name=\"robots\" content=\"index, follow, max-snippet:-1, max-image-preview:large, max-video-preview:-1\" \/>\n<link rel=\"canonical\" href=\"https:\/\/www.umorlagurahumorului.ro\/editii\/editia-32-2022\/premianti-poezie-2022\/premiul-1-daniel-bratu\/\" \/>\n<meta property=\"og:locale\" content=\"en_US\" \/>\n<meta property=\"og:type\" content=\"article\" \/>\n<meta property=\"og:title\" content=\"Premiul 1 - Daniel Bratu - Humour at .... Gura Humorului\" \/>\n<meta property=\"og:description\" content=\"1st Prize &#8211; Daniel Bratu Moto: &#8220;Fake, no fake, take it easy\u2026&#8221;\" \/>\n<meta property=\"og:url\" content=\"https:\/\/www.umorlagurahumorului.ro\/editii\/editia-32-2022\/premianti-poezie-2022\/premiul-1-daniel-bratu\/\" \/>\n<meta property=\"og:site_name\" content=\"Humour at .... Gura Humorului\" \/>\n<meta property=\"article:publisher\" content=\"https:\/\/www.facebook.com\/Umor-la-Gura-Humorului-Humour-at-Gura-Humorului-105184057924606\/\" \/>\n<meta name=\"twitter:card\" content=\"summary_large_image\" \/>\n<meta name=\"twitter:label1\" content=\"Est. reading time\" \/>\n\t<meta name=\"twitter:data1\" content=\"10 minutes\" \/>\n<script type=\"application\/ld+json\" class=\"yoast-schema-graph\">{\"@context\":\"https:\/\/schema.org\",\"@graph\":[{\"@type\":\"WebPage\",\"@id\":\"https:\/\/www.umorlagurahumorului.ro\/editii\/editia-32-2022\/premianti-poezie-2022\/premiul-1-daniel-bratu\/\",\"url\":\"https:\/\/www.umorlagurahumorului.ro\/editii\/editia-32-2022\/premianti-poezie-2022\/premiul-1-daniel-bratu\/\",\"name\":\"Premiul 1 - Daniel Bratu - Humour at .... Gura Humorului\",\"isPartOf\":{\"@id\":\"https:\/\/www.umorlagurahumorului.ro\/#website\"},\"datePublished\":\"2022-07-08T21:09:16+00:00\",\"breadcrumb\":{\"@id\":\"https:\/\/www.umorlagurahumorului.ro\/editii\/editia-32-2022\/premianti-poezie-2022\/premiul-1-daniel-bratu\/#breadcrumb\"},\"inLanguage\":\"en-US\",\"potentialAction\":[{\"@type\":\"ReadAction\",\"target\":[\"https:\/\/www.umorlagurahumorului.ro\/editii\/editia-32-2022\/premianti-poezie-2022\/premiul-1-daniel-bratu\/\"]}]},{\"@type\":\"BreadcrumbList\",\"@id\":\"https:\/\/www.umorlagurahumorului.ro\/editii\/editia-32-2022\/premianti-poezie-2022\/premiul-1-daniel-bratu\/#breadcrumb\",\"itemListElement\":[{\"@type\":\"ListItem\",\"position\":1,\"name\":\"Prima pagin\u0103\",\"item\":\"https:\/\/www.umorlagurahumorului.ro\/\"},{\"@type\":\"ListItem\",\"position\":2,\"name\":\"Editii\",\"item\":\"https:\/\/www.umorlagurahumorului.ro\/editii\/\"},{\"@type\":\"ListItem\",\"position\":3,\"name\":\"Editia 32 &#8211; 2022\",\"item\":\"https:\/\/www.umorlagurahumorului.ro\/editii\/editia-32-2022\/\"},{\"@type\":\"ListItem\",\"position\":4,\"name\":\"Premianti poezie 2022\",\"item\":\"https:\/\/www.umorlagurahumorului.ro\/editii\/editia-32-2022\/premianti-poezie-2022\/\"},{\"@type\":\"ListItem\",\"position\":5,\"name\":\"Premiul 1 &#8211; Daniel Bratu\"}]},{\"@type\":\"WebSite\",\"@id\":\"https:\/\/www.umorlagurahumorului.ro\/#website\",\"url\":\"https:\/\/www.umorlagurahumorului.ro\/\",\"name\":\"Umor la Gura Humorului\",\"description\":\"The International Festival of Cartoon and Humorous Literature\",\"publisher\":{\"@id\":\"https:\/\/www.umorlagurahumorului.ro\/#organization\"},\"potentialAction\":[{\"@type\":\"SearchAction\",\"target\":{\"@type\":\"EntryPoint\",\"urlTemplate\":\"https:\/\/www.umorlagurahumorului.ro\/?s={search_term_string}\"},\"query-input\":{\"@type\":\"PropertyValueSpecification\",\"valueRequired\":true,\"valueName\":\"search_term_string\"}}],\"inLanguage\":\"en-US\"},{\"@type\":\"Organization\",\"@id\":\"https:\/\/www.umorlagurahumorului.ro\/#organization\",\"name\":\"Festivalul Interna\u021bional de Grafic\u0103 Satiric\u0103 \u0219i Literatur\u0103 Umoristic\u0103 Umor la Gura Humorului\",\"url\":\"https:\/\/www.umorlagurahumorului.ro\/\",\"logo\":{\"@type\":\"ImageObject\",\"inLanguage\":\"en-US\",\"@id\":\"https:\/\/www.umorlagurahumorului.ro\/#\/schema\/logo\/image\/\",\"url\":\"https:\/\/www.umorlagurahumorului.ro\/wp-content\/uploads\/2020\/07\/umor-la-gura-humorului.jpg\",\"contentUrl\":\"https:\/\/www.umorlagurahumorului.ro\/wp-content\/uploads\/2020\/07\/umor-la-gura-humorului.jpg\",\"width\":618,\"height\":315,\"caption\":\"Festivalul Interna\u021bional de Grafic\u0103 Satiric\u0103 \u0219i Literatur\u0103 Umoristic\u0103 Umor la Gura Humorului\"},\"image\":{\"@id\":\"https:\/\/www.umorlagurahumorului.ro\/#\/schema\/logo\/image\/\"},\"sameAs\":[\"https:\/\/www.facebook.com\/Umor-la-Gura-Humorului-Humour-at-Gura-Humorului-105184057924606\/\"]}]}<\/script>\n<!-- \/ Yoast SEO plugin. -->","yoast_head_json":{"title":"Premiul 1 - Daniel Bratu - Humour at .... Gura Humorului","robots":{"index":"index","follow":"follow","max-snippet":"max-snippet:-1","max-image-preview":"max-image-preview:large","max-video-preview":"max-video-preview:-1"},"canonical":"https:\/\/www.umorlagurahumorului.ro\/editii\/editia-32-2022\/premianti-poezie-2022\/premiul-1-daniel-bratu\/","og_locale":"en_US","og_type":"article","og_title":"Premiul 1 - Daniel Bratu - Humour at .... Gura Humorului","og_description":"1st Prize &#8211; Daniel Bratu Moto: &#8220;Fake, no fake, take it easy\u2026&#8221;","og_url":"https:\/\/www.umorlagurahumorului.ro\/editii\/editia-32-2022\/premianti-poezie-2022\/premiul-1-daniel-bratu\/","og_site_name":"Humour at .... Gura Humorului","article_publisher":"https:\/\/www.facebook.com\/Umor-la-Gura-Humorului-Humour-at-Gura-Humorului-105184057924606\/","twitter_card":"summary_large_image","twitter_misc":{"Est. reading time":"10 minutes"},"schema":{"@context":"https:\/\/schema.org","@graph":[{"@type":"WebPage","@id":"https:\/\/www.umorlagurahumorului.ro\/editii\/editia-32-2022\/premianti-poezie-2022\/premiul-1-daniel-bratu\/","url":"https:\/\/www.umorlagurahumorului.ro\/editii\/editia-32-2022\/premianti-poezie-2022\/premiul-1-daniel-bratu\/","name":"Premiul 1 - Daniel Bratu - Humour at .... Gura Humorului","isPartOf":{"@id":"https:\/\/www.umorlagurahumorului.ro\/#website"},"datePublished":"2022-07-08T21:09:16+00:00","breadcrumb":{"@id":"https:\/\/www.umorlagurahumorului.ro\/editii\/editia-32-2022\/premianti-poezie-2022\/premiul-1-daniel-bratu\/#breadcrumb"},"inLanguage":"en-US","potentialAction":[{"@type":"ReadAction","target":["https:\/\/www.umorlagurahumorului.ro\/editii\/editia-32-2022\/premianti-poezie-2022\/premiul-1-daniel-bratu\/"]}]},{"@type":"BreadcrumbList","@id":"https:\/\/www.umorlagurahumorului.ro\/editii\/editia-32-2022\/premianti-poezie-2022\/premiul-1-daniel-bratu\/#breadcrumb","itemListElement":[{"@type":"ListItem","position":1,"name":"Prima pagin\u0103","item":"https:\/\/www.umorlagurahumorului.ro\/"},{"@type":"ListItem","position":2,"name":"Editii","item":"https:\/\/www.umorlagurahumorului.ro\/editii\/"},{"@type":"ListItem","position":3,"name":"Editia 32 &#8211; 2022","item":"https:\/\/www.umorlagurahumorului.ro\/editii\/editia-32-2022\/"},{"@type":"ListItem","position":4,"name":"Premianti poezie 2022","item":"https:\/\/www.umorlagurahumorului.ro\/editii\/editia-32-2022\/premianti-poezie-2022\/"},{"@type":"ListItem","position":5,"name":"Premiul 1 &#8211; Daniel Bratu"}]},{"@type":"WebSite","@id":"https:\/\/www.umorlagurahumorului.ro\/#website","url":"https:\/\/www.umorlagurahumorului.ro\/","name":"Umor la Gura Humorului","description":"The International Festival of Cartoon and Humorous Literature","publisher":{"@id":"https:\/\/www.umorlagurahumorului.ro\/#organization"},"potentialAction":[{"@type":"SearchAction","target":{"@type":"EntryPoint","urlTemplate":"https:\/\/www.umorlagurahumorului.ro\/?s={search_term_string}"},"query-input":{"@type":"PropertyValueSpecification","valueRequired":true,"valueName":"search_term_string"}}],"inLanguage":"en-US"},{"@type":"Organization","@id":"https:\/\/www.umorlagurahumorului.ro\/#organization","name":"Festivalul Interna\u021bional de Grafic\u0103 Satiric\u0103 \u0219i Literatur\u0103 Umoristic\u0103 Umor la Gura Humorului","url":"https:\/\/www.umorlagurahumorului.ro\/","logo":{"@type":"ImageObject","inLanguage":"en-US","@id":"https:\/\/www.umorlagurahumorului.ro\/#\/schema\/logo\/image\/","url":"https:\/\/www.umorlagurahumorului.ro\/wp-content\/uploads\/2020\/07\/umor-la-gura-humorului.jpg","contentUrl":"https:\/\/www.umorlagurahumorului.ro\/wp-content\/uploads\/2020\/07\/umor-la-gura-humorului.jpg","width":618,"height":315,"caption":"Festivalul Interna\u021bional de Grafic\u0103 Satiric\u0103 \u0219i Literatur\u0103 Umoristic\u0103 Umor la Gura Humorului"},"image":{"@id":"https:\/\/www.umorlagurahumorului.ro\/#\/schema\/logo\/image\/"},"sameAs":["https:\/\/www.facebook.com\/Umor-la-Gura-Humorului-Humour-at-Gura-Humorului-105184057924606\/"]}]}},"_links":{"self":[{"href":"https:\/\/www.umorlagurahumorului.ro\/en\/wp-json\/wp\/v2\/pages\/10063","targetHints":{"allow":["GET"]}}],"collection":[{"href":"https:\/\/www.umorlagurahumorului.ro\/en\/wp-json\/wp\/v2\/pages"}],"about":[{"href":"https:\/\/www.umorlagurahumorului.ro\/en\/wp-json\/wp\/v2\/types\/page"}],"author":[{"embeddable":true,"href":"https:\/\/www.umorlagurahumorului.ro\/en\/wp-json\/wp\/v2\/users\/1"}],"replies":[{"embeddable":true,"href":"https:\/\/www.umorlagurahumorului.ro\/en\/wp-json\/wp\/v2\/comments?post=10063"}],"version-history":[{"count":1,"href":"https:\/\/www.umorlagurahumorului.ro\/en\/wp-json\/wp\/v2\/pages\/10063\/revisions"}],"predecessor-version":[{"id":10065,"href":"https:\/\/www.umorlagurahumorului.ro\/en\/wp-json\/wp\/v2\/pages\/10063\/revisions\/10065"}],"up":[{"embeddable":true,"href":"https:\/\/www.umorlagurahumorului.ro\/en\/wp-json\/wp\/v2\/pages\/10048"}],"wp:attachment":[{"href":"https:\/\/www.umorlagurahumorului.ro\/en\/wp-json\/wp\/v2\/media?parent=10063"}],"curies":[{"name":"wp","href":"https:\/\/api.w.org\/{rel}","templated":true}]}}